{"id":16536,"date":"2018-05-15T08:12:24","date_gmt":"2018-05-15T06:12:24","guid":{"rendered":"http:\/\/www.ntf.uni-lj.si\/igt\/?post_type=event&#038;p=16536"},"modified":"2019-11-28T08:23:27","modified_gmt":"2019-11-28T07:23:27","slug":"izbor-projektov-studentov-aluo-ntf-fa-in-bf","status":"publish","type":"event","link":"https:\/\/www.ntf.uni-lj.si\/igt\/event\/izbor-projektov-studentov-aluo-ntf-fa-in-bf\/","title":{"rendered":"Izbor projektov \u0161tudentov ALUO, NTF, FA in BF"},"content":{"rendered":"<p>Muzej za arhitekturo in oblikovanje bo na ve\u010dernem dogodku, tokrat na sporedu \u017ee drugi\u010d, zdru\u017eil tri fakultete, ki bodo predstavile izbor najbolj zanimivih del \u0161tudentov preteklega leta v obliki kratkih pet minutnih predstavitev \u0161tudentov. Predstavili se bodo najbolj zanimivi \u0161tudentski projekti Fakultete za arhitekturo UL, Naravoslovnotehni\u0161ke fakultete in Akademije za umetnost in oblikovanja, ki segajo na podro\u010dje oblikovanja, arhitekture, mode in fotografije, prvi\u010d pa se predstavljajo \u0161tudenti krajinske arhitekture Biotehni\u0161ke fakultete UL.<\/p>\n<p>Tokratnemu dogodku se bo pridru\u017eil \u0161e izbor petih projektov obetavnih slovenskih udele\u017eencev platforme Future Architecture.<\/p>\n<p>Naj ideje ne ostajajo zgolj predstavitve, ampak za\u017eivijo med nami.<\/p>\n<p>Vabljeni, da se nam pridru\u017eite.<\/p>\n<p>Dogajanju na dogodku lahko sledite tudi na <a href=\"https:\/\/www.facebook.com\/events\/1010202025814844\/?active_tab=about\">Facebook strani<\/a>.<\/p>\n","protected":false},"excerpt":{"rendered":"Muzej za arhitekturo in oblikovanje bo na ve\u010dernem dogodku, tokrat na sporedu \u017ee drugi\u010d, zdru\u017eil tri fakultete, ki bodo predstavile izbor najbolj zanimivih del \u0161tudentov preteklega leta v obliki kratkih pet minutnih predstavitev \u0161tudentov. Predstavili se bodo najbolj zanimivi \u0161tudentski projekti Fakultete za arhitekturo UL, Naravoslovnotehni\u0161ke fakultete in Akademije za umetnost in oblikovanja, ki segajo &#8230; <a class=\"view-article\" href=\"https:\/\/www.ntf.uni-lj.si\/igt\/event\/izbor-projektov-studentov-aluo-ntf-fa-in-bf\/\">Read more<\/a>","protected":false},"author":22,"featured_media":16537,"template":"","acf":[],"yoast_head":"<!-- This site is optimized with the Yoast SEO plugin v17.0 - https:\/\/yoast.com\/wordpress\/plugins\/seo\/ -->\n<meta name=\"description\" content=\"Muzej za arhitekturo in oblikovanje bo na ve\u010dernem dogodku, tokrat na sporedu \u017ee drugi\u010d, zdru\u017eil tri fakultete, ki bodo predstavile izbor najbolj\" \/>\n<meta name=\"robots\" content=\"index, follow, max-snippet:-1, max-image-preview:large, max-video-preview:-1\" \/>\n<link rel=\"canonical\" href=\"https:\/\/www.ntf.uni-lj.si\/igt\/event\/izbor-projektov-studentov-aluo-ntf-fa-in-bf\/\" \/>\n<meta property=\"og:locale\" content=\"en_US\" \/>\n<meta property=\"og:type\" content=\"article\" \/>\n<meta property=\"og:title\" content=\"Izbor projektov \u0161tudentov ALUO, NTF, FA in BF - IGT\" \/>\n<meta property=\"og:description\" content=\"Muzej za arhitekturo in oblikovanje bo na ve\u010dernem dogodku, tokrat na sporedu \u017ee drugi\u010d, zdru\u017eil tri fakultete, ki bodo predstavile izbor najbolj\" \/>\n<meta property=\"og:url\" content=\"https:\/\/www.ntf.uni-lj.si\/igt\/event\/izbor-projektov-studentov-aluo-ntf-fa-in-bf\/\" \/>\n<meta property=\"og:site_name\" content=\"IGT\" \/>\n<meta property=\"article:modified_time\" content=\"2019-11-28T07:23:27+00:00\" \/>\n<meta property=\"og:image\" content=\"https:\/\/www.ntf.uni-lj.si\/igt\/wp-content\/uploads\/sites\/8\/2018\/05\/cover.jpg\" \/>\n\t<meta property=\"og:image:width\" content=\"640\" \/>\n\t<meta property=\"og:image:height\" content=\"477\" \/>\n<meta name=\"twitter:label1\" content=\"Est. reading time\" \/>\n\t<meta name=\"twitter:data1\" content=\"1 minute\" \/>\n<script type=\"application\/ld+json\" class=\"yoast-schema-graph\">{\"@context\":\"https:\/\/schema.org\",\"@graph\":[{\"@type\":\"WebSite\",\"@id\":\"https:\/\/www.ntf.uni-lj.si\/igt\/#website\",\"url\":\"https:\/\/www.ntf.uni-lj.si\/igt\/\",\"name\":\"IGT\",\"description\":\"Katedra za informacijsko in grafi\\u010dno tehnologijo\",\"potentialAction\":[{\"@type\":\"SearchAction\",\"target\":{\"@type\":\"EntryPoint\",\"urlTemplate\":\"https:\/\/www.ntf.uni-lj.si\/igt\/?s={search_term_string}\"},\"query-input\":\"required name=search_term_string\"}],\"inLanguage\":\"en-US\"},{\"@type\":\"ImageObject\",\"@id\":\"https:\/\/www.ntf.uni-lj.si\/igt\/event\/izbor-projektov-studentov-aluo-ntf-fa-in-bf\/#primaryimage\",\"inLanguage\":\"en-US\",\"url\":\"https:\/\/www.ntf.uni-lj.si\/igt\/wp-content\/uploads\/sites\/8\/2018\/05\/cover.jpg\",\"contentUrl\":\"https:\/\/www.ntf.uni-lj.si\/igt\/wp-content\/uploads\/sites\/8\/2018\/05\/cover.jpg\",\"width\":640,\"height\":477},{\"@type\":\"WebPage\",\"@id\":\"https:\/\/www.ntf.uni-lj.si\/igt\/event\/izbor-projektov-studentov-aluo-ntf-fa-in-bf\/#webpage\",\"url\":\"https:\/\/www.ntf.uni-lj.si\/igt\/event\/izbor-projektov-studentov-aluo-ntf-fa-in-bf\/\",\"name\":\"Izbor projektov \\u0161tudentov ALUO, NTF, FA in BF - IGT\",\"isPartOf\":{\"@id\":\"https:\/\/www.ntf.uni-lj.si\/igt\/#website\"},\"primaryImageOfPage\":{\"@id\":\"https:\/\/www.ntf.uni-lj.si\/igt\/event\/izbor-projektov-studentov-aluo-ntf-fa-in-bf\/#primaryimage\"},\"datePublished\":\"2018-05-15T06:12:24+00:00\",\"dateModified\":\"2019-11-28T07:23:27+00:00\",\"description\":\"Muzej za arhitekturo in oblikovanje bo na ve\\u010dernem dogodku, tokrat na sporedu \\u017ee drugi\\u010d, zdru\\u017eil tri fakultete, ki bodo predstavile izbor najbolj\",\"breadcrumb\":{\"@id\":\"https:\/\/www.ntf.uni-lj.si\/igt\/event\/izbor-projektov-studentov-aluo-ntf-fa-in-bf\/#breadcrumb\"},\"inLanguage\":\"en-US\",\"potentialAction\":[{\"@type\":\"ReadAction\",\"target\":[\"https:\/\/www.ntf.uni-lj.si\/igt\/event\/izbor-projektov-studentov-aluo-ntf-fa-in-bf\/\"]}]},{\"@type\":\"BreadcrumbList\",\"@id\":\"https:\/\/www.ntf.uni-lj.si\/igt\/event\/izbor-projektov-studentov-aluo-ntf-fa-in-bf\/#breadcrumb\",\"itemListElement\":[{\"@type\":\"ListItem\",\"position\":1,\"name\":\"Home\",\"item\":\"https:\/\/www.ntf.uni-lj.si\/igt\/\"},{\"@type\":\"ListItem\",\"position\":2,\"name\":\"Dogodki\",\"item\":\"https:\/\/www.ntf.uni-lj.si\/igt\/event\/\"},{\"@type\":\"ListItem\",\"position\":3,\"name\":\"Izbor projektov \\u0161tudentov ALUO, NTF, FA in BF\"}]}]}<\/script>\n<!-- \/ Yoast SEO plugin. -->","yoast_head_json":{"description":"Muzej za arhitekturo in oblikovanje bo na ve\u010dernem dogodku, tokrat na sporedu \u017ee drugi\u010d, zdru\u017eil tri fakultete, ki bodo predstavile izbor najbolj","robots":{"index":"index","follow":"follow","max-snippet":"max-snippet:-1","max-image-preview":"max-image-preview:large","max-video-preview":"max-video-preview:-1"},"canonical":"https:\/\/www.ntf.uni-lj.si\/igt\/event\/izbor-projektov-studentov-aluo-ntf-fa-in-bf\/","og_locale":"en_US","og_type":"article","og_title":"Izbor projektov \u0161tudentov ALUO, NTF, FA in BF - IGT","og_description":"Muzej za arhitekturo in oblikovanje bo na ve\u010dernem dogodku, tokrat na sporedu \u017ee drugi\u010d, zdru\u017eil tri fakultete, ki bodo predstavile izbor najbolj","og_url":"https:\/\/www.ntf.uni-lj.si\/igt\/event\/izbor-projektov-studentov-aluo-ntf-fa-in-bf\/","og_site_name":"IGT","article_modified_time":"2019-11-28T07:23:27+00:00","og_image":[{"width":640,"height":477,"url":"https:\/\/www.ntf.uni-lj.si\/igt\/wp-content\/uploads\/sites\/8\/2018\/05\/cover.jpg","path":"\/web\/html\/ntf\/public_html\/wp-content\/uploads\/sites\/8\/2018\/05\/cover.jpg","size":"full","id":16537,"alt":"","pixels":305280,"type":"image\/jpeg"}],"twitter_misc":{"Est. reading time":"1 minute"},"schema":{"@context":"https:\/\/schema.org","@graph":[{"@type":"WebSite","@id":"https:\/\/www.ntf.uni-lj.si\/igt\/#website","url":"https:\/\/www.ntf.uni-lj.si\/igt\/","name":"IGT","description":"Katedra za informacijsko in grafi\u010dno tehnologijo","potentialAction":[{"@type":"SearchAction","target":{"@type":"EntryPoint","urlTemplate":"https:\/\/www.ntf.uni-lj.si\/igt\/?s={search_term_string}"},"query-input":"required name=search_term_string"}],"inLanguage":"en-US"},{"@type":"ImageObject","@id":"https:\/\/www.ntf.uni-lj.si\/igt\/event\/izbor-projektov-studentov-aluo-ntf-fa-in-bf\/#primaryimage","inLanguage":"en-US","url":"https:\/\/www.ntf.uni-lj.si\/igt\/wp-content\/uploads\/sites\/8\/2018\/05\/cover.jpg","contentUrl":"https:\/\/www.ntf.uni-lj.si\/igt\/wp-content\/uploads\/sites\/8\/2018\/05\/cover.jpg","width":640,"height":477},{"@type":"WebPage","@id":"https:\/\/www.ntf.uni-lj.si\/igt\/event\/izbor-projektov-studentov-aluo-ntf-fa-in-bf\/#webpage","url":"https:\/\/www.ntf.uni-lj.si\/igt\/event\/izbor-projektov-studentov-aluo-ntf-fa-in-bf\/","name":"Izbor projektov \u0161tudentov ALUO, NTF, FA in BF - IGT","isPartOf":{"@id":"https:\/\/www.ntf.uni-lj.si\/igt\/#website"},"primaryImageOfPage":{"@id":"https:\/\/www.ntf.uni-lj.si\/igt\/event\/izbor-projektov-studentov-aluo-ntf-fa-in-bf\/#primaryimage"},"datePublished":"2018-05-15T06:12:24+00:00","dateModified":"2019-11-28T07:23:27+00:00","description":"Muzej za arhitekturo in oblikovanje bo na ve\u010dernem dogodku, tokrat na sporedu \u017ee drugi\u010d, zdru\u017eil tri fakultete, ki bodo predstavile izbor najbolj","breadcrumb":{"@id":"https:\/\/www.ntf.uni-lj.si\/igt\/event\/izbor-projektov-studentov-aluo-ntf-fa-in-bf\/#breadcrumb"},"inLanguage":"en-US","potentialAction":[{"@type":"ReadAction","target":["https:\/\/www.ntf.uni-lj.si\/igt\/event\/izbor-projektov-studentov-aluo-ntf-fa-in-bf\/"]}]},{"@type":"BreadcrumbList","@id":"https:\/\/www.ntf.uni-lj.si\/igt\/event\/izbor-projektov-studentov-aluo-ntf-fa-in-bf\/#breadcrumb","itemListElement":[{"@type":"ListItem","position":1,"name":"Home","item":"https:\/\/www.ntf.uni-lj.si\/igt\/"},{"@type":"ListItem","position":2,"name":"Dogodki","item":"https:\/\/www.ntf.uni-lj.si\/igt\/event\/"},{"@type":"ListItem","position":3,"name":"Izbor projektov \u0161tudentov ALUO, NTF, FA in BF"}]}]}},"_links":{"self":[{"href":"https:\/\/www.ntf.uni-lj.si\/igt\/wp-json\/wp\/v2\/event\/16536"}],"collection":[{"href":"https:\/\/www.ntf.uni-lj.si\/igt\/wp-json\/wp\/v2\/event"}],"about":[{"href":"https:\/\/www.ntf.uni-lj.si\/igt\/wp-json\/wp\/v2\/types\/event"}],"author":[{"embeddable":true,"href":"https:\/\/www.ntf.uni-lj.si\/igt\/wp-json\/wp\/v2\/users\/22"}],"version-history":[{"count":6,"href":"https:\/\/www.ntf.uni-lj.si\/igt\/wp-json\/wp\/v2\/event\/16536\/revisions"}],"predecessor-version":[{"id":16543,"href":"https:\/\/www.ntf.uni-lj.si\/igt\/wp-json\/wp\/v2\/event\/16536\/revisions\/16543"}],"wp:featuredmedia":[{"embeddable":true,"href":"https:\/\/www.ntf.uni-lj.si\/igt\/wp-json\/wp\/v2\/media\/16537"}],"wp:attachment":[{"href":"https:\/\/www.ntf.uni-lj.si\/igt\/wp-json\/wp\/v2\/media?parent=16536"}],"curies":[{"name":"wp","href":"https:\/\/api.w.org\/{rel}","templated":true}]}}