{"id":19339,"date":"2019-01-18T14:49:35","date_gmt":"2019-01-18T13:49:35","guid":{"rendered":"http:\/\/www.ntf.uni-lj.si\/igt\/?post_type=event&#038;p=19339"},"modified":"2019-11-28T08:23:27","modified_gmt":"2019-11-28T07:23:27","slug":"universitas","status":"publish","type":"event","link":"https:\/\/www.ntf.uni-lj.si\/igt\/event\/universitas\/","title":{"rendered":"universitas"},"content":{"rendered":"<div class=\"page\" title=\"Page 1\">\n<div class=\"section\"><em><strong>universitas<\/strong><\/em> je razstava tipografsko-fotografskih upodobitev posameznih ljubljanskih fakultet in akademij, ki so nastale ob 100-letnici Univerze v Ljubljani. Izdelke so v zimskem semestru \u0161tudijskega leta 2018\/2019 oblikovali \u0161tudenti <strong>2. letnika Grafi\u010dne in medijske tehnike<\/strong> ter <strong>3. letnika Grafi\u010dnih in interaktivnih komunikacij<\/strong> na Naravoslovnotehni\u0161ki fakulteti, Oddelku za tekstilstvo, grafiko in oblikovanje, Katedri za informacijsko in grafi\u010dno tehnologijo.<\/div>\n<div class=\"section\">\n<div class=\"layoutArea\">\n<div class=\"column\">\n<p><img loading=\"lazy\" decoding=\"async\" width=\"1024\" height=\"390\" class=\"alignnone size-large wp-image-19340\" src=\"https:\/\/www.ntf.uni-lj.si\/igt\/wp-content\/uploads\/sites\/8\/2019\/01\/Facebook-dogodek-timeline-820x312-1024x390.png\" alt=\"\" srcset=\"https:\/\/www.ntf.uni-lj.si\/igt\/wp-content\/uploads\/sites\/8\/2019\/01\/Facebook-dogodek-timeline-820x312-1024x390.png 1024w, https:\/\/www.ntf.uni-lj.si\/igt\/wp-content\/uploads\/sites\/8\/2019\/01\/Facebook-dogodek-timeline-820x312-300x114.png 300w, https:\/\/www.ntf.uni-lj.si\/igt\/wp-content\/uploads\/sites\/8\/2019\/01\/Facebook-dogodek-timeline-820x312-768x292.png 768w\" sizes=\"auto, (max-width: 1024px) 100vw, 1024px\" \/><\/p>\n<p>Razstava universitas prikazuje izbor bolj\u0161ih tipografsko-fotografskih upodobitevljubljanskih fakultet in akademij. Razstavni prostor Vodnikove doma\u010dije dodatno oplemeniti tematiko \u0161tudentskih del, saj pripisujemo prav Valentinu Vodniku, \u010digar 100-letnico smrti tudi obele\u017eujemo v tem letu, utemeljitev sodobnega jezikoslovja.V okviru \u0161tudijskega projekta smo povezali vsebine predmetov, ki se ukvarjajos tipografijo in fotografijo. Namen je bilo oblikovati izdelke, ki imajo s prepletanjem razli\u010dnih podro\u010dij ve\u010djo sporo\u010dilnost. \u0160tudenti so v projektni nalogi izdelalitipografsko-fotografske predstavitve posameznih ljubljanskih fakultet in akademij.Pri predmetih Tipografsko na\u010drtovanje in Tipografija v razli\u010dnih medijih so \u0161tudenti izdelali lastne pisave, katerih \u010drkovni in ne\u010drkovni znaki izkazujejo zna\u010dilnostiizbranih fakultet in akademij glede na njihove \u0161tudijske programe ali arhitekturozgradb, v katerih ustanove delujejo. Pri predmetu Fotografija 2 so \u0161tudenti izdelali ustrezno \u0161tevilo tematsko opredeljenih fotografij in ilustracij. Grafi\u010dno oblikovanjevsakega izdelka je tipografsko-fotografska implementacija.<\/p>\n<\/div>\n<div class=\"page\" title=\"Page 1\">\n<div class=\"section\">\n<div class=\"layoutArea\">\n<div class=\"column\">\n<p>Mentorji in avtorji razstave: Klementina Mo\u017eina, Jure Ahtik, Tanja Urbanc, Ana Mendizza | Tipo. na\u010drtovanje, Tipo, v razli\u010dnih medijih, Fotografija 2<\/p>\n<div class=\"page\" title=\"Page 1\">\n<div class=\"section\">\n<div class=\"layoutArea\">\n<div class=\"column\">\n<p>CGP: Patricija Seli\u010d, Jasmina Ajdini<\/p>\n<\/div>\n<\/div>\n<\/div>\n<\/div>\n<\/div>\n<\/div>\n<\/div>\n<\/div>\n<\/div>\n<\/div>\n<\/div>\n","protected":false},"excerpt":{"rendered":"universitas je razstava tipografsko-fotografskih upodobitev posameznih ljubljanskih fakultet in akademij, ki so nastale ob 100-letnici Univerze v Ljubljani. Izdelke so v zimskem semestru \u0161tudijskega leta 2018\/2019 oblikovali \u0161tudenti 2. letnika Grafi\u010dne in medijske tehnike ter 3. letnika Grafi\u010dnih in interaktivnih komunikacij na Naravoslovnotehni\u0161ki fakulteti, Oddelku za tekstilstvo, grafiko in oblikovanje, Katedri za informacijsko in grafi\u010dno &#8230; <a class=\"view-article\" href=\"https:\/\/www.ntf.uni-lj.si\/igt\/event\/universitas\/\">Read more<\/a>","protected":false},"author":22,"featured_media":19340,"template":"","class_list":["post-19339","event","type-event","status-publish","has-post-thumbnail","hentry"],"acf":[],"_links":{"self":[{"href":"https:\/\/www.ntf.uni-lj.si\/igt\/wp-json\/wp\/v2\/event\/19339","targetHints":{"allow":["GET"]}}],"collection":[{"href":"https:\/\/www.ntf.uni-lj.si\/igt\/wp-json\/wp\/v2\/event"}],"about":[{"href":"https:\/\/www.ntf.uni-lj.si\/igt\/wp-json\/wp\/v2\/types\/event"}],"author":[{"embeddable":true,"href":"https:\/\/www.ntf.uni-lj.si\/igt\/wp-json\/wp\/v2\/users\/22"}],"version-history":[{"count":1,"href":"https:\/\/www.ntf.uni-lj.si\/igt\/wp-json\/wp\/v2\/event\/19339\/revisions"}],"predecessor-version":[{"id":19341,"href":"https:\/\/www.ntf.uni-lj.si\/igt\/wp-json\/wp\/v2\/event\/19339\/revisions\/19341"}],"wp:featuredmedia":[{"embeddable":true,"href":"https:\/\/www.ntf.uni-lj.si\/igt\/wp-json\/wp\/v2\/media\/19340"}],"wp:attachment":[{"href":"https:\/\/www.ntf.uni-lj.si\/igt\/wp-json\/wp\/v2\/media?parent=19339"}],"curies":[{"name":"wp","href":"https:\/\/api.w.org\/{rel}","templated":true}]}}