{"id":20893,"date":"2019-05-20T10:28:22","date_gmt":"2019-05-20T08:28:22","guid":{"rendered":"http:\/\/www.ntf.uni-lj.si\/igt\/?post_type=event&#038;p=20893"},"modified":"2019-11-28T08:23:00","modified_gmt":"2019-11-28T07:23:00","slug":"kaj-vidimo-z-ocmi-kaj-vidimo-s-prsti","status":"publish","type":"event","link":"https:\/\/www.ntf.uni-lj.si\/igt\/event\/kaj-vidimo-z-ocmi-kaj-vidimo-s-prsti\/","title":{"rendered":"Kaj vidimo z o\u010dmi, kaj \u2018vidimo\u02bc s prsti?"},"content":{"rendered":"<p>Predstavitev \u0160tudentskega inovativnega projekta za dru\u017ebeno korist (\u0160IPK), ki bo izpeljana v okviru 12. Konservatorsko-restavratorske transverzale, bo potekala v\u00a0\u010detrtek,<strong> 23. maja 2019<\/strong> ob <strong>18. uri<\/strong>, v <strong>Muzeju sodobne umetnosti Metelkova (MSUM)<\/strong>, Maistrova 3, Ljubljana.<\/p>\n<p><a href=\"https:\/\/www.ntf.uni-lj.si\/igt\/wp-content\/uploads\/sites\/8\/2019\/05\/sipk_vabilo2gv.jpg\"><img loading=\"lazy\" width=\"1024\" height=\"462\" class=\"alignnone size-large wp-image-20895\" src=\"https:\/\/www.ntf.uni-lj.si\/igt\/wp-content\/uploads\/sites\/8\/2019\/05\/sipk_vabilo2gv-1024x462.jpg\" alt=\"\" srcset=\"https:\/\/www.ntf.uni-lj.si\/igt\/wp-content\/uploads\/sites\/8\/2019\/05\/sipk_vabilo2gv-1024x462.jpg 1024w, https:\/\/www.ntf.uni-lj.si\/igt\/wp-content\/uploads\/sites\/8\/2019\/05\/sipk_vabilo2gv-300x135.jpg 300w, https:\/\/www.ntf.uni-lj.si\/igt\/wp-content\/uploads\/sites\/8\/2019\/05\/sipk_vabilo2gv-768x346.jpg 768w\" sizes=\"(max-width: 1024px) 100vw, 1024px\" \/><\/a><\/p>\n<p>Odzivi slepih in vide\u010dih na 3D in ro\u010dne kopije detajlov del slovenskih slikarjev <strong>Gabrijela Stupice<\/strong> in <strong>Gojmirja Antona Kosa<\/strong> ter \u0161tudentke slikarstva UL ALUO <strong>Sare \u0160torgel<\/strong>.<\/p>\n<p>Sodelujo\u010de ustanove: Akademija za likovno umetnost in oblikovanje (UL ALUO), Naravoslovnotehni\u0161ka fakulteta (UL NTF), Filozofska fakulteta (UL FF) in Pedago\u0161ka fakulteta (UL PEF) Univerze v Ljubljani; Moderna galerija (MG+MSUM)<\/p>\n","protected":false},"excerpt":{"rendered":"Predstavitev \u0160tudentskega inovativnega projekta za dru\u017ebeno korist (\u0160IPK), ki bo izpeljana v okviru 12. Konservatorsko-restavratorske transverzale, bo potekala v\u00a0\u010detrtek, 23. maja 2019 ob 18. uri, v Muzeju sodobne umetnosti Metelkova (MSUM), Maistrova 3, Ljubljana. Odzivi slepih in vide\u010dih na 3D in ro\u010dne kopije detajlov del slovenskih slikarjev Gabrijela Stupice in Gojmirja Antona Kosa ter \u0161tudentke &#8230; <a class=\"view-article\" href=\"https:\/\/www.ntf.uni-lj.si\/igt\/event\/kaj-vidimo-z-ocmi-kaj-vidimo-s-prsti\/\">Read more<\/a>","protected":false},"author":22,"featured_media":20895,"template":"","acf":[],"yoast_head":"<!-- This site is optimized with the Yoast SEO plugin v17.0 - https:\/\/yoast.com\/wordpress\/plugins\/seo\/ -->\n<meta name=\"description\" content=\"Predstavitev \u0160tudentskega inovativnega projekta za dru\u017ebeno korist (\u0160IPK), ki bo izpeljana v okviru 12. Konservatorsko-restavratorske transverzale, bo\" \/>\n<meta name=\"robots\" content=\"index, follow, max-snippet:-1, max-image-preview:large, max-video-preview:-1\" \/>\n<link rel=\"canonical\" href=\"https:\/\/www.ntf.uni-lj.si\/igt\/event\/kaj-vidimo-z-ocmi-kaj-vidimo-s-prsti\/\" \/>\n<meta property=\"og:locale\" content=\"en_US\" \/>\n<meta property=\"og:type\" content=\"article\" \/>\n<meta property=\"og:title\" content=\"Kaj vidimo z o\u010dmi, kaj \u2018vidimo\u02bc s prsti? - IGT\" \/>\n<meta property=\"og:description\" content=\"Predstavitev \u0160tudentskega inovativnega projekta za dru\u017ebeno korist (\u0160IPK), ki bo izpeljana v okviru 12. Konservatorsko-restavratorske transverzale, bo\" \/>\n<meta property=\"og:url\" content=\"https:\/\/www.ntf.uni-lj.si\/igt\/event\/kaj-vidimo-z-ocmi-kaj-vidimo-s-prsti\/\" \/>\n<meta property=\"og:site_name\" content=\"IGT\" \/>\n<meta property=\"article:modified_time\" content=\"2019-11-28T07:23:00+00:00\" \/>\n<meta property=\"og:image\" content=\"https:\/\/www.ntf.uni-lj.si\/igt\/wp-content\/uploads\/sites\/8\/2019\/05\/sipk_vabilo2gv.jpg\" \/>\n\t<meta property=\"og:image:width\" content=\"2179\" \/>\n\t<meta property=\"og:image:height\" content=\"983\" \/>\n<script type=\"application\/ld+json\" class=\"yoast-schema-graph\">{\"@context\":\"https:\/\/schema.org\",\"@graph\":[{\"@type\":\"WebSite\",\"@id\":\"https:\/\/www.ntf.uni-lj.si\/igt\/#website\",\"url\":\"https:\/\/www.ntf.uni-lj.si\/igt\/\",\"name\":\"IGT\",\"description\":\"Katedra za informacijsko in grafi\\u010dno tehnologijo\",\"potentialAction\":[{\"@type\":\"SearchAction\",\"target\":{\"@type\":\"EntryPoint\",\"urlTemplate\":\"https:\/\/www.ntf.uni-lj.si\/igt\/?s={search_term_string}\"},\"query-input\":\"required name=search_term_string\"}],\"inLanguage\":\"en-US\"},{\"@type\":\"ImageObject\",\"@id\":\"https:\/\/www.ntf.uni-lj.si\/igt\/event\/kaj-vidimo-z-ocmi-kaj-vidimo-s-prsti\/#primaryimage\",\"inLanguage\":\"en-US\",\"url\":\"https:\/\/www.ntf.uni-lj.si\/igt\/wp-content\/uploads\/sites\/8\/2019\/05\/sipk_vabilo2gv.jpg\",\"contentUrl\":\"https:\/\/www.ntf.uni-lj.si\/igt\/wp-content\/uploads\/sites\/8\/2019\/05\/sipk_vabilo2gv.jpg\",\"width\":2179,\"height\":983},{\"@type\":\"WebPage\",\"@id\":\"https:\/\/www.ntf.uni-lj.si\/igt\/event\/kaj-vidimo-z-ocmi-kaj-vidimo-s-prsti\/#webpage\",\"url\":\"https:\/\/www.ntf.uni-lj.si\/igt\/event\/kaj-vidimo-z-ocmi-kaj-vidimo-s-prsti\/\",\"name\":\"Kaj vidimo z o\\u010dmi, kaj \\u2018vidimo\\u02bc s prsti? - IGT\",\"isPartOf\":{\"@id\":\"https:\/\/www.ntf.uni-lj.si\/igt\/#website\"},\"primaryImageOfPage\":{\"@id\":\"https:\/\/www.ntf.uni-lj.si\/igt\/event\/kaj-vidimo-z-ocmi-kaj-vidimo-s-prsti\/#primaryimage\"},\"datePublished\":\"2019-05-20T08:28:22+00:00\",\"dateModified\":\"2019-11-28T07:23:00+00:00\",\"description\":\"Predstavitev \\u0160tudentskega inovativnega projekta za dru\\u017ebeno korist (\\u0160IPK), ki bo izpeljana v okviru 12. Konservatorsko-restavratorske transverzale, bo\",\"breadcrumb\":{\"@id\":\"https:\/\/www.ntf.uni-lj.si\/igt\/event\/kaj-vidimo-z-ocmi-kaj-vidimo-s-prsti\/#breadcrumb\"},\"inLanguage\":\"en-US\",\"potentialAction\":[{\"@type\":\"ReadAction\",\"target\":[\"https:\/\/www.ntf.uni-lj.si\/igt\/event\/kaj-vidimo-z-ocmi-kaj-vidimo-s-prsti\/\"]}]},{\"@type\":\"BreadcrumbList\",\"@id\":\"https:\/\/www.ntf.uni-lj.si\/igt\/event\/kaj-vidimo-z-ocmi-kaj-vidimo-s-prsti\/#breadcrumb\",\"itemListElement\":[{\"@type\":\"ListItem\",\"position\":1,\"name\":\"Home\",\"item\":\"https:\/\/www.ntf.uni-lj.si\/igt\/\"},{\"@type\":\"ListItem\",\"position\":2,\"name\":\"Dogodki\",\"item\":\"https:\/\/www.ntf.uni-lj.si\/igt\/event\/\"},{\"@type\":\"ListItem\",\"position\":3,\"name\":\"Kaj vidimo z o\\u010dmi, kaj \\u2018vidimo\\u02bc s prsti?\"}]}]}<\/script>\n<!-- \/ Yoast SEO plugin. -->","yoast_head_json":{"description":"Predstavitev \u0160tudentskega inovativnega projekta za dru\u017ebeno korist (\u0160IPK), ki bo izpeljana v okviru 12. Konservatorsko-restavratorske transverzale, bo","robots":{"index":"index","follow":"follow","max-snippet":"max-snippet:-1","max-image-preview":"max-image-preview:large","max-video-preview":"max-video-preview:-1"},"canonical":"https:\/\/www.ntf.uni-lj.si\/igt\/event\/kaj-vidimo-z-ocmi-kaj-vidimo-s-prsti\/","og_locale":"en_US","og_type":"article","og_title":"Kaj vidimo z o\u010dmi, kaj \u2018vidimo\u02bc s prsti? - IGT","og_description":"Predstavitev \u0160tudentskega inovativnega projekta za dru\u017ebeno korist (\u0160IPK), ki bo izpeljana v okviru 12. Konservatorsko-restavratorske transverzale, bo","og_url":"https:\/\/www.ntf.uni-lj.si\/igt\/event\/kaj-vidimo-z-ocmi-kaj-vidimo-s-prsti\/","og_site_name":"IGT","article_modified_time":"2019-11-28T07:23:00+00:00","og_image":[{"width":2179,"height":983,"url":"https:\/\/www.ntf.uni-lj.si\/igt\/wp-content\/uploads\/sites\/8\/2019\/05\/sipk_vabilo2gv.jpg","path":"\/web\/html\/ntf\/public_html\/wp-content\/uploads\/sites\/8\/2019\/05\/sipk_vabilo2gv.jpg","size":"full","id":20895,"alt":"","pixels":2141957,"type":"image\/jpeg"}],"schema":{"@context":"https:\/\/schema.org","@graph":[{"@type":"WebSite","@id":"https:\/\/www.ntf.uni-lj.si\/igt\/#website","url":"https:\/\/www.ntf.uni-lj.si\/igt\/","name":"IGT","description":"Katedra za informacijsko in grafi\u010dno tehnologijo","potentialAction":[{"@type":"SearchAction","target":{"@type":"EntryPoint","urlTemplate":"https:\/\/www.ntf.uni-lj.si\/igt\/?s={search_term_string}"},"query-input":"required name=search_term_string"}],"inLanguage":"en-US"},{"@type":"ImageObject","@id":"https:\/\/www.ntf.uni-lj.si\/igt\/event\/kaj-vidimo-z-ocmi-kaj-vidimo-s-prsti\/#primaryimage","inLanguage":"en-US","url":"https:\/\/www.ntf.uni-lj.si\/igt\/wp-content\/uploads\/sites\/8\/2019\/05\/sipk_vabilo2gv.jpg","contentUrl":"https:\/\/www.ntf.uni-lj.si\/igt\/wp-content\/uploads\/sites\/8\/2019\/05\/sipk_vabilo2gv.jpg","width":2179,"height":983},{"@type":"WebPage","@id":"https:\/\/www.ntf.uni-lj.si\/igt\/event\/kaj-vidimo-z-ocmi-kaj-vidimo-s-prsti\/#webpage","url":"https:\/\/www.ntf.uni-lj.si\/igt\/event\/kaj-vidimo-z-ocmi-kaj-vidimo-s-prsti\/","name":"Kaj vidimo z o\u010dmi, kaj \u2018vidimo\u02bc s prsti? - IGT","isPartOf":{"@id":"https:\/\/www.ntf.uni-lj.si\/igt\/#website"},"primaryImageOfPage":{"@id":"https:\/\/www.ntf.uni-lj.si\/igt\/event\/kaj-vidimo-z-ocmi-kaj-vidimo-s-prsti\/#primaryimage"},"datePublished":"2019-05-20T08:28:22+00:00","dateModified":"2019-11-28T07:23:00+00:00","description":"Predstavitev \u0160tudentskega inovativnega projekta za dru\u017ebeno korist (\u0160IPK), ki bo izpeljana v okviru 12. Konservatorsko-restavratorske transverzale, bo","breadcrumb":{"@id":"https:\/\/www.ntf.uni-lj.si\/igt\/event\/kaj-vidimo-z-ocmi-kaj-vidimo-s-prsti\/#breadcrumb"},"inLanguage":"en-US","potentialAction":[{"@type":"ReadAction","target":["https:\/\/www.ntf.uni-lj.si\/igt\/event\/kaj-vidimo-z-ocmi-kaj-vidimo-s-prsti\/"]}]},{"@type":"BreadcrumbList","@id":"https:\/\/www.ntf.uni-lj.si\/igt\/event\/kaj-vidimo-z-ocmi-kaj-vidimo-s-prsti\/#breadcrumb","itemListElement":[{"@type":"ListItem","position":1,"name":"Home","item":"https:\/\/www.ntf.uni-lj.si\/igt\/"},{"@type":"ListItem","position":2,"name":"Dogodki","item":"https:\/\/www.ntf.uni-lj.si\/igt\/event\/"},{"@type":"ListItem","position":3,"name":"Kaj vidimo z o\u010dmi, kaj \u2018vidimo\u02bc s prsti?"}]}]}},"_links":{"self":[{"href":"https:\/\/www.ntf.uni-lj.si\/igt\/wp-json\/wp\/v2\/event\/20893"}],"collection":[{"href":"https:\/\/www.ntf.uni-lj.si\/igt\/wp-json\/wp\/v2\/event"}],"about":[{"href":"https:\/\/www.ntf.uni-lj.si\/igt\/wp-json\/wp\/v2\/types\/event"}],"author":[{"embeddable":true,"href":"https:\/\/www.ntf.uni-lj.si\/igt\/wp-json\/wp\/v2\/users\/22"}],"version-history":[{"count":5,"href":"https:\/\/www.ntf.uni-lj.si\/igt\/wp-json\/wp\/v2\/event\/20893\/revisions"}],"predecessor-version":[{"id":20902,"href":"https:\/\/www.ntf.uni-lj.si\/igt\/wp-json\/wp\/v2\/event\/20893\/revisions\/20902"}],"wp:featuredmedia":[{"embeddable":true,"href":"https:\/\/www.ntf.uni-lj.si\/igt\/wp-json\/wp\/v2\/media\/20895"}],"wp:attachment":[{"href":"https:\/\/www.ntf.uni-lj.si\/igt\/wp-json\/wp\/v2\/media?parent=20893"}],"curies":[{"name":"wp","href":"https:\/\/api.w.org\/{rel}","templated":true}]}}