{"id":20915,"date":"2019-05-23T14:55:49","date_gmt":"2019-05-23T12:55:49","guid":{"rendered":"http:\/\/www.ntf.uni-lj.si\/igt\/?post_type=event&#038;p=20915"},"modified":"2019-11-28T08:23:00","modified_gmt":"2019-11-28T07:23:00","slug":"plecnik-kot-navdih","status":"publish","type":"event","link":"https:\/\/www.ntf.uni-lj.si\/igt\/event\/plecnik-kot-navdih\/","title":{"rendered":"Ple\u010dnik kot navdih"},"content":{"rendered":"<p><a href=\"https:\/\/www.ntf.uni-lj.si\/igt\/wp-content\/uploads\/sites\/8\/2019\/05\/plec.png\"><img loading=\"lazy\" decoding=\"async\" width=\"860\" height=\"345\" class=\"alignnone size-full wp-image-20917\" src=\"https:\/\/www.ntf.uni-lj.si\/igt\/wp-content\/uploads\/sites\/8\/2019\/05\/plec.png\" alt=\"\" srcset=\"https:\/\/www.ntf.uni-lj.si\/igt\/wp-content\/uploads\/sites\/8\/2019\/05\/plec.png 860w, https:\/\/www.ntf.uni-lj.si\/igt\/wp-content\/uploads\/sites\/8\/2019\/05\/plec-300x120.png 300w, https:\/\/www.ntf.uni-lj.si\/igt\/wp-content\/uploads\/sites\/8\/2019\/05\/plec-768x308.png 768w\" sizes=\"auto, (max-width: 860px) 100vw, 860px\" \/><\/a><\/p>\n<p>Razstava Ple\u010dnik kot navdih je rezultat ve\u010dletnega interdisciplinarnega projekta, v okviru katerega so \u0161tudentke in \u0161tudenti NTF pri razli\u010dnih predmetih sodelovali s Ple\u010dnikovo hi\u0161o, pri njihovem delu pa so jih navdihovali Ple\u010dnikovi znani in manj znani projekti, skice, na\u010drti ter njegovo osebno \u017eivljenje, nekatere kaprice in razvade.<\/p>\n<p>Na razstavi sta predstavljena celoten proces kreativnega dela \u0161tudentov in izbor prototipov izdelkov \u2013 nakita, embala\u017ee, majic in replik \u2013, ki so nastali v sodobnih materialih in s sodobnimi tehnologijami.<\/p>\n<p>Otvoritev bo v sredo, 29. maja, ob 17.00. Vabljeni!<\/p>\n<p>Ve\u010d o dogodku na <a href=\"https:\/\/mgml.si\/sl\/plecnikova-hisa\/razstave\/421\/plecnik-kot-navdih\/\">povezavi<\/a>.<\/p>\n","protected":false},"excerpt":{"rendered":"Razstava Ple\u010dnik kot navdih je rezultat ve\u010dletnega interdisciplinarnega projekta, v okviru katerega so \u0161tudentke in \u0161tudenti NTF pri razli\u010dnih predmetih sodelovali s Ple\u010dnikovo hi\u0161o, pri njihovem delu pa so jih navdihovali Ple\u010dnikovi znani in manj znani projekti, skice, na\u010drti ter njegovo osebno \u017eivljenje, nekatere kaprice in razvade. Na razstavi sta predstavljena celoten proces kreativnega dela &#8230; <a class=\"view-article\" href=\"https:\/\/www.ntf.uni-lj.si\/igt\/event\/plecnik-kot-navdih\/\">Read more<\/a>","protected":false},"author":22,"featured_media":20917,"template":"","class_list":["post-20915","event","type-event","status-publish","has-post-thumbnail","hentry"],"acf":[],"_links":{"self":[{"href":"https:\/\/www.ntf.uni-lj.si\/igt\/wp-json\/wp\/v2\/event\/20915","targetHints":{"allow":["GET"]}}],"collection":[{"href":"https:\/\/www.ntf.uni-lj.si\/igt\/wp-json\/wp\/v2\/event"}],"about":[{"href":"https:\/\/www.ntf.uni-lj.si\/igt\/wp-json\/wp\/v2\/types\/event"}],"author":[{"embeddable":true,"href":"https:\/\/www.ntf.uni-lj.si\/igt\/wp-json\/wp\/v2\/users\/22"}],"version-history":[{"count":6,"href":"https:\/\/www.ntf.uni-lj.si\/igt\/wp-json\/wp\/v2\/event\/20915\/revisions"}],"predecessor-version":[{"id":20925,"href":"https:\/\/www.ntf.uni-lj.si\/igt\/wp-json\/wp\/v2\/event\/20915\/revisions\/20925"}],"wp:featuredmedia":[{"embeddable":true,"href":"https:\/\/www.ntf.uni-lj.si\/igt\/wp-json\/wp\/v2\/media\/20917"}],"wp:attachment":[{"href":"https:\/\/www.ntf.uni-lj.si\/igt\/wp-json\/wp\/v2\/media?parent=20915"}],"curies":[{"name":"wp","href":"https:\/\/api.w.org\/{rel}","templated":true}]}}