{"id":21251,"date":"2019-09-20T13:57:05","date_gmt":"2019-09-20T11:57:05","guid":{"rendered":"http:\/\/www.ntf.uni-lj.si\/igt\/?post_type=event&#038;p=21251"},"modified":"2019-11-28T08:23:00","modified_gmt":"2019-11-28T07:23:00","slug":"ustvarjalna-delavnica-plecnik-na-majcki","status":"publish","type":"event","link":"https:\/\/www.ntf.uni-lj.si\/igt\/event\/ustvarjalna-delavnica-plecnik-na-majcki\/","title":{"rendered":"Ustvarjalna delavnica Ple\u010dnik na maj\u010dki"},"content":{"rendered":"<p>Vabljeni na ustvarjalno delavnico &#8220;Ple\u010dnik na maj\u010dki&#8221;, ki bo v<strong> soboto, 28. 9. 2019,<\/strong> med 10. in 13. uro v Ple\u010dnikovi hi\u0161i (Karunova 4\u20136, Ljubljana).<\/p>\n<p><a href=\"https:\/\/www.ntf.uni-lj.si\/igt\/wp-content\/uploads\/sites\/8\/2019\/09\/plecnik_na_majcki.jpg\"><img loading=\"lazy\" width=\"724\" height=\"1024\" class=\"alignnone size-large wp-image-21252\" src=\"https:\/\/www.ntf.uni-lj.si\/igt\/wp-content\/uploads\/sites\/8\/2019\/09\/plecnik_na_majcki-724x1024.jpg\" alt=\"\" srcset=\"https:\/\/www.ntf.uni-lj.si\/igt\/wp-content\/uploads\/sites\/8\/2019\/09\/plecnik_na_majcki-724x1024.jpg 724w, https:\/\/www.ntf.uni-lj.si\/igt\/wp-content\/uploads\/sites\/8\/2019\/09\/plecnik_na_majcki-212x300.jpg 212w, https:\/\/www.ntf.uni-lj.si\/igt\/wp-content\/uploads\/sites\/8\/2019\/09\/plecnik_na_majcki-768x1086.jpg 768w\" sizes=\"(max-width: 724px) 100vw, 724px\" \/><\/a><\/p>\n","protected":false},"excerpt":{"rendered":"Vabljeni na ustvarjalno delavnico &#8220;Ple\u010dnik na maj\u010dki&#8221;, ki bo v soboto, 28. 9. 2019, med 10. in 13. uro v Ple\u010dnikovi hi\u0161i (Karunova 4\u20136, Ljubljana).","protected":false},"author":22,"featured_media":20917,"template":"","acf":[],"yoast_head":"<!-- This site is optimized with the Yoast SEO plugin v17.0 - https:\/\/yoast.com\/wordpress\/plugins\/seo\/ -->\n<meta name=\"description\" content=\"Vabljeni na ustvarjalno delavnico &quot;Ple\u010dnik na maj\u010dki&quot;, ki bo v soboto, 28. 9. 2019, med 10. in 13. uro v Ple\u010dnikovi hi\u0161i (Karunova 4\u20136, Ljubljana).\" \/>\n<meta name=\"robots\" content=\"index, follow, max-snippet:-1, max-image-preview:large, max-video-preview:-1\" \/>\n<link rel=\"canonical\" href=\"https:\/\/www.ntf.uni-lj.si\/igt\/event\/ustvarjalna-delavnica-plecnik-na-majcki\/\" \/>\n<meta property=\"og:locale\" content=\"en_US\" \/>\n<meta property=\"og:type\" content=\"article\" \/>\n<meta property=\"og:title\" content=\"Ustvarjalna delavnica Ple\u010dnik na maj\u010dki - IGT\" \/>\n<meta property=\"og:description\" content=\"Vabljeni na ustvarjalno delavnico &quot;Ple\u010dnik na maj\u010dki&quot;, ki bo v soboto, 28. 9. 2019, med 10. in 13. uro v Ple\u010dnikovi hi\u0161i (Karunova 4\u20136, Ljubljana).\" \/>\n<meta property=\"og:url\" content=\"https:\/\/www.ntf.uni-lj.si\/igt\/event\/ustvarjalna-delavnica-plecnik-na-majcki\/\" \/>\n<meta property=\"og:site_name\" content=\"IGT\" \/>\n<meta property=\"article:modified_time\" content=\"2019-11-28T07:23:00+00:00\" \/>\n<meta property=\"og:image\" content=\"https:\/\/www.ntf.uni-lj.si\/igt\/wp-content\/uploads\/sites\/8\/2019\/05\/plec.png\" \/>\n\t<meta property=\"og:image:width\" content=\"860\" \/>\n\t<meta property=\"og:image:height\" content=\"345\" \/>\n<script type=\"application\/ld+json\" class=\"yoast-schema-graph\">{\"@context\":\"https:\/\/schema.org\",\"@graph\":[{\"@type\":\"WebSite\",\"@id\":\"https:\/\/www.ntf.uni-lj.si\/igt\/#website\",\"url\":\"https:\/\/www.ntf.uni-lj.si\/igt\/\",\"name\":\"IGT\",\"description\":\"Katedra za informacijsko in grafi\\u010dno tehnologijo\",\"potentialAction\":[{\"@type\":\"SearchAction\",\"target\":{\"@type\":\"EntryPoint\",\"urlTemplate\":\"https:\/\/www.ntf.uni-lj.si\/igt\/?s={search_term_string}\"},\"query-input\":\"required name=search_term_string\"}],\"inLanguage\":\"en-US\"},{\"@type\":\"ImageObject\",\"@id\":\"https:\/\/www.ntf.uni-lj.si\/igt\/event\/ustvarjalna-delavnica-plecnik-na-majcki\/#primaryimage\",\"inLanguage\":\"en-US\",\"url\":\"https:\/\/www.ntf.uni-lj.si\/igt\/wp-content\/uploads\/sites\/8\/2019\/05\/plec.png\",\"contentUrl\":\"https:\/\/www.ntf.uni-lj.si\/igt\/wp-content\/uploads\/sites\/8\/2019\/05\/plec.png\",\"width\":860,\"height\":345},{\"@type\":\"WebPage\",\"@id\":\"https:\/\/www.ntf.uni-lj.si\/igt\/event\/ustvarjalna-delavnica-plecnik-na-majcki\/#webpage\",\"url\":\"https:\/\/www.ntf.uni-lj.si\/igt\/event\/ustvarjalna-delavnica-plecnik-na-majcki\/\",\"name\":\"Ustvarjalna delavnica Ple\\u010dnik na maj\\u010dki - IGT\",\"isPartOf\":{\"@id\":\"https:\/\/www.ntf.uni-lj.si\/igt\/#website\"},\"primaryImageOfPage\":{\"@id\":\"https:\/\/www.ntf.uni-lj.si\/igt\/event\/ustvarjalna-delavnica-plecnik-na-majcki\/#primaryimage\"},\"datePublished\":\"2019-09-20T11:57:05+00:00\",\"dateModified\":\"2019-11-28T07:23:00+00:00\",\"description\":\"Vabljeni na ustvarjalno delavnico \\\"Ple\\u010dnik na maj\\u010dki\\\", ki bo v soboto, 28. 9. 2019, med 10. in 13. uro v Ple\\u010dnikovi hi\\u0161i (Karunova 4\\u20136, Ljubljana).\",\"breadcrumb\":{\"@id\":\"https:\/\/www.ntf.uni-lj.si\/igt\/event\/ustvarjalna-delavnica-plecnik-na-majcki\/#breadcrumb\"},\"inLanguage\":\"en-US\",\"potentialAction\":[{\"@type\":\"ReadAction\",\"target\":[\"https:\/\/www.ntf.uni-lj.si\/igt\/event\/ustvarjalna-delavnica-plecnik-na-majcki\/\"]}]},{\"@type\":\"BreadcrumbList\",\"@id\":\"https:\/\/www.ntf.uni-lj.si\/igt\/event\/ustvarjalna-delavnica-plecnik-na-majcki\/#breadcrumb\",\"itemListElement\":[{\"@type\":\"ListItem\",\"position\":1,\"name\":\"Home\",\"item\":\"https:\/\/www.ntf.uni-lj.si\/igt\/\"},{\"@type\":\"ListItem\",\"position\":2,\"name\":\"Dogodki\",\"item\":\"https:\/\/www.ntf.uni-lj.si\/igt\/event\/\"},{\"@type\":\"ListItem\",\"position\":3,\"name\":\"Ustvarjalna delavnica Ple\\u010dnik na maj\\u010dki\"}]}]}<\/script>\n<!-- \/ Yoast SEO plugin. -->","yoast_head_json":{"description":"Vabljeni na ustvarjalno delavnico \"Ple\u010dnik na maj\u010dki\", ki bo v soboto, 28. 9. 2019, med 10. in 13. uro v Ple\u010dnikovi hi\u0161i (Karunova 4\u20136, Ljubljana).","robots":{"index":"index","follow":"follow","max-snippet":"max-snippet:-1","max-image-preview":"max-image-preview:large","max-video-preview":"max-video-preview:-1"},"canonical":"https:\/\/www.ntf.uni-lj.si\/igt\/event\/ustvarjalna-delavnica-plecnik-na-majcki\/","og_locale":"en_US","og_type":"article","og_title":"Ustvarjalna delavnica Ple\u010dnik na maj\u010dki - IGT","og_description":"Vabljeni na ustvarjalno delavnico \"Ple\u010dnik na maj\u010dki\", ki bo v soboto, 28. 9. 2019, med 10. in 13. uro v Ple\u010dnikovi hi\u0161i (Karunova 4\u20136, Ljubljana).","og_url":"https:\/\/www.ntf.uni-lj.si\/igt\/event\/ustvarjalna-delavnica-plecnik-na-majcki\/","og_site_name":"IGT","article_modified_time":"2019-11-28T07:23:00+00:00","og_image":[{"width":860,"height":345,"url":"https:\/\/www.ntf.uni-lj.si\/igt\/wp-content\/uploads\/sites\/8\/2019\/05\/plec.png","path":"\/web\/html\/ntf\/public_html\/wp-content\/uploads\/sites\/8\/2019\/05\/plec.png","size":"full","id":20917,"alt":"","pixels":296700,"type":"image\/png"}],"schema":{"@context":"https:\/\/schema.org","@graph":[{"@type":"WebSite","@id":"https:\/\/www.ntf.uni-lj.si\/igt\/#website","url":"https:\/\/www.ntf.uni-lj.si\/igt\/","name":"IGT","description":"Katedra za informacijsko in grafi\u010dno tehnologijo","potentialAction":[{"@type":"SearchAction","target":{"@type":"EntryPoint","urlTemplate":"https:\/\/www.ntf.uni-lj.si\/igt\/?s={search_term_string}"},"query-input":"required name=search_term_string"}],"inLanguage":"en-US"},{"@type":"ImageObject","@id":"https:\/\/www.ntf.uni-lj.si\/igt\/event\/ustvarjalna-delavnica-plecnik-na-majcki\/#primaryimage","inLanguage":"en-US","url":"https:\/\/www.ntf.uni-lj.si\/igt\/wp-content\/uploads\/sites\/8\/2019\/05\/plec.png","contentUrl":"https:\/\/www.ntf.uni-lj.si\/igt\/wp-content\/uploads\/sites\/8\/2019\/05\/plec.png","width":860,"height":345},{"@type":"WebPage","@id":"https:\/\/www.ntf.uni-lj.si\/igt\/event\/ustvarjalna-delavnica-plecnik-na-majcki\/#webpage","url":"https:\/\/www.ntf.uni-lj.si\/igt\/event\/ustvarjalna-delavnica-plecnik-na-majcki\/","name":"Ustvarjalna delavnica Ple\u010dnik na maj\u010dki - IGT","isPartOf":{"@id":"https:\/\/www.ntf.uni-lj.si\/igt\/#website"},"primaryImageOfPage":{"@id":"https:\/\/www.ntf.uni-lj.si\/igt\/event\/ustvarjalna-delavnica-plecnik-na-majcki\/#primaryimage"},"datePublished":"2019-09-20T11:57:05+00:00","dateModified":"2019-11-28T07:23:00+00:00","description":"Vabljeni na ustvarjalno delavnico \"Ple\u010dnik na maj\u010dki\", ki bo v soboto, 28. 9. 2019, med 10. in 13. uro v Ple\u010dnikovi hi\u0161i (Karunova 4\u20136, Ljubljana).","breadcrumb":{"@id":"https:\/\/www.ntf.uni-lj.si\/igt\/event\/ustvarjalna-delavnica-plecnik-na-majcki\/#breadcrumb"},"inLanguage":"en-US","potentialAction":[{"@type":"ReadAction","target":["https:\/\/www.ntf.uni-lj.si\/igt\/event\/ustvarjalna-delavnica-plecnik-na-majcki\/"]}]},{"@type":"BreadcrumbList","@id":"https:\/\/www.ntf.uni-lj.si\/igt\/event\/ustvarjalna-delavnica-plecnik-na-majcki\/#breadcrumb","itemListElement":[{"@type":"ListItem","position":1,"name":"Home","item":"https:\/\/www.ntf.uni-lj.si\/igt\/"},{"@type":"ListItem","position":2,"name":"Dogodki","item":"https:\/\/www.ntf.uni-lj.si\/igt\/event\/"},{"@type":"ListItem","position":3,"name":"Ustvarjalna delavnica Ple\u010dnik na maj\u010dki"}]}]}},"_links":{"self":[{"href":"https:\/\/www.ntf.uni-lj.si\/igt\/wp-json\/wp\/v2\/event\/21251"}],"collection":[{"href":"https:\/\/www.ntf.uni-lj.si\/igt\/wp-json\/wp\/v2\/event"}],"about":[{"href":"https:\/\/www.ntf.uni-lj.si\/igt\/wp-json\/wp\/v2\/types\/event"}],"author":[{"embeddable":true,"href":"https:\/\/www.ntf.uni-lj.si\/igt\/wp-json\/wp\/v2\/users\/22"}],"version-history":[{"count":2,"href":"https:\/\/www.ntf.uni-lj.si\/igt\/wp-json\/wp\/v2\/event\/21251\/revisions"}],"predecessor-version":[{"id":21254,"href":"https:\/\/www.ntf.uni-lj.si\/igt\/wp-json\/wp\/v2\/event\/21251\/revisions\/21254"}],"wp:featuredmedia":[{"embeddable":true,"href":"https:\/\/www.ntf.uni-lj.si\/igt\/wp-json\/wp\/v2\/media\/20917"}],"wp:attachment":[{"href":"https:\/\/www.ntf.uni-lj.si\/igt\/wp-json\/wp\/v2\/media?parent=21251"}],"curies":[{"name":"wp","href":"https:\/\/api.w.org\/{rel}","templated":true}]}}