{"id":22475,"date":"2020-02-06T10:10:37","date_gmt":"2020-02-06T09:10:37","guid":{"rendered":"http:\/\/www.ntf.uni-lj.si\/igt\/?post_type=event&#038;p=22475"},"modified":"2020-03-12T09:01:45","modified_gmt":"2020-03-12T08:01:45","slug":"tecaj-risanja-in-slikanja","status":"publish","type":"event","link":"https:\/\/www.ntf.uni-lj.si\/igt\/event\/tecaj-risanja-in-slikanja\/","title":{"rendered":"Te\u010daj risanja in slikanja"},"content":{"rendered":"<p>Pripravljalni te\u010daj risanja in slikanja\u00a0je namenjem kandidatom za \u0161tudij oblikovanja tekstilij in obla\u010dil in <strong>vsem, ki bi radi pridobili ali izpopolnili znanja in ve\u0161\u010dine risanja in slikanja<\/strong>. Te\u010daj, ki bo potekal od 6. marca do 24. aprila, bo vodil\u00a0prof. Du\u0161an Kirbi\u0161, akad. slik.<\/p>\n<p>Ve\u010d informacij na <a href=\"https:\/\/www.ntf.uni-lj.si\/ntf\/news\/tecaj-risanja-in-slikanja-2020\/\">povezavi<\/a>.<\/p>\n","protected":false},"excerpt":{"rendered":"Pripravljalni te\u010daj risanja in slikanja\u00a0je namenjem kandidatom za \u0161tudij oblikovanja tekstilij in obla\u010dil in vsem, ki bi radi pridobili ali izpopolnili znanja in ve\u0161\u010dine risanja in slikanja. Te\u010daj, ki bo potekal od 6. marca do 24. aprila, bo vodil\u00a0prof. Du\u0161an Kirbi\u0161, akad. slik. Ve\u010d informacij na povezavi.","protected":false},"author":22,"featured_media":22476,"template":"","class_list":["post-22475","event","type-event","status-publish","has-post-thumbnail","hentry"],"acf":[],"_links":{"self":[{"href":"https:\/\/www.ntf.uni-lj.si\/igt\/wp-json\/wp\/v2\/event\/22475","targetHints":{"allow":["GET"]}}],"collection":[{"href":"https:\/\/www.ntf.uni-lj.si\/igt\/wp-json\/wp\/v2\/event"}],"about":[{"href":"https:\/\/www.ntf.uni-lj.si\/igt\/wp-json\/wp\/v2\/types\/event"}],"author":[{"embeddable":true,"href":"https:\/\/www.ntf.uni-lj.si\/igt\/wp-json\/wp\/v2\/users\/22"}],"version-history":[{"count":4,"href":"https:\/\/www.ntf.uni-lj.si\/igt\/wp-json\/wp\/v2\/event\/22475\/revisions"}],"predecessor-version":[{"id":22911,"href":"https:\/\/www.ntf.uni-lj.si\/igt\/wp-json\/wp\/v2\/event\/22475\/revisions\/22911"}],"wp:featuredmedia":[{"embeddable":true,"href":"https:\/\/www.ntf.uni-lj.si\/igt\/wp-json\/wp\/v2\/media\/22476"}],"wp:attachment":[{"href":"https:\/\/www.ntf.uni-lj.si\/igt\/wp-json\/wp\/v2\/media?parent=22475"}],"curies":[{"name":"wp","href":"https:\/\/api.w.org\/{rel}","templated":true}]}}