{"id":27912,"date":"2021-05-20T10:53:28","date_gmt":"2021-05-20T08:53:28","guid":{"rendered":"http:\/\/www.ntf.uni-lj.si\/igt\/?post_type=event&#038;p=27912"},"modified":"2021-05-20T11:46:19","modified_gmt":"2021-05-20T09:46:19","slug":"karierni-dan-spid-2","status":"publish","type":"event","link":"https:\/\/www.ntf.uni-lj.si\/igt\/event\/karierni-dan-spid-2\/","title":{"rendered":"Karierni dan SPID"},"content":{"rendered":"<p>Poznate razli\u010dne mo\u017enosti kariernih poti v stroki?\u00a0\u017delite spoznati potencialne delodajalce?\u00a0Vas zanima, katere klju\u010dne kompetence se od vas pri\u010dakuje na trgu dela?\u00a0I\u0161\u010dete mogo\u010de podjetje, kjer bi opravljali prakso ali \u0161tudentsko delo?<\/p>\n<p>Svoje izku\u0161nje in karierne poti bodo delili:<\/p>\n<ul>\n<li>Rok Ilovar in Darko Petan &#8211; Ekipa2 d.o.o. (Outfit7)<\/li>\n<li>Pia Chersicola &#8211; Hooray Studios d.o.o. (Mali junaki)<\/li>\n<li>Kiti Kelvi\u0161ar &#8211; Rubikon GRAL d.o.o.<\/li>\n<li>Maja Tom\u0161i\u010d &#8211; Aero Print d.o.o.<\/li>\n<\/ul>\n<p>Karierni dan SPID bo v sredo, 26. maja 2021 z za\u010detkom ob 12.00 uri. Dobimo se na <a href=\"https:\/\/uni-lj-si.zoom.us\/j\/98788156855\">ZOOM povezavi<\/a>.<\/p>\n<p>Za\u017eeljene so prijave: https:\/\/bit.ly\/2R7gHOP (preko POPR-a).<\/p>\n<p>Za dodatne informacije sem vam na voljo preko e-po\u0161te: tina.premelc@ntf.uni-lj.si.<\/p>\n<h4><strong>(So)ustvarjajte poklicno identiteto \u017ee v \u010dasu \u0161tudija!<\/strong><\/h4>\n","protected":false},"excerpt":{"rendered":"Poznate razli\u010dne mo\u017enosti kariernih poti v stroki?\u00a0\u017delite spoznati potencialne delodajalce?\u00a0Vas zanima, katere klju\u010dne kompetence se od vas pri\u010dakuje na trgu dela?\u00a0I\u0161\u010dete mogo\u010de podjetje, kjer bi opravljali prakso ali \u0161tudentsko delo? Svoje izku\u0161nje in karierne poti bodo delili: Rok Ilovar in Darko Petan &#8211; Ekipa2 d.o.o. (Outfit7) Pia Chersicola &#8211; Hooray Studios d.o.o. (Mali junaki) Kiti &#8230; <a class=\"view-article\" href=\"https:\/\/www.ntf.uni-lj.si\/igt\/event\/karierni-dan-spid-2\/\">Read more<\/a>","protected":false},"author":15,"featured_media":27913,"template":"","class_list":["post-27912","event","type-event","status-publish","has-post-thumbnail","hentry"],"acf":[],"_links":{"self":[{"href":"https:\/\/www.ntf.uni-lj.si\/igt\/wp-json\/wp\/v2\/event\/27912","targetHints":{"allow":["GET"]}}],"collection":[{"href":"https:\/\/www.ntf.uni-lj.si\/igt\/wp-json\/wp\/v2\/event"}],"about":[{"href":"https:\/\/www.ntf.uni-lj.si\/igt\/wp-json\/wp\/v2\/types\/event"}],"author":[{"embeddable":true,"href":"https:\/\/www.ntf.uni-lj.si\/igt\/wp-json\/wp\/v2\/users\/15"}],"version-history":[{"count":3,"href":"https:\/\/www.ntf.uni-lj.si\/igt\/wp-json\/wp\/v2\/event\/27912\/revisions"}],"predecessor-version":[{"id":27917,"href":"https:\/\/www.ntf.uni-lj.si\/igt\/wp-json\/wp\/v2\/event\/27912\/revisions\/27917"}],"wp:featuredmedia":[{"embeddable":true,"href":"https:\/\/www.ntf.uni-lj.si\/igt\/wp-json\/wp\/v2\/media\/27913"}],"wp:attachment":[{"href":"https:\/\/www.ntf.uni-lj.si\/igt\/wp-json\/wp\/v2\/media?parent=27912"}],"curies":[{"name":"wp","href":"https:\/\/api.w.org\/{rel}","templated":true}]}}