{"id":28030,"date":"2021-05-25T12:39:27","date_gmt":"2021-05-25T10:39:27","guid":{"rendered":"http:\/\/www.ntf.uni-lj.si\/igt\/?post_type=event&#038;p=28030"},"modified":"2021-07-16T10:11:50","modified_gmt":"2021-07-16T08:11:50","slug":"projektni-teden-2021","status":"publish","type":"event","link":"https:\/\/www.ntf.uni-lj.si\/igt\/event\/projektni-teden-2021\/","title":{"rendered":"Projektni teden"},"content":{"rendered":"<p>Projektni teden navadno poteka v \u017eivo, na\u0161i \u0161tudenti pa predstavijo svoja dela skozi serijo razstav. Kljub temu, da bo ve\u010dina dogodkov izvedenih le virtualno, nam bo nekatere izdelke le uspelo razstaviti tudi v \u017eivo. Vabljeni k spremljanju na\u0161e spletne strani ter tega dogodka, kjer bomo dnevno dodajali vsebine.<\/p>\n<p>\u0160tudentom pa sporo\u010damo:<\/p>\n<p><em>Dragi \u0161tudenti!<\/em><\/p>\n<p><em>Leto\u0161nje \u0161tudijsko leto je zajemalo veliko ve\u010d izzivov, kot bi jih sicer. Morda je kak\u0161na naloga in obveznost bila celo la\u017eja, vendar pa so\u00a0tako zelo druga\u010den na\u010din dela in nekatere omejitve pri komunikaciji pustili opazen pe\u010dat. Kljub temu ste uspeli nadgraditi svoje znanje, dose\u010di nove cilje ter napredovati ne le kot strokovnjaki, temve\u010d tudi kot osebe. Predvsem zato smo izredno ponosni na vas in na delo, ki ste ga opravili skozi celotno leto. Z veseljem kot mentorji stojimo za va\u0161imi deli.<\/em><\/p>\n<p><em>Va\u0161i mentorji<\/em><\/p>\n<p>\u0160tudentska dela preteklik let si lahko ogledate v zavihku <a href=\"https:\/\/www.ntf.uni-lj.si\/igt\/galerija\/\">Galerija<\/a>.<\/p>\n","protected":false},"excerpt":{"rendered":"Projektni teden navadno poteka v \u017eivo, na\u0161i \u0161tudenti pa predstavijo svoja dela skozi serijo razstav. Kljub temu, da bo ve\u010dina dogodkov izvedenih le virtualno, nam bo nekatere izdelke le uspelo razstaviti tudi v \u017eivo. Vabljeni k spremljanju na\u0161e spletne strani ter tega dogodka, kjer bomo dnevno dodajali vsebine. \u0160tudentom pa sporo\u010damo: Dragi \u0161tudenti! Leto\u0161nje \u0161tudijsko &#8230; <a class=\"view-article\" href=\"https:\/\/www.ntf.uni-lj.si\/igt\/event\/projektni-teden-2021\/\">Read more<\/a>","protected":false},"author":22,"featured_media":28031,"template":"","class_list":["post-28030","event","type-event","status-publish","has-post-thumbnail","hentry"],"acf":[],"_links":{"self":[{"href":"https:\/\/www.ntf.uni-lj.si\/igt\/wp-json\/wp\/v2\/event\/28030","targetHints":{"allow":["GET"]}}],"collection":[{"href":"https:\/\/www.ntf.uni-lj.si\/igt\/wp-json\/wp\/v2\/event"}],"about":[{"href":"https:\/\/www.ntf.uni-lj.si\/igt\/wp-json\/wp\/v2\/types\/event"}],"author":[{"embeddable":true,"href":"https:\/\/www.ntf.uni-lj.si\/igt\/wp-json\/wp\/v2\/users\/22"}],"version-history":[{"count":9,"href":"https:\/\/www.ntf.uni-lj.si\/igt\/wp-json\/wp\/v2\/event\/28030\/revisions"}],"predecessor-version":[{"id":28378,"href":"https:\/\/www.ntf.uni-lj.si\/igt\/wp-json\/wp\/v2\/event\/28030\/revisions\/28378"}],"wp:featuredmedia":[{"embeddable":true,"href":"https:\/\/www.ntf.uni-lj.si\/igt\/wp-json\/wp\/v2\/media\/28031"}],"wp:attachment":[{"href":"https:\/\/www.ntf.uni-lj.si\/igt\/wp-json\/wp\/v2\/media?parent=28030"}],"curies":[{"name":"wp","href":"https:\/\/api.w.org\/{rel}","templated":true}]}}