{"id":31059,"date":"2022-05-09T09:30:04","date_gmt":"2022-05-09T07:30:04","guid":{"rendered":"https:\/\/www.ntf.uni-lj.si\/igt\/?post_type=event&#038;p=31059"},"modified":"2022-05-12T10:45:21","modified_gmt":"2022-05-12T08:45:21","slug":"informativni-dan-za-magistrski-in-doktorski-studij","status":"publish","type":"event","link":"https:\/\/www.ntf.uni-lj.si\/igt\/event\/informativni-dan-za-magistrski-in-doktorski-studij\/","title":{"rendered":"Informativni dan za magistrski in doktorski \u0161tudij"},"content":{"rendered":"<p>Te zanima magistrski ali doktorski \u0161tudij grafike? Vabljen_a na informativni dan za:<\/p>\n<h4><strong>Magistrski \u0161tudij<\/strong><\/h4>\n<ul>\n<li>Grafi\u010dne in interaktivne komunikacije<\/li>\n<li>2. junija<\/li>\n<li>ob 12. uri<\/li>\n<li>na Sne\u017eni\u0161ki 5, v P-104<\/li>\n<li>in preko Zooma (<a href=\"https:\/\/uni-lj-si.zoom.us\/j\/91990712714\">povezava<\/a>) &#8211; ampak te bomo res veseli, \u010de pride\u0161 v \u017eivo! \ud83d\ude42<\/li>\n<\/ul>\n<h4><strong>Doktorski \u0161tudij<\/strong><\/h4>\n<ul>\n<li>Tekstilstvo, grafika in tekstilno oblikovanje<\/li>\n<li>2. junija<\/li>\n<li>ob 15. uri<\/li>\n<li>na Sne\u017eni\u0161ki 5.<\/li>\n<\/ul>\n<p><img loading=\"lazy\" class=\"alignnone wp-image-31064\" src=\"https:\/\/www.ntf.uni-lj.si\/igt\/wp-content\/uploads\/sites\/8\/2022\/05\/NASLOVNA-_SLIKCA-ZA-DOGODEK_457X200.png\" alt=\"\" width=\"500\" height=\"219\" srcset=\"https:\/\/www.ntf.uni-lj.si\/igt\/wp-content\/uploads\/sites\/8\/2022\/05\/NASLOVNA-_SLIKCA-ZA-DOGODEK_457X200.png 952w, https:\/\/www.ntf.uni-lj.si\/igt\/wp-content\/uploads\/sites\/8\/2022\/05\/NASLOVNA-_SLIKCA-ZA-DOGODEK_457X200-300x131.png 300w, https:\/\/www.ntf.uni-lj.si\/igt\/wp-content\/uploads\/sites\/8\/2022\/05\/NASLOVNA-_SLIKCA-ZA-DOGODEK_457X200-768x336.png 768w\" sizes=\"(max-width: 500px) 100vw, 500px\" \/><\/p>\n<p>Prej si pa lahko pogleda\u0161 en kup vsebin:<\/p>\n<ul>\n<li>Magistrski \u0161tudij:\n<ul>\n<li><a href=\"https:\/\/www.ntf.uni-lj.si\/igt\/studij\/2-stopnja\/graficne-in-interaktivne-komunikacije\/\">vse o \u0161tudiju<\/a>,<\/li>\n<li><a href=\"https:\/\/www.ntf.uni-lj.si\/igt\/studij\/2-stopnja\/graficne-in-interaktivne-komunikacije\/predmetnik\/\">predmetnik<\/a>,<\/li>\n<li><a href=\"https:\/\/www.ntf.uni-lj.si\/igt\/studij\/izmenjave\/\">mo\u017enosti za \u0161tudijsko izmenjavo v tujini<\/a>,<\/li>\n<li><a href=\"https:\/\/www.ntf.uni-lj.si\/igt\/galerija\/\">izdelki \u0161tudentov<\/a>,<\/li>\n<li><a href=\"https:\/\/www.ntf.uni-lj.si\/igt\/o-nas\/prostori\/\">prostori in oprema<\/a>.<\/li>\n<\/ul>\n<\/li>\n<\/ul>\n<ul>\n<li>Doktorski \u0161tudij:\n<ul>\n<li><a href=\"https:\/\/www.ntf.uni-lj.si\/igt\/studij\/3-stopnja\/tekstilstvo-grafika-in-tekstilno-oblikovanje-dr\/\">vse o \u0161tudiju<\/a>,<\/li>\n<li><a href=\"https:\/\/www.ntf.uni-lj.si\/igt\/studij\/3-stopnja\/tekstilstvo-grafika-in-tekstilno-oblikovanje-dr\/predmetnik\/\">predmetnik<\/a>,<\/li>\n<li><a href=\"https:\/\/www.ntf.uni-lj.si\/igt\/studij\/3-stopnja\/doktorske-disertacije\/\">zaklju\u010dna dela<\/a>,<\/li>\n<li><a href=\"https:\/\/www.ntf.uni-lj.si\/igt\/o-nas\/prostori\/\">prostori in oprema<\/a>.<\/li>\n<\/ul>\n<\/li>\n<\/ul>\n","protected":false},"excerpt":{"rendered":"Te zanima magistrski ali doktorski \u0161tudij grafike? Vabljen_a na informativni dan za: Magistrski \u0161tudij Grafi\u010dne in interaktivne komunikacije 2. junija ob 12. uri na Sne\u017eni\u0161ki 5, v P-104 in preko Zooma (povezava) &#8211; ampak te bomo res veseli, \u010de pride\u0161 v \u017eivo! \ud83d\ude42 Doktorski \u0161tudij Tekstilstvo, grafika in tekstilno oblikovanje 2. junija ob 15. uri &#8230; <a class=\"view-article\" href=\"https:\/\/www.ntf.uni-lj.si\/igt\/event\/informativni-dan-za-magistrski-in-doktorski-studij\/\">Read more<\/a>","protected":false},"author":22,"featured_media":31064,"template":"","acf":[],"yoast_head":"<!-- This site is optimized with the Yoast SEO plugin v17.0 - https:\/\/yoast.com\/wordpress\/plugins\/seo\/ -->\n<meta name=\"description\" content=\"Te zanima magistrski ali doktorski \u0161tudij grafike? Vabljen_a na informativni dan za: Magistrski \u0161tudij Grafi\u010dne in interaktivne komunikacije 2. junija ob\" \/>\n<meta name=\"robots\" content=\"index, follow, max-snippet:-1, max-image-preview:large, max-video-preview:-1\" \/>\n<link rel=\"canonical\" href=\"https:\/\/www.ntf.uni-lj.si\/igt\/event\/informativni-dan-za-magistrski-in-doktorski-studij\/\" \/>\n<meta property=\"og:locale\" content=\"en_US\" \/>\n<meta property=\"og:type\" content=\"article\" \/>\n<meta property=\"og:title\" content=\"Informativni dan za magistrski in doktorski \u0161tudij - IGT\" \/>\n<meta property=\"og:description\" content=\"Te zanima magistrski ali doktorski \u0161tudij grafike? Vabljen_a na informativni dan za: Magistrski \u0161tudij Grafi\u010dne in interaktivne komunikacije 2. junija ob\" \/>\n<meta property=\"og:url\" content=\"https:\/\/www.ntf.uni-lj.si\/igt\/event\/informativni-dan-za-magistrski-in-doktorski-studij\/\" \/>\n<meta property=\"og:site_name\" content=\"IGT\" \/>\n<meta property=\"article:modified_time\" content=\"2022-05-12T08:45:21+00:00\" \/>\n<meta property=\"og:image\" content=\"https:\/\/www.ntf.uni-lj.si\/igt\/wp-content\/uploads\/sites\/8\/2022\/05\/NASLOVNA-_SLIKCA-ZA-DOGODEK_457X200.png\" \/>\n\t<meta property=\"og:image:width\" content=\"952\" \/>\n\t<meta property=\"og:image:height\" content=\"417\" \/>\n<meta name=\"twitter:label1\" content=\"Est. reading time\" \/>\n\t<meta name=\"twitter:data1\" content=\"1 minute\" \/>\n<script type=\"application\/ld+json\" class=\"yoast-schema-graph\">{\"@context\":\"https:\/\/schema.org\",\"@graph\":[{\"@type\":\"WebSite\",\"@id\":\"https:\/\/www.ntf.uni-lj.si\/igt\/#website\",\"url\":\"https:\/\/www.ntf.uni-lj.si\/igt\/\",\"name\":\"IGT\",\"description\":\"Katedra za informacijsko in grafi\\u010dno tehnologijo\",\"potentialAction\":[{\"@type\":\"SearchAction\",\"target\":{\"@type\":\"EntryPoint\",\"urlTemplate\":\"https:\/\/www.ntf.uni-lj.si\/igt\/?s={search_term_string}\"},\"query-input\":\"required name=search_term_string\"}],\"inLanguage\":\"en-US\"},{\"@type\":\"ImageObject\",\"@id\":\"https:\/\/www.ntf.uni-lj.si\/igt\/event\/informativni-dan-za-magistrski-in-doktorski-studij\/#primaryimage\",\"inLanguage\":\"en-US\",\"url\":\"https:\/\/www.ntf.uni-lj.si\/igt\/wp-content\/uploads\/sites\/8\/2022\/05\/NASLOVNA-_SLIKCA-ZA-DOGODEK_457X200.png\",\"contentUrl\":\"https:\/\/www.ntf.uni-lj.si\/igt\/wp-content\/uploads\/sites\/8\/2022\/05\/NASLOVNA-_SLIKCA-ZA-DOGODEK_457X200.png\",\"width\":952,\"height\":417},{\"@type\":\"WebPage\",\"@id\":\"https:\/\/www.ntf.uni-lj.si\/igt\/event\/informativni-dan-za-magistrski-in-doktorski-studij\/#webpage\",\"url\":\"https:\/\/www.ntf.uni-lj.si\/igt\/event\/informativni-dan-za-magistrski-in-doktorski-studij\/\",\"name\":\"Informativni dan za magistrski in doktorski \\u0161tudij - IGT\",\"isPartOf\":{\"@id\":\"https:\/\/www.ntf.uni-lj.si\/igt\/#website\"},\"primaryImageOfPage\":{\"@id\":\"https:\/\/www.ntf.uni-lj.si\/igt\/event\/informativni-dan-za-magistrski-in-doktorski-studij\/#primaryimage\"},\"datePublished\":\"2022-05-09T07:30:04+00:00\",\"dateModified\":\"2022-05-12T08:45:21+00:00\",\"description\":\"Te zanima magistrski ali doktorski \\u0161tudij grafike? Vabljen_a na informativni dan za: Magistrski \\u0161tudij Grafi\\u010dne in interaktivne komunikacije 2. junija ob\",\"breadcrumb\":{\"@id\":\"https:\/\/www.ntf.uni-lj.si\/igt\/event\/informativni-dan-za-magistrski-in-doktorski-studij\/#breadcrumb\"},\"inLanguage\":\"en-US\",\"potentialAction\":[{\"@type\":\"ReadAction\",\"target\":[\"https:\/\/www.ntf.uni-lj.si\/igt\/event\/informativni-dan-za-magistrski-in-doktorski-studij\/\"]}]},{\"@type\":\"BreadcrumbList\",\"@id\":\"https:\/\/www.ntf.uni-lj.si\/igt\/event\/informativni-dan-za-magistrski-in-doktorski-studij\/#breadcrumb\",\"itemListElement\":[{\"@type\":\"ListItem\",\"position\":1,\"name\":\"Home\",\"item\":\"https:\/\/www.ntf.uni-lj.si\/igt\/\"},{\"@type\":\"ListItem\",\"position\":2,\"name\":\"Dogodki\",\"item\":\"https:\/\/www.ntf.uni-lj.si\/igt\/event\/\"},{\"@type\":\"ListItem\",\"position\":3,\"name\":\"Informativni dan za magistrski in doktorski \\u0161tudij\"}]}]}<\/script>\n<!-- \/ Yoast SEO plugin. -->","yoast_head_json":{"description":"Te zanima magistrski ali doktorski \u0161tudij grafike? Vabljen_a na informativni dan za: Magistrski \u0161tudij Grafi\u010dne in interaktivne komunikacije 2. junija ob","robots":{"index":"index","follow":"follow","max-snippet":"max-snippet:-1","max-image-preview":"max-image-preview:large","max-video-preview":"max-video-preview:-1"},"canonical":"https:\/\/www.ntf.uni-lj.si\/igt\/event\/informativni-dan-za-magistrski-in-doktorski-studij\/","og_locale":"en_US","og_type":"article","og_title":"Informativni dan za magistrski in doktorski \u0161tudij - IGT","og_description":"Te zanima magistrski ali doktorski \u0161tudij grafike? Vabljen_a na informativni dan za: Magistrski \u0161tudij Grafi\u010dne in interaktivne komunikacije 2. junija ob","og_url":"https:\/\/www.ntf.uni-lj.si\/igt\/event\/informativni-dan-za-magistrski-in-doktorski-studij\/","og_site_name":"IGT","article_modified_time":"2022-05-12T08:45:21+00:00","og_image":[{"width":952,"height":417,"url":"https:\/\/www.ntf.uni-lj.si\/igt\/wp-content\/uploads\/sites\/8\/2022\/05\/NASLOVNA-_SLIKCA-ZA-DOGODEK_457X200.png","path":"\/web\/html\/ntf\/public_html\/wp-content\/uploads\/sites\/8\/2022\/05\/NASLOVNA-_SLIKCA-ZA-DOGODEK_457X200.png","size":"full","id":31064,"alt":"","pixels":396984,"type":"image\/png"}],"twitter_misc":{"Est. reading time":"1 minute"},"schema":{"@context":"https:\/\/schema.org","@graph":[{"@type":"WebSite","@id":"https:\/\/www.ntf.uni-lj.si\/igt\/#website","url":"https:\/\/www.ntf.uni-lj.si\/igt\/","name":"IGT","description":"Katedra za informacijsko in grafi\u010dno tehnologijo","potentialAction":[{"@type":"SearchAction","target":{"@type":"EntryPoint","urlTemplate":"https:\/\/www.ntf.uni-lj.si\/igt\/?s={search_term_string}"},"query-input":"required name=search_term_string"}],"inLanguage":"en-US"},{"@type":"ImageObject","@id":"https:\/\/www.ntf.uni-lj.si\/igt\/event\/informativni-dan-za-magistrski-in-doktorski-studij\/#primaryimage","inLanguage":"en-US","url":"https:\/\/www.ntf.uni-lj.si\/igt\/wp-content\/uploads\/sites\/8\/2022\/05\/NASLOVNA-_SLIKCA-ZA-DOGODEK_457X200.png","contentUrl":"https:\/\/www.ntf.uni-lj.si\/igt\/wp-content\/uploads\/sites\/8\/2022\/05\/NASLOVNA-_SLIKCA-ZA-DOGODEK_457X200.png","width":952,"height":417},{"@type":"WebPage","@id":"https:\/\/www.ntf.uni-lj.si\/igt\/event\/informativni-dan-za-magistrski-in-doktorski-studij\/#webpage","url":"https:\/\/www.ntf.uni-lj.si\/igt\/event\/informativni-dan-za-magistrski-in-doktorski-studij\/","name":"Informativni dan za magistrski in doktorski \u0161tudij - IGT","isPartOf":{"@id":"https:\/\/www.ntf.uni-lj.si\/igt\/#website"},"primaryImageOfPage":{"@id":"https:\/\/www.ntf.uni-lj.si\/igt\/event\/informativni-dan-za-magistrski-in-doktorski-studij\/#primaryimage"},"datePublished":"2022-05-09T07:30:04+00:00","dateModified":"2022-05-12T08:45:21+00:00","description":"Te zanima magistrski ali doktorski \u0161tudij grafike? Vabljen_a na informativni dan za: Magistrski \u0161tudij Grafi\u010dne in interaktivne komunikacije 2. junija ob","breadcrumb":{"@id":"https:\/\/www.ntf.uni-lj.si\/igt\/event\/informativni-dan-za-magistrski-in-doktorski-studij\/#breadcrumb"},"inLanguage":"en-US","potentialAction":[{"@type":"ReadAction","target":["https:\/\/www.ntf.uni-lj.si\/igt\/event\/informativni-dan-za-magistrski-in-doktorski-studij\/"]}]},{"@type":"BreadcrumbList","@id":"https:\/\/www.ntf.uni-lj.si\/igt\/event\/informativni-dan-za-magistrski-in-doktorski-studij\/#breadcrumb","itemListElement":[{"@type":"ListItem","position":1,"name":"Home","item":"https:\/\/www.ntf.uni-lj.si\/igt\/"},{"@type":"ListItem","position":2,"name":"Dogodki","item":"https:\/\/www.ntf.uni-lj.si\/igt\/event\/"},{"@type":"ListItem","position":3,"name":"Informativni dan za magistrski in doktorski \u0161tudij"}]}]}},"_links":{"self":[{"href":"https:\/\/www.ntf.uni-lj.si\/igt\/wp-json\/wp\/v2\/event\/31059"}],"collection":[{"href":"https:\/\/www.ntf.uni-lj.si\/igt\/wp-json\/wp\/v2\/event"}],"about":[{"href":"https:\/\/www.ntf.uni-lj.si\/igt\/wp-json\/wp\/v2\/types\/event"}],"author":[{"embeddable":true,"href":"https:\/\/www.ntf.uni-lj.si\/igt\/wp-json\/wp\/v2\/users\/22"}],"version-history":[{"count":7,"href":"https:\/\/www.ntf.uni-lj.si\/igt\/wp-json\/wp\/v2\/event\/31059\/revisions"}],"predecessor-version":[{"id":31080,"href":"https:\/\/www.ntf.uni-lj.si\/igt\/wp-json\/wp\/v2\/event\/31059\/revisions\/31080"}],"wp:featuredmedia":[{"embeddable":true,"href":"https:\/\/www.ntf.uni-lj.si\/igt\/wp-json\/wp\/v2\/media\/31064"}],"wp:attachment":[{"href":"https:\/\/www.ntf.uni-lj.si\/igt\/wp-json\/wp\/v2\/media?parent=31059"}],"curies":[{"name":"wp","href":"https:\/\/api.w.org\/{rel}","templated":true}]}}