{"id":35230,"date":"2023-10-13T16:52:40","date_gmt":"2023-10-13T14:52:40","guid":{"rendered":"https:\/\/www.ntf.uni-lj.si\/igt\/?post_type=event&#038;p=35230"},"modified":"2023-10-13T16:54:09","modified_gmt":"2023-10-13T14:54:09","slug":"vizualno-definiranje-likovnega","status":"publish","type":"event","link":"https:\/\/www.ntf.uni-lj.si\/igt\/event\/vizualno-definiranje-likovnega\/","title":{"rendered":"Vizualno definiranje likovnega"},"content":{"rendered":"<p>V \u010detrtek, 19. 10. 2023, vas ob 18. uri vabimo v Likovni salon Ko\u010devje na javno vodstvo po razstavi <strong>Hommage Milanu Butini (1923-1999)<\/strong> s kustosinjo Nadjo Kova\u010di\u010d in predstavitev projekta <em><strong>Vizualno definiranje likovnega, <\/strong><\/em>ki so ga pri predmetu Likovne analize grafi\u010dnih izdelkov 2 pod mentorstvom doc. Borisa Beje pripravili \u0161tudenti Naravoslovnotehni\u010dne fakultete Univerze v Ljubljani.<\/p>\n<p>Projekt bo kot razstava v razstavi ostal na ogled do 2. decembra 2023.<\/p>\n<hr \/>\n<p><strong><em>Vizualno definiranje likovnega<\/em><\/strong><\/p>\n<p>V trenutku, ko ustvarjalec vstopa v materijo za\u010dne z ustvarjanjem. Dogodi se proces, zgodi se sprememba v prostoru, in tudi v na\u0161ih mislih. Vredno je preverjati zamisli v vidno in v materialno, najprej zase in v nadaljevanju \u0161e za druge.<\/p>\n<p>V procesu \u0161tudija na Naravoslovnotehni\u010dni fakulteti Univerze v Ljubljani smo si pri predmetu Likovne analize grafi\u010dnih izdelkov 2 pomagali tudi z definicijami in razmi\u0161ljanjem Milana Butine. Vstop v likovno preko vizualnega je ponudil predvsem premislek, kako grafi\u010dne izdelke misliti likovno in kako jih iz vsakdanje, v\u010dasih ponotranjene rabe primerjati z drugimi podro\u010dji likovnega ustvarjanja. Vizualne komunikacije so nam na voljo v najrazli\u010dnej\u0161ih situacijah \u017eivljenja, na eni strani nas informirajo, po drugi strani varujejo, usmerjajo in sooblikujejo.<\/p>\n<p>Slovar njegovih izbranih definicij iz knjige <em>Slikarsko mi\u0161ljenje. Od vizualnega k likovnemu<\/em>, smo v digitalnem prostoru naredili otipljiv, predvsem pa z delom in lastno prakso utrjevali Butinovo dedi\u0161\u010dino likovne teorije. Z izku\u0161njo, z delom in ustvarjanjem smo ustvarili razli\u010dne digitalne grafike, ilustracije, fotomonta\u017ee in fotografske posnetke, ki odgovarjajo v trenutnem \u010dasu na izkustva umetnikov iz preteklosti. Pred nami so izbrane artikulacije likovno teoretskih pojmov, ki smo jih natisnili v obliki po\u0161tnih dopisnic, te sedaj lahko osvajajo druge prostore in razli\u010dne naslovnike.<\/p>\n<p>Projekt je nastal v sodelovanju z Naravoslovnotehni\u0161ko fakulteto v Ljubljani, Oddelkom za tekstilstvo, grafiko in oblikovanje. Mentor <strong>doc. Boris Beja<\/strong>, tehni\u010dna podpora <strong>Ana Mendizza<\/strong>.<\/p>\n<p><img loading=\"lazy\" width=\"300\" height=\"152\" class=\"alignnone size-medium wp-image-35233\" src=\"https:\/\/www.ntf.uni-lj.si\/igt\/wp-content\/uploads\/sites\/8\/2023\/10\/vabilo-koc\u030cevje-definicije-Butina-1-300x152.jpg\" alt=\"\" srcset=\"https:\/\/www.ntf.uni-lj.si\/igt\/wp-content\/uploads\/sites\/8\/2023\/10\/vabilo-koc\u030cevje-definicije-Butina-1-300x152.jpg 300w, https:\/\/www.ntf.uni-lj.si\/igt\/wp-content\/uploads\/sites\/8\/2023\/10\/vabilo-koc\u030cevje-definicije-Butina-1-1024x517.jpg 1024w, https:\/\/www.ntf.uni-lj.si\/igt\/wp-content\/uploads\/sites\/8\/2023\/10\/vabilo-koc\u030cevje-definicije-Butina-1-768x388.jpg 768w, https:\/\/www.ntf.uni-lj.si\/igt\/wp-content\/uploads\/sites\/8\/2023\/10\/vabilo-koc\u030cevje-definicije-Butina-1-1536x776.jpg 1536w, https:\/\/www.ntf.uni-lj.si\/igt\/wp-content\/uploads\/sites\/8\/2023\/10\/vabilo-koc\u030cevje-definicije-Butina-1-2048x1035.jpg 2048w\" sizes=\"(max-width: 300px) 100vw, 300px\" \/><\/p>\n","protected":false},"excerpt":{"rendered":"V \u010detrtek, 19. 10. 2023, vas ob 18. uri vabimo v Likovni salon Ko\u010devje na javno vodstvo po razstavi Hommage Milanu Butini (1923-1999) s kustosinjo Nadjo Kova\u010di\u010d in predstavitev projekta Vizualno definiranje likovnega, ki so ga pri predmetu Likovne analize grafi\u010dnih izdelkov 2 pod mentorstvom doc. Borisa Beje pripravili \u0161tudenti Naravoslovnotehni\u010dne fakultete Univerze v Ljubljani. &#8230; <a class=\"view-article\" href=\"https:\/\/www.ntf.uni-lj.si\/igt\/event\/vizualno-definiranje-likovnega\/\">Read more<\/a>","protected":false},"author":22,"featured_media":35234,"template":"","acf":[],"yoast_head":"<!-- This site is optimized with the Yoast SEO plugin v17.0 - https:\/\/yoast.com\/wordpress\/plugins\/seo\/ -->\n<meta name=\"description\" content=\"V \u010detrtek, 19. 10. 2023, vas ob 18. uri vabimo v Likovni salon Ko\u010devje na javno vodstvo po razstavi Hommage Milanu Butini (1923-1999) s kustosinjo Nadjo\" \/>\n<meta name=\"robots\" content=\"index, follow, max-snippet:-1, max-image-preview:large, max-video-preview:-1\" \/>\n<link rel=\"canonical\" href=\"https:\/\/www.ntf.uni-lj.si\/igt\/event\/vizualno-definiranje-likovnega\/\" \/>\n<meta property=\"og:locale\" content=\"en_US\" \/>\n<meta property=\"og:type\" content=\"article\" \/>\n<meta property=\"og:title\" content=\"Vizualno definiranje likovnega - IGT\" \/>\n<meta property=\"og:description\" content=\"V \u010detrtek, 19. 10. 2023, vas ob 18. uri vabimo v Likovni salon Ko\u010devje na javno vodstvo po razstavi Hommage Milanu Butini (1923-1999) s kustosinjo Nadjo\" \/>\n<meta property=\"og:url\" content=\"https:\/\/www.ntf.uni-lj.si\/igt\/event\/vizualno-definiranje-likovnega\/\" \/>\n<meta property=\"og:site_name\" content=\"IGT\" \/>\n<meta property=\"article:modified_time\" content=\"2023-10-13T14:54:09+00:00\" \/>\n<meta property=\"og:image\" content=\"https:\/\/www.ntf.uni-lj.si\/igt\/wp-content\/uploads\/sites\/8\/2023\/10\/Screenshot-2023-10-13-at-16.53.18.png\" \/>\n\t<meta property=\"og:image:width\" content=\"1930\" \/>\n\t<meta property=\"og:image:height\" content=\"962\" \/>\n<meta name=\"twitter:label1\" content=\"Est. reading time\" \/>\n\t<meta name=\"twitter:data1\" content=\"2 minutes\" \/>\n<script type=\"application\/ld+json\" class=\"yoast-schema-graph\">{\"@context\":\"https:\/\/schema.org\",\"@graph\":[{\"@type\":\"WebSite\",\"@id\":\"https:\/\/www.ntf.uni-lj.si\/igt\/#website\",\"url\":\"https:\/\/www.ntf.uni-lj.si\/igt\/\",\"name\":\"IGT\",\"description\":\"Katedra za informacijsko in grafi\\u010dno tehnologijo\",\"potentialAction\":[{\"@type\":\"SearchAction\",\"target\":{\"@type\":\"EntryPoint\",\"urlTemplate\":\"https:\/\/www.ntf.uni-lj.si\/igt\/?s={search_term_string}\"},\"query-input\":\"required name=search_term_string\"}],\"inLanguage\":\"en-US\"},{\"@type\":\"ImageObject\",\"@id\":\"https:\/\/www.ntf.uni-lj.si\/igt\/event\/vizualno-definiranje-likovnega\/#primaryimage\",\"inLanguage\":\"en-US\",\"url\":\"https:\/\/www.ntf.uni-lj.si\/igt\/wp-content\/uploads\/sites\/8\/2023\/10\/Screenshot-2023-10-13-at-16.53.18.png\",\"contentUrl\":\"https:\/\/www.ntf.uni-lj.si\/igt\/wp-content\/uploads\/sites\/8\/2023\/10\/Screenshot-2023-10-13-at-16.53.18.png\",\"width\":1930,\"height\":962},{\"@type\":\"WebPage\",\"@id\":\"https:\/\/www.ntf.uni-lj.si\/igt\/event\/vizualno-definiranje-likovnega\/#webpage\",\"url\":\"https:\/\/www.ntf.uni-lj.si\/igt\/event\/vizualno-definiranje-likovnega\/\",\"name\":\"Vizualno definiranje likovnega - IGT\",\"isPartOf\":{\"@id\":\"https:\/\/www.ntf.uni-lj.si\/igt\/#website\"},\"primaryImageOfPage\":{\"@id\":\"https:\/\/www.ntf.uni-lj.si\/igt\/event\/vizualno-definiranje-likovnega\/#primaryimage\"},\"datePublished\":\"2023-10-13T14:52:40+00:00\",\"dateModified\":\"2023-10-13T14:54:09+00:00\",\"description\":\"V \\u010detrtek, 19. 10. 2023, vas ob 18. uri vabimo v Likovni salon Ko\\u010devje na javno vodstvo po razstavi Hommage Milanu Butini (1923-1999) s kustosinjo Nadjo\",\"breadcrumb\":{\"@id\":\"https:\/\/www.ntf.uni-lj.si\/igt\/event\/vizualno-definiranje-likovnega\/#breadcrumb\"},\"inLanguage\":\"en-US\",\"potentialAction\":[{\"@type\":\"ReadAction\",\"target\":[\"https:\/\/www.ntf.uni-lj.si\/igt\/event\/vizualno-definiranje-likovnega\/\"]}]},{\"@type\":\"BreadcrumbList\",\"@id\":\"https:\/\/www.ntf.uni-lj.si\/igt\/event\/vizualno-definiranje-likovnega\/#breadcrumb\",\"itemListElement\":[{\"@type\":\"ListItem\",\"position\":1,\"name\":\"Home\",\"item\":\"https:\/\/www.ntf.uni-lj.si\/igt\/\"},{\"@type\":\"ListItem\",\"position\":2,\"name\":\"Dogodki\",\"item\":\"https:\/\/www.ntf.uni-lj.si\/igt\/event\/\"},{\"@type\":\"ListItem\",\"position\":3,\"name\":\"Vizualno definiranje likovnega\"}]}]}<\/script>\n<!-- \/ Yoast SEO plugin. -->","yoast_head_json":{"description":"V \u010detrtek, 19. 10. 2023, vas ob 18. uri vabimo v Likovni salon Ko\u010devje na javno vodstvo po razstavi Hommage Milanu Butini (1923-1999) s kustosinjo Nadjo","robots":{"index":"index","follow":"follow","max-snippet":"max-snippet:-1","max-image-preview":"max-image-preview:large","max-video-preview":"max-video-preview:-1"},"canonical":"https:\/\/www.ntf.uni-lj.si\/igt\/event\/vizualno-definiranje-likovnega\/","og_locale":"en_US","og_type":"article","og_title":"Vizualno definiranje likovnega - IGT","og_description":"V \u010detrtek, 19. 10. 2023, vas ob 18. uri vabimo v Likovni salon Ko\u010devje na javno vodstvo po razstavi Hommage Milanu Butini (1923-1999) s kustosinjo Nadjo","og_url":"https:\/\/www.ntf.uni-lj.si\/igt\/event\/vizualno-definiranje-likovnega\/","og_site_name":"IGT","article_modified_time":"2023-10-13T14:54:09+00:00","og_image":[{"width":1930,"height":962,"url":"https:\/\/www.ntf.uni-lj.si\/igt\/wp-content\/uploads\/sites\/8\/2023\/10\/Screenshot-2023-10-13-at-16.53.18.png","path":"\/web\/html\/ntf\/public_html\/wp-content\/uploads\/sites\/8\/2023\/10\/Screenshot-2023-10-13-at-16.53.18.png","size":"full","id":35234,"alt":"","pixels":1856660,"type":"image\/png"}],"twitter_misc":{"Est. reading time":"2 minutes"},"schema":{"@context":"https:\/\/schema.org","@graph":[{"@type":"WebSite","@id":"https:\/\/www.ntf.uni-lj.si\/igt\/#website","url":"https:\/\/www.ntf.uni-lj.si\/igt\/","name":"IGT","description":"Katedra za informacijsko in grafi\u010dno tehnologijo","potentialAction":[{"@type":"SearchAction","target":{"@type":"EntryPoint","urlTemplate":"https:\/\/www.ntf.uni-lj.si\/igt\/?s={search_term_string}"},"query-input":"required name=search_term_string"}],"inLanguage":"en-US"},{"@type":"ImageObject","@id":"https:\/\/www.ntf.uni-lj.si\/igt\/event\/vizualno-definiranje-likovnega\/#primaryimage","inLanguage":"en-US","url":"https:\/\/www.ntf.uni-lj.si\/igt\/wp-content\/uploads\/sites\/8\/2023\/10\/Screenshot-2023-10-13-at-16.53.18.png","contentUrl":"https:\/\/www.ntf.uni-lj.si\/igt\/wp-content\/uploads\/sites\/8\/2023\/10\/Screenshot-2023-10-13-at-16.53.18.png","width":1930,"height":962},{"@type":"WebPage","@id":"https:\/\/www.ntf.uni-lj.si\/igt\/event\/vizualno-definiranje-likovnega\/#webpage","url":"https:\/\/www.ntf.uni-lj.si\/igt\/event\/vizualno-definiranje-likovnega\/","name":"Vizualno definiranje likovnega - IGT","isPartOf":{"@id":"https:\/\/www.ntf.uni-lj.si\/igt\/#website"},"primaryImageOfPage":{"@id":"https:\/\/www.ntf.uni-lj.si\/igt\/event\/vizualno-definiranje-likovnega\/#primaryimage"},"datePublished":"2023-10-13T14:52:40+00:00","dateModified":"2023-10-13T14:54:09+00:00","description":"V \u010detrtek, 19. 10. 2023, vas ob 18. uri vabimo v Likovni salon Ko\u010devje na javno vodstvo po razstavi Hommage Milanu Butini (1923-1999) s kustosinjo Nadjo","breadcrumb":{"@id":"https:\/\/www.ntf.uni-lj.si\/igt\/event\/vizualno-definiranje-likovnega\/#breadcrumb"},"inLanguage":"en-US","potentialAction":[{"@type":"ReadAction","target":["https:\/\/www.ntf.uni-lj.si\/igt\/event\/vizualno-definiranje-likovnega\/"]}]},{"@type":"BreadcrumbList","@id":"https:\/\/www.ntf.uni-lj.si\/igt\/event\/vizualno-definiranje-likovnega\/#breadcrumb","itemListElement":[{"@type":"ListItem","position":1,"name":"Home","item":"https:\/\/www.ntf.uni-lj.si\/igt\/"},{"@type":"ListItem","position":2,"name":"Dogodki","item":"https:\/\/www.ntf.uni-lj.si\/igt\/event\/"},{"@type":"ListItem","position":3,"name":"Vizualno definiranje likovnega"}]}]}},"_links":{"self":[{"href":"https:\/\/www.ntf.uni-lj.si\/igt\/wp-json\/wp\/v2\/event\/35230"}],"collection":[{"href":"https:\/\/www.ntf.uni-lj.si\/igt\/wp-json\/wp\/v2\/event"}],"about":[{"href":"https:\/\/www.ntf.uni-lj.si\/igt\/wp-json\/wp\/v2\/types\/event"}],"author":[{"embeddable":true,"href":"https:\/\/www.ntf.uni-lj.si\/igt\/wp-json\/wp\/v2\/users\/22"}],"version-history":[{"count":3,"href":"https:\/\/www.ntf.uni-lj.si\/igt\/wp-json\/wp\/v2\/event\/35230\/revisions"}],"predecessor-version":[{"id":35235,"href":"https:\/\/www.ntf.uni-lj.si\/igt\/wp-json\/wp\/v2\/event\/35230\/revisions\/35235"}],"wp:featuredmedia":[{"embeddable":true,"href":"https:\/\/www.ntf.uni-lj.si\/igt\/wp-json\/wp\/v2\/media\/35234"}],"wp:attachment":[{"href":"https:\/\/www.ntf.uni-lj.si\/igt\/wp-json\/wp\/v2\/media?parent=35230"}],"curies":[{"name":"wp","href":"https:\/\/api.w.org\/{rel}","templated":true}]}}