{"id":36048,"date":"2024-06-11T11:30:22","date_gmt":"2024-06-11T09:30:22","guid":{"rendered":"https:\/\/www.ntf.uni-lj.si\/igt\/?post_type=event&#038;p=36048"},"modified":"2024-06-11T11:32:42","modified_gmt":"2024-06-11T09:32:42","slug":"avgust-spomladi","status":"publish","type":"event","link":"https:\/\/www.ntf.uni-lj.si\/igt\/event\/avgust-spomladi\/","title":{"rendered":"AVGUST SPOMLADI"},"content":{"rendered":"<h4><strong>Video galerija KLET, ZDSLU | 12. junij\u20136. julij 2024<\/strong><\/h4>\n<p>Izhodi\u0161\u010de razstavnega projekta je bilo predavanje z naslovom <strong>Umetni\u0161ka dela, ki so nas oblikovala<\/strong>. V prispevku so predstavljena umetni\u0161ka dela in avtorji, ki so zaznamovali na\u0161o identiteto in se s svojimi podobami naselili tudi v mno\u017ei\u010dno grafi\u010dno oblikovanje. Med njimi je Avgust \u010cernigoj s portretom Sre\u010dka Kosovela, ki ga je Miljenko Licul vklju\u010dil v slovenski potni list in grafi\u010dno zasnovo rezervnih tolarskih bankovcev.<\/p>\n<p>Avtorji: Viktor Barli\u010d, Ivica Bizjak, Hana Brce, Ivana Bre\u010dko, Boris Beja, Mateja Duhovnik, Meta Frelih, Enej Kofol, Melita Ko\u017eelj, Naja Krajn\u010di\u010d, Katarina Miheli\u010d, Marko Morales Kalamar, Max Pozderec, Naja Ra\u017eem, Suna Srdi\u0107, Vanesa \u0160arko.<\/p>\n<hr \/>\n<p>Z nadrealizmom se v umetnostni zgodovini napovejo avantgarde, ki ji je pripadal tudi \u010cernigoj, ki je v na\u0161 kulturni prostor vnesel izku\u0161njo Bauhausa. \u010ceravno so avantgarde ve\u010dinoma kratke, hipni odgovori na dogajanje v dru\u017ebi, so programsko in ideolo\u0161ko oziroma vsebinsko in formalno izredno mo\u010dne. Ob stoletnici rojstva Avgusta \u010cernigoja (1998) so v Moderni galeriji pripravili obse\u017eno \u0161tudijsko razstavo <em>TANK \u2013 Slovenska zgodovinska avantgarda<\/em>. Naslov je bil povzet po istoimenski reviji, ki jo je leta 1927 izdal re\u017eiser Ferdo Delak v sodelovanju z umetnikom \u010cernigojem, kar zaokro\u017ea vsebine, ki jih \u0161tudentje grafi\u010dnih in interaktivnih komunikacij spoznavajo med \u0161tudijem. Razstava je ob likovnih ustvarjalcih tedaj med drugim namenila prostor pesnikoma Antonu Podbev\u0161ku in Sre\u010dku Kosovelu.<\/p>\n<p>\u010cernigoj je ob svojem konstruktivisti\u010dnem avtoportretu ustvaril z linijami in primarnimi oblikami kultni portret kra\u0161kega pesnika Kosovela, \u010digar 120. obletnice rojstva se spominjamo letos. Ti dve grafi\u010dni predlogi sta bili izhodi\u0161\u010de slikarskega eksperimenta v ateljeju Pionirskega doma. Likovno sestavljanko na dnu dopolnjuje napis <em>Avgustova pomlad<\/em>, ki smo si ga izposodili za naslov razstave. \u0160tudentje grafi\u010dnih in interaktivnih komunikacij so njeno predlogo razstavili in v barvah avantgarde pripravili kot 3D-animacijo, v kateri se nam \u010cernigojeva grafika predstavi kot Tr\u017ea\u0161ki ambient iz leta 1927. Slikarske oblike, razrezane na ploskve, so v animaciji dobile volumen in se v trajanju sestavljajo in razstavljajo, kot bi jih umetnik razrezal in komponiral z grafi\u010dnim no\u017ekom.<\/p>\n<p>Kompozicije na razstavi, ki so grajene z geometrijskimi liki, so kot polje, preproge razli\u010dnih formalnih izhodi\u0161\u010d. Ponavljanje v razli\u010dnih formalnih izvedbah raziskovalno preverjamo s posodobitvami na prese\u010di\u0161\u010du klasi\u010dnega likovnega snovanja z nadgradnjo v digitalnem prostoru. Ob Kosovelovi dedi\u0161\u010dini smo se v grafi\u010dnem oblikovanju navezali tudi na kvadratno polje Brumna, ki nas je s kvadratom navdihnil do zasnove nove \u010drkovne vrste. S ploskve smo prestopili v prostor s pomo\u010djo tehnologije digitalnega in 3D-tiska ter tako podobe prevedli v izkustvo tudi slepim in slabovidnim. V slikarskih detajlih pa smo iskali prilo\u017enost za gradnjo tekstilnega vzorca, ki smo ga premi\u0161ljevali tudi v kontekstu embala\u017ee, vaznega slikarstva in klasi\u010dnega kola\u017ea. S tem se navezujemo na izhodi\u0161\u010da avantgard, ki so si \u017eelele biti samosvoje in predvsem priti do razli\u010dnih \u017eivljenj, bivanj, onkraj umetnosti. Avgust spomladi je bivanje v raz\u0161irjeni skupnosti, v kateri smo zgradili sodelovanje med neformalnim in formalnim izobra\u017eevanjem. To vez pa vklju\u010dujemo tudi v projekt Eutopia, del Univerze v Ljubljani.<\/p>\n<hr \/>\n<p>Projekt je nastal v sodelovanju javnega zavoda Pionirski dom \u2013 center za kulturo mladih in Naravoslovnotehni\u0161ko fakulteto, Oddelkom za tekstilstvo, grafiko in oblikovanje, Univerza v Ljubljani, v sodelovanju z vodjo projekta doc. Borisom Bejo in sodelavci: dr. Gregorjem Franknom, Jonom Brcetom, mag. Tanjo Medved.<\/p>\n","protected":false},"excerpt":{"rendered":"Video galerija KLET, ZDSLU | 12. junij\u20136. julij 2024 Izhodi\u0161\u010de razstavnega projekta je bilo predavanje z naslovom Umetni\u0161ka dela, ki so nas oblikovala. V prispevku so predstavljena umetni\u0161ka dela in avtorji, ki so zaznamovali na\u0161o identiteto in se s svojimi podobami naselili tudi v mno\u017ei\u010dno grafi\u010dno oblikovanje. Med njimi je Avgust \u010cernigoj s portretom Sre\u010dka &#8230; <a class=\"view-article\" href=\"https:\/\/www.ntf.uni-lj.si\/igt\/event\/avgust-spomladi\/\">Read more<\/a>","protected":false},"author":22,"featured_media":36046,"template":"","acf":[],"yoast_head":"<!-- This site is optimized with the Yoast SEO plugin v17.0 - https:\/\/yoast.com\/wordpress\/plugins\/seo\/ -->\n<meta name=\"description\" content=\"Video galerija KLET, ZDSLU | 12. junij\u20136. julij 2024 Izhodi\u0161\u010de razstavnega projekta je bilo predavanje z naslovom Umetni\u0161ka dela, ki so nas oblikovala. V\" \/>\n<meta name=\"robots\" content=\"index, follow, max-snippet:-1, max-image-preview:large, max-video-preview:-1\" \/>\n<link rel=\"canonical\" href=\"https:\/\/www.ntf.uni-lj.si\/igt\/event\/avgust-spomladi\/\" \/>\n<meta property=\"og:locale\" content=\"en_US\" \/>\n<meta property=\"og:type\" content=\"article\" \/>\n<meta property=\"og:title\" content=\"AVGUST SPOMLADI - IGT\" \/>\n<meta property=\"og:description\" content=\"Video galerija KLET, ZDSLU | 12. junij\u20136. julij 2024 Izhodi\u0161\u010de razstavnega projekta je bilo predavanje z naslovom Umetni\u0161ka dela, ki so nas oblikovala. V\" \/>\n<meta property=\"og:url\" content=\"https:\/\/www.ntf.uni-lj.si\/igt\/event\/avgust-spomladi\/\" \/>\n<meta property=\"og:site_name\" content=\"IGT\" \/>\n<meta property=\"article:modified_time\" content=\"2024-06-11T09:32:42+00:00\" \/>\n<meta property=\"og:image\" content=\"https:\/\/www.ntf.uni-lj.si\/igt\/wp-content\/uploads\/sites\/8\/2024\/06\/avgust_spomladi_naslvnica-1024x523.png\" \/>\n\t<meta property=\"og:image:width\" content=\"1024\" \/>\n\t<meta property=\"og:image:height\" content=\"523\" \/>\n<meta name=\"twitter:label1\" content=\"Est. reading time\" \/>\n\t<meta name=\"twitter:data1\" content=\"3 minutes\" \/>\n<script type=\"application\/ld+json\" class=\"yoast-schema-graph\">{\"@context\":\"https:\/\/schema.org\",\"@graph\":[{\"@type\":\"WebSite\",\"@id\":\"https:\/\/www.ntf.uni-lj.si\/igt\/#website\",\"url\":\"https:\/\/www.ntf.uni-lj.si\/igt\/\",\"name\":\"IGT\",\"description\":\"Katedra za informacijsko in grafi\\u010dno tehnologijo\",\"potentialAction\":[{\"@type\":\"SearchAction\",\"target\":{\"@type\":\"EntryPoint\",\"urlTemplate\":\"https:\/\/www.ntf.uni-lj.si\/igt\/?s={search_term_string}\"},\"query-input\":\"required name=search_term_string\"}],\"inLanguage\":\"en-US\"},{\"@type\":\"ImageObject\",\"@id\":\"https:\/\/www.ntf.uni-lj.si\/igt\/event\/avgust-spomladi\/#primaryimage\",\"inLanguage\":\"en-US\",\"url\":\"https:\/\/www.ntf.uni-lj.si\/igt\/wp-content\/uploads\/sites\/8\/2024\/06\/avgust_spomladi_naslvnica.png\",\"contentUrl\":\"https:\/\/www.ntf.uni-lj.si\/igt\/wp-content\/uploads\/sites\/8\/2024\/06\/avgust_spomladi_naslvnica.png\",\"width\":2210,\"height\":1128},{\"@type\":\"WebPage\",\"@id\":\"https:\/\/www.ntf.uni-lj.si\/igt\/event\/avgust-spomladi\/#webpage\",\"url\":\"https:\/\/www.ntf.uni-lj.si\/igt\/event\/avgust-spomladi\/\",\"name\":\"AVGUST SPOMLADI - IGT\",\"isPartOf\":{\"@id\":\"https:\/\/www.ntf.uni-lj.si\/igt\/#website\"},\"primaryImageOfPage\":{\"@id\":\"https:\/\/www.ntf.uni-lj.si\/igt\/event\/avgust-spomladi\/#primaryimage\"},\"datePublished\":\"2024-06-11T09:30:22+00:00\",\"dateModified\":\"2024-06-11T09:32:42+00:00\",\"description\":\"Video galerija KLET, ZDSLU | 12. junij\\u20136. julij 2024 Izhodi\\u0161\\u010de razstavnega projekta je bilo predavanje z naslovom Umetni\\u0161ka dela, ki so nas oblikovala. V\",\"breadcrumb\":{\"@id\":\"https:\/\/www.ntf.uni-lj.si\/igt\/event\/avgust-spomladi\/#breadcrumb\"},\"inLanguage\":\"en-US\",\"potentialAction\":[{\"@type\":\"ReadAction\",\"target\":[\"https:\/\/www.ntf.uni-lj.si\/igt\/event\/avgust-spomladi\/\"]}]},{\"@type\":\"BreadcrumbList\",\"@id\":\"https:\/\/www.ntf.uni-lj.si\/igt\/event\/avgust-spomladi\/#breadcrumb\",\"itemListElement\":[{\"@type\":\"ListItem\",\"position\":1,\"name\":\"Home\",\"item\":\"https:\/\/www.ntf.uni-lj.si\/igt\/\"},{\"@type\":\"ListItem\",\"position\":2,\"name\":\"Dogodki\",\"item\":\"https:\/\/www.ntf.uni-lj.si\/igt\/event\/\"},{\"@type\":\"ListItem\",\"position\":3,\"name\":\"AVGUST SPOMLADI\"}]}]}<\/script>\n<!-- \/ Yoast SEO plugin. -->","yoast_head_json":{"description":"Video galerija KLET, ZDSLU | 12. junij\u20136. julij 2024 Izhodi\u0161\u010de razstavnega projekta je bilo predavanje z naslovom Umetni\u0161ka dela, ki so nas oblikovala. V","robots":{"index":"index","follow":"follow","max-snippet":"max-snippet:-1","max-image-preview":"max-image-preview:large","max-video-preview":"max-video-preview:-1"},"canonical":"https:\/\/www.ntf.uni-lj.si\/igt\/event\/avgust-spomladi\/","og_locale":"en_US","og_type":"article","og_title":"AVGUST SPOMLADI - IGT","og_description":"Video galerija KLET, ZDSLU | 12. junij\u20136. julij 2024 Izhodi\u0161\u010de razstavnega projekta je bilo predavanje z naslovom Umetni\u0161ka dela, ki so nas oblikovala. V","og_url":"https:\/\/www.ntf.uni-lj.si\/igt\/event\/avgust-spomladi\/","og_site_name":"IGT","article_modified_time":"2024-06-11T09:32:42+00:00","og_image":[{"width":1024,"height":523,"path":"2024\/06\/avgust_spomladi_naslvnica-1024x523.png","url":"https:\/\/www.ntf.uni-lj.si\/igt\/wp-content\/uploads\/sites\/8\/2024\/06\/avgust_spomladi_naslvnica-1024x523.png","size":"large","id":36046,"alt":"","pixels":535552,"type":"image\/png"}],"twitter_misc":{"Est. reading time":"3 minutes"},"schema":{"@context":"https:\/\/schema.org","@graph":[{"@type":"WebSite","@id":"https:\/\/www.ntf.uni-lj.si\/igt\/#website","url":"https:\/\/www.ntf.uni-lj.si\/igt\/","name":"IGT","description":"Katedra za informacijsko in grafi\u010dno tehnologijo","potentialAction":[{"@type":"SearchAction","target":{"@type":"EntryPoint","urlTemplate":"https:\/\/www.ntf.uni-lj.si\/igt\/?s={search_term_string}"},"query-input":"required name=search_term_string"}],"inLanguage":"en-US"},{"@type":"ImageObject","@id":"https:\/\/www.ntf.uni-lj.si\/igt\/event\/avgust-spomladi\/#primaryimage","inLanguage":"en-US","url":"https:\/\/www.ntf.uni-lj.si\/igt\/wp-content\/uploads\/sites\/8\/2024\/06\/avgust_spomladi_naslvnica.png","contentUrl":"https:\/\/www.ntf.uni-lj.si\/igt\/wp-content\/uploads\/sites\/8\/2024\/06\/avgust_spomladi_naslvnica.png","width":2210,"height":1128},{"@type":"WebPage","@id":"https:\/\/www.ntf.uni-lj.si\/igt\/event\/avgust-spomladi\/#webpage","url":"https:\/\/www.ntf.uni-lj.si\/igt\/event\/avgust-spomladi\/","name":"AVGUST SPOMLADI - IGT","isPartOf":{"@id":"https:\/\/www.ntf.uni-lj.si\/igt\/#website"},"primaryImageOfPage":{"@id":"https:\/\/www.ntf.uni-lj.si\/igt\/event\/avgust-spomladi\/#primaryimage"},"datePublished":"2024-06-11T09:30:22+00:00","dateModified":"2024-06-11T09:32:42+00:00","description":"Video galerija KLET, ZDSLU | 12. junij\u20136. julij 2024 Izhodi\u0161\u010de razstavnega projekta je bilo predavanje z naslovom Umetni\u0161ka dela, ki so nas oblikovala. V","breadcrumb":{"@id":"https:\/\/www.ntf.uni-lj.si\/igt\/event\/avgust-spomladi\/#breadcrumb"},"inLanguage":"en-US","potentialAction":[{"@type":"ReadAction","target":["https:\/\/www.ntf.uni-lj.si\/igt\/event\/avgust-spomladi\/"]}]},{"@type":"BreadcrumbList","@id":"https:\/\/www.ntf.uni-lj.si\/igt\/event\/avgust-spomladi\/#breadcrumb","itemListElement":[{"@type":"ListItem","position":1,"name":"Home","item":"https:\/\/www.ntf.uni-lj.si\/igt\/"},{"@type":"ListItem","position":2,"name":"Dogodki","item":"https:\/\/www.ntf.uni-lj.si\/igt\/event\/"},{"@type":"ListItem","position":3,"name":"AVGUST SPOMLADI"}]}]}},"_links":{"self":[{"href":"https:\/\/www.ntf.uni-lj.si\/igt\/wp-json\/wp\/v2\/event\/36048"}],"collection":[{"href":"https:\/\/www.ntf.uni-lj.si\/igt\/wp-json\/wp\/v2\/event"}],"about":[{"href":"https:\/\/www.ntf.uni-lj.si\/igt\/wp-json\/wp\/v2\/types\/event"}],"author":[{"embeddable":true,"href":"https:\/\/www.ntf.uni-lj.si\/igt\/wp-json\/wp\/v2\/users\/22"}],"version-history":[{"count":4,"href":"https:\/\/www.ntf.uni-lj.si\/igt\/wp-json\/wp\/v2\/event\/36048\/revisions"}],"predecessor-version":[{"id":36052,"href":"https:\/\/www.ntf.uni-lj.si\/igt\/wp-json\/wp\/v2\/event\/36048\/revisions\/36052"}],"wp:featuredmedia":[{"embeddable":true,"href":"https:\/\/www.ntf.uni-lj.si\/igt\/wp-json\/wp\/v2\/media\/36046"}],"wp:attachment":[{"href":"https:\/\/www.ntf.uni-lj.si\/igt\/wp-json\/wp\/v2\/media?parent=36048"}],"curies":[{"name":"wp","href":"https:\/\/api.w.org\/{rel}","templated":true}]}}