{"id":5560,"date":"2015-06-01T14:00:34","date_gmt":"2015-06-01T13:00:34","guid":{"rendered":"http:\/\/www.ntf.uni-lj.si\/igt\/?post_type=event&#038;p=5560"},"modified":"2019-11-28T08:23:45","modified_gmt":"2019-11-28T07:23:45","slug":"razstava-od","status":"publish","type":"event","link":"https:\/\/www.ntf.uni-lj.si\/igt\/event\/razstava-od\/","title":{"rendered":"Razstava OD DO"},"content":{"rendered":"<p><span class=\"fsl\">Po semestrski bitki smo \u0161tudentje 2. letnika Grafi\u010dnih in interaktivnih komunikacij ter Grafi\u010dne in medijske tehnike uspe\u0161no zaklju\u010dili projekt vizualizacije poti, ki je pod mentorstvom dr. Klementine Mo\u017eina, dr. Bla\u017ea Rata in dr. Tanje Nu\u0161e Ko\u010devar nastal v okviru predmeta Medijske vizualizacije.<\/span><\/p>\n<p>Risali smo linije, iz njih ustvarili poti na zemljevidu, se sprehodili po Ljubljani, v obliki besed, fotografij in videa zapisovali svoja opa\u017eanja in jih zdru\u017eili v kon\u010dne izdelke, ki jih \u017eelimo predstaviti \u0161ir\u0161i javnosti. V ta namen in v znak tej veli\u010dastni novici vabimo vse aktualne in biv\u0161e NTF-jevce, vse mimo NTF sprehajajo\u010de se posameznike, va\u0161e tete, strice in babice, na razstavo na\u0161ih izdelkov.<\/p>\n<p><strong>Otvoritev razstave OD DO bo v \u010detrtek, 11. 6. 2015, ob 18. uri v prostorih VIVO D125<\/strong> (nekdanji prostori tiskarne Mladinska knjiga, Dunajska cesta 125, Ljubljana). \u010ce se otvoritve ne boste uspeli udele\u017eiti, si lahko na\u0161e izdelke na omenjeni lokaciji ogledate vse do 18. 6. 2015, vsak dan med 11. in 17. uro.<\/p>\n<p>Otvoritev razstave bomo popestrili s programom, ki bo vklju\u010deval prav\u0161njo mero humorja, nastop gledali\u0161ke skupine P.L.I.N., pogostitev in manj\u0161e presene\u010denje.<\/p>\n<p>Udele\u017ebo na otvoritvi razstave lahko potrdite na na\u0161i <a href=\"http:\/\/on.fb.me\/1K2fzyT\" target=\"_blank\">Facebook strani<\/a> ali si ogledate uradno stran projekta \u2013 <a href=\"http:\/\/www.oddo.si\" target=\"_blank\">www.oddo.si<\/a>.<br \/>\nVabljeni!<\/p>\n","protected":false},"excerpt":{"rendered":"Po semestrski bitki smo \u0161tudentje 2. letnika Grafi\u010dnih in interaktivnih komunikacij ter Grafi\u010dne in medijske tehnike uspe\u0161no zaklju\u010dili projekt vizualizacije poti, ki je pod mentorstvom dr. Klementine Mo\u017eina, dr. Bla\u017ea Rata in dr. Tanje Nu\u0161e Ko\u010devar nastal v okviru predmeta Medijske vizualizacije. Risali smo linije, iz njih ustvarili poti na zemljevidu, se sprehodili po Ljubljani, &#8230; <a class=\"view-article\" href=\"https:\/\/www.ntf.uni-lj.si\/igt\/event\/razstava-od\/\">Read more<\/a>","protected":false},"author":22,"featured_media":5556,"template":"","class_list":["post-5560","event","type-event","status-publish","has-post-thumbnail","hentry"],"acf":[],"_links":{"self":[{"href":"https:\/\/www.ntf.uni-lj.si\/igt\/wp-json\/wp\/v2\/event\/5560","targetHints":{"allow":["GET"]}}],"collection":[{"href":"https:\/\/www.ntf.uni-lj.si\/igt\/wp-json\/wp\/v2\/event"}],"about":[{"href":"https:\/\/www.ntf.uni-lj.si\/igt\/wp-json\/wp\/v2\/types\/event"}],"author":[{"embeddable":true,"href":"https:\/\/www.ntf.uni-lj.si\/igt\/wp-json\/wp\/v2\/users\/22"}],"version-history":[{"count":5,"href":"https:\/\/www.ntf.uni-lj.si\/igt\/wp-json\/wp\/v2\/event\/5560\/revisions"}],"predecessor-version":[{"id":5562,"href":"https:\/\/www.ntf.uni-lj.si\/igt\/wp-json\/wp\/v2\/event\/5560\/revisions\/5562"}],"wp:featuredmedia":[{"embeddable":true,"href":"https:\/\/www.ntf.uni-lj.si\/igt\/wp-json\/wp\/v2\/media\/5556"}],"wp:attachment":[{"href":"https:\/\/www.ntf.uni-lj.si\/igt\/wp-json\/wp\/v2\/media?parent=5560"}],"curies":[{"name":"wp","href":"https:\/\/api.w.org\/{rel}","templated":true}]}}