{"id":22954,"date":"2020-03-17T13:04:32","date_gmt":"2020-03-17T12:04:32","guid":{"rendered":"http:\/\/www.ntf.uni-lj.si\/igt\/?post_type=notification&#038;p=22954"},"modified":"2020-03-17T13:04:32","modified_gmt":"2020-03-17T12:04:32","slug":"govorilna-ura-do-nadaljnjega","status":"publish","type":"notification","link":"https:\/\/www.ntf.uni-lj.si\/igt\/notification\/govorilna-ura-do-nadaljnjega\/","title":{"rendered":"Govorilna ura (do nadaljnjega)"},"content":{"rendered":"<p>Zaradi trenutnih okoli\u0161\u010din se do nadaljnjega govorilna ura izvaja preko videokonference in sicer z identiteto UL (podatki, ki jih uporabljate za vpis v VIS, eduroam). V kolikor je potreba po tovrstni komunikaciji, me o tem obvestite na email, da sre\u010danje organiziram s pomo\u010djo aplikacije Microsoft Teams. Govorilna ura se izvaja v terminu, ki je dolo\u010den glede na urnik (sreda, med 10. in 11. uro).<\/p>\n","protected":false},"excerpt":{"rendered":"Zaradi trenutnih okoli\u0161\u010din se do nadaljnjega govorilna ura izvaja preko videokonference in sicer z identiteto UL (podatki, ki jih uporabljate za vpis v VIS, eduroam). V kolikor je potreba po tovrstni komunikaciji, me o tem obvestite na email, da sre\u010danje organiziram s pomo\u010djo aplikacije Microsoft Teams. Govorilna ura se izvaja v terminu, ki je dolo\u010den &#8230; <a class=\"view-article\" href=\"https:\/\/www.ntf.uni-lj.si\/igt\/notification\/govorilna-ura-do-nadaljnjega\/\">Read more<\/a>","protected":false},"author":65,"featured_media":0,"template":"","categories":[626,468,628,555,1,624],"acf":[],"yoast_head":"<!-- This site is optimized with the Yoast SEO plugin v17.0 - https:\/\/yoast.com\/wordpress\/plugins\/seo\/ -->\n<meta name=\"description\" content=\"Zaradi trenutnih okoli\u0161\u010din se do nadaljnjega govorilna ura izvaja preko videokonference in sicer z identiteto UL (podatki, ki jih uporabljate za vpis v\" \/>\n<meta name=\"robots\" content=\"index, follow, max-snippet:-1, max-image-preview:large, max-video-preview:-1\" \/>\n<link rel=\"canonical\" href=\"https:\/\/www.ntf.uni-lj.si\/igt\/notification\/govorilna-ura-do-nadaljnjega\/\" \/>\n<meta property=\"og:locale\" content=\"en_US\" \/>\n<meta property=\"og:type\" content=\"article\" \/>\n<meta property=\"og:title\" content=\"Govorilna ura (do nadaljnjega) - IGT\" \/>\n<meta property=\"og:description\" content=\"Zaradi trenutnih okoli\u0161\u010din se do nadaljnjega govorilna ura izvaja preko videokonference in sicer z identiteto UL (podatki, ki jih uporabljate za vpis v\" \/>\n<meta property=\"og:url\" content=\"https:\/\/www.ntf.uni-lj.si\/igt\/notification\/govorilna-ura-do-nadaljnjega\/\" \/>\n<meta property=\"og:site_name\" content=\"IGT\" \/>\n<script type=\"application\/ld+json\" class=\"yoast-schema-graph\">{\"@context\":\"https:\/\/schema.org\",\"@graph\":[{\"@type\":\"WebSite\",\"@id\":\"https:\/\/www.ntf.uni-lj.si\/igt\/#website\",\"url\":\"https:\/\/www.ntf.uni-lj.si\/igt\/\",\"name\":\"IGT\",\"description\":\"Katedra za informacijsko in grafi\\u010dno tehnologijo\",\"potentialAction\":[{\"@type\":\"SearchAction\",\"target\":{\"@type\":\"EntryPoint\",\"urlTemplate\":\"https:\/\/www.ntf.uni-lj.si\/igt\/?s={search_term_string}\"},\"query-input\":\"required name=search_term_string\"}],\"inLanguage\":\"en-US\"},{\"@type\":\"WebPage\",\"@id\":\"https:\/\/www.ntf.uni-lj.si\/igt\/notification\/govorilna-ura-do-nadaljnjega\/#webpage\",\"url\":\"https:\/\/www.ntf.uni-lj.si\/igt\/notification\/govorilna-ura-do-nadaljnjega\/\",\"name\":\"Govorilna ura (do nadaljnjega) - IGT\",\"isPartOf\":{\"@id\":\"https:\/\/www.ntf.uni-lj.si\/igt\/#website\"},\"datePublished\":\"2020-03-17T12:04:32+00:00\",\"dateModified\":\"2020-03-17T12:04:32+00:00\",\"description\":\"Zaradi trenutnih okoli\\u0161\\u010din se do nadaljnjega govorilna ura izvaja preko videokonference in sicer z identiteto UL (podatki, ki jih uporabljate za vpis v\",\"breadcrumb\":{\"@id\":\"https:\/\/www.ntf.uni-lj.si\/igt\/notification\/govorilna-ura-do-nadaljnjega\/#breadcrumb\"},\"inLanguage\":\"en-US\",\"potentialAction\":[{\"@type\":\"ReadAction\",\"target\":[\"https:\/\/www.ntf.uni-lj.si\/igt\/notification\/govorilna-ura-do-nadaljnjega\/\"]}]},{\"@type\":\"BreadcrumbList\",\"@id\":\"https:\/\/www.ntf.uni-lj.si\/igt\/notification\/govorilna-ura-do-nadaljnjega\/#breadcrumb\",\"itemListElement\":[{\"@type\":\"ListItem\",\"position\":1,\"name\":\"Home\",\"item\":\"https:\/\/www.ntf.uni-lj.si\/igt\/\"},{\"@type\":\"ListItem\",\"position\":2,\"name\":\"Obvestila\",\"item\":\"https:\/\/www.ntf.uni-lj.si\/igt\/notification\/\"},{\"@type\":\"ListItem\",\"position\":3,\"name\":\"Govorilna ura (do nadaljnjega)\"}]}]}<\/script>\n<!-- \/ Yoast SEO plugin. -->","yoast_head_json":{"description":"Zaradi trenutnih okoli\u0161\u010din se do nadaljnjega govorilna ura izvaja preko videokonference in sicer z identiteto UL (podatki, ki jih uporabljate za vpis v","robots":{"index":"index","follow":"follow","max-snippet":"max-snippet:-1","max-image-preview":"max-image-preview:large","max-video-preview":"max-video-preview:-1"},"canonical":"https:\/\/www.ntf.uni-lj.si\/igt\/notification\/govorilna-ura-do-nadaljnjega\/","og_locale":"en_US","og_type":"article","og_title":"Govorilna ura (do nadaljnjega) - IGT","og_description":"Zaradi trenutnih okoli\u0161\u010din se do nadaljnjega govorilna ura izvaja preko videokonference in sicer z identiteto UL (podatki, ki jih uporabljate za vpis v","og_url":"https:\/\/www.ntf.uni-lj.si\/igt\/notification\/govorilna-ura-do-nadaljnjega\/","og_site_name":"IGT","schema":{"@context":"https:\/\/schema.org","@graph":[{"@type":"WebSite","@id":"https:\/\/www.ntf.uni-lj.si\/igt\/#website","url":"https:\/\/www.ntf.uni-lj.si\/igt\/","name":"IGT","description":"Katedra za informacijsko in grafi\u010dno tehnologijo","potentialAction":[{"@type":"SearchAction","target":{"@type":"EntryPoint","urlTemplate":"https:\/\/www.ntf.uni-lj.si\/igt\/?s={search_term_string}"},"query-input":"required name=search_term_string"}],"inLanguage":"en-US"},{"@type":"WebPage","@id":"https:\/\/www.ntf.uni-lj.si\/igt\/notification\/govorilna-ura-do-nadaljnjega\/#webpage","url":"https:\/\/www.ntf.uni-lj.si\/igt\/notification\/govorilna-ura-do-nadaljnjega\/","name":"Govorilna ura (do nadaljnjega) - IGT","isPartOf":{"@id":"https:\/\/www.ntf.uni-lj.si\/igt\/#website"},"datePublished":"2020-03-17T12:04:32+00:00","dateModified":"2020-03-17T12:04:32+00:00","description":"Zaradi trenutnih okoli\u0161\u010din se do nadaljnjega govorilna ura izvaja preko videokonference in sicer z identiteto UL (podatki, ki jih uporabljate za vpis v","breadcrumb":{"@id":"https:\/\/www.ntf.uni-lj.si\/igt\/notification\/govorilna-ura-do-nadaljnjega\/#breadcrumb"},"inLanguage":"en-US","potentialAction":[{"@type":"ReadAction","target":["https:\/\/www.ntf.uni-lj.si\/igt\/notification\/govorilna-ura-do-nadaljnjega\/"]}]},{"@type":"BreadcrumbList","@id":"https:\/\/www.ntf.uni-lj.si\/igt\/notification\/govorilna-ura-do-nadaljnjega\/#breadcrumb","itemListElement":[{"@type":"ListItem","position":1,"name":"Home","item":"https:\/\/www.ntf.uni-lj.si\/igt\/"},{"@type":"ListItem","position":2,"name":"Obvestila","item":"https:\/\/www.ntf.uni-lj.si\/igt\/notification\/"},{"@type":"ListItem","position":3,"name":"Govorilna ura (do nadaljnjega)"}]}]}},"_links":{"self":[{"href":"https:\/\/www.ntf.uni-lj.si\/igt\/wp-json\/wp\/v2\/notification\/22954"}],"collection":[{"href":"https:\/\/www.ntf.uni-lj.si\/igt\/wp-json\/wp\/v2\/notification"}],"about":[{"href":"https:\/\/www.ntf.uni-lj.si\/igt\/wp-json\/wp\/v2\/types\/notification"}],"author":[{"embeddable":true,"href":"https:\/\/www.ntf.uni-lj.si\/igt\/wp-json\/wp\/v2\/users\/65"}],"version-history":[{"count":1,"href":"https:\/\/www.ntf.uni-lj.si\/igt\/wp-json\/wp\/v2\/notification\/22954\/revisions"}],"predecessor-version":[{"id":22955,"href":"https:\/\/www.ntf.uni-lj.si\/igt\/wp-json\/wp\/v2\/notification\/22954\/revisions\/22955"}],"wp:attachment":[{"href":"https:\/\/www.ntf.uni-lj.si\/igt\/wp-json\/wp\/v2\/media?parent=22954"}],"wp:term":[{"taxonomy":"category","embeddable":true,"href":"https:\/\/www.ntf.uni-lj.si\/igt\/wp-json\/wp\/v2\/categories?post=22954"}],"curies":[{"name":"wp","href":"https:\/\/api.w.org\/{rel}","templated":true}]}}