{"id":38494,"date":"2026-05-07T22:17:52","date_gmt":"2026-05-07T20:17:52","guid":{"rendered":"https:\/\/www.ntf.uni-lj.si\/igt\/?post_type=notification&#038;p=38494"},"modified":"2026-05-08T09:35:05","modified_gmt":"2026-05-08T07:35:05","slug":"barve-mojega-mesta-2026","status":"publish","type":"notification","link":"https:\/\/www.ntf.uni-lj.si\/igt\/notification\/barve-mojega-mesta-2026\/","title":{"rendered":"Barve mojega mesta 2026"},"content":{"rendered":"<section class=\"text-token-text-primary w-full focus:outline-none [--shadow-height:45px] has-data-writing-block:pointer-events-none has-data-writing-block:-mt-(--shadow-height) has-data-writing-block:pt-(--shadow-height) [&amp;:has([data-writing-block])&gt;*]:pointer-events-auto R6Vx5W_threadScrollVars scroll-mb-[calc(var(--scroll-root-safe-area-inset-bottom,0px)+var(--thread-response-height))] scroll-mt-(--header-height)\" dir=\"auto\" data-turn-id=\"2047f154-20fd-4377-b66a-3bd9d489b266\" data-testid=\"conversation-turn-1\" data-scroll-anchor=\"false\" data-turn=\"user\">\n<div class=\"text-base my-auto mx-auto pt-3 [--thread-content-margin:var(--thread-content-margin-xs,calc(var(--spacing)*4))] @w-sm\/main:[--thread-content-margin:var(--thread-content-margin-sm,calc(var(--spacing)*6))] @w-lg\/main:[--thread-content-margin:var(--thread-content-margin-lg,calc(var(--spacing)*16))] px-(--thread-content-margin)\">\n<div class=\"[--thread-content-max-width:40rem] @w-lg\/main:[--thread-content-max-width:48rem] mx-auto max-w-(--thread-content-max-width) flex-1 group\/turn-messages focus-visible:outline-hidden relative flex w-full min-w-0 flex-col\">\n<div class=\"flex max-w-full flex-col gap-4 grow\">\n<div class=\"min-h-8 text-message relative flex w-full flex-col items-end gap-2 text-start break-words whitespace-normal outline-none keyboard-focused:focus-ring [.text-message+&amp;]:mt-1\" dir=\"auto\" data-message-author-role=\"user\" data-message-id=\"2047f154-20fd-4377-b66a-3bd9d489b266\">\n<div class=\"flex w-full flex-col gap-1 empty:hidden items-end rtl:items-start\">\n<div class=\"flex flex-col w-fit max-w-(--user-chat-width,70%) items-start self-end rtl:items-end rtl:self-start\">\n<div class=\"user-message-bubble-color corner-superellipse\/0.98 relative min-w-0 overflow-hidden rounded-[22px] px-4 py-2.5 leading-6 w-full\">\n<div class=\"A_HxFq_root\" data-testid=\"collapsible-user-message-root\">\n<div id=\"_r_u_\" class=\"A_HxFq_content\" data-testid=\"collapsible-user-message-content\">\n<div class=\"max-w-full min-w-0 [overflow-wrap:anywhere] whitespace-pre-wrap\"><img loading=\"lazy\" decoding=\"async\" class=\"aligncenter wp-image-38495 size-large\" src=\"https:\/\/www.ntf.uni-lj.si\/igt\/wp-content\/uploads\/sites\/8\/2026\/05\/2026BarveMojegaMesta-49-819x1024.jpg\" alt=\"\" width=\"819\" height=\"1024\" srcset=\"https:\/\/www.ntf.uni-lj.si\/igt\/wp-content\/uploads\/sites\/8\/2026\/05\/2026BarveMojegaMesta-49-819x1024.jpg 819w, https:\/\/www.ntf.uni-lj.si\/igt\/wp-content\/uploads\/sites\/8\/2026\/05\/2026BarveMojegaMesta-49-240x300.jpg 240w, https:\/\/www.ntf.uni-lj.si\/igt\/wp-content\/uploads\/sites\/8\/2026\/05\/2026BarveMojegaMesta-49-768x960.jpg 768w, https:\/\/www.ntf.uni-lj.si\/igt\/wp-content\/uploads\/sites\/8\/2026\/05\/2026BarveMojegaMesta-49-1229x1536.jpg 1229w, https:\/\/www.ntf.uni-lj.si\/igt\/wp-content\/uploads\/sites\/8\/2026\/05\/2026BarveMojegaMesta-49-1638x2048.jpg 1638w, https:\/\/www.ntf.uni-lj.si\/igt\/wp-content\/uploads\/sites\/8\/2026\/05\/2026BarveMojegaMesta-49-scaled.jpg 2048w\" sizes=\"auto, (max-width: 819px) 100vw, 819px\" \/><\/div>\n<\/div>\n<\/div>\n<\/div>\n<\/div>\n<\/div>\n<\/div>\n<\/div>\n<div class=\"z-0 flex justify-end\"><\/div>\n<\/div>\n<\/div>\n<\/section>\n<section class=\"text-token-text-primary w-full focus:outline-none [--shadow-height:45px] has-data-writing-block:pointer-events-none has-data-writing-block:-mt-(--shadow-height) has-data-writing-block:pt-(--shadow-height) [&amp;:has([data-writing-block])&gt;*]:pointer-events-auto [content-visibility:auto] supports-[content-visibility:auto]:[contain-intrinsic-size:auto_100lvh] R6Vx5W_threadScrollVars scroll-mb-[calc(var(--scroll-root-safe-area-inset-bottom,0px)+var(--thread-response-height))] scroll-mt-[calc(var(--header-height)+min(200px,max(70px,20svh)))]\" dir=\"auto\" data-turn-id=\"request-WEB:5774d283-9c32-47ca-af05-9600fd9b57d2-0\" data-testid=\"conversation-turn-2\" data-scroll-anchor=\"false\" data-turn=\"assistant\">\n<div class=\"text-base my-auto mx-auto pb-10 [--thread-content-margin:var(--thread-content-margin-xs,calc(var(--spacing)*4))] @w-sm\/main:[--thread-content-margin:var(--thread-content-margin-sm,calc(var(--spacing)*6))] @w-lg\/main:[--thread-content-margin:var(--thread-content-margin-lg,calc(var(--spacing)*16))] px-(--thread-content-margin)\">\n<div class=\"[--thread-content-max-width:40rem] @w-lg\/main:[--thread-content-max-width:48rem] mx-auto max-w-(--thread-content-max-width) flex-1 group\/turn-messages focus-visible:outline-hidden relative flex w-full min-w-0 flex-col agent-turn\">\n<div class=\"flex max-w-full flex-col gap-4 grow\">\n<div class=\"min-h-8 text-message relative flex w-full flex-col items-end gap-2 text-start break-words whitespace-normal outline-none keyboard-focused:focus-ring [.text-message+&amp;]:mt-1\" dir=\"auto\" data-message-author-role=\"assistant\" data-message-id=\"711bb5b7-188c-48c2-8c99-f1bf358b85d2\" data-message-model-slug=\"gpt-5-5\" data-turn-start-message=\"true\">\n<div class=\"flex w-full flex-col gap-1 empty:hidden\">\n<div class=\"markdown prose dark:prose-invert wrap-break-word w-full dark markdown-new-styling\">\n<p data-start=\"0\" data-end=\"230\">Ob mednarodnem dnevu barve, ki ga vsako leto praznujemo 21. marca, so \u0161tudentje 2. letnika programa Grafi\u010dne in interaktivne komunikacije pri predmetu Merjenje barve pripravili fotografsko razstavo z naslovom <em data-start=\"209\" data-end=\"229\">Barve mojega mesta<\/em>.<\/p>\n<p data-start=\"232\" data-end=\"513\">Skozi fotografski objektiv so raziskovali barvno podobo urbanega prostora ter bele\u017eili trenutke, ki razkrivajo raznolikost mestnega vsakdana. V ospredje so postavili igro barv, svetlobe, kontrastov in detajlov, ki pogosto ostanejo spregledani, a pomembno soustvarjajo zna\u010daj mesta.<\/p>\n<p data-start=\"515\" data-end=\"742\">Vsaka fotografija predstavlja osebni pogled \u0161tudentov na okolje, v katerem \u017eivijo in ustvarjajo. Nekateri motivi izstopajo z \u017eivahnimi barvnimi poudarki, drugi navdu\u0161ujejo s prefinjenimi tonalnimi prehodi in umirjeno atmosfero.<\/p>\n<p data-start=\"744\" data-end=\"973\">Pri predmetu Merjenje barve na ta na\u010din povezujemo strokovno znanje z ustvarjalnim raziskovanjem ter spodbujamo ob\u010dutek za opazovanje, vizualno interpretacijo in razumevanje barve kot pomembnega elementa prostora in komunikacije.<\/p>\n<p data-start=\"975\" data-end=\"1074\">Vabljeni k ogledu razstave in odkrivanju barvnih zgodb mesta skozi perspektivo mladih ustvarjalcev.<\/p>\n<p data-start=\"1076\" data-end=\"1119\" data-is-last-node=\"\" data-is-only-node=\"\">Mentorici: Sabina Bra\u010dko in Barbara Blaznik<\/p>\n<\/div>\n<\/div>\n<\/div>\n<\/div>\n<\/div>\n<\/div>\n<\/section>\n","protected":false},"excerpt":{"rendered":"Ob mednarodnem dnevu barve, ki ga vsako leto praznujemo 21. marca, so \u0161tudentje 2. letnika programa Grafi\u010dne in interaktivne komunikacije pri predmetu Merjenje barve pripravili fotografsko razstavo z naslovom Barve mojega mesta. Skozi fotografski objektiv so raziskovali barvno podobo urbanega prostora ter bele\u017eili trenutke, ki razkrivajo raznolikost mestnega vsakdana. V ospredje so postavili igro barv, &#8230; <a class=\"view-article\" href=\"https:\/\/www.ntf.uni-lj.si\/igt\/notification\/barve-mojega-mesta-2026\/\">Read more<\/a>","protected":false},"author":62,"featured_media":0,"template":"","categories":[593,468],"class_list":["post-38494","notification","type-notification","status-publish","hentry","category-merjenje-barv","category-novice","employee-barbara-blaznik"],"acf":[],"_links":{"self":[{"href":"https:\/\/www.ntf.uni-lj.si\/igt\/wp-json\/wp\/v2\/notification\/38494","targetHints":{"allow":["GET"]}}],"collection":[{"href":"https:\/\/www.ntf.uni-lj.si\/igt\/wp-json\/wp\/v2\/notification"}],"about":[{"href":"https:\/\/www.ntf.uni-lj.si\/igt\/wp-json\/wp\/v2\/types\/notification"}],"author":[{"embeddable":true,"href":"https:\/\/www.ntf.uni-lj.si\/igt\/wp-json\/wp\/v2\/users\/62"}],"version-history":[{"count":4,"href":"https:\/\/www.ntf.uni-lj.si\/igt\/wp-json\/wp\/v2\/notification\/38494\/revisions"}],"predecessor-version":[{"id":38547,"href":"https:\/\/www.ntf.uni-lj.si\/igt\/wp-json\/wp\/v2\/notification\/38494\/revisions\/38547"}],"wp:attachment":[{"href":"https:\/\/www.ntf.uni-lj.si\/igt\/wp-json\/wp\/v2\/media?parent=38494"}],"wp:term":[{"taxonomy":"category","embeddable":true,"href":"https:\/\/www.ntf.uni-lj.si\/igt\/wp-json\/wp\/v2\/categories?post=38494"}],"curies":[{"name":"wp","href":"https:\/\/api.w.org\/{rel}","templated":true}]}}