{"id":24282,"date":"2023-04-25T11:46:14","date_gmt":"2023-04-25T09:46:14","guid":{"rendered":"https:\/\/www.ntf.uni-lj.si\/ntf\/?post_type=notification&#038;p=24282"},"modified":"2023-09-15T11:18:01","modified_gmt":"2023-09-15T09:18:01","slug":"izsla-je-nova-stevilka-vizije-kohezije-april-2023","status":"publish","type":"notification","link":"https:\/\/www.ntf.uni-lj.si\/ntf\/notification\/izsla-je-nova-stevilka-vizije-kohezije-april-2023\/","title":{"rendered":"Iz\u0161la je nova \u0161tevilka Vizije kohezije (april 2023)"},"content":{"rendered":"<p>Pred Vami je nova \u0161tevilka mese\u010dnega e-informatorja Vizija kohezija.<\/p>\n<p>V tokratni \u0161tevilki Vizije kohezije ne spreglejte novih in aktualnih javnih razpisov, objavljena je tudi povezavo do na\u010drtovanih javnih razpisov iz finan\u010dne perspektive 2021\u20132027.<\/p>\n<p>V rubriki <strong>Aktualno<\/strong> so tokrat za vas pripravili novice o tekmovanju REGIOSTARS 2023, pa tudi o Potujo\u010di pisarni evropskih sredstev. \u010ce \u017eelite priti do informacij o evropskih sredstvih iz prve roke, obi\u0161\u010dite na\u0161o potujo\u010do pisarno \u2013 veseli vas bomo!<\/p>\n<p>Va\u0161o Vizijo kohezijo najdete tukaj: <a href=\"https:\/\/eu-skladi.si\/sl\/aktualno\/e-novice\/vizija-kohezija_april_2023.pdf\">https:\/\/eu-skladi.si\/sl\/aktualno\/e-novice\/vizija-kohezija_april_2023.pdf<\/a><\/p>\n","protected":false},"excerpt":{"rendered":"Pred Vami je nova \u0161tevilka mese\u010dnega e-informatorja Vizija kohezija. V tokratni \u0161tevilki Vizije kohezije ne spreglejte novih in aktualnih javnih razpisov, objavljena je tudi povezavo do na\u010drtovanih javnih razpisov iz finan\u010dne perspektive 2021\u20132027. V rubriki Aktualno so tokrat za vas pripravili novice o tekmovanju REGIOSTARS 2023, pa tudi o Potujo\u010di pisarni evropskih sredstev. \u010ce \u017eelite &#8230; <a class=\"view-article\" href=\"https:\/\/www.ntf.uni-lj.si\/ntf\/notification\/izsla-je-nova-stevilka-vizije-kohezije-april-2023\/\">Read more<\/a>","protected":false},"author":201,"featured_media":0,"template":"","categories":[390],"acf":[],"yoast_head":"<!-- This site is optimized with the Yoast SEO plugin v17.0 - https:\/\/yoast.com\/wordpress\/plugins\/seo\/ -->\n<meta name=\"robots\" content=\"index, follow, max-snippet:-1, max-image-preview:large, max-video-preview:-1\" \/>\n<link rel=\"canonical\" href=\"https:\/\/www.ntf.uni-lj.si\/ntf\/notification\/izsla-je-nova-stevilka-vizije-kohezije-april-2023\/\" \/>\n<meta property=\"og:locale\" content=\"en_US\" \/>\n<meta property=\"og:type\" content=\"article\" \/>\n<meta property=\"og:title\" content=\"Iz\u0161la je nova \u0161tevilka Vizije kohezije (april 2023) - NTF\" \/>\n<meta property=\"og:description\" content=\"Pred Vami je nova \u0161tevilka mese\u010dnega e-informatorja Vizija kohezija. V tokratni \u0161tevilki Vizije kohezije ne spreglejte novih in aktualnih javnih razpisov, objavljena je tudi povezavo do na\u010drtovanih javnih razpisov iz finan\u010dne perspektive 2021\u20132027. V rubriki Aktualno so tokrat za vas pripravili novice o tekmovanju REGIOSTARS 2023, pa tudi o Potujo\u010di pisarni evropskih sredstev. \u010ce \u017eelite ... Read more\" \/>\n<meta property=\"og:url\" content=\"https:\/\/www.ntf.uni-lj.si\/ntf\/notification\/izsla-je-nova-stevilka-vizije-kohezije-april-2023\/\" \/>\n<meta property=\"og:site_name\" content=\"NTF\" \/>\n<meta property=\"article:modified_time\" content=\"2023-09-15T09:18:01+00:00\" \/>\n<script type=\"application\/ld+json\" class=\"yoast-schema-graph\">{\"@context\":\"https:\/\/schema.org\",\"@graph\":[{\"@type\":\"WebSite\",\"@id\":\"https:\/\/www.ntf.uni-lj.si\/ntf\/#website\",\"url\":\"https:\/\/www.ntf.uni-lj.si\/ntf\/\",\"name\":\"NTF\",\"description\":\"Naravoslovnotehni\\u0161ka fakulteta\",\"potentialAction\":[{\"@type\":\"SearchAction\",\"target\":{\"@type\":\"EntryPoint\",\"urlTemplate\":\"https:\/\/www.ntf.uni-lj.si\/ntf\/?s={search_term_string}\"},\"query-input\":\"required name=search_term_string\"}],\"inLanguage\":\"en-US\"},{\"@type\":\"WebPage\",\"@id\":\"https:\/\/www.ntf.uni-lj.si\/ntf\/notification\/izsla-je-nova-stevilka-vizije-kohezije-april-2023\/#webpage\",\"url\":\"https:\/\/www.ntf.uni-lj.si\/ntf\/notification\/izsla-je-nova-stevilka-vizije-kohezije-april-2023\/\",\"name\":\"Iz\\u0161la je nova \\u0161tevilka Vizije kohezije (april 2023) - NTF\",\"isPartOf\":{\"@id\":\"https:\/\/www.ntf.uni-lj.si\/ntf\/#website\"},\"datePublished\":\"2023-04-25T09:46:14+00:00\",\"dateModified\":\"2023-09-15T09:18:01+00:00\",\"breadcrumb\":{\"@id\":\"https:\/\/www.ntf.uni-lj.si\/ntf\/notification\/izsla-je-nova-stevilka-vizije-kohezije-april-2023\/#breadcrumb\"},\"inLanguage\":\"en-US\",\"potentialAction\":[{\"@type\":\"ReadAction\",\"target\":[\"https:\/\/www.ntf.uni-lj.si\/ntf\/notification\/izsla-je-nova-stevilka-vizije-kohezije-april-2023\/\"]}]},{\"@type\":\"BreadcrumbList\",\"@id\":\"https:\/\/www.ntf.uni-lj.si\/ntf\/notification\/izsla-je-nova-stevilka-vizije-kohezije-april-2023\/#breadcrumb\",\"itemListElement\":[{\"@type\":\"ListItem\",\"position\":1,\"name\":\"Domov\",\"item\":\"https:\/\/www.ntf.uni-lj.si\/ntf\/\"},{\"@type\":\"ListItem\",\"position\":2,\"name\":\"Obvestila\",\"item\":\"https:\/\/www.ntf.uni-lj.si\/ntf\/notification\/\"},{\"@type\":\"ListItem\",\"position\":3,\"name\":\"Iz\\u0161la je nova \\u0161tevilka Vizije kohezije (april 2023)\"}]}]}<\/script>\n<!-- \/ Yoast SEO plugin. -->","yoast_head_json":{"robots":{"index":"index","follow":"follow","max-snippet":"max-snippet:-1","max-image-preview":"max-image-preview:large","max-video-preview":"max-video-preview:-1"},"canonical":"https:\/\/www.ntf.uni-lj.si\/ntf\/notification\/izsla-je-nova-stevilka-vizije-kohezije-april-2023\/","og_locale":"en_US","og_type":"article","og_title":"Iz\u0161la je nova \u0161tevilka Vizije kohezije (april 2023) - NTF","og_description":"Pred Vami je nova \u0161tevilka mese\u010dnega e-informatorja Vizija kohezija. V tokratni \u0161tevilki Vizije kohezije ne spreglejte novih in aktualnih javnih razpisov, objavljena je tudi povezavo do na\u010drtovanih javnih razpisov iz finan\u010dne perspektive 2021\u20132027. V rubriki Aktualno so tokrat za vas pripravili novice o tekmovanju REGIOSTARS 2023, pa tudi o Potujo\u010di pisarni evropskih sredstev. \u010ce \u017eelite ... Read more","og_url":"https:\/\/www.ntf.uni-lj.si\/ntf\/notification\/izsla-je-nova-stevilka-vizije-kohezije-april-2023\/","og_site_name":"NTF","article_modified_time":"2023-09-15T09:18:01+00:00","schema":{"@context":"https:\/\/schema.org","@graph":[{"@type":"WebSite","@id":"https:\/\/www.ntf.uni-lj.si\/ntf\/#website","url":"https:\/\/www.ntf.uni-lj.si\/ntf\/","name":"NTF","description":"Naravoslovnotehni\u0161ka fakulteta","potentialAction":[{"@type":"SearchAction","target":{"@type":"EntryPoint","urlTemplate":"https:\/\/www.ntf.uni-lj.si\/ntf\/?s={search_term_string}"},"query-input":"required name=search_term_string"}],"inLanguage":"en-US"},{"@type":"WebPage","@id":"https:\/\/www.ntf.uni-lj.si\/ntf\/notification\/izsla-je-nova-stevilka-vizije-kohezije-april-2023\/#webpage","url":"https:\/\/www.ntf.uni-lj.si\/ntf\/notification\/izsla-je-nova-stevilka-vizije-kohezije-april-2023\/","name":"Iz\u0161la je nova \u0161tevilka Vizije kohezije (april 2023) - NTF","isPartOf":{"@id":"https:\/\/www.ntf.uni-lj.si\/ntf\/#website"},"datePublished":"2023-04-25T09:46:14+00:00","dateModified":"2023-09-15T09:18:01+00:00","breadcrumb":{"@id":"https:\/\/www.ntf.uni-lj.si\/ntf\/notification\/izsla-je-nova-stevilka-vizije-kohezije-april-2023\/#breadcrumb"},"inLanguage":"en-US","potentialAction":[{"@type":"ReadAction","target":["https:\/\/www.ntf.uni-lj.si\/ntf\/notification\/izsla-je-nova-stevilka-vizije-kohezije-april-2023\/"]}]},{"@type":"BreadcrumbList","@id":"https:\/\/www.ntf.uni-lj.si\/ntf\/notification\/izsla-je-nova-stevilka-vizije-kohezije-april-2023\/#breadcrumb","itemListElement":[{"@type":"ListItem","position":1,"name":"Domov","item":"https:\/\/www.ntf.uni-lj.si\/ntf\/"},{"@type":"ListItem","position":2,"name":"Obvestila","item":"https:\/\/www.ntf.uni-lj.si\/ntf\/notification\/"},{"@type":"ListItem","position":3,"name":"Iz\u0161la je nova \u0161tevilka Vizije kohezije (april 2023)"}]}]}},"_links":{"self":[{"href":"https:\/\/www.ntf.uni-lj.si\/ntf\/wp-json\/wp\/v2\/notification\/24282"}],"collection":[{"href":"https:\/\/www.ntf.uni-lj.si\/ntf\/wp-json\/wp\/v2\/notification"}],"about":[{"href":"https:\/\/www.ntf.uni-lj.si\/ntf\/wp-json\/wp\/v2\/types\/notification"}],"author":[{"embeddable":true,"href":"https:\/\/www.ntf.uni-lj.si\/ntf\/wp-json\/wp\/v2\/users\/201"}],"version-history":[{"count":2,"href":"https:\/\/www.ntf.uni-lj.si\/ntf\/wp-json\/wp\/v2\/notification\/24282\/revisions"}],"predecessor-version":[{"id":24284,"href":"https:\/\/www.ntf.uni-lj.si\/ntf\/wp-json\/wp\/v2\/notification\/24282\/revisions\/24284"}],"wp:attachment":[{"href":"https:\/\/www.ntf.uni-lj.si\/ntf\/wp-json\/wp\/v2\/media?parent=24282"}],"wp:term":[{"taxonomy":"category","embeddable":true,"href":"https:\/\/www.ntf.uni-lj.si\/ntf\/wp-json\/wp\/v2\/categories?post=24282"}],"curies":[{"name":"wp","href":"https:\/\/api.w.org\/{rel}","templated":true}]}}