{"id":30365,"date":"2025-06-02T08:33:04","date_gmt":"2025-06-02T06:33:04","guid":{"rendered":"https:\/\/www.ntf.uni-lj.si\/ntf\/?post_type=notification&#038;p=30365"},"modified":"2025-07-02T07:52:35","modified_gmt":"2025-07-02T05:52:35","slug":"nova-stevilka-mesecnega-e-informatorja-vizija-kohezija","status":"publish","type":"notification","link":"https:\/\/www.ntf.uni-lj.si\/ntf\/notification\/nova-stevilka-mesecnega-e-informatorja-vizija-kohezija\/","title":{"rendered":"Nova \u0161tevilka mese\u010dnega e-informatorja Vizija kohezija"},"content":{"rendered":"<p style=\"text-align: justify\"><span style=\"font-family: 'Arial',sans-serif\">Vas zanimajo mo\u017enosti evropskega sofinanciranja? \u0160tevilne prilo\u017enosti najdete v Viziji koheziji v obliki javnih razpisov in javnih pozivov, ne spreglejte pa niti zanimivih novic s podro\u010dja evropske kohezijske politike.<\/span><\/p>\n<p style=\"text-align: justify\"><span style=\"font-family: 'Arial',sans-serif\">\u00a0<\/span><span style=\"font-family: 'Arial',sans-serif\">Tokrat izpostavljamo pomembne korake v smeri mo\u010dnej\u0161e, bolj vklju\u010dujo\u010de kohezijske politike \u2013 evropski kohezijski ministri so namre\u010d sprejeli pomembno deklaracijo, s katero so se zavezali k bolj usklajenemu in ozemeljsko ob\u010dutljivemu odzivu na globalne izzive.\u00a0<\/span><\/p>\n<p style=\"text-align: justify\"><span style=\"font-family: 'Arial',sans-serif\">\u00a0<\/span><span style=\"font-family: 'Arial',sans-serif\">Dobili pa smo tudi zmagovalca glasovanja za Naj EU projekt 2025 \u2013 in to kar dva! Kdo vas je najbolj prepri\u010dal, pa izveste v aktualni \u0161tevilki Vizije kohezije.<\/span><\/p>\n<p style=\"text-align: justify\"><span style=\"font-family: 'Arial',sans-serif\">\u00a0<\/span><span style=\"font-family: 'Arial',sans-serif\">Va\u0161o Vizijo kohezijo najdete tukaj: <a href=\"https:\/\/6g1l8.r.sp1-brevo.net\/mk\/cl\/f\/sh\/SMK1E8tHeFuBm0KoRAVjYEocGPi7\/oVP_ch0ct4vP\">https:\/\/rb.gy\/qafl0f<\/a>\u00a0<\/span><\/p>\n","protected":false},"excerpt":{"rendered":"Vas zanimajo mo\u017enosti evropskega sofinanciranja? \u0160tevilne prilo\u017enosti najdete v Viziji koheziji v obliki javnih razpisov in javnih pozivov, ne spreglejte pa niti zanimivih novic s podro\u010dja evropske kohezijske politike. \u00a0Tokrat izpostavljamo pomembne korake v smeri mo\u010dnej\u0161e, bolj vklju\u010dujo\u010de kohezijske politike \u2013 evropski kohezijski ministri so namre\u010d sprejeli pomembno deklaracijo, s katero so se zavezali k &#8230; <a class=\"view-article\" href=\"https:\/\/www.ntf.uni-lj.si\/ntf\/notification\/nova-stevilka-mesecnega-e-informatorja-vizija-kohezija\/\">Read more<\/a>","protected":false},"author":201,"featured_media":0,"template":"","categories":[390],"class_list":["post-30365","notification","type-notification","status-publish","hentry","category-rr-arhiv","employee-marija-petek"],"acf":[],"_links":{"self":[{"href":"https:\/\/www.ntf.uni-lj.si\/ntf\/wp-json\/wp\/v2\/notification\/30365","targetHints":{"allow":["GET"]}}],"collection":[{"href":"https:\/\/www.ntf.uni-lj.si\/ntf\/wp-json\/wp\/v2\/notification"}],"about":[{"href":"https:\/\/www.ntf.uni-lj.si\/ntf\/wp-json\/wp\/v2\/types\/notification"}],"author":[{"embeddable":true,"href":"https:\/\/www.ntf.uni-lj.si\/ntf\/wp-json\/wp\/v2\/users\/201"}],"version-history":[{"count":1,"href":"https:\/\/www.ntf.uni-lj.si\/ntf\/wp-json\/wp\/v2\/notification\/30365\/revisions"}],"predecessor-version":[{"id":30366,"href":"https:\/\/www.ntf.uni-lj.si\/ntf\/wp-json\/wp\/v2\/notification\/30365\/revisions\/30366"}],"wp:attachment":[{"href":"https:\/\/www.ntf.uni-lj.si\/ntf\/wp-json\/wp\/v2\/media?parent=30365"}],"wp:term":[{"taxonomy":"category","embeddable":true,"href":"https:\/\/www.ntf.uni-lj.si\/ntf\/wp-json\/wp\/v2\/categories?post=30365"}],"curies":[{"name":"wp","href":"https:\/\/api.w.org\/{rel}","templated":true}]}}