{"id":4456,"date":"2015-09-11T08:40:56","date_gmt":"2015-09-11T06:40:56","guid":{"rendered":"http:\/\/www.ntf.uni-lj.si\/ntf\/?post_type=notification&#038;p=4456"},"modified":"2015-09-11T08:47:05","modified_gmt":"2015-09-11T06:47:05","slug":"zakljucek-humanitarne-akcije","status":"publish","type":"notification","link":"https:\/\/www.ntf.uni-lj.si\/ntf\/notification\/zakljucek-humanitarne-akcije\/","title":{"rendered":"Zaklju\u010dek humanitarne akcije"},"content":{"rendered":"<p>Z veseljem vam sporo\u010damo, da smo skupaj uspe\u0161no zaklju\u010dili humanitarno akcijo zbiranja pomo\u010di za begunce.<\/p>\n<p>V treh dneh &#8211; od ponedeljka do srede &#8211; smo zbrali pribli\u017eno 40 kartonastih \u0161katel humanitarne pomo\u010di (hrane, pripomo\u010dkov za osebno higieno, dek, posteljnine, spalnih vre\u010d, torb &#8230;) in  ve\u010d kot 300 EUR prostovoljnih prispevkov, s katerimi smo nakupili hrano. Pomo\u010d so prispevali zaposleni in \u0161tudenti, pa tudi nekateri zunanji. <\/p>\n<p>Nekaj utrinkov akcije si lahko ogledate na pripetih fotografijah. Kratko novico, ki jo je objavila ADRA pa lahko najdete na njihovi <a href=\"https:\/\/www.facebook.com\/AdraSlovenija\" target=\"_blank\">Facebook strani<\/a>.<\/p>\n<p>Pri izvedbi akcije so sodelovali: Elena Fajt, Alenka More, Nata\u0161a Hrupi\u010d, Marjeta \u010cuk, Primo\u017e Weingerl, Klara Kostanj\u0161ek, Nace Pu\u0161nik, Andrej U\u010dakar, Jure Ahtik, Bla\u017e Rat, Mare Er\u017een, Sabina Arhar, Jasna Teichmeister, Rahela Klop\u010di\u010d, Lucija Jankovec, Katja Gr\u010dman in Maru\u0161a Kranjc.<\/p>\n<p>Zahvaljujemo se vsem, ki ste s svojim prispevkom sodelovali v akciji in jo naredili uspe\u0161no. Hvala vsem!<\/p>\n","protected":false},"excerpt":{"rendered":"Z veseljem vam sporo\u010damo, da smo skupaj uspe\u0161no zaklju\u010dili humanitarno akcijo zbiranja pomo\u010di za begunce. V treh dneh &#8211; od ponedeljka do srede &#8211; smo zbrali pribli\u017eno 40 kartonastih \u0161katel humanitarne pomo\u010di (hrane, pripomo\u010dkov za osebno higieno, dek, posteljnine, spalnih vre\u010d, torb &#8230;) in ve\u010d kot 300 EUR prostovoljnih prispevkov, s katerimi smo nakupili hrano. &#8230; <a class=\"view-article\" href=\"https:\/\/www.ntf.uni-lj.si\/ntf\/notification\/zakljucek-humanitarne-akcije\/\">Read more<\/a>","protected":false},"author":15,"featured_media":4458,"template":"","categories":[146],"acf":[],"yoast_head":"<!-- This site is optimized with the Yoast SEO plugin v17.0 - https:\/\/yoast.com\/wordpress\/plugins\/seo\/ -->\n<meta name=\"robots\" content=\"index, follow, max-snippet:-1, max-image-preview:large, max-video-preview:-1\" \/>\n<link rel=\"canonical\" href=\"https:\/\/www.ntf.uni-lj.si\/ntf\/notification\/zakljucek-humanitarne-akcije\/\" \/>\n<meta property=\"og:locale\" content=\"en_US\" \/>\n<meta property=\"og:type\" content=\"article\" \/>\n<meta property=\"og:title\" content=\"Zaklju\u010dek humanitarne akcije - NTF\" \/>\n<meta property=\"og:description\" content=\"Z veseljem vam sporo\u010damo, da smo skupaj uspe\u0161no zaklju\u010dili humanitarno akcijo zbiranja pomo\u010di za begunce. V treh dneh &#8211; od ponedeljka do srede &#8211; smo zbrali pribli\u017eno 40 kartonastih \u0161katel humanitarne pomo\u010di (hrane, pripomo\u010dkov za osebno higieno, dek, posteljnine, spalnih vre\u010d, torb &#8230;) in ve\u010d kot 300 EUR prostovoljnih prispevkov, s katerimi smo nakupili hrano. ... Read more\" \/>\n<meta property=\"og:url\" content=\"https:\/\/www.ntf.uni-lj.si\/ntf\/notification\/zakljucek-humanitarne-akcije\/\" \/>\n<meta property=\"og:site_name\" content=\"NTF\" \/>\n<meta property=\"article:modified_time\" content=\"2015-09-11T06:47:05+00:00\" \/>\n<meta property=\"og:image\" content=\"https:\/\/www.ntf.uni-lj.si\/ntf\/wp-content\/uploads\/sites\/2\/2015\/09\/humanitarna_akcija_sept2015.jpg\" \/>\n\t<meta property=\"og:image:width\" content=\"1024\" \/>\n\t<meta property=\"og:image:height\" content=\"768\" \/>\n<meta name=\"twitter:label1\" content=\"Est. reading time\" \/>\n\t<meta name=\"twitter:data1\" content=\"1 minute\" \/>\n<script type=\"application\/ld+json\" class=\"yoast-schema-graph\">{\"@context\":\"https:\/\/schema.org\",\"@graph\":[{\"@type\":\"WebSite\",\"@id\":\"https:\/\/www.ntf.uni-lj.si\/ntf\/#website\",\"url\":\"https:\/\/www.ntf.uni-lj.si\/ntf\/\",\"name\":\"NTF\",\"description\":\"Naravoslovnotehni\\u0161ka fakulteta\",\"potentialAction\":[{\"@type\":\"SearchAction\",\"target\":{\"@type\":\"EntryPoint\",\"urlTemplate\":\"https:\/\/www.ntf.uni-lj.si\/ntf\/?s={search_term_string}\"},\"query-input\":\"required name=search_term_string\"}],\"inLanguage\":\"en-US\"},{\"@type\":\"ImageObject\",\"@id\":\"https:\/\/www.ntf.uni-lj.si\/ntf\/notification\/zakljucek-humanitarne-akcije\/#primaryimage\",\"inLanguage\":\"en-US\",\"url\":\"https:\/\/www.ntf.uni-lj.si\/ntf\/wp-content\/uploads\/sites\/2\/2015\/09\/humanitarna_akcija_sept2015.jpg\",\"contentUrl\":\"https:\/\/www.ntf.uni-lj.si\/ntf\/wp-content\/uploads\/sites\/2\/2015\/09\/humanitarna_akcija_sept2015.jpg\",\"width\":1024,\"height\":768},{\"@type\":\"WebPage\",\"@id\":\"https:\/\/www.ntf.uni-lj.si\/ntf\/notification\/zakljucek-humanitarne-akcije\/#webpage\",\"url\":\"https:\/\/www.ntf.uni-lj.si\/ntf\/notification\/zakljucek-humanitarne-akcije\/\",\"name\":\"Zaklju\\u010dek humanitarne akcije - NTF\",\"isPartOf\":{\"@id\":\"https:\/\/www.ntf.uni-lj.si\/ntf\/#website\"},\"primaryImageOfPage\":{\"@id\":\"https:\/\/www.ntf.uni-lj.si\/ntf\/notification\/zakljucek-humanitarne-akcije\/#primaryimage\"},\"datePublished\":\"2015-09-11T06:40:56+00:00\",\"dateModified\":\"2015-09-11T06:47:05+00:00\",\"breadcrumb\":{\"@id\":\"https:\/\/www.ntf.uni-lj.si\/ntf\/notification\/zakljucek-humanitarne-akcije\/#breadcrumb\"},\"inLanguage\":\"en-US\",\"potentialAction\":[{\"@type\":\"ReadAction\",\"target\":[\"https:\/\/www.ntf.uni-lj.si\/ntf\/notification\/zakljucek-humanitarne-akcije\/\"]}]},{\"@type\":\"BreadcrumbList\",\"@id\":\"https:\/\/www.ntf.uni-lj.si\/ntf\/notification\/zakljucek-humanitarne-akcije\/#breadcrumb\",\"itemListElement\":[{\"@type\":\"ListItem\",\"position\":1,\"name\":\"Domov\",\"item\":\"https:\/\/www.ntf.uni-lj.si\/ntf\/\"},{\"@type\":\"ListItem\",\"position\":2,\"name\":\"Obvestila\",\"item\":\"https:\/\/www.ntf.uni-lj.si\/ntf\/notification\/\"},{\"@type\":\"ListItem\",\"position\":3,\"name\":\"Zaklju\\u010dek humanitarne akcije\"}]}]}<\/script>\n<!-- \/ Yoast SEO plugin. -->","yoast_head_json":{"robots":{"index":"index","follow":"follow","max-snippet":"max-snippet:-1","max-image-preview":"max-image-preview:large","max-video-preview":"max-video-preview:-1"},"canonical":"https:\/\/www.ntf.uni-lj.si\/ntf\/notification\/zakljucek-humanitarne-akcije\/","og_locale":"en_US","og_type":"article","og_title":"Zaklju\u010dek humanitarne akcije - NTF","og_description":"Z veseljem vam sporo\u010damo, da smo skupaj uspe\u0161no zaklju\u010dili humanitarno akcijo zbiranja pomo\u010di za begunce. V treh dneh &#8211; od ponedeljka do srede &#8211; smo zbrali pribli\u017eno 40 kartonastih \u0161katel humanitarne pomo\u010di (hrane, pripomo\u010dkov za osebno higieno, dek, posteljnine, spalnih vre\u010d, torb &#8230;) in ve\u010d kot 300 EUR prostovoljnih prispevkov, s katerimi smo nakupili hrano. ... Read more","og_url":"https:\/\/www.ntf.uni-lj.si\/ntf\/notification\/zakljucek-humanitarne-akcije\/","og_site_name":"NTF","article_modified_time":"2015-09-11T06:47:05+00:00","og_image":[{"width":1024,"height":768,"url":"https:\/\/www.ntf.uni-lj.si\/ntf\/wp-content\/uploads\/sites\/2\/2015\/09\/humanitarna_akcija_sept2015.jpg","path":"\/web\/html\/ntf\/public_html\/wp-content\/uploads\/sites\/2\/2015\/09\/humanitarna_akcija_sept2015.jpg","size":"full","id":4458,"alt":"","pixels":786432,"type":"image\/jpeg"}],"twitter_misc":{"Est. reading time":"1 minute"},"schema":{"@context":"https:\/\/schema.org","@graph":[{"@type":"WebSite","@id":"https:\/\/www.ntf.uni-lj.si\/ntf\/#website","url":"https:\/\/www.ntf.uni-lj.si\/ntf\/","name":"NTF","description":"Naravoslovnotehni\u0161ka fakulteta","potentialAction":[{"@type":"SearchAction","target":{"@type":"EntryPoint","urlTemplate":"https:\/\/www.ntf.uni-lj.si\/ntf\/?s={search_term_string}"},"query-input":"required name=search_term_string"}],"inLanguage":"en-US"},{"@type":"ImageObject","@id":"https:\/\/www.ntf.uni-lj.si\/ntf\/notification\/zakljucek-humanitarne-akcije\/#primaryimage","inLanguage":"en-US","url":"https:\/\/www.ntf.uni-lj.si\/ntf\/wp-content\/uploads\/sites\/2\/2015\/09\/humanitarna_akcija_sept2015.jpg","contentUrl":"https:\/\/www.ntf.uni-lj.si\/ntf\/wp-content\/uploads\/sites\/2\/2015\/09\/humanitarna_akcija_sept2015.jpg","width":1024,"height":768},{"@type":"WebPage","@id":"https:\/\/www.ntf.uni-lj.si\/ntf\/notification\/zakljucek-humanitarne-akcije\/#webpage","url":"https:\/\/www.ntf.uni-lj.si\/ntf\/notification\/zakljucek-humanitarne-akcije\/","name":"Zaklju\u010dek humanitarne akcije - NTF","isPartOf":{"@id":"https:\/\/www.ntf.uni-lj.si\/ntf\/#website"},"primaryImageOfPage":{"@id":"https:\/\/www.ntf.uni-lj.si\/ntf\/notification\/zakljucek-humanitarne-akcije\/#primaryimage"},"datePublished":"2015-09-11T06:40:56+00:00","dateModified":"2015-09-11T06:47:05+00:00","breadcrumb":{"@id":"https:\/\/www.ntf.uni-lj.si\/ntf\/notification\/zakljucek-humanitarne-akcije\/#breadcrumb"},"inLanguage":"en-US","potentialAction":[{"@type":"ReadAction","target":["https:\/\/www.ntf.uni-lj.si\/ntf\/notification\/zakljucek-humanitarne-akcije\/"]}]},{"@type":"BreadcrumbList","@id":"https:\/\/www.ntf.uni-lj.si\/ntf\/notification\/zakljucek-humanitarne-akcije\/#breadcrumb","itemListElement":[{"@type":"ListItem","position":1,"name":"Domov","item":"https:\/\/www.ntf.uni-lj.si\/ntf\/"},{"@type":"ListItem","position":2,"name":"Obvestila","item":"https:\/\/www.ntf.uni-lj.si\/ntf\/notification\/"},{"@type":"ListItem","position":3,"name":"Zaklju\u010dek humanitarne akcije"}]}]}},"_links":{"self":[{"href":"https:\/\/www.ntf.uni-lj.si\/ntf\/wp-json\/wp\/v2\/notification\/4456"}],"collection":[{"href":"https:\/\/www.ntf.uni-lj.si\/ntf\/wp-json\/wp\/v2\/notification"}],"about":[{"href":"https:\/\/www.ntf.uni-lj.si\/ntf\/wp-json\/wp\/v2\/types\/notification"}],"author":[{"embeddable":true,"href":"https:\/\/www.ntf.uni-lj.si\/ntf\/wp-json\/wp\/v2\/users\/15"}],"version-history":[{"count":4,"href":"https:\/\/www.ntf.uni-lj.si\/ntf\/wp-json\/wp\/v2\/notification\/4456\/revisions"}],"predecessor-version":[{"id":4461,"href":"https:\/\/www.ntf.uni-lj.si\/ntf\/wp-json\/wp\/v2\/notification\/4456\/revisions\/4461"}],"wp:featuredmedia":[{"embeddable":true,"href":"https:\/\/www.ntf.uni-lj.si\/ntf\/wp-json\/wp\/v2\/media\/4458"}],"wp:attachment":[{"href":"https:\/\/www.ntf.uni-lj.si\/ntf\/wp-json\/wp\/v2\/media?parent=4456"}],"wp:term":[{"taxonomy":"category","embeddable":true,"href":"https:\/\/www.ntf.uni-lj.si\/ntf\/wp-json\/wp\/v2\/categories?post=4456"}],"curies":[{"name":"wp","href":"https:\/\/api.w.org\/{rel}","templated":true}]}}