{"id":6717,"date":"2016-12-20T11:07:55","date_gmt":"2016-12-20T10:07:55","guid":{"rendered":"http:\/\/www.ntf.uni-lj.si\/ntf\/?page_id=6717"},"modified":"2026-01-14T12:37:35","modified_gmt":"2026-01-14T11:37:35","slug":"studijska-izmenjava","status":"publish","type":"page","link":"https:\/\/www.ntf.uni-lj.si\/ntf\/studij\/mednarodna-izmenjava\/erasmus\/studijska-izmenjava\/","title":{"rendered":"Erasmus+ \u0161tudijska izmenjava"},"content":{"rendered":"<p>Na tej strani, spodaj, najdete vse informacije v zvezi z Erasmus+ \u0161tudijsko izmenjavo&#8230; tudi KIP (BIP)!<\/p>\n<h3><strong>Aktualna obvestila<\/strong><\/h3>\n<p class=\"ContentPasted2\">\n<div class=\"notification\">\n<div class=\"date-wrap\">\n<div class=\"date \">\n<div class=\"num\">20<\/div>\n<div class=\"txt\">Nov<\/div>\n<\/div>\n<\/div>\n<div class=\"content\">\n<div class=\"title\"><a href=\"https:\/\/www.ntf.uni-lj.si\/ntf\/news\/razpis-za-odhod-na-erasmus-studijsko-izmenjavo-2026-2027-eu-in-izven-eu\/\" class=\"\"><\/p>\n<h2>Razpis za odhod na Erasmus+ \u0161tudijsko izmenjavo 2026\/2027 (EU in izven EU)<\/h2>\n<p><\/a><small class=\"date-author\">20. 11. 2025, at 13.56<\/small><small class=\"date-author\">, written by Alenka \u0160alej Lah<\/small><\/div>\n<div class=\"text multisite-text\">Spo\u0161tovani, obve\u0161\u010damo vas, da je bil objavljen razpis za odhod na Erasmus+ \u0161tudijsko izmenjavo v \u0161tudijskem letu 2026\/2027. Prijave na razpis bodo odprte (VIS NTF) do 18.1.2026! Vse informacije v zvezi s prijavo na razpis najdete tukaj! V sredo, 03.12.25, ob 11:00 uri, na A\u0161ker\u010devi 12, v predavalnici P5, bo potekala predstavitev Erasmus+ \u0161tudijske izmenjave ... <a class=\"view-article\" href=\"https:\/\/www.ntf.uni-lj.si\/ntf\/news\/razpis-za-odhod-na-erasmus-studijsko-izmenjavo-2026-2027-eu-in-izven-eu\/\">Read more<\/a><\/div>\n<\/div>\n<div class=\"clearfix\"><\/div>\n<\/div>\n<div class=\"notification\">\n<div class=\"date-wrap\">\n<div class=\"date \">\n<div class=\"num\">19<\/div>\n<div class=\"txt\">Nov<\/div>\n<\/div>\n<\/div>\n<div class=\"content\">\n<div class=\"title\"><a href=\"https:\/\/www.ntf.uni-lj.si\/ntf\/news\/predstavitev-erasmus-studijske-izmenjave-za-leto-2026-27\/\" class=\"\"><\/p>\n<h2>Predstavitev Erasmus+ \u0161tudijske izmenjave za leto 2026\/27<\/h2>\n<p><\/a><small class=\"date-author\">19. 11. 2025, at 10.36<\/small><small class=\"date-author\">, written by Alenka \u0160alej Lah<\/small><\/div>\n<div class=\"text multisite-text\">Spo\u0161tovani \u0161tudentje in \u0161tudentke, obve\u0161\u010damo vas, da je bil objavljen razpis za odhod na Erasmus+ \u0161tudijsko izmenjavo v \u0161tudijskem letu 2026\/2027. V sreda, 03.12.25, ob 11:00 uri, na A\u0161ker\u010devi 12, v predavalnici P5, bo potekala\u00a0predstavitev Erasmus+ \u0161tudijske izmenjave in aktualnega razpisa za akademsko leto 2026\/27 in pa Erasmus+ prakse. Vsi zainteresirani za \u0161tudijsko izmenjavo v ... <a class=\"view-article\" href=\"https:\/\/www.ntf.uni-lj.si\/ntf\/news\/predstavitev-erasmus-studijske-izmenjave-za-leto-2026-27\/\">Read more<\/a><\/div>\n<\/div>\n<div class=\"clearfix\"><\/div>\n<\/div>\n<div class=\"notification\">\n<div class=\"date-wrap\">\n<div class=\"date \">\n<div class=\"num\">29<\/div>\n<div class=\"txt\">May<\/div>\n<\/div>\n<\/div>\n<div class=\"content\">\n<div class=\"title\"><a href=\"https:\/\/www.ntf.uni-lj.si\/ntf\/news\/naknadni-razpis-za-odhod-na-erasmus-studijsko-izmenjavo-poletni-semester-2025-2026-eu-in-izven-eu\/\" class=\"\"><\/p>\n<h2>NAKNADNI razpis za odhod na Erasmus+ \u0161tudijsko izmenjavo v poletnem semesteru 2025\/2026 (EU in izven EU)<\/h2>\n<p><\/a><small class=\"date-author\">29. 5. 2025, at 14.02<\/small><small class=\"date-author\">, written by Alenka \u0160alej Lah<\/small><\/div>\n<div class=\"text multisite-text\">Spo\u0161tovani \u0161tudentje in \u0161tudentke, obve\u0161\u010damo vas, da je bil objavljen NAKNADNI razpis za odhod na Erasmus+ \u0161tudijsko izmenjavo v \u0161tudijskem letu 2025\/2026 v poletnem semestru. Prijave na razpis bodo odprte do 22.6.2025! Vse informacije v zvezi z prijavo na razpis najdete\u00a0tukaj! Navodila za prijavo najdete pod naslovom Kako se prijavite na izmenjavo? Vsi zainteresirani za ... <a class=\"view-article\" href=\"https:\/\/www.ntf.uni-lj.si\/ntf\/news\/naknadni-razpis-za-odhod-na-erasmus-studijsko-izmenjavo-poletni-semester-2025-2026-eu-in-izven-eu\/\">Read more<\/a><\/div>\n<\/div>\n<div class=\"clearfix\"><\/div>\n<\/div>\n<h3><\/h3>\n<h3><strong>O izmenjavi<\/strong><\/h3>\n<p><strong>DOLGORO\u010cNA MOBILNOST \u0160TUDENTOV Z NAMENOM \u0160TUDIJA<\/strong><\/p>\n<p><strong>Program Erasmus+ \u0161tudentu omogo\u010da, da del rednih \u0161tudijskih obveznosti na kateri koli stopnji \u0161tudija<\/strong> (vklju\u010dujo\u010d pripravo diplomskih, magistrskih ali doktorskih nalog, a izklju\u010dujo\u010d raziskovalno delo, ki ni neposredna \u0161tudijska obveznost), namesto na mati\u010dni instituciji opravi na partnerski instituciji v tujini.<\/p>\n<p>Mo\u017eni sta dve Erasmus+ \u0161tudijski izmenjavi:<\/p>\n<ul>\n<li><strong>\u0161tudijska izmenjava (v \u010dasu \u0161tudija):<\/strong> Minimalno \u0161tevilo kreditnih to\u010dk, ki jih mora \u0161tudent UL med mobilnostjo v tujini pridobiti in bodo na mati\u010dni instituciji priznane,<strong> zna\u0161a za en semester oz. 6 mesecev<\/strong>, 20 ECTS.<\/li>\n<li><strong>priprava zaklju\u010dnega dela (mo\u017enost izmenjave v \u010dasu absolventa):<\/strong> \u0160tudenti UL, ki bodo v tujini pripravljali zaklju\u010dno delo oz. bodo na mobilnosti pridobili manj kot 20 ECTS na semester, prejmejo za Erasmus+ finan\u010dno dotacijo za <strong>najve\u010d 3 mesece<\/strong>.<\/li>\n<\/ul>\n<p><strong>KRATKORO\u010cNA MOBILNOST \u0160TUDENTOV Z NAMENOM \u0160TUDIJA<\/strong><\/p>\n<p><strong>Erasmus+ kombiniran intenzivni program (KIP)<\/strong> so kratki, intenzivni programi, ki omogo\u010dajo \u0161tudij v mednarodni skupini \u0161tudentov, ki vklju\u010duje virtualno delo na daljavo in enotedensko izmenjavo.<\/p>\n<p>Za ve\u010d informacij kliknite na <a href=\"https:\/\/www.uni-lj.si\/studij\/izmenjave\/izmenjave-erasmus\/izmenjave-za-studij\">spleten strani UL<\/a>.<\/p>\n<h1><strong><a href=\"https:\/\/www.ntf.uni-lj.si\/ntf\/studij\/mednarodna-izmenjava\/erasmus\/studijska-izmenjava\/izkusnje-studentov\/\">Oglejte si prispevke na\u0161ih \u0161tudentov na izmenjavi!<\/a><\/strong><\/h1>\n<p><a href=\"https:\/\/www.ntf.uni-lj.si\/ntf\/wp-content\/uploads\/sites\/2\/2024\/01\/signal-2024-01-03-13-21-41-716.jpg\"><img loading=\"lazy\" class=\"alignnone wp-image-25808\" src=\"https:\/\/www.ntf.uni-lj.si\/ntf\/wp-content\/uploads\/sites\/2\/2024\/01\/signal-2024-01-03-13-21-41-716.jpg\" alt=\"\" width=\"291\" height=\"194\" srcset=\"https:\/\/www.ntf.uni-lj.si\/ntf\/wp-content\/uploads\/sites\/2\/2024\/01\/signal-2024-01-03-13-21-41-716.jpg 1600w, https:\/\/www.ntf.uni-lj.si\/ntf\/wp-content\/uploads\/sites\/2\/2024\/01\/signal-2024-01-03-13-21-41-716-300x200.jpg 300w, https:\/\/www.ntf.uni-lj.si\/ntf\/wp-content\/uploads\/sites\/2\/2024\/01\/signal-2024-01-03-13-21-41-716-1024x684.jpg 1024w, https:\/\/www.ntf.uni-lj.si\/ntf\/wp-content\/uploads\/sites\/2\/2024\/01\/signal-2024-01-03-13-21-41-716-768x513.jpg 768w, https:\/\/www.ntf.uni-lj.si\/ntf\/wp-content\/uploads\/sites\/2\/2024\/01\/signal-2024-01-03-13-21-41-716-1536x1026.jpg 1536w, https:\/\/www.ntf.uni-lj.si\/ntf\/wp-content\/uploads\/sites\/2\/2024\/01\/signal-2024-01-03-13-21-41-716-900x600.jpg 900w\" sizes=\"(max-width: 291px) 100vw, 291px\" \/><\/a><a href=\"https:\/\/www.ntf.uni-lj.si\/ntf\/wp-content\/uploads\/sites\/2\/2024\/02\/spree_break_2023.jpg\"> \u00a0<img loading=\"lazy\" class=\"alignnone wp-image-26177\" src=\"https:\/\/www.ntf.uni-lj.si\/ntf\/wp-content\/uploads\/sites\/2\/2024\/02\/spree_break_2023.jpg\" alt=\"\" width=\"293\" height=\"195\" srcset=\"https:\/\/www.ntf.uni-lj.si\/ntf\/wp-content\/uploads\/sites\/2\/2024\/02\/spree_break_2023.jpg 2048w, https:\/\/www.ntf.uni-lj.si\/ntf\/wp-content\/uploads\/sites\/2\/2024\/02\/spree_break_2023-300x200.jpg 300w, https:\/\/www.ntf.uni-lj.si\/ntf\/wp-content\/uploads\/sites\/2\/2024\/02\/spree_break_2023-1024x683.jpg 1024w, https:\/\/www.ntf.uni-lj.si\/ntf\/wp-content\/uploads\/sites\/2\/2024\/02\/spree_break_2023-768x512.jpg 768w, https:\/\/www.ntf.uni-lj.si\/ntf\/wp-content\/uploads\/sites\/2\/2024\/02\/spree_break_2023-1536x1024.jpg 1536w, https:\/\/www.ntf.uni-lj.si\/ntf\/wp-content\/uploads\/sites\/2\/2024\/02\/spree_break_2023-900x600.jpg 900w\" sizes=\"(max-width: 293px) 100vw, 293px\" \/><\/a><\/p>\n<p><a href=\"https:\/\/www.ntf.uni-lj.si\/ntf\/wp-content\/uploads\/sites\/2\/2024\/06\/Brussels_Gent_Brugge_Antwerp_31.3.2024-14-scaled.jpg\"><img loading=\"lazy\" class=\"alignnone wp-image-27389\" src=\"https:\/\/www.ntf.uni-lj.si\/ntf\/wp-content\/uploads\/sites\/2\/2024\/06\/Brussels_Gent_Brugge_Antwerp_31.3.2024-14-scaled.jpg\" alt=\"\" width=\"200\" height=\"267\" srcset=\"https:\/\/www.ntf.uni-lj.si\/ntf\/wp-content\/uploads\/sites\/2\/2024\/06\/Brussels_Gent_Brugge_Antwerp_31.3.2024-14-scaled.jpg 1920w, https:\/\/www.ntf.uni-lj.si\/ntf\/wp-content\/uploads\/sites\/2\/2024\/06\/Brussels_Gent_Brugge_Antwerp_31.3.2024-14-225x300.jpg 225w, https:\/\/www.ntf.uni-lj.si\/ntf\/wp-content\/uploads\/sites\/2\/2024\/06\/Brussels_Gent_Brugge_Antwerp_31.3.2024-14-768x1024.jpg 768w, https:\/\/www.ntf.uni-lj.si\/ntf\/wp-content\/uploads\/sites\/2\/2024\/06\/Brussels_Gent_Brugge_Antwerp_31.3.2024-14-1152x1536.jpg 1152w, https:\/\/www.ntf.uni-lj.si\/ntf\/wp-content\/uploads\/sites\/2\/2024\/06\/Brussels_Gent_Brugge_Antwerp_31.3.2024-14-1536x2048.jpg 1536w\" sizes=\"(max-width: 200px) 100vw, 200px\" \/><\/a><a href=\"https:\/\/www.ntf.uni-lj.si\/ntf\/wp-content\/uploads\/sites\/2\/2023\/06\/Lea-1.jpg\"> \u00a0<img loading=\"lazy\" class=\"alignnone wp-image-24567\" src=\"https:\/\/www.ntf.uni-lj.si\/ntf\/wp-content\/uploads\/sites\/2\/2023\/06\/Lea-1.jpg\" alt=\"\" width=\"382\" height=\"266\" srcset=\"https:\/\/www.ntf.uni-lj.si\/ntf\/wp-content\/uploads\/sites\/2\/2023\/06\/Lea-1.jpg 1044w, https:\/\/www.ntf.uni-lj.si\/ntf\/wp-content\/uploads\/sites\/2\/2023\/06\/Lea-1-300x209.jpg 300w, https:\/\/www.ntf.uni-lj.si\/ntf\/wp-content\/uploads\/sites\/2\/2023\/06\/Lea-1-1024x713.jpg 1024w, https:\/\/www.ntf.uni-lj.si\/ntf\/wp-content\/uploads\/sites\/2\/2023\/06\/Lea-1-768x535.jpg 768w\" sizes=\"(max-width: 382px) 100vw, 382px\" \/><\/a><\/p>\n<p>&nbsp;<\/p>\n<h4><strong>Trenutni razpisi:<\/strong><\/h4>\n<ul>\n<li>Odprta Erasmus+ \u0161tudijsko izmenjavo (EU in ostale dr\u017eave) za akademskega leta 2026\/2027 (rok 18.1.2026)!<\/li>\n<li>Odprt (do porabe sredstev) je razpis za \u0161tudijsko izmenjavo doktorskih \u0161tudentov (3.st.) Erasmus+ za akademsko leto 2024\/2025 (sprotne prijave)!<\/li>\n<\/ul>\n<h2>Natan\u010dno si preberite vsa poglavja razpisa!<\/h2>\n<p>Vabljeni k prijavi!<\/p>\n<p><a href=\"https:\/\/www.ntf.uni-lj.si\/ntf\/wp-content\/uploads\/sites\/2\/2023\/03\/puscica2-1.jpg\"><img loading=\"lazy\" class=\"alignnone wp-image-23892\" src=\"https:\/\/www.ntf.uni-lj.si\/ntf\/wp-content\/uploads\/sites\/2\/2023\/03\/puscica2-1.jpg\" alt=\"\" width=\"202\" height=\"218\" srcset=\"https:\/\/www.ntf.uni-lj.si\/ntf\/wp-content\/uploads\/sites\/2\/2023\/03\/puscica2-1.jpg 368w, https:\/\/www.ntf.uni-lj.si\/ntf\/wp-content\/uploads\/sites\/2\/2023\/03\/puscica2-1-278x300.jpg 278w\" sizes=\"(max-width: 202px) 100vw, 202px\" \/><\/a><\/p>\n<h3><strong>Pomembne informacije<\/strong><\/h3>\n<p>Tukaj najdete informacije o koordinatorjih, sklenjenih Erasmus+ pogodbah po oddelkih in katedrah, ipd.<\/p>\n","protected":false},"excerpt":{"rendered":"Na tej strani, spodaj, najdete vse informacije v zvezi z Erasmus+ \u0161tudijsko izmenjavo&#8230; tudi KIP (BIP)! Aktualna obvestila O izmenjavi DOLGORO\u010cNA MOBILNOST \u0160TUDENTOV Z NAMENOM \u0160TUDIJA Program Erasmus+ \u0161tudentu omogo\u010da, da del rednih \u0161tudijskih obveznosti na kateri koli stopnji \u0161tudija (vklju\u010dujo\u010d pripravo diplomskih, magistrskih ali doktorskih nalog, a izklju\u010dujo\u010d raziskovalno delo, ki ni neposredna \u0161tudijska &#8230; <a class=\"view-article\" href=\"https:\/\/www.ntf.uni-lj.si\/ntf\/news\/naknadni-razpis-za-odhod-na-erasmus-studijsko-izmenjavo-poletni-semester-2025-2026-eu-in-izven-eu\/\">Read more<\/a>","protected":false},"author":51,"featured_media":0,"parent":7136,"menu_order":98,"comment_status":"closed","ping_status":"closed","template":"","meta":[],"acf":[],"yoast_head":"<!-- This site is optimized with the Yoast SEO plugin v17.0 - https:\/\/yoast.com\/wordpress\/plugins\/seo\/ -->\n<meta name=\"robots\" content=\"index, follow, max-snippet:-1, max-image-preview:large, max-video-preview:-1\" \/>\n<link rel=\"canonical\" href=\"https:\/\/www.ntf.uni-lj.si\/ntf\/studij\/mednarodna-izmenjava\/erasmus\/studijska-izmenjava\/\" \/>\n<meta property=\"og:locale\" content=\"en_US\" \/>\n<meta property=\"og:type\" content=\"article\" \/>\n<meta property=\"og:title\" content=\"Erasmus+ \u0161tudijska izmenjava - NTF\" \/>\n<meta property=\"og:description\" content=\"Na tej strani, spodaj, najdete vse informacije v zvezi z Erasmus+ \u0161tudijsko izmenjavo&#8230; tudi KIP (BIP)! Aktualna obvestila O izmenjavi DOLGORO\u010cNA MOBILNOST \u0160TUDENTOV Z NAMENOM \u0160TUDIJA Program Erasmus+ \u0161tudentu omogo\u010da, da del rednih \u0161tudijskih obveznosti na kateri koli stopnji \u0161tudija (vklju\u010dujo\u010d pripravo diplomskih, magistrskih ali doktorskih nalog, a izklju\u010dujo\u010d raziskovalno delo, ki ni neposredna \u0161tudijska ... Read more\" \/>\n<meta property=\"og:url\" content=\"https:\/\/www.ntf.uni-lj.si\/ntf\/studij\/mednarodna-izmenjava\/erasmus\/studijska-izmenjava\/\" \/>\n<meta property=\"og:site_name\" content=\"NTF\" \/>\n<meta property=\"article:modified_time\" content=\"2026-01-14T11:37:35+00:00\" \/>\n<meta property=\"og:image\" content=\"https:\/\/www.ntf.uni-lj.si\/ntf\/wp-content\/uploads\/sites\/2\/2024\/01\/signal-2024-01-03-13-21-41-716.jpg\" \/>\n<meta name=\"twitter:label1\" content=\"Est. reading time\" \/>\n\t<meta name=\"twitter:data1\" content=\"3 minutes\" \/>\n<script type=\"application\/ld+json\" class=\"yoast-schema-graph\">{\"@context\":\"https:\/\/schema.org\",\"@graph\":[{\"@type\":\"WebSite\",\"@id\":\"https:\/\/www.ntf.uni-lj.si\/ntf\/#website\",\"url\":\"https:\/\/www.ntf.uni-lj.si\/ntf\/\",\"name\":\"NTF\",\"description\":\"Naravoslovnotehni\\u0161ka fakulteta\",\"potentialAction\":[{\"@type\":\"SearchAction\",\"target\":{\"@type\":\"EntryPoint\",\"urlTemplate\":\"https:\/\/www.ntf.uni-lj.si\/ntf\/?s={search_term_string}\"},\"query-input\":\"required name=search_term_string\"}],\"inLanguage\":\"en-US\"},{\"@type\":\"ImageObject\",\"@id\":\"https:\/\/www.ntf.uni-lj.si\/ntf\/studij\/mednarodna-izmenjava\/erasmus\/studijska-izmenjava\/#primaryimage\",\"inLanguage\":\"en-US\",\"url\":\"https:\/\/www.ntf.uni-lj.si\/ntf\/wp-content\/uploads\/sites\/2\/2024\/01\/signal-2024-01-03-13-21-41-716.jpg\",\"contentUrl\":\"https:\/\/www.ntf.uni-lj.si\/ntf\/wp-content\/uploads\/sites\/2\/2024\/01\/signal-2024-01-03-13-21-41-716.jpg\",\"width\":1600,\"height\":1069},{\"@type\":\"WebPage\",\"@id\":\"https:\/\/www.ntf.uni-lj.si\/ntf\/studij\/mednarodna-izmenjava\/erasmus\/studijska-izmenjava\/#webpage\",\"url\":\"https:\/\/www.ntf.uni-lj.si\/ntf\/studij\/mednarodna-izmenjava\/erasmus\/studijska-izmenjava\/\",\"name\":\"Erasmus+ \\u0161tudijska izmenjava - NTF\",\"isPartOf\":{\"@id\":\"https:\/\/www.ntf.uni-lj.si\/ntf\/#website\"},\"primaryImageOfPage\":{\"@id\":\"https:\/\/www.ntf.uni-lj.si\/ntf\/studij\/mednarodna-izmenjava\/erasmus\/studijska-izmenjava\/#primaryimage\"},\"datePublished\":\"2016-12-20T10:07:55+00:00\",\"dateModified\":\"2026-01-14T11:37:35+00:00\",\"breadcrumb\":{\"@id\":\"https:\/\/www.ntf.uni-lj.si\/ntf\/studij\/mednarodna-izmenjava\/erasmus\/studijska-izmenjava\/#breadcrumb\"},\"inLanguage\":\"en-US\",\"potentialAction\":[{\"@type\":\"ReadAction\",\"target\":[\"https:\/\/www.ntf.uni-lj.si\/ntf\/studij\/mednarodna-izmenjava\/erasmus\/studijska-izmenjava\/\"]}]},{\"@type\":\"BreadcrumbList\",\"@id\":\"https:\/\/www.ntf.uni-lj.si\/ntf\/studij\/mednarodna-izmenjava\/erasmus\/studijska-izmenjava\/#breadcrumb\",\"itemListElement\":[{\"@type\":\"ListItem\",\"position\":1,\"name\":\"Domov\",\"item\":\"https:\/\/www.ntf.uni-lj.si\/ntf\/\"},{\"@type\":\"ListItem\",\"position\":2,\"name\":\"\\u0160tudij\",\"item\":\"https:\/\/www.ntf.uni-lj.si\/ntf\/studij\/\"},{\"@type\":\"ListItem\",\"position\":3,\"name\":\"Mednarodna izmenjava\",\"item\":\"https:\/\/www.ntf.uni-lj.si\/ntf\/studij\/mednarodna-izmenjava\/\"},{\"@type\":\"ListItem\",\"position\":4,\"name\":\"Erasmus+\",\"item\":\"https:\/\/www.ntf.uni-lj.si\/ntf\/studij\/mednarodna-izmenjava\/erasmus\/\"},{\"@type\":\"ListItem\",\"position\":5,\"name\":\"Erasmus+ \\u0161tudijska izmenjava\"}]}]}<\/script>\n<!-- \/ Yoast SEO plugin. -->","yoast_head_json":{"robots":{"index":"index","follow":"follow","max-snippet":"max-snippet:-1","max-image-preview":"max-image-preview:large","max-video-preview":"max-video-preview:-1"},"canonical":"https:\/\/www.ntf.uni-lj.si\/ntf\/studij\/mednarodna-izmenjava\/erasmus\/studijska-izmenjava\/","og_locale":"en_US","og_type":"article","og_title":"Erasmus+ \u0161tudijska izmenjava - NTF","og_description":"Na tej strani, spodaj, najdete vse informacije v zvezi z Erasmus+ \u0161tudijsko izmenjavo&#8230; tudi KIP (BIP)! Aktualna obvestila O izmenjavi DOLGORO\u010cNA MOBILNOST \u0160TUDENTOV Z NAMENOM \u0160TUDIJA Program Erasmus+ \u0161tudentu omogo\u010da, da del rednih \u0161tudijskih obveznosti na kateri koli stopnji \u0161tudija (vklju\u010dujo\u010d pripravo diplomskih, magistrskih ali doktorskih nalog, a izklju\u010dujo\u010d raziskovalno delo, ki ni neposredna \u0161tudijska ... Read more","og_url":"https:\/\/www.ntf.uni-lj.si\/ntf\/studij\/mednarodna-izmenjava\/erasmus\/studijska-izmenjava\/","og_site_name":"NTF","article_modified_time":"2026-01-14T11:37:35+00:00","og_image":[{"url":"https:\/\/www.ntf.uni-lj.si\/ntf\/wp-content\/uploads\/sites\/2\/2024\/01\/signal-2024-01-03-13-21-41-716.jpg"}],"twitter_misc":{"Est. reading time":"3 minutes"},"schema":{"@context":"https:\/\/schema.org","@graph":[{"@type":"WebSite","@id":"https:\/\/www.ntf.uni-lj.si\/ntf\/#website","url":"https:\/\/www.ntf.uni-lj.si\/ntf\/","name":"NTF","description":"Naravoslovnotehni\u0161ka fakulteta","potentialAction":[{"@type":"SearchAction","target":{"@type":"EntryPoint","urlTemplate":"https:\/\/www.ntf.uni-lj.si\/ntf\/?s={search_term_string}"},"query-input":"required name=search_term_string"}],"inLanguage":"en-US"},{"@type":"ImageObject","@id":"https:\/\/www.ntf.uni-lj.si\/ntf\/studij\/mednarodna-izmenjava\/erasmus\/studijska-izmenjava\/#primaryimage","inLanguage":"en-US","url":"https:\/\/www.ntf.uni-lj.si\/ntf\/wp-content\/uploads\/sites\/2\/2024\/01\/signal-2024-01-03-13-21-41-716.jpg","contentUrl":"https:\/\/www.ntf.uni-lj.si\/ntf\/wp-content\/uploads\/sites\/2\/2024\/01\/signal-2024-01-03-13-21-41-716.jpg","width":1600,"height":1069},{"@type":"WebPage","@id":"https:\/\/www.ntf.uni-lj.si\/ntf\/studij\/mednarodna-izmenjava\/erasmus\/studijska-izmenjava\/#webpage","url":"https:\/\/www.ntf.uni-lj.si\/ntf\/studij\/mednarodna-izmenjava\/erasmus\/studijska-izmenjava\/","name":"Erasmus+ \u0161tudijska izmenjava - NTF","isPartOf":{"@id":"https:\/\/www.ntf.uni-lj.si\/ntf\/#website"},"primaryImageOfPage":{"@id":"https:\/\/www.ntf.uni-lj.si\/ntf\/studij\/mednarodna-izmenjava\/erasmus\/studijska-izmenjava\/#primaryimage"},"datePublished":"2016-12-20T10:07:55+00:00","dateModified":"2026-01-14T11:37:35+00:00","breadcrumb":{"@id":"https:\/\/www.ntf.uni-lj.si\/ntf\/studij\/mednarodna-izmenjava\/erasmus\/studijska-izmenjava\/#breadcrumb"},"inLanguage":"en-US","potentialAction":[{"@type":"ReadAction","target":["https:\/\/www.ntf.uni-lj.si\/ntf\/studij\/mednarodna-izmenjava\/erasmus\/studijska-izmenjava\/"]}]},{"@type":"BreadcrumbList","@id":"https:\/\/www.ntf.uni-lj.si\/ntf\/studij\/mednarodna-izmenjava\/erasmus\/studijska-izmenjava\/#breadcrumb","itemListElement":[{"@type":"ListItem","position":1,"name":"Domov","item":"https:\/\/www.ntf.uni-lj.si\/ntf\/"},{"@type":"ListItem","position":2,"name":"\u0160tudij","item":"https:\/\/www.ntf.uni-lj.si\/ntf\/studij\/"},{"@type":"ListItem","position":3,"name":"Mednarodna izmenjava","item":"https:\/\/www.ntf.uni-lj.si\/ntf\/studij\/mednarodna-izmenjava\/"},{"@type":"ListItem","position":4,"name":"Erasmus+","item":"https:\/\/www.ntf.uni-lj.si\/ntf\/studij\/mednarodna-izmenjava\/erasmus\/"},{"@type":"ListItem","position":5,"name":"Erasmus+ \u0161tudijska izmenjava"}]}]}},"_links":{"self":[{"href":"https:\/\/www.ntf.uni-lj.si\/ntf\/wp-json\/wp\/v2\/pages\/6717"}],"collection":[{"href":"https:\/\/www.ntf.uni-lj.si\/ntf\/wp-json\/wp\/v2\/pages"}],"about":[{"href":"https:\/\/www.ntf.uni-lj.si\/ntf\/wp-json\/wp\/v2\/types\/page"}],"author":[{"embeddable":true,"href":"https:\/\/www.ntf.uni-lj.si\/ntf\/wp-json\/wp\/v2\/users\/51"}],"replies":[{"embeddable":true,"href":"https:\/\/www.ntf.uni-lj.si\/ntf\/wp-json\/wp\/v2\/comments?post=6717"}],"version-history":[{"count":198,"href":"https:\/\/www.ntf.uni-lj.si\/ntf\/wp-json\/wp\/v2\/pages\/6717\/revisions"}],"predecessor-version":[{"id":32097,"href":"https:\/\/www.ntf.uni-lj.si\/ntf\/wp-json\/wp\/v2\/pages\/6717\/revisions\/32097"}],"up":[{"embeddable":true,"href":"https:\/\/www.ntf.uni-lj.si\/ntf\/wp-json\/wp\/v2\/pages\/7136"}],"wp:attachment":[{"href":"https:\/\/www.ntf.uni-lj.si\/ntf\/wp-json\/wp\/v2\/media?parent=6717"}],"curies":[{"name":"wp","href":"https:\/\/api.w.org\/{rel}","templated":true}]}}