{"id":4487,"date":"2018-05-17T08:57:14","date_gmt":"2018-05-17T06:57:14","guid":{"rendered":"http:\/\/www.ntf.uni-lj.si\/og\/?post_type=event&#038;p=4487"},"modified":"2018-05-17T09:01:51","modified_gmt":"2018-05-17T07:01:51","slug":"konferenca-evropskih-projektov-proline-ce-in-camaro-d","status":"publish","type":"event","link":"https:\/\/www.ntf.uni-lj.si\/og\/event\/konferenca-evropskih-projektov-proline-ce-in-camaro-d\/","title":{"rendered":"Konferenca evropskih projektov PROLINE-CE in CAMARO-D"},"content":{"rendered":"<p>V okviru evropskih projektov\u00a0PROLINE-CE\u00a0in\u00a0CAMARO-D,\u00a0bomo\u00a013. 6. 2018\u00a0organizirali konferenco, ki bo potekala\u00a0v\u00a0konferen\u010dni dvorani City Hotela v\u00a0Ljubljani; sprejem bo ve\u010der pred dogodkom v Cekinovem gradu.<br \/>\n<strong>Projekt PROLINE-CE<\/strong>\u00a0(U\u010dinkovite prakse upravljanja s prostorom z vklju\u010devanjem za\u0161\u010dite vodnih virov in negradbenih protipoplavnih ukrepov) se osredoto\u010da na priprave transnacionalnih smernic v zvezi z u\u010dinkovito za\u0161\u010dito virov pitne vode. Klju\u010dni cilji projekta v zvezi z rabo prostora in z upravljanjem vodnih virov pitne vode so: (1) za\u0161\u010dita virov pitne vode, (2) medsebojno povezovanje navzkri\u017enih interesov rabe zemlji\u0161\u010d, varstva okolja in za\u0161\u010dita vodnih virov, (3) zmanj\u0161evanje vplivov poplav in su\u0161 na vire pitne vode, (4) prilagajanja podnebnim spremembam. Slednje se lahko dose\u017ee le s trajnostno in ustrezno rabo prostora ter z ukrepi, katerih cilj je ubla\u017eitev posledic podnebnih sprememb kot so su\u0161e in poplave, kakor tudi zmanj\u0161anje njihove pojavnosti.\u00a0Novo izdelani ukrepi se bodo izvajali in testirali na pilotnih aktivnostih projekta. Pilotno obmo\u010dje projekta je pore\u010dje reke Glin\u0161\u010dice.<\/p>\n<p>Ve\u010d informacij:\u00a0<a href=\"http:\/\/www.interreg-central. eu\/Content.Node\/PROLINE-CE. html in http:\/\/proline-ce.fgg.uni-lj. si\/\">http:\/\/www.interreg-central. eu\/Content.Node\/PROLINE-CE. html\u00a0 in\u00a0\u00a0http:\/\/proline-ce.fgg.uni-lj. si\/<\/a>.<\/p>\n<p>Cij\u00a0projekta CAMARO-D\u00a0(Sodelovanje dele\u017enikov pri uvajanju naprednih praks gospodarjenja s prostorom z vidika vplivov na vodni re\u017eim v povodju Donave) je razviti celovita priporo\u010dila in predloge za napredne strate\u0161ke usmeritve za izdelavo in izvajanje prostorski na\u010drtov, ki bodo upo\u0161tevale zakonitosti posameznega pore\u010dja.\u00a0 Obstoje\u010da intenzivna raba prostora ima namre\u010d pogosto posledice in negativne vplive na vode.\u00a0 V okviru projekta bomo z vklju\u010devanjem dele\u017enikov in interesnih skupin izdelali transnacionalne smernice z namenom usmeriti odlo\u010devalce na posameznem obmo\u010dju v sodelovanje in upo\u0161tevanje razli\u010dnih rab prostora (upravljanje z vodami, javna oskrba s pitno vodo, kmetijstvo, gospodarjenje z gozdom, varovanje narave in prostorsko na\u010drtovanje), kar vodi v izbolj\u0161anje obstoje\u010de za\u0161\u010dite vodnih virov in bolj\u0161o za\u0161\u010dito pred poplavami. Pilotno obmo\u010dje projekta je pore\u010dje reke I\u0161ke in vodonosnik I\u0161kega vr\u0161aja (vodarna Brest).<\/p>\n<p>Ve\u010d informacij:\u00a0<a href=\"http:\/\/www.interreg-danube.eu\/ approved-projects\/camaro-d\">http:\/\/www.interreg-danube.eu\/ approved-projects\/camaro-d<\/a><br \/>\nVljudno vabljeni!<\/p>\n<p><a href=\"http:\/\/www.ntf.uni-lj.si\/og\/event\/konferenca-evropskih-projektov-proline-ce-in-camaro-d\/interreg_midtermconference_proline-ce_camaro-d_final_programme\/\" rel=\"attachment wp-att-4491\">INTERREG_MidTermConference_PROLINE-CE_CAMARO-D_final_programme<\/a><\/p>\n<p><a href=\"http:\/\/www.ntf.uni-lj.si\/og\/event\/konferenca-evropskih-projektov-proline-ce-in-camaro-d\/proline_ce_programme_round_table_01_20180612\/\" rel=\"attachment wp-att-4493\">PROLINE_CE_programme_round_Table_01_20180612<\/a><\/p>\n","protected":false},"excerpt":{"rendered":"V okviru evropskih projektov\u00a0PROLINE-CE\u00a0in\u00a0CAMARO-D,\u00a0bomo\u00a013. 6. 2018\u00a0organizirali konferenco, ki bo potekala\u00a0v\u00a0konferen\u010dni dvorani City Hotela v\u00a0Ljubljani; sprejem bo ve\u010der pred dogodkom v Cekinovem gradu. Projekt PROLINE-CE\u00a0(U\u010dinkovite prakse upravljanja s prostorom z vklju\u010devanjem za\u0161\u010dite vodnih virov in negradbenih protipoplavnih ukrepov) se osredoto\u010da na priprave transnacionalnih smernic v zvezi z u\u010dinkovito za\u0161\u010dito virov pitne vode. Klju\u010dni cilji projekta v &#8230; <a class=\"view-article\" href=\"https:\/\/www.ntf.uni-lj.si\/og\/event\/konferenca-evropskih-projektov-proline-ce-in-camaro-d\/\">Read more<\/a>","protected":false},"author":37,"featured_media":4489,"template":"","acf":[],"yoast_head":"<!-- This site is optimized with the Yoast SEO plugin v17.0 - https:\/\/yoast.com\/wordpress\/plugins\/seo\/ -->\n<meta name=\"robots\" content=\"index, follow, max-snippet:-1, max-image-preview:large, max-video-preview:-1\" \/>\n<link rel=\"canonical\" href=\"https:\/\/www.ntf.uni-lj.si\/og\/event\/konferenca-evropskih-projektov-proline-ce-in-camaro-d\/\" \/>\n<meta property=\"og:locale\" content=\"en_US\" \/>\n<meta property=\"og:type\" content=\"article\" \/>\n<meta property=\"og:title\" content=\"Konferenca evropskih projektov PROLINE-CE in CAMARO-D - OG\" \/>\n<meta property=\"og:description\" content=\"V okviru evropskih projektov\u00a0PROLINE-CE\u00a0in\u00a0CAMARO-D,\u00a0bomo\u00a013. 6. 2018\u00a0organizirali konferenco, ki bo potekala\u00a0v\u00a0konferen\u010dni dvorani City Hotela v\u00a0Ljubljani; sprejem bo ve\u010der pred dogodkom v Cekinovem gradu. Projekt PROLINE-CE\u00a0(U\u010dinkovite prakse upravljanja s prostorom z vklju\u010devanjem za\u0161\u010dite vodnih virov in negradbenih protipoplavnih ukrepov) se osredoto\u010da na priprave transnacionalnih smernic v zvezi z u\u010dinkovito za\u0161\u010dito virov pitne vode. Klju\u010dni cilji projekta v ... Read more\" \/>\n<meta property=\"og:url\" content=\"https:\/\/www.ntf.uni-lj.si\/og\/event\/konferenca-evropskih-projektov-proline-ce-in-camaro-d\/\" \/>\n<meta property=\"og:site_name\" content=\"OG\" \/>\n<meta property=\"article:modified_time\" content=\"2018-05-17T07:01:51+00:00\" \/>\n<meta property=\"og:image\" content=\"https:\/\/www.ntf.uni-lj.si\/og\/wp-content\/uploads\/sites\/3\/2018\/05\/jkj.jpg\" \/>\n\t<meta property=\"og:image:width\" content=\"1102\" \/>\n\t<meta property=\"og:image:height\" content=\"323\" \/>\n<meta name=\"twitter:label1\" content=\"Est. reading time\" \/>\n\t<meta name=\"twitter:data1\" content=\"2 minutes\" \/>\n<script type=\"application\/ld+json\" class=\"yoast-schema-graph\">{\"@context\":\"https:\/\/schema.org\",\"@graph\":[{\"@type\":\"WebSite\",\"@id\":\"https:\/\/www.ntf.uni-lj.si\/og\/#website\",\"url\":\"https:\/\/www.ntf.uni-lj.si\/og\/\",\"name\":\"OG\",\"description\":\"Oddelek za geologijo\",\"potentialAction\":[{\"@type\":\"SearchAction\",\"target\":{\"@type\":\"EntryPoint\",\"urlTemplate\":\"https:\/\/www.ntf.uni-lj.si\/og\/?s={search_term_string}\"},\"query-input\":\"required name=search_term_string\"}],\"inLanguage\":\"en-US\"},{\"@type\":\"ImageObject\",\"@id\":\"https:\/\/www.ntf.uni-lj.si\/og\/event\/konferenca-evropskih-projektov-proline-ce-in-camaro-d\/#primaryimage\",\"inLanguage\":\"en-US\",\"url\":\"https:\/\/www.ntf.uni-lj.si\/og\/wp-content\/uploads\/sites\/3\/2018\/05\/jkj.jpg\",\"contentUrl\":\"https:\/\/www.ntf.uni-lj.si\/og\/wp-content\/uploads\/sites\/3\/2018\/05\/jkj.jpg\",\"width\":1102,\"height\":323},{\"@type\":\"WebPage\",\"@id\":\"https:\/\/www.ntf.uni-lj.si\/og\/event\/konferenca-evropskih-projektov-proline-ce-in-camaro-d\/#webpage\",\"url\":\"https:\/\/www.ntf.uni-lj.si\/og\/event\/konferenca-evropskih-projektov-proline-ce-in-camaro-d\/\",\"name\":\"Konferenca evropskih projektov PROLINE-CE in CAMARO-D - OG\",\"isPartOf\":{\"@id\":\"https:\/\/www.ntf.uni-lj.si\/og\/#website\"},\"primaryImageOfPage\":{\"@id\":\"https:\/\/www.ntf.uni-lj.si\/og\/event\/konferenca-evropskih-projektov-proline-ce-in-camaro-d\/#primaryimage\"},\"datePublished\":\"2018-05-17T06:57:14+00:00\",\"dateModified\":\"2018-05-17T07:01:51+00:00\",\"breadcrumb\":{\"@id\":\"https:\/\/www.ntf.uni-lj.si\/og\/event\/konferenca-evropskih-projektov-proline-ce-in-camaro-d\/#breadcrumb\"},\"inLanguage\":\"en-US\",\"potentialAction\":[{\"@type\":\"ReadAction\",\"target\":[\"https:\/\/www.ntf.uni-lj.si\/og\/event\/konferenca-evropskih-projektov-proline-ce-in-camaro-d\/\"]}]},{\"@type\":\"BreadcrumbList\",\"@id\":\"https:\/\/www.ntf.uni-lj.si\/og\/event\/konferenca-evropskih-projektov-proline-ce-in-camaro-d\/#breadcrumb\",\"itemListElement\":[{\"@type\":\"ListItem\",\"position\":1,\"name\":\"Home\",\"item\":\"https:\/\/www.ntf.uni-lj.si\/og\/\"},{\"@type\":\"ListItem\",\"position\":2,\"name\":\"Dogodki\",\"item\":\"https:\/\/www.ntf.uni-lj.si\/og\/event\/\"},{\"@type\":\"ListItem\",\"position\":3,\"name\":\"Konferenca evropskih projektov PROLINE-CE in CAMARO-D\"}]}]}<\/script>\n<!-- \/ Yoast SEO plugin. -->","yoast_head_json":{"robots":{"index":"index","follow":"follow","max-snippet":"max-snippet:-1","max-image-preview":"max-image-preview:large","max-video-preview":"max-video-preview:-1"},"canonical":"https:\/\/www.ntf.uni-lj.si\/og\/event\/konferenca-evropskih-projektov-proline-ce-in-camaro-d\/","og_locale":"en_US","og_type":"article","og_title":"Konferenca evropskih projektov PROLINE-CE in CAMARO-D - OG","og_description":"V okviru evropskih projektov\u00a0PROLINE-CE\u00a0in\u00a0CAMARO-D,\u00a0bomo\u00a013. 6. 2018\u00a0organizirali konferenco, ki bo potekala\u00a0v\u00a0konferen\u010dni dvorani City Hotela v\u00a0Ljubljani; sprejem bo ve\u010der pred dogodkom v Cekinovem gradu. Projekt PROLINE-CE\u00a0(U\u010dinkovite prakse upravljanja s prostorom z vklju\u010devanjem za\u0161\u010dite vodnih virov in negradbenih protipoplavnih ukrepov) se osredoto\u010da na priprave transnacionalnih smernic v zvezi z u\u010dinkovito za\u0161\u010dito virov pitne vode. Klju\u010dni cilji projekta v ... Read more","og_url":"https:\/\/www.ntf.uni-lj.si\/og\/event\/konferenca-evropskih-projektov-proline-ce-in-camaro-d\/","og_site_name":"OG","article_modified_time":"2018-05-17T07:01:51+00:00","og_image":[{"width":1102,"height":323,"url":"https:\/\/www.ntf.uni-lj.si\/og\/wp-content\/uploads\/sites\/3\/2018\/05\/jkj.jpg","path":"\/web\/html\/ntf\/public_html\/wp-content\/uploads\/sites\/3\/2018\/05\/jkj.jpg","size":"full","id":4489,"alt":"","pixels":355946,"type":"image\/jpeg"}],"twitter_misc":{"Est. reading time":"2 minutes"},"schema":{"@context":"https:\/\/schema.org","@graph":[{"@type":"WebSite","@id":"https:\/\/www.ntf.uni-lj.si\/og\/#website","url":"https:\/\/www.ntf.uni-lj.si\/og\/","name":"OG","description":"Oddelek za geologijo","potentialAction":[{"@type":"SearchAction","target":{"@type":"EntryPoint","urlTemplate":"https:\/\/www.ntf.uni-lj.si\/og\/?s={search_term_string}"},"query-input":"required name=search_term_string"}],"inLanguage":"en-US"},{"@type":"ImageObject","@id":"https:\/\/www.ntf.uni-lj.si\/og\/event\/konferenca-evropskih-projektov-proline-ce-in-camaro-d\/#primaryimage","inLanguage":"en-US","url":"https:\/\/www.ntf.uni-lj.si\/og\/wp-content\/uploads\/sites\/3\/2018\/05\/jkj.jpg","contentUrl":"https:\/\/www.ntf.uni-lj.si\/og\/wp-content\/uploads\/sites\/3\/2018\/05\/jkj.jpg","width":1102,"height":323},{"@type":"WebPage","@id":"https:\/\/www.ntf.uni-lj.si\/og\/event\/konferenca-evropskih-projektov-proline-ce-in-camaro-d\/#webpage","url":"https:\/\/www.ntf.uni-lj.si\/og\/event\/konferenca-evropskih-projektov-proline-ce-in-camaro-d\/","name":"Konferenca evropskih projektov PROLINE-CE in CAMARO-D - OG","isPartOf":{"@id":"https:\/\/www.ntf.uni-lj.si\/og\/#website"},"primaryImageOfPage":{"@id":"https:\/\/www.ntf.uni-lj.si\/og\/event\/konferenca-evropskih-projektov-proline-ce-in-camaro-d\/#primaryimage"},"datePublished":"2018-05-17T06:57:14+00:00","dateModified":"2018-05-17T07:01:51+00:00","breadcrumb":{"@id":"https:\/\/www.ntf.uni-lj.si\/og\/event\/konferenca-evropskih-projektov-proline-ce-in-camaro-d\/#breadcrumb"},"inLanguage":"en-US","potentialAction":[{"@type":"ReadAction","target":["https:\/\/www.ntf.uni-lj.si\/og\/event\/konferenca-evropskih-projektov-proline-ce-in-camaro-d\/"]}]},{"@type":"BreadcrumbList","@id":"https:\/\/www.ntf.uni-lj.si\/og\/event\/konferenca-evropskih-projektov-proline-ce-in-camaro-d\/#breadcrumb","itemListElement":[{"@type":"ListItem","position":1,"name":"Home","item":"https:\/\/www.ntf.uni-lj.si\/og\/"},{"@type":"ListItem","position":2,"name":"Dogodki","item":"https:\/\/www.ntf.uni-lj.si\/og\/event\/"},{"@type":"ListItem","position":3,"name":"Konferenca evropskih projektov PROLINE-CE in CAMARO-D"}]}]}},"_links":{"self":[{"href":"https:\/\/www.ntf.uni-lj.si\/og\/wp-json\/wp\/v2\/event\/4487"}],"collection":[{"href":"https:\/\/www.ntf.uni-lj.si\/og\/wp-json\/wp\/v2\/event"}],"about":[{"href":"https:\/\/www.ntf.uni-lj.si\/og\/wp-json\/wp\/v2\/types\/event"}],"author":[{"embeddable":true,"href":"https:\/\/www.ntf.uni-lj.si\/og\/wp-json\/wp\/v2\/users\/37"}],"version-history":[{"count":4,"href":"https:\/\/www.ntf.uni-lj.si\/og\/wp-json\/wp\/v2\/event\/4487\/revisions"}],"predecessor-version":[{"id":4494,"href":"https:\/\/www.ntf.uni-lj.si\/og\/wp-json\/wp\/v2\/event\/4487\/revisions\/4494"}],"wp:featuredmedia":[{"embeddable":true,"href":"https:\/\/www.ntf.uni-lj.si\/og\/wp-json\/wp\/v2\/media\/4489"}],"wp:attachment":[{"href":"https:\/\/www.ntf.uni-lj.si\/og\/wp-json\/wp\/v2\/media?parent=4487"}],"curies":[{"name":"wp","href":"https:\/\/api.w.org\/{rel}","templated":true}]}}