{"id":8008,"date":"2023-09-25T11:05:27","date_gmt":"2023-09-25T09:05:27","guid":{"rendered":"https:\/\/www.ntf.uni-lj.si\/og\/?post_type=event&#038;p=8008"},"modified":"2023-09-25T11:23:35","modified_gmt":"2023-09-25T09:23:35","slug":"odprtje-razstave-geopestrost-zgodbe-nezive-narave","status":"publish","type":"event","link":"https:\/\/www.ntf.uni-lj.si\/og\/event\/odprtje-razstave-geopestrost-zgodbe-nezive-narave\/","title":{"rendered":"Odprtje razstave GEOPESTROST \u2013 zgodbe ne\u017eive narave"},"content":{"rendered":"<p data-ogsc=\"\"><span lang=\"sl\" data-ogsc=\"\">Lepo vabljeni na odprtje razstave \u201c<strong>GEOPESTROST \u2013 zgodbe ne\u017eive narave<\/strong>\u201d v petek,<strong> 6. oktobra<\/strong> ob <strong>13. uri<\/strong> v stavbi Montanistika (A\u0161ker\u010deva 12).<\/span><span lang=\"sl\" data-ogsc=\"\">\u00a0<\/span><\/p>\n<p data-ogsc=\"\"><span lang=\"sl\" data-ogsc=\"\">Razstava je pripravljena z namenom obele\u017eitve\u00a0<b data-ogsc=\"\">2. mednarodnega dneva geopestrosti<\/b>. Da bi poudarila pomembno vlogo geopestrosti za trajnostno upravljanje celotnega planeta in za dobrobit ljudi, je Generalna skup\u0161\u010dina Unesca v Parizu\u00a06. oktober razglasila za Mednarodni dan geopestrosti. Dan geopestrosti je prilo\u017enost za ozave\u0161\u010danje javnosti o pomenu geolo\u0161ke raznovrstnosti pri razumevanju in upravljanju geolo\u0161ke naravne dedi\u0161\u010dine.\u00a0<\/span><\/p>\n<p data-ogsc=\"\"><u data-ogsc=\"\"><span lang=\"sl\" data-ogsc=\"\">Spored dogajanja dne 6. oktobra 2023:<\/span><span lang=\"sl\" data-ogsc=\"\"><span data-ogsc=\"\">\u00a0<\/span><\/span><\/u><\/p>\n<p data-ogsc=\"\"><span lang=\"sl\" data-ogsc=\"\">13:00 \u2013 Uvodni nagovori in predstavitev dneva geopestrosti (glavna avla Montanistike, A\u0161ker\u010deva 12, Ljubljana)\u00a0<\/span><span lang=\"sl\" data-ogsc=\"\"><span data-ogsc=\"\">\u00a0<\/span><\/span><\/p>\n<p data-ogsc=\"\"><span lang=\"sl\" data-ogsc=\"\">13:10 \u2013 Geopestrost Montanistike (glavna avla Montanistike, A\u0161ker\u010deva 12, Ljubljana)\u00a0<\/span><span lang=\"sl\" data-ogsc=\"\"><span data-ogsc=\"\">\u00a0<\/span><\/span><\/p>\n<p data-ogsc=\"\"><span lang=\"sl\" data-ogsc=\"\">13.30 \u2013 Uradna otvoritev razstave \u201cGeopestrost \u2013 zgodbe ne\u017eive narave\u201d (Galerija Mitnica, Sne\u017eni\u0161ka 5, Ljubljana)\u00a0<\/span><span lang=\"sl\" data-ogsc=\"\"><span data-ogsc=\"\">\u00a0<\/span><\/span><\/p>\n<p><b data-ogsc=\"\"><span lang=\"sl\" data-ogsc=\"\">Razstava bo v Galeriji Mitnica na ogled do 9. novembra 2023.<\/span><\/b><\/p>\n<p><a href=\"https:\/\/www.ntf.uni-lj.si\/og\/wp-content\/uploads\/sites\/3\/2023\/09\/image.jpg\"><img loading=\"lazy\" class=\"alignnone wp-image-8009\" src=\"https:\/\/www.ntf.uni-lj.si\/og\/wp-content\/uploads\/sites\/3\/2023\/09\/image.jpg\" alt=\"\" width=\"698\" height=\"459\" srcset=\"https:\/\/www.ntf.uni-lj.si\/og\/wp-content\/uploads\/sites\/3\/2023\/09\/image.jpg 1984w, https:\/\/www.ntf.uni-lj.si\/og\/wp-content\/uploads\/sites\/3\/2023\/09\/image-300x197.jpg 300w, https:\/\/www.ntf.uni-lj.si\/og\/wp-content\/uploads\/sites\/3\/2023\/09\/image-1024x673.jpg 1024w, https:\/\/www.ntf.uni-lj.si\/og\/wp-content\/uploads\/sites\/3\/2023\/09\/image-768x505.jpg 768w, https:\/\/www.ntf.uni-lj.si\/og\/wp-content\/uploads\/sites\/3\/2023\/09\/image-1536x1010.jpg 1536w\" sizes=\"(max-width: 698px) 100vw, 698px\" \/><\/a><\/p>\n<p data-ogsc=\"\"><span lang=\"sl\" data-ogsc=\"\"><i data-ogsc=\"\">Na razstavi v Galeriji Mitnica (kiosk v parku na Sne\u017eni\u0161ki) bodo predstavljene fotografije in izbrani vzorci kamnin, ki ponazarjajo geopestrost, torej pestrost in povezanost ne\u017eive narave, od mineralov, fosilov, kamnin, tal in reliefnih oblik do vseh geolo\u0161kih, geomorfolo\u0161kih procesov in hidrolo\u0161kih pojavov.\u00a0<\/i><\/span><\/p>\n<p data-ogsc=\"\"><i data-ogsc=\"\"><span lang=\"sl\" data-ogsc=\"\">Fotografije so nastale v okviru foto nate\u010daja 6. Slovenskega geolo\u0161kega kongresa (<\/span><a id=\"OWAffe7e2a2-a8e0-1e52-b3f8-051bb98096d8\" href=\"https:\/\/www.geo-zs.si\/6SGK2022\/foto-natecaj\/\" target=\"_blank\" rel=\"noopener noreferrer\" data-auth=\"NotApplicable\" data-loopstyle=\"linkonly\" data-ogsc=\"\" data-linkindex=\"0\"><span lang=\"sl\" data-ogsc=\"\">https:\/\/www.geo-zs.si\/6SGK2022\/foto-natecaj\/<\/span><\/a><span lang=\"sl\" data-ogsc=\"\">) in so bile prvi\u010d predstavljene v Roga\u0161ki Slatini ob obele\u017eitvi 1. mednarodnega dneva geopestrosti na razstavi z naslovom \u00bbGeopestrost pred doma\u010dim pragom\u00ab. Geolo\u0161ko strokovno in tudi \u0161ir\u0161o javnost smo povabili, da na nate\u010daju sodelujejo s fotografijami posnetimi v Sloveniji, ki ponazarjajo geopestrost.\u00a0<\/span><\/i><\/p>\n<p data-ogsc=\"\"><span lang=\"sl\" data-ogsc=\"\"><i data-ogsc=\"\">Poleg fotografij so predstavljeni kamninski vzorci, ki so del Geolo\u0161ke zbirke Oddelka za geologijo v stavbi Montanistika na Naravoslovnotehni\u0161ki fakulteti. Opisi kamnin so del geolo\u0161ke razstave Litosfera, ki smo jo strokovno in grafi\u010dno zasnovali na Naravnoslovnotehni\u0161ki fakulteti.\u00a0<\/i><\/span><\/p>\n<p><span lang=\"sl\" data-ogsc=\"\"><i data-ogsc=\"\">Razstava je nastala v sodelovanju Oddelka za geologijo, Naravoslovnotehni\u0161ke fakultete Univerze v Ljubljani in Slovenskega geolo\u0161kega dru\u0161tva.\u00a0<\/i><\/span><\/p>\n","protected":false},"excerpt":{"rendered":"Lepo vabljeni na odprtje razstave \u201cGEOPESTROST \u2013 zgodbe ne\u017eive narave\u201d v petek, 6. oktobra ob 13. uri v stavbi Montanistika (A\u0161ker\u010deva 12).\u00a0 Razstava je pripravljena z namenom obele\u017eitve\u00a02. mednarodnega dneva geopestrosti. Da bi poudarila pomembno vlogo geopestrosti za trajnostno upravljanje celotnega planeta in za dobrobit ljudi, je Generalna skup\u0161\u010dina Unesca v Parizu\u00a06. oktober razglasila za &#8230; <a class=\"view-article\" href=\"https:\/\/www.ntf.uni-lj.si\/og\/event\/odprtje-razstave-geopestrost-zgodbe-nezive-narave\/\">Read more<\/a>","protected":false},"author":259,"featured_media":8013,"template":"","acf":[],"yoast_head":"<!-- This site is optimized with the Yoast SEO plugin v17.0 - https:\/\/yoast.com\/wordpress\/plugins\/seo\/ -->\n<meta name=\"robots\" content=\"index, follow, max-snippet:-1, max-image-preview:large, max-video-preview:-1\" \/>\n<link rel=\"canonical\" href=\"https:\/\/www.ntf.uni-lj.si\/og\/event\/odprtje-razstave-geopestrost-zgodbe-nezive-narave\/\" \/>\n<meta property=\"og:locale\" content=\"en_US\" \/>\n<meta property=\"og:type\" content=\"article\" \/>\n<meta property=\"og:title\" content=\"Odprtje razstave GEOPESTROST \u2013 zgodbe ne\u017eive narave - OG\" \/>\n<meta property=\"og:description\" content=\"Lepo vabljeni na odprtje razstave \u201cGEOPESTROST \u2013 zgodbe ne\u017eive narave\u201d v petek, 6. oktobra ob 13. uri v stavbi Montanistika (A\u0161ker\u010deva 12).\u00a0 Razstava je pripravljena z namenom obele\u017eitve\u00a02. mednarodnega dneva geopestrosti. Da bi poudarila pomembno vlogo geopestrosti za trajnostno upravljanje celotnega planeta in za dobrobit ljudi, je Generalna skup\u0161\u010dina Unesca v Parizu\u00a06. oktober razglasila za ... Read more\" \/>\n<meta property=\"og:url\" content=\"https:\/\/www.ntf.uni-lj.si\/og\/event\/odprtje-razstave-geopestrost-zgodbe-nezive-narave\/\" \/>\n<meta property=\"og:site_name\" content=\"OG\" \/>\n<meta property=\"article:modified_time\" content=\"2023-09-25T09:23:35+00:00\" \/>\n<meta property=\"og:image\" content=\"https:\/\/www.ntf.uni-lj.si\/og\/wp-content\/uploads\/sites\/3\/2023\/09\/image02.png\" \/>\n\t<meta property=\"og:image:width\" content=\"1984\" \/>\n\t<meta property=\"og:image:height\" content=\"1088\" \/>\n<meta name=\"twitter:label1\" content=\"Est. reading time\" \/>\n\t<meta name=\"twitter:data1\" content=\"2 minutes\" \/>\n<script type=\"application\/ld+json\" class=\"yoast-schema-graph\">{\"@context\":\"https:\/\/schema.org\",\"@graph\":[{\"@type\":\"WebSite\",\"@id\":\"https:\/\/www.ntf.uni-lj.si\/og\/#website\",\"url\":\"https:\/\/www.ntf.uni-lj.si\/og\/\",\"name\":\"OG\",\"description\":\"Oddelek za geologijo\",\"potentialAction\":[{\"@type\":\"SearchAction\",\"target\":{\"@type\":\"EntryPoint\",\"urlTemplate\":\"https:\/\/www.ntf.uni-lj.si\/og\/?s={search_term_string}\"},\"query-input\":\"required name=search_term_string\"}],\"inLanguage\":\"en-US\"},{\"@type\":\"ImageObject\",\"@id\":\"https:\/\/www.ntf.uni-lj.si\/og\/event\/odprtje-razstave-geopestrost-zgodbe-nezive-narave\/#primaryimage\",\"inLanguage\":\"en-US\",\"url\":\"https:\/\/www.ntf.uni-lj.si\/og\/wp-content\/uploads\/sites\/3\/2023\/09\/image02.png\",\"contentUrl\":\"https:\/\/www.ntf.uni-lj.si\/og\/wp-content\/uploads\/sites\/3\/2023\/09\/image02.png\",\"width\":1984,\"height\":1088},{\"@type\":\"WebPage\",\"@id\":\"https:\/\/www.ntf.uni-lj.si\/og\/event\/odprtje-razstave-geopestrost-zgodbe-nezive-narave\/#webpage\",\"url\":\"https:\/\/www.ntf.uni-lj.si\/og\/event\/odprtje-razstave-geopestrost-zgodbe-nezive-narave\/\",\"name\":\"Odprtje razstave GEOPESTROST \\u2013 zgodbe ne\\u017eive narave - OG\",\"isPartOf\":{\"@id\":\"https:\/\/www.ntf.uni-lj.si\/og\/#website\"},\"primaryImageOfPage\":{\"@id\":\"https:\/\/www.ntf.uni-lj.si\/og\/event\/odprtje-razstave-geopestrost-zgodbe-nezive-narave\/#primaryimage\"},\"datePublished\":\"2023-09-25T09:05:27+00:00\",\"dateModified\":\"2023-09-25T09:23:35+00:00\",\"breadcrumb\":{\"@id\":\"https:\/\/www.ntf.uni-lj.si\/og\/event\/odprtje-razstave-geopestrost-zgodbe-nezive-narave\/#breadcrumb\"},\"inLanguage\":\"en-US\",\"potentialAction\":[{\"@type\":\"ReadAction\",\"target\":[\"https:\/\/www.ntf.uni-lj.si\/og\/event\/odprtje-razstave-geopestrost-zgodbe-nezive-narave\/\"]}]},{\"@type\":\"BreadcrumbList\",\"@id\":\"https:\/\/www.ntf.uni-lj.si\/og\/event\/odprtje-razstave-geopestrost-zgodbe-nezive-narave\/#breadcrumb\",\"itemListElement\":[{\"@type\":\"ListItem\",\"position\":1,\"name\":\"Home\",\"item\":\"https:\/\/www.ntf.uni-lj.si\/og\/\"},{\"@type\":\"ListItem\",\"position\":2,\"name\":\"Dogodki\",\"item\":\"https:\/\/www.ntf.uni-lj.si\/og\/event\/\"},{\"@type\":\"ListItem\",\"position\":3,\"name\":\"Odprtje razstave GEOPESTROST \\u2013 zgodbe ne\\u017eive narave\"}]}]}<\/script>\n<!-- \/ Yoast SEO plugin. -->","yoast_head_json":{"robots":{"index":"index","follow":"follow","max-snippet":"max-snippet:-1","max-image-preview":"max-image-preview:large","max-video-preview":"max-video-preview:-1"},"canonical":"https:\/\/www.ntf.uni-lj.si\/og\/event\/odprtje-razstave-geopestrost-zgodbe-nezive-narave\/","og_locale":"en_US","og_type":"article","og_title":"Odprtje razstave GEOPESTROST \u2013 zgodbe ne\u017eive narave - OG","og_description":"Lepo vabljeni na odprtje razstave \u201cGEOPESTROST \u2013 zgodbe ne\u017eive narave\u201d v petek, 6. oktobra ob 13. uri v stavbi Montanistika (A\u0161ker\u010deva 12).\u00a0 Razstava je pripravljena z namenom obele\u017eitve\u00a02. mednarodnega dneva geopestrosti. Da bi poudarila pomembno vlogo geopestrosti za trajnostno upravljanje celotnega planeta in za dobrobit ljudi, je Generalna skup\u0161\u010dina Unesca v Parizu\u00a06. oktober razglasila za ... Read more","og_url":"https:\/\/www.ntf.uni-lj.si\/og\/event\/odprtje-razstave-geopestrost-zgodbe-nezive-narave\/","og_site_name":"OG","article_modified_time":"2023-09-25T09:23:35+00:00","og_image":[{"width":1984,"height":1088,"url":"https:\/\/www.ntf.uni-lj.si\/og\/wp-content\/uploads\/sites\/3\/2023\/09\/image02.png","path":"\/web\/html\/ntf\/public_html\/wp-content\/uploads\/sites\/3\/2023\/09\/image02.png","size":"full","id":8013,"alt":"","pixels":2158592,"type":"image\/png"}],"twitter_misc":{"Est. reading time":"2 minutes"},"schema":{"@context":"https:\/\/schema.org","@graph":[{"@type":"WebSite","@id":"https:\/\/www.ntf.uni-lj.si\/og\/#website","url":"https:\/\/www.ntf.uni-lj.si\/og\/","name":"OG","description":"Oddelek za geologijo","potentialAction":[{"@type":"SearchAction","target":{"@type":"EntryPoint","urlTemplate":"https:\/\/www.ntf.uni-lj.si\/og\/?s={search_term_string}"},"query-input":"required name=search_term_string"}],"inLanguage":"en-US"},{"@type":"ImageObject","@id":"https:\/\/www.ntf.uni-lj.si\/og\/event\/odprtje-razstave-geopestrost-zgodbe-nezive-narave\/#primaryimage","inLanguage":"en-US","url":"https:\/\/www.ntf.uni-lj.si\/og\/wp-content\/uploads\/sites\/3\/2023\/09\/image02.png","contentUrl":"https:\/\/www.ntf.uni-lj.si\/og\/wp-content\/uploads\/sites\/3\/2023\/09\/image02.png","width":1984,"height":1088},{"@type":"WebPage","@id":"https:\/\/www.ntf.uni-lj.si\/og\/event\/odprtje-razstave-geopestrost-zgodbe-nezive-narave\/#webpage","url":"https:\/\/www.ntf.uni-lj.si\/og\/event\/odprtje-razstave-geopestrost-zgodbe-nezive-narave\/","name":"Odprtje razstave GEOPESTROST \u2013 zgodbe ne\u017eive narave - OG","isPartOf":{"@id":"https:\/\/www.ntf.uni-lj.si\/og\/#website"},"primaryImageOfPage":{"@id":"https:\/\/www.ntf.uni-lj.si\/og\/event\/odprtje-razstave-geopestrost-zgodbe-nezive-narave\/#primaryimage"},"datePublished":"2023-09-25T09:05:27+00:00","dateModified":"2023-09-25T09:23:35+00:00","breadcrumb":{"@id":"https:\/\/www.ntf.uni-lj.si\/og\/event\/odprtje-razstave-geopestrost-zgodbe-nezive-narave\/#breadcrumb"},"inLanguage":"en-US","potentialAction":[{"@type":"ReadAction","target":["https:\/\/www.ntf.uni-lj.si\/og\/event\/odprtje-razstave-geopestrost-zgodbe-nezive-narave\/"]}]},{"@type":"BreadcrumbList","@id":"https:\/\/www.ntf.uni-lj.si\/og\/event\/odprtje-razstave-geopestrost-zgodbe-nezive-narave\/#breadcrumb","itemListElement":[{"@type":"ListItem","position":1,"name":"Home","item":"https:\/\/www.ntf.uni-lj.si\/og\/"},{"@type":"ListItem","position":2,"name":"Dogodki","item":"https:\/\/www.ntf.uni-lj.si\/og\/event\/"},{"@type":"ListItem","position":3,"name":"Odprtje razstave GEOPESTROST \u2013 zgodbe ne\u017eive narave"}]}]}},"_links":{"self":[{"href":"https:\/\/www.ntf.uni-lj.si\/og\/wp-json\/wp\/v2\/event\/8008"}],"collection":[{"href":"https:\/\/www.ntf.uni-lj.si\/og\/wp-json\/wp\/v2\/event"}],"about":[{"href":"https:\/\/www.ntf.uni-lj.si\/og\/wp-json\/wp\/v2\/types\/event"}],"author":[{"embeddable":true,"href":"https:\/\/www.ntf.uni-lj.si\/og\/wp-json\/wp\/v2\/users\/259"}],"version-history":[{"count":3,"href":"https:\/\/www.ntf.uni-lj.si\/og\/wp-json\/wp\/v2\/event\/8008\/revisions"}],"predecessor-version":[{"id":8012,"href":"https:\/\/www.ntf.uni-lj.si\/og\/wp-json\/wp\/v2\/event\/8008\/revisions\/8012"}],"wp:featuredmedia":[{"embeddable":true,"href":"https:\/\/www.ntf.uni-lj.si\/og\/wp-json\/wp\/v2\/media\/8013"}],"wp:attachment":[{"href":"https:\/\/www.ntf.uni-lj.si\/og\/wp-json\/wp\/v2\/media?parent=8008"}],"curies":[{"name":"wp","href":"https:\/\/api.w.org\/{rel}","templated":true}]}}