{"id":11735,"date":"2018-03-29T14:31:00","date_gmt":"2018-03-29T12:31:00","guid":{"rendered":"http:\/\/www.ntf.uni-lj.si\/oto\/?post_type=event&#038;p=11735"},"modified":"2018-05-16T13:27:57","modified_gmt":"2018-05-16T11:27:57","slug":"11735","status":"publish","type":"event","link":"https:\/\/www.ntf.uni-lj.si\/oto\/event\/11735\/","title":{"rendered":"3. LETNIK IN DIPLOMANTI @LJFW 2017"},"content":{"rendered":"<p>V sklopu <a href=\"http:\/\/ljfw.org\/\"><strong>Ljubljanskega Tedna Mode<\/strong><\/a> so se v \u010detrtek, <strong>30. 03. 2017 ob 16. 30<\/strong> na <strong>Ljubljanskem gradu<\/strong> v prestolnici s svojimi kolekcijami predstavili <strong>diplomanti<\/strong> in <strong>\u0161tudenti 3. letnika<\/strong>\u00a0<strong>\u00a0<\/strong><a href=\"http:\/\/www.ntf.uni-lj.si\/oto\/studij\/1-stopnja\/oblikovanje-tekstilij-in-oblacil-un\/\">dodiplomskega \u0161tudija<\/a><strong>\u00a0<a href=\"http:\/\/www.ntf.uni-lj.si\/oto\/\">Oblikovanja tekstilij in obla\u010dil<\/a><\/strong>\u00a0<a href=\"http:\/\/www.ntf.uni-lj.si\/oto\/o-nas\/oddelek-otgo\/\">Oddelka za tekstilstvo, grafiko in oblikovanje<\/a>\u00a0na\u00a0<a href=\"http:\/\/www.ntf.uni-lj.si\/ntf\/\">Naravoslovnotehni\u0161ki fakulteti<\/a>\u00a0<a href=\"https:\/\/www.uni-lj.si\/\">Univerze v Ljubljani<\/a>. <strong>20 \u0161tudentov<\/strong> se je predstavilo s skupaj 88 izhodi pod skupnim naslovom <a href=\"https:\/\/www.ntf.uni-lj.si\/oto\/news\/rocne-tehnologije-na-ljfw\/\"><strong>&#8220;RO\u010cNE TEHNOLOGIJE&#8221;<\/strong><\/a>, posamezne tako \u017eenske kot mo\u0161ke kolekcije pa so vsebovale od tri do \u0161est silhuet.<\/p>\n<p>Sodelujo\u010di \u0161tudentje:\u00a0<strong>Maja \u0160ebenik<\/strong>,\u00a0<strong>Kaja Repen\u0161ek<\/strong>,\u00a0<strong>Denis Luke\u0161evi\u0107<\/strong>,\u00a0<strong>Valerija Intihar<\/strong>,\u00a0<strong>Ana Janc<\/strong>,\u00a0<strong>Katarina Marija Kmet<\/strong>,\u00a0<strong>Ina Had\u017eisulejmanovi\u0107<\/strong>,\u00a0<strong>Lara \u017dagar<\/strong>,\u00a0<strong>Teja Rojnik<\/strong>, <strong>Ma\u0161a Er\u010dulj<\/strong>,\u00a0<strong>Darja Bati\u010d<\/strong>,\u00a0<strong>Petra Frank<\/strong>,\u00a0<strong>Pia Gori\u0161ek<\/strong>,\u00a0<strong>Tara Lombergar<\/strong>,\u00a0<strong>Karmen Ho\u010devar<\/strong>,\u00a0<strong>Mateja Zajc<\/strong>, <strong>Klara Dulc<\/strong>,\u00a0<strong>Sonja Tomi\u0107<\/strong>,\u00a0<strong>Anja Medle <\/strong>in\u00a0<strong>Petra Jeri\u010d<\/strong>\u00a0so\u00a0svoje izdelke na\u010drtovali pod mentorstvom izr. prof. Elene Fajt, prof. Marije Jenko, asist. Petje Zorec, tehn. sod. Nata\u0161e Hrupi\u010d, tehn. sod. Alenke More, tehn. sod. Marjete \u010cuk in\u00a0teh. sod. Andreja Vilarja.<\/p>\n<p>Fotografije: <strong>Klemen Razinger<\/strong>, arhiv LJFW<\/p>\n","protected":false},"excerpt":{"rendered":"V sklopu Ljubljanskega Tedna Mode so se v \u010detrtek, 30. 03. 2017 ob 16. 30 na Ljubljanskem gradu v prestolnici s svojimi kolekcijami predstavili diplomanti in \u0161tudenti 3. letnika\u00a0\u00a0dodiplomskega \u0161tudija\u00a0Oblikovanja tekstilij in obla\u010dil\u00a0Oddelka za tekstilstvo, grafiko in oblikovanje\u00a0na\u00a0Naravoslovnotehni\u0161ki fakulteti\u00a0Univerze v Ljubljani. 20 \u0161tudentov se je predstavilo s skupaj 88 izhodi pod skupnim naslovom &#8220;RO\u010cNE TEHNOLOGIJE&#8221;, &#8230; <a class=\"view-article\" href=\"https:\/\/www.ntf.uni-lj.si\/oto\/event\/11735\/\">Read more<\/a>","protected":false},"author":27,"featured_media":11810,"template":"","acf":[],"yoast_head":"<!-- This site is optimized with the Yoast SEO plugin v17.0 - https:\/\/yoast.com\/wordpress\/plugins\/seo\/ -->\n<meta name=\"robots\" content=\"index, follow, max-snippet:-1, max-image-preview:large, max-video-preview:-1\" \/>\n<link rel=\"canonical\" href=\"https:\/\/www.ntf.uni-lj.si\/oto\/event\/11735\/\" \/>\n<meta property=\"og:locale\" content=\"en_US\" \/>\n<meta property=\"og:type\" content=\"article\" \/>\n<meta property=\"og:title\" content=\"3. LETNIK IN DIPLOMANTI @LJFW 2017 - OTO\" \/>\n<meta property=\"og:description\" content=\"V sklopu Ljubljanskega Tedna Mode so se v \u010detrtek, 30. 03. 2017 ob 16. 30 na Ljubljanskem gradu v prestolnici s svojimi kolekcijami predstavili diplomanti in \u0161tudenti 3. letnika\u00a0\u00a0dodiplomskega \u0161tudija\u00a0Oblikovanja tekstilij in obla\u010dil\u00a0Oddelka za tekstilstvo, grafiko in oblikovanje\u00a0na\u00a0Naravoslovnotehni\u0161ki fakulteti\u00a0Univerze v Ljubljani. 20 \u0161tudentov se je predstavilo s skupaj 88 izhodi pod skupnim naslovom &#8220;RO\u010cNE TEHNOLOGIJE&#8221;, ... Read more\" \/>\n<meta property=\"og:url\" content=\"https:\/\/www.ntf.uni-lj.si\/oto\/event\/11735\/\" \/>\n<meta property=\"og:site_name\" content=\"OTO\" \/>\n<meta property=\"article:modified_time\" content=\"2018-05-16T11:27:57+00:00\" \/>\n<meta property=\"og:image\" content=\"https:\/\/www.ntf.uni-lj.si\/oto\/wp-content\/uploads\/sites\/6\/2018\/03\/LJFW_marec2017_NTF-3_LETNIK_Foto_KLEMEN_RAZINGER-2467.jpg\" \/>\n\t<meta property=\"og:image:width\" content=\"1331\" \/>\n\t<meta property=\"og:image:height\" content=\"2000\" \/>\n<meta name=\"twitter:label1\" content=\"Est. reading time\" \/>\n\t<meta name=\"twitter:data1\" content=\"1 minute\" \/>\n<script type=\"application\/ld+json\" class=\"yoast-schema-graph\">{\"@context\":\"https:\/\/schema.org\",\"@graph\":[{\"@type\":\"WebSite\",\"@id\":\"https:\/\/www.ntf.uni-lj.si\/oto\/en\/#website\",\"url\":\"https:\/\/www.ntf.uni-lj.si\/oto\/en\/\",\"name\":\"OTO\",\"description\":\"Katedra za oblikovanje tekstilij in obla\\u010dil\",\"potentialAction\":[{\"@type\":\"SearchAction\",\"target\":{\"@type\":\"EntryPoint\",\"urlTemplate\":\"https:\/\/www.ntf.uni-lj.si\/oto\/en\/?s={search_term_string}\"},\"query-input\":\"required name=search_term_string\"}],\"inLanguage\":\"en-US\"},{\"@type\":\"ImageObject\",\"@id\":\"https:\/\/www.ntf.uni-lj.si\/oto\/event\/11735\/#primaryimage\",\"inLanguage\":\"en-US\",\"url\":\"https:\/\/www.ntf.uni-lj.si\/oto\/wp-content\/uploads\/sites\/6\/2018\/03\/LJFW_marec2017_NTF-3_LETNIK_Foto_KLEMEN_RAZINGER-2467.jpg\",\"contentUrl\":\"https:\/\/www.ntf.uni-lj.si\/oto\/wp-content\/uploads\/sites\/6\/2018\/03\/LJFW_marec2017_NTF-3_LETNIK_Foto_KLEMEN_RAZINGER-2467.jpg\",\"width\":1331,\"height\":2000,\"caption\":\"SONJA TOMI\\u0106\"},{\"@type\":\"WebPage\",\"@id\":\"https:\/\/www.ntf.uni-lj.si\/oto\/event\/11735\/#webpage\",\"url\":\"https:\/\/www.ntf.uni-lj.si\/oto\/event\/11735\/\",\"name\":\"3. LETNIK IN DIPLOMANTI @LJFW 2017 - OTO\",\"isPartOf\":{\"@id\":\"https:\/\/www.ntf.uni-lj.si\/oto\/en\/#website\"},\"primaryImageOfPage\":{\"@id\":\"https:\/\/www.ntf.uni-lj.si\/oto\/event\/11735\/#primaryimage\"},\"datePublished\":\"2018-03-29T12:31:00+00:00\",\"dateModified\":\"2018-05-16T11:27:57+00:00\",\"breadcrumb\":{\"@id\":\"https:\/\/www.ntf.uni-lj.si\/oto\/event\/11735\/#breadcrumb\"},\"inLanguage\":\"en-US\",\"potentialAction\":[{\"@type\":\"ReadAction\",\"target\":[\"https:\/\/www.ntf.uni-lj.si\/oto\/event\/11735\/\"]}]},{\"@type\":\"BreadcrumbList\",\"@id\":\"https:\/\/www.ntf.uni-lj.si\/oto\/event\/11735\/#breadcrumb\",\"itemListElement\":[{\"@type\":\"ListItem\",\"position\":1,\"name\":\"Home\",\"item\":\"https:\/\/www.ntf.uni-lj.si\/oto\/en\/\"},{\"@type\":\"ListItem\",\"position\":2,\"name\":\"Events\",\"item\":\"https:\/\/www.ntf.uni-lj.si\/oto\/en\/event\/\"},{\"@type\":\"ListItem\",\"position\":3,\"name\":\"3. LETNIK IN DIPLOMANTI @LJFW 2017\"}]}]}<\/script>\n<!-- \/ Yoast SEO plugin. -->","yoast_head_json":{"robots":{"index":"index","follow":"follow","max-snippet":"max-snippet:-1","max-image-preview":"max-image-preview:large","max-video-preview":"max-video-preview:-1"},"canonical":"https:\/\/www.ntf.uni-lj.si\/oto\/event\/11735\/","og_locale":"en_US","og_type":"article","og_title":"3. LETNIK IN DIPLOMANTI @LJFW 2017 - OTO","og_description":"V sklopu Ljubljanskega Tedna Mode so se v \u010detrtek, 30. 03. 2017 ob 16. 30 na Ljubljanskem gradu v prestolnici s svojimi kolekcijami predstavili diplomanti in \u0161tudenti 3. letnika\u00a0\u00a0dodiplomskega \u0161tudija\u00a0Oblikovanja tekstilij in obla\u010dil\u00a0Oddelka za tekstilstvo, grafiko in oblikovanje\u00a0na\u00a0Naravoslovnotehni\u0161ki fakulteti\u00a0Univerze v Ljubljani. 20 \u0161tudentov se je predstavilo s skupaj 88 izhodi pod skupnim naslovom &#8220;RO\u010cNE TEHNOLOGIJE&#8221;, ... Read more","og_url":"https:\/\/www.ntf.uni-lj.si\/oto\/event\/11735\/","og_site_name":"OTO","article_modified_time":"2018-05-16T11:27:57+00:00","og_image":[{"width":1331,"height":2000,"url":"https:\/\/www.ntf.uni-lj.si\/oto\/wp-content\/uploads\/sites\/6\/2018\/03\/LJFW_marec2017_NTF-3_LETNIK_Foto_KLEMEN_RAZINGER-2467.jpg","path":"\/web\/html\/ntf\/public_html\/wp-content\/uploads\/sites\/6\/2018\/03\/LJFW_marec2017_NTF-3_LETNIK_Foto_KLEMEN_RAZINGER-2467.jpg","size":"full","id":11810,"alt":"SONJA TOMI\u0106","pixels":2662000,"type":"image\/jpeg"}],"twitter_misc":{"Est. reading time":"1 minute"},"schema":{"@context":"https:\/\/schema.org","@graph":[{"@type":"WebSite","@id":"https:\/\/www.ntf.uni-lj.si\/oto\/en\/#website","url":"https:\/\/www.ntf.uni-lj.si\/oto\/en\/","name":"OTO","description":"Katedra za oblikovanje tekstilij in obla\u010dil","potentialAction":[{"@type":"SearchAction","target":{"@type":"EntryPoint","urlTemplate":"https:\/\/www.ntf.uni-lj.si\/oto\/en\/?s={search_term_string}"},"query-input":"required name=search_term_string"}],"inLanguage":"en-US"},{"@type":"ImageObject","@id":"https:\/\/www.ntf.uni-lj.si\/oto\/event\/11735\/#primaryimage","inLanguage":"en-US","url":"https:\/\/www.ntf.uni-lj.si\/oto\/wp-content\/uploads\/sites\/6\/2018\/03\/LJFW_marec2017_NTF-3_LETNIK_Foto_KLEMEN_RAZINGER-2467.jpg","contentUrl":"https:\/\/www.ntf.uni-lj.si\/oto\/wp-content\/uploads\/sites\/6\/2018\/03\/LJFW_marec2017_NTF-3_LETNIK_Foto_KLEMEN_RAZINGER-2467.jpg","width":1331,"height":2000,"caption":"SONJA TOMI\u0106"},{"@type":"WebPage","@id":"https:\/\/www.ntf.uni-lj.si\/oto\/event\/11735\/#webpage","url":"https:\/\/www.ntf.uni-lj.si\/oto\/event\/11735\/","name":"3. LETNIK IN DIPLOMANTI @LJFW 2017 - OTO","isPartOf":{"@id":"https:\/\/www.ntf.uni-lj.si\/oto\/en\/#website"},"primaryImageOfPage":{"@id":"https:\/\/www.ntf.uni-lj.si\/oto\/event\/11735\/#primaryimage"},"datePublished":"2018-03-29T12:31:00+00:00","dateModified":"2018-05-16T11:27:57+00:00","breadcrumb":{"@id":"https:\/\/www.ntf.uni-lj.si\/oto\/event\/11735\/#breadcrumb"},"inLanguage":"en-US","potentialAction":[{"@type":"ReadAction","target":["https:\/\/www.ntf.uni-lj.si\/oto\/event\/11735\/"]}]},{"@type":"BreadcrumbList","@id":"https:\/\/www.ntf.uni-lj.si\/oto\/event\/11735\/#breadcrumb","itemListElement":[{"@type":"ListItem","position":1,"name":"Home","item":"https:\/\/www.ntf.uni-lj.si\/oto\/en\/"},{"@type":"ListItem","position":2,"name":"Events","item":"https:\/\/www.ntf.uni-lj.si\/oto\/en\/event\/"},{"@type":"ListItem","position":3,"name":"3. LETNIK IN DIPLOMANTI @LJFW 2017"}]}]}},"_links":{"self":[{"href":"https:\/\/www.ntf.uni-lj.si\/oto\/wp-json\/wp\/v2\/event\/11735"}],"collection":[{"href":"https:\/\/www.ntf.uni-lj.si\/oto\/wp-json\/wp\/v2\/event"}],"about":[{"href":"https:\/\/www.ntf.uni-lj.si\/oto\/wp-json\/wp\/v2\/types\/event"}],"author":[{"embeddable":true,"href":"https:\/\/www.ntf.uni-lj.si\/oto\/wp-json\/wp\/v2\/users\/27"}],"version-history":[{"count":16,"href":"https:\/\/www.ntf.uni-lj.si\/oto\/wp-json\/wp\/v2\/event\/11735\/revisions"}],"predecessor-version":[{"id":12023,"href":"https:\/\/www.ntf.uni-lj.si\/oto\/wp-json\/wp\/v2\/event\/11735\/revisions\/12023"}],"wp:featuredmedia":[{"embeddable":true,"href":"https:\/\/www.ntf.uni-lj.si\/oto\/wp-json\/wp\/v2\/media\/11810"}],"wp:attachment":[{"href":"https:\/\/www.ntf.uni-lj.si\/oto\/wp-json\/wp\/v2\/media?parent=11735"}],"curies":[{"name":"wp","href":"https:\/\/api.w.org\/{rel}","templated":true}]}}