{"id":12704,"date":"2018-09-25T13:42:40","date_gmt":"2018-09-25T11:42:40","guid":{"rendered":"http:\/\/www.ntf.uni-lj.si\/oto\/?post_type=event&#038;p=12704"},"modified":"2018-10-05T10:36:50","modified_gmt":"2018-10-05T08:36:50","slug":"moda-in-umetnost-ljfw-podiplomski","status":"publish","type":"event","link":"https:\/\/www.ntf.uni-lj.si\/oto\/event\/moda-in-umetnost-ljfw-podiplomski\/","title":{"rendered":"MODA IN UMETNOST @LJFW PODIPLOMSKI"},"content":{"rendered":"<p><strong>Diplomanti in magistranti oblikovanja tekstilij in obla\u010dil<\/strong>\u00a0(KOTO, OTGO, NTF) so\u00a0<strong>4. 4. 2018<\/strong>, na zaklju\u010dni modni reviji v sklopu\u00a0<a href=\"http:\/\/ljfw.org\/\"><strong>Ljubljana Fashion Week-a<\/strong><\/a>\u00a0predstavili svoje kolekcije. Skupna tema leto\u0161njega \u0161olskega leta\u00a0<strong>\u00bbModa in umetnost\u00ab<\/strong>\u00a0predstavlja mo\u017enost kreativnih interpretacij \u0161tudentov z uporabo razli\u010dnih referenc in izhodi\u0161\u010d, ustvarjanjem novega s postavljanjem \u017ee obstoje\u010dega v nove kontekste. Rezultat so sodobne kolekcije, aktualne v svetu mode in modne umetnosti dana\u0161njega \u010dasa.<\/p>\n<p><strong>Mentorice:<\/strong><br \/>\nProf. Almira Sadar, izr. prof. Nata\u0161a Per\u0161uh, izr. prof. Elena Fajt, prof. Marija Jenko, doc. Katja Burger, asist. Petja Zorec, asist. Arijana Gad\u017eijev, teh. sod. Nata\u0161a Hrupi\u010d, teh. sod. Alenka More, teh. sod. Marjeta \u010cuk in teh. sod. Andrej Vilar.<\/p>\n<p><strong>\u0160tudentje:<\/strong><\/p>\n<p><strong>Valerija Intihar<\/strong>, <strong>Brigita Potisek<\/strong>, <strong>Tina Gorki\u010d<\/strong>,\u00a0<strong>Klara Dulc<\/strong>, <strong>Katarina Kimovec<\/strong>, <strong>Dejan Petrovi\u010d<\/strong>,<strong> Tina Homan<\/strong>,<strong> \u017diva \u010cervek<\/strong>, <strong>Eva Bizjak<\/strong>,<strong>\u00a0Jovana Radivojevi\u0107<\/strong>, <strong>Anita Bizjak<\/strong>, <strong>Nina Grubar<\/strong>, <strong>Jelena Zurkovi\u0107<\/strong>, <strong>Katarina Radovi\u0107<\/strong>, <strong>Monika Colja<\/strong>, <strong>Tja\u0161a Zalar<\/strong>,<strong> Estera Lovrec<\/strong>,<strong> Cilka Sadar<\/strong>,<strong> Marina Bijeli\u0107<\/strong>,<strong>\u00a0Ana \u0160tucin<\/strong>,<strong> Sonja Tomi\u0107<\/strong>,<strong> Sa\u0161a Ha\u0161i\u010d<\/strong>,<strong> Kaja Repen\u0161ek<\/strong>,<strong> Vesna Makarov <\/strong>in<strong> Brina Vidic<\/strong><\/p>\n<p>&nbsp;<\/p>\n<p>Fotografije:\u00a0<strong>Klemen Razinger<\/strong>, arhiv LJFW<\/p>\n<p>Povezave:\u00a0<a href=\"https:\/\/www.rtvslo.si\/zabava\/moda\/ljfw-pomladni-modni-teden-v-ljubljani-odprli-studentje\/451016\">RTV SLO MMC<\/a>\u00a0,\u00a0<a href=\"http:\/\/www.glitter.si\/ljfw-ljubljana-fashion-week-2018-1-del\/\">Glitter.si<\/a>\u00a0,\u00a0<a href=\"https:\/\/www.facebook.com\/pg\/ljfwofficial\/photos\/?tab=album&amp;album_id=1221062441357059\">@ljfwofficial<\/a><\/p>\n","protected":false},"excerpt":{"rendered":"Diplomanti in magistranti oblikovanja tekstilij in obla\u010dil\u00a0(KOTO, OTGO, NTF) so\u00a04. 4. 2018, na zaklju\u010dni modni reviji v sklopu\u00a0Ljubljana Fashion Week-a\u00a0predstavili svoje kolekcije. Skupna tema leto\u0161njega \u0161olskega leta\u00a0\u00bbModa in umetnost\u00ab\u00a0predstavlja mo\u017enost kreativnih interpretacij \u0161tudentov z uporabo razli\u010dnih referenc in izhodi\u0161\u010d, ustvarjanjem novega s postavljanjem \u017ee obstoje\u010dega v nove kontekste. Rezultat so sodobne kolekcije, aktualne v svetu &#8230; <a class=\"view-article\" href=\"https:\/\/www.ntf.uni-lj.si\/oto\/event\/moda-in-umetnost-ljfw-podiplomski\/\">Read more<\/a>","protected":false},"author":27,"featured_media":12699,"template":"","acf":[],"yoast_head":"<!-- This site is optimized with the Yoast SEO plugin v17.0 - https:\/\/yoast.com\/wordpress\/plugins\/seo\/ -->\n<meta name=\"robots\" content=\"index, follow, max-snippet:-1, max-image-preview:large, max-video-preview:-1\" \/>\n<link rel=\"canonical\" href=\"https:\/\/www.ntf.uni-lj.si\/oto\/event\/moda-in-umetnost-ljfw-podiplomski\/\" \/>\n<meta property=\"og:locale\" content=\"en_US\" \/>\n<meta property=\"og:type\" content=\"article\" \/>\n<meta property=\"og:title\" content=\"MODA IN UMETNOST @LJFW PODIPLOMSKI - OTO\" \/>\n<meta property=\"og:description\" content=\"Diplomanti in magistranti oblikovanja tekstilij in obla\u010dil\u00a0(KOTO, OTGO, NTF) so\u00a04. 4. 2018, na zaklju\u010dni modni reviji v sklopu\u00a0Ljubljana Fashion Week-a\u00a0predstavili svoje kolekcije. Skupna tema leto\u0161njega \u0161olskega leta\u00a0\u00bbModa in umetnost\u00ab\u00a0predstavlja mo\u017enost kreativnih interpretacij \u0161tudentov z uporabo razli\u010dnih referenc in izhodi\u0161\u010d, ustvarjanjem novega s postavljanjem \u017ee obstoje\u010dega v nove kontekste. Rezultat so sodobne kolekcije, aktualne v svetu ... Read more\" \/>\n<meta property=\"og:url\" content=\"https:\/\/www.ntf.uni-lj.si\/oto\/event\/moda-in-umetnost-ljfw-podiplomski\/\" \/>\n<meta property=\"og:site_name\" content=\"OTO\" \/>\n<meta property=\"article:modified_time\" content=\"2018-10-05T08:36:50+00:00\" \/>\n<meta property=\"og:image\" content=\"https:\/\/www.ntf.uni-lj.si\/oto\/wp-content\/uploads\/sites\/6\/2018\/09\/LJFW_april2018_Day1_photoKlemenRazinger_-DSC_4629-682x1024.jpg\" \/>\n\t<meta property=\"og:image:width\" content=\"682\" \/>\n\t<meta property=\"og:image:height\" content=\"1024\" \/>\n<meta name=\"twitter:label1\" content=\"Est. reading time\" \/>\n\t<meta name=\"twitter:data1\" content=\"1 minute\" \/>\n<script type=\"application\/ld+json\" class=\"yoast-schema-graph\">{\"@context\":\"https:\/\/schema.org\",\"@graph\":[{\"@type\":\"WebSite\",\"@id\":\"https:\/\/www.ntf.uni-lj.si\/oto\/en\/#website\",\"url\":\"https:\/\/www.ntf.uni-lj.si\/oto\/en\/\",\"name\":\"OTO\",\"description\":\"Katedra za oblikovanje tekstilij in obla\\u010dil\",\"potentialAction\":[{\"@type\":\"SearchAction\",\"target\":{\"@type\":\"EntryPoint\",\"urlTemplate\":\"https:\/\/www.ntf.uni-lj.si\/oto\/en\/?s={search_term_string}\"},\"query-input\":\"required name=search_term_string\"}],\"inLanguage\":\"en-US\"},{\"@type\":\"ImageObject\",\"@id\":\"https:\/\/www.ntf.uni-lj.si\/oto\/event\/moda-in-umetnost-ljfw-podiplomski\/#primaryimage\",\"inLanguage\":\"en-US\",\"url\":\"https:\/\/www.ntf.uni-lj.si\/oto\/wp-content\/uploads\/sites\/6\/2018\/09\/LJFW_april2018_Day1_photoKlemenRazinger_-DSC_4629.jpg\",\"contentUrl\":\"https:\/\/www.ntf.uni-lj.si\/oto\/wp-content\/uploads\/sites\/6\/2018\/09\/LJFW_april2018_Day1_photoKlemenRazinger_-DSC_4629.jpg\",\"width\":3169,\"height\":4761},{\"@type\":\"WebPage\",\"@id\":\"https:\/\/www.ntf.uni-lj.si\/oto\/event\/moda-in-umetnost-ljfw-podiplomski\/#webpage\",\"url\":\"https:\/\/www.ntf.uni-lj.si\/oto\/event\/moda-in-umetnost-ljfw-podiplomski\/\",\"name\":\"MODA IN UMETNOST @LJFW PODIPLOMSKI - OTO\",\"isPartOf\":{\"@id\":\"https:\/\/www.ntf.uni-lj.si\/oto\/en\/#website\"},\"primaryImageOfPage\":{\"@id\":\"https:\/\/www.ntf.uni-lj.si\/oto\/event\/moda-in-umetnost-ljfw-podiplomski\/#primaryimage\"},\"datePublished\":\"2018-09-25T11:42:40+00:00\",\"dateModified\":\"2018-10-05T08:36:50+00:00\",\"breadcrumb\":{\"@id\":\"https:\/\/www.ntf.uni-lj.si\/oto\/event\/moda-in-umetnost-ljfw-podiplomski\/#breadcrumb\"},\"inLanguage\":\"en-US\",\"potentialAction\":[{\"@type\":\"ReadAction\",\"target\":[\"https:\/\/www.ntf.uni-lj.si\/oto\/event\/moda-in-umetnost-ljfw-podiplomski\/\"]}]},{\"@type\":\"BreadcrumbList\",\"@id\":\"https:\/\/www.ntf.uni-lj.si\/oto\/event\/moda-in-umetnost-ljfw-podiplomski\/#breadcrumb\",\"itemListElement\":[{\"@type\":\"ListItem\",\"position\":1,\"name\":\"Home\",\"item\":\"https:\/\/www.ntf.uni-lj.si\/oto\/en\/\"},{\"@type\":\"ListItem\",\"position\":2,\"name\":\"Events\",\"item\":\"https:\/\/www.ntf.uni-lj.si\/oto\/en\/event\/\"},{\"@type\":\"ListItem\",\"position\":3,\"name\":\"MODA IN UMETNOST @LJFW PODIPLOMSKI\"}]}]}<\/script>\n<!-- \/ Yoast SEO plugin. -->","yoast_head_json":{"robots":{"index":"index","follow":"follow","max-snippet":"max-snippet:-1","max-image-preview":"max-image-preview:large","max-video-preview":"max-video-preview:-1"},"canonical":"https:\/\/www.ntf.uni-lj.si\/oto\/event\/moda-in-umetnost-ljfw-podiplomski\/","og_locale":"en_US","og_type":"article","og_title":"MODA IN UMETNOST @LJFW PODIPLOMSKI - OTO","og_description":"Diplomanti in magistranti oblikovanja tekstilij in obla\u010dil\u00a0(KOTO, OTGO, NTF) so\u00a04. 4. 2018, na zaklju\u010dni modni reviji v sklopu\u00a0Ljubljana Fashion Week-a\u00a0predstavili svoje kolekcije. Skupna tema leto\u0161njega \u0161olskega leta\u00a0\u00bbModa in umetnost\u00ab\u00a0predstavlja mo\u017enost kreativnih interpretacij \u0161tudentov z uporabo razli\u010dnih referenc in izhodi\u0161\u010d, ustvarjanjem novega s postavljanjem \u017ee obstoje\u010dega v nove kontekste. Rezultat so sodobne kolekcije, aktualne v svetu ... Read more","og_url":"https:\/\/www.ntf.uni-lj.si\/oto\/event\/moda-in-umetnost-ljfw-podiplomski\/","og_site_name":"OTO","article_modified_time":"2018-10-05T08:36:50+00:00","og_image":[{"width":682,"height":1024,"path":"2018\/09\/LJFW_april2018_Day1_photoKlemenRazinger_-DSC_4629-682x1024.jpg","url":"https:\/\/www.ntf.uni-lj.si\/oto\/wp-content\/uploads\/sites\/6\/2018\/09\/LJFW_april2018_Day1_photoKlemenRazinger_-DSC_4629-682x1024.jpg","size":"large","id":12699,"alt":"","pixels":698368,"type":"image\/jpeg"}],"twitter_misc":{"Est. reading time":"1 minute"},"schema":{"@context":"https:\/\/schema.org","@graph":[{"@type":"WebSite","@id":"https:\/\/www.ntf.uni-lj.si\/oto\/en\/#website","url":"https:\/\/www.ntf.uni-lj.si\/oto\/en\/","name":"OTO","description":"Katedra za oblikovanje tekstilij in obla\u010dil","potentialAction":[{"@type":"SearchAction","target":{"@type":"EntryPoint","urlTemplate":"https:\/\/www.ntf.uni-lj.si\/oto\/en\/?s={search_term_string}"},"query-input":"required name=search_term_string"}],"inLanguage":"en-US"},{"@type":"ImageObject","@id":"https:\/\/www.ntf.uni-lj.si\/oto\/event\/moda-in-umetnost-ljfw-podiplomski\/#primaryimage","inLanguage":"en-US","url":"https:\/\/www.ntf.uni-lj.si\/oto\/wp-content\/uploads\/sites\/6\/2018\/09\/LJFW_april2018_Day1_photoKlemenRazinger_-DSC_4629.jpg","contentUrl":"https:\/\/www.ntf.uni-lj.si\/oto\/wp-content\/uploads\/sites\/6\/2018\/09\/LJFW_april2018_Day1_photoKlemenRazinger_-DSC_4629.jpg","width":3169,"height":4761},{"@type":"WebPage","@id":"https:\/\/www.ntf.uni-lj.si\/oto\/event\/moda-in-umetnost-ljfw-podiplomski\/#webpage","url":"https:\/\/www.ntf.uni-lj.si\/oto\/event\/moda-in-umetnost-ljfw-podiplomski\/","name":"MODA IN UMETNOST @LJFW PODIPLOMSKI - OTO","isPartOf":{"@id":"https:\/\/www.ntf.uni-lj.si\/oto\/en\/#website"},"primaryImageOfPage":{"@id":"https:\/\/www.ntf.uni-lj.si\/oto\/event\/moda-in-umetnost-ljfw-podiplomski\/#primaryimage"},"datePublished":"2018-09-25T11:42:40+00:00","dateModified":"2018-10-05T08:36:50+00:00","breadcrumb":{"@id":"https:\/\/www.ntf.uni-lj.si\/oto\/event\/moda-in-umetnost-ljfw-podiplomski\/#breadcrumb"},"inLanguage":"en-US","potentialAction":[{"@type":"ReadAction","target":["https:\/\/www.ntf.uni-lj.si\/oto\/event\/moda-in-umetnost-ljfw-podiplomski\/"]}]},{"@type":"BreadcrumbList","@id":"https:\/\/www.ntf.uni-lj.si\/oto\/event\/moda-in-umetnost-ljfw-podiplomski\/#breadcrumb","itemListElement":[{"@type":"ListItem","position":1,"name":"Home","item":"https:\/\/www.ntf.uni-lj.si\/oto\/en\/"},{"@type":"ListItem","position":2,"name":"Events","item":"https:\/\/www.ntf.uni-lj.si\/oto\/en\/event\/"},{"@type":"ListItem","position":3,"name":"MODA IN UMETNOST @LJFW PODIPLOMSKI"}]}]}},"_links":{"self":[{"href":"https:\/\/www.ntf.uni-lj.si\/oto\/wp-json\/wp\/v2\/event\/12704"}],"collection":[{"href":"https:\/\/www.ntf.uni-lj.si\/oto\/wp-json\/wp\/v2\/event"}],"about":[{"href":"https:\/\/www.ntf.uni-lj.si\/oto\/wp-json\/wp\/v2\/types\/event"}],"author":[{"embeddable":true,"href":"https:\/\/www.ntf.uni-lj.si\/oto\/wp-json\/wp\/v2\/users\/27"}],"version-history":[{"count":37,"href":"https:\/\/www.ntf.uni-lj.si\/oto\/wp-json\/wp\/v2\/event\/12704\/revisions"}],"predecessor-version":[{"id":12931,"href":"https:\/\/www.ntf.uni-lj.si\/oto\/wp-json\/wp\/v2\/event\/12704\/revisions\/12931"}],"wp:featuredmedia":[{"embeddable":true,"href":"https:\/\/www.ntf.uni-lj.si\/oto\/wp-json\/wp\/v2\/media\/12699"}],"wp:attachment":[{"href":"https:\/\/www.ntf.uni-lj.si\/oto\/wp-json\/wp\/v2\/media?parent=12704"}],"curies":[{"name":"wp","href":"https:\/\/api.w.org\/{rel}","templated":true}]}}