{"id":13516,"date":"2019-04-10T13:20:27","date_gmt":"2019-04-10T11:20:27","guid":{"rendered":"http:\/\/www.ntf.uni-lj.si\/oto\/?post_type=event&#038;p=13516"},"modified":"2019-04-12T13:43:15","modified_gmt":"2019-04-12T11:43:15","slug":"oto-na-ljfw-19","status":"publish","type":"event","link":"https:\/\/www.ntf.uni-lj.si\/oto\/event\/oto-na-ljfw-19\/","title":{"rendered":"NTF NA LJFW 19"},"content":{"rendered":"<p>V ponedeljek, <strong>01. aprila 2019 ob 18.00<\/strong> so se \u0161tudentje <strong><a href=\"https:\/\/www.ntf.uni-lj.si\/oto\/\">Katedre za oblikovanje tekstilij in obla\u010dil<\/a><\/strong>, <strong><a href=\"https:\/\/www.ntf.uni-lj.si\/oto\/o-nas\/oddelek-otgo\/\">OTGO<\/a> <a href=\"https:\/\/www.ntf.uni-lj.si\/ntf\/\">Naravoslovnotehni\u0161ke fakultete<\/a> <a href=\"https:\/\/www.uni-lj.si\/\">UL<\/a><\/strong> predstavili na spomladanskem <a href=\"https:\/\/ljfw.org\/program\/\"><strong>Ljubljanskem tednu mode LJFW<\/strong><\/a> s skupno kolekcijo NTF s poudarkom na stilizmu, kombinirano s kosi vseh letnikov dodiplomskega in podiplomskega \u0161tudija. Mini <strong>kolekcija NTF<\/strong> je predstavljala pomemben otvoritveni del Ljubljanskega tedna mode, kjer so se revije vrstile od 01.-04. aprila na Trgu republike v Ljubljani, s predstavitvijo tako uveljavljenih kot neuveljavljenih oblikovalcev iz regije in \u0161ir\u0161e. Tokrat se je izbor zmagovalca in finalistov presti\u017enega nate\u010daja <a href=\"https:\/\/siol.net\/trendi\/moda-in-lepota\/britanska-modna-skavta-v-sloveniji-ljudje-velikokrat-ne-razumejo-namena-tednov-mode-intervju-video-494527\"><strong>FASHION SCOUT SEE<\/strong><\/a> prvi\u010d odvijal v Sloveniji. Svetovno platformo <a href=\"http:\/\/fashionscout.co.uk\/#fashion-scout-ss20-applications-open-now\"><strong>FASHION SCOUT<\/strong> <\/a>za uveljavljanje ne prepoznanih mladih oblikovalcev sta ustanovila modna skavta iz Velike Britanije <strong>Martyn Roberts<\/strong> in <strong>Biljana Poposka-Roberts<\/strong>. Med izbranimi slovenskimi oblikovalci, ki so kon\u010dali \u0161tudij Oblikovanja tekstilij in obla\u010dil in so bili izbrani na regijskem nate\u010daju Fashion Scout See so bili <strong>Ivan Rocco<\/strong>, <strong>Jona Bednjanec<\/strong>\u00a0ter\u00a0<a href=\"https:\/\/www.ntf.uni-lj.si\/oto\/o-nas\/predstavitev-studentov\/dejan-petrovic\/\"><strong>Dejan Petrovi\u0107<\/strong><\/a>, ki je tudi drugo uvr\u0161\u010deni prejemnik leto\u0161njega nate\u010daja <a href=\"http:\/\/fashionscout.co.uk\/news-home\/fashion-scout-see-ljubljana-fashion-week\"><strong>FASHION SCOUT SEE<\/strong><\/a>, ki se je prestavljal z mo\u0161ko modelacijsko dovr\u0161eno kolekcijo z naslovom <em><strong>Cvetenje<\/strong><\/em>\u00a0<em>( Bloom )<\/em>. \u017dirijo je letos prepri\u010dala eksperimentalna kolekcija srbske oblikovalke\u00a0<strong>Gala Borovi\u0107<\/strong>, ki je leto\u0161nja zmagovalka Fashion Scout See nagrade in se bo predstavljala na londonskem fashion week-u.<\/p>\n<p>Ob leto\u0161nji <strong>10. izdaji<\/strong> Ljubljanskega tedna mode je <strong>glavno nagrado WOW<\/strong>\u00a0( <a href=\"https:\/\/www.delo.si\/magazin\/zanimivosti\/roza-v-vsakdanjem-zivljenju-168178.html\">Winners Of the Week<\/a> ) prejela asistentka Katedre za oblikovanje obla\u010dil <a href=\"http:\/\/www.petjazorec.com\/\"><strong>Petja Zorec<\/strong><\/a>, ki se je kot oblikovalka ena izmed prvih lotila razvoja <strong>mo\u0161ke mode<\/strong> pri nas. Motiv za koncept za kolekcijo z naslovom\u00a0<strong><em>Cvet19OM<\/em><\/strong>\u00a0(\u00a0<em>Bloss19OM\u00a0<\/em>) je ro\u017ea, kot skupni vizualni imenovalec \u010dustvovanja. \u017dirijo LJFW je navdu\u0161ila tudi \u0161tudentka NTF, smeri Oblikovanja tekstilij in obla\u010dil <a href=\"https:\/\/www.zoofa.si\/jona-bednjanec\"><strong>Jona Bednjanec<\/strong><\/a>, ki je s prejela <strong>DIGI WOW<\/strong> ( Digi Winners Of the Week ) nagrado, ki ponazarja kolekcijo z najve\u010djim editorialnim in viralnim potencialom. Naslov njene kolekcije <em><strong>Babica gre na potovanje<\/strong><\/em> ( <em>Granny Takes A Trip<\/em> ) temelji na \u017eakarskih pleteninah in unikatnih kosih ro\u010dne izdelave.<\/p>\n<p>Fotografije: <strong>Jure Makovec<\/strong>, Arhiv LJFW<\/p>\n","protected":false},"excerpt":{"rendered":"V ponedeljek, 01. aprila 2019 ob 18.00 so se \u0161tudentje Katedre za oblikovanje tekstilij in obla\u010dil, OTGO Naravoslovnotehni\u0161ke fakultete UL predstavili na spomladanskem Ljubljanskem tednu mode LJFW s skupno kolekcijo NTF s poudarkom na stilizmu, kombinirano s kosi vseh letnikov dodiplomskega in podiplomskega \u0161tudija. Mini kolekcija NTF je predstavljala pomemben otvoritveni del Ljubljanskega tedna mode, &#8230; <a class=\"view-article\" href=\"https:\/\/www.ntf.uni-lj.si\/oto\/event\/oto-na-ljfw-19\/\">Read more<\/a>","protected":false},"author":27,"featured_media":13549,"template":"","acf":[],"yoast_head":"<!-- This site is optimized with the Yoast SEO plugin v17.0 - https:\/\/yoast.com\/wordpress\/plugins\/seo\/ -->\n<meta name=\"robots\" content=\"index, follow, max-snippet:-1, max-image-preview:large, max-video-preview:-1\" \/>\n<link rel=\"canonical\" href=\"https:\/\/www.ntf.uni-lj.si\/oto\/event\/oto-na-ljfw-19\/\" \/>\n<meta property=\"og:locale\" content=\"en_US\" \/>\n<meta property=\"og:type\" content=\"article\" \/>\n<meta property=\"og:title\" content=\"NTF NA LJFW 19 - OTO\" \/>\n<meta property=\"og:description\" content=\"V ponedeljek, 01. aprila 2019 ob 18.00 so se \u0161tudentje Katedre za oblikovanje tekstilij in obla\u010dil, OTGO Naravoslovnotehni\u0161ke fakultete UL predstavili na spomladanskem Ljubljanskem tednu mode LJFW s skupno kolekcijo NTF s poudarkom na stilizmu, kombinirano s kosi vseh letnikov dodiplomskega in podiplomskega \u0161tudija. Mini kolekcija NTF je predstavljala pomemben otvoritveni del Ljubljanskega tedna mode, ... Read more\" \/>\n<meta property=\"og:url\" content=\"https:\/\/www.ntf.uni-lj.si\/oto\/event\/oto-na-ljfw-19\/\" \/>\n<meta property=\"og:site_name\" content=\"OTO\" \/>\n<meta property=\"article:modified_time\" content=\"2019-04-12T11:43:15+00:00\" \/>\n<meta property=\"og:image\" content=\"https:\/\/www.ntf.uni-lj.si\/oto\/wp-content\/uploads\/sites\/6\/2019\/04\/LJFW_apr19_Day1_photoJureMakovec_032-682x1024.jpg\" \/>\n\t<meta property=\"og:image:width\" content=\"682\" \/>\n\t<meta property=\"og:image:height\" content=\"1024\" \/>\n<meta name=\"twitter:label1\" content=\"Est. reading time\" \/>\n\t<meta name=\"twitter:data1\" content=\"2 minutes\" \/>\n<script type=\"application\/ld+json\" class=\"yoast-schema-graph\">{\"@context\":\"https:\/\/schema.org\",\"@graph\":[{\"@type\":\"WebSite\",\"@id\":\"https:\/\/www.ntf.uni-lj.si\/oto\/en\/#website\",\"url\":\"https:\/\/www.ntf.uni-lj.si\/oto\/en\/\",\"name\":\"OTO\",\"description\":\"Katedra za oblikovanje tekstilij in obla\\u010dil\",\"potentialAction\":[{\"@type\":\"SearchAction\",\"target\":{\"@type\":\"EntryPoint\",\"urlTemplate\":\"https:\/\/www.ntf.uni-lj.si\/oto\/en\/?s={search_term_string}\"},\"query-input\":\"required name=search_term_string\"}],\"inLanguage\":\"en-US\"},{\"@type\":\"ImageObject\",\"@id\":\"https:\/\/www.ntf.uni-lj.si\/oto\/event\/oto-na-ljfw-19\/#primaryimage\",\"inLanguage\":\"en-US\",\"url\":\"https:\/\/www.ntf.uni-lj.si\/oto\/wp-content\/uploads\/sites\/6\/2019\/04\/LJFW_apr19_Day1_photoJureMakovec_032.jpg\",\"contentUrl\":\"https:\/\/www.ntf.uni-lj.si\/oto\/wp-content\/uploads\/sites\/6\/2019\/04\/LJFW_apr19_Day1_photoJureMakovec_032.jpg\",\"width\":2399,\"height\":3600,\"caption\":\"OTO na LJFW\"},{\"@type\":\"WebPage\",\"@id\":\"https:\/\/www.ntf.uni-lj.si\/oto\/event\/oto-na-ljfw-19\/#webpage\",\"url\":\"https:\/\/www.ntf.uni-lj.si\/oto\/event\/oto-na-ljfw-19\/\",\"name\":\"NTF NA LJFW 19 - OTO\",\"isPartOf\":{\"@id\":\"https:\/\/www.ntf.uni-lj.si\/oto\/en\/#website\"},\"primaryImageOfPage\":{\"@id\":\"https:\/\/www.ntf.uni-lj.si\/oto\/event\/oto-na-ljfw-19\/#primaryimage\"},\"datePublished\":\"2019-04-10T11:20:27+00:00\",\"dateModified\":\"2019-04-12T11:43:15+00:00\",\"breadcrumb\":{\"@id\":\"https:\/\/www.ntf.uni-lj.si\/oto\/event\/oto-na-ljfw-19\/#breadcrumb\"},\"inLanguage\":\"en-US\",\"potentialAction\":[{\"@type\":\"ReadAction\",\"target\":[\"https:\/\/www.ntf.uni-lj.si\/oto\/event\/oto-na-ljfw-19\/\"]}]},{\"@type\":\"BreadcrumbList\",\"@id\":\"https:\/\/www.ntf.uni-lj.si\/oto\/event\/oto-na-ljfw-19\/#breadcrumb\",\"itemListElement\":[{\"@type\":\"ListItem\",\"position\":1,\"name\":\"Home\",\"item\":\"https:\/\/www.ntf.uni-lj.si\/oto\/en\/\"},{\"@type\":\"ListItem\",\"position\":2,\"name\":\"Events\",\"item\":\"https:\/\/www.ntf.uni-lj.si\/oto\/en\/event\/\"},{\"@type\":\"ListItem\",\"position\":3,\"name\":\"NTF NA LJFW 19\"}]}]}<\/script>\n<!-- \/ Yoast SEO plugin. -->","yoast_head_json":{"robots":{"index":"index","follow":"follow","max-snippet":"max-snippet:-1","max-image-preview":"max-image-preview:large","max-video-preview":"max-video-preview:-1"},"canonical":"https:\/\/www.ntf.uni-lj.si\/oto\/event\/oto-na-ljfw-19\/","og_locale":"en_US","og_type":"article","og_title":"NTF NA LJFW 19 - OTO","og_description":"V ponedeljek, 01. aprila 2019 ob 18.00 so se \u0161tudentje Katedre za oblikovanje tekstilij in obla\u010dil, OTGO Naravoslovnotehni\u0161ke fakultete UL predstavili na spomladanskem Ljubljanskem tednu mode LJFW s skupno kolekcijo NTF s poudarkom na stilizmu, kombinirano s kosi vseh letnikov dodiplomskega in podiplomskega \u0161tudija. Mini kolekcija NTF je predstavljala pomemben otvoritveni del Ljubljanskega tedna mode, ... Read more","og_url":"https:\/\/www.ntf.uni-lj.si\/oto\/event\/oto-na-ljfw-19\/","og_site_name":"OTO","article_modified_time":"2019-04-12T11:43:15+00:00","og_image":[{"width":682,"height":1024,"path":"2019\/04\/LJFW_apr19_Day1_photoJureMakovec_032-682x1024.jpg","url":"https:\/\/www.ntf.uni-lj.si\/oto\/wp-content\/uploads\/sites\/6\/2019\/04\/LJFW_apr19_Day1_photoJureMakovec_032-682x1024.jpg","size":"large","id":13549,"alt":"OTO na LJFW","pixels":698368,"type":"image\/jpeg"}],"twitter_misc":{"Est. reading time":"2 minutes"},"schema":{"@context":"https:\/\/schema.org","@graph":[{"@type":"WebSite","@id":"https:\/\/www.ntf.uni-lj.si\/oto\/en\/#website","url":"https:\/\/www.ntf.uni-lj.si\/oto\/en\/","name":"OTO","description":"Katedra za oblikovanje tekstilij in obla\u010dil","potentialAction":[{"@type":"SearchAction","target":{"@type":"EntryPoint","urlTemplate":"https:\/\/www.ntf.uni-lj.si\/oto\/en\/?s={search_term_string}"},"query-input":"required name=search_term_string"}],"inLanguage":"en-US"},{"@type":"ImageObject","@id":"https:\/\/www.ntf.uni-lj.si\/oto\/event\/oto-na-ljfw-19\/#primaryimage","inLanguage":"en-US","url":"https:\/\/www.ntf.uni-lj.si\/oto\/wp-content\/uploads\/sites\/6\/2019\/04\/LJFW_apr19_Day1_photoJureMakovec_032.jpg","contentUrl":"https:\/\/www.ntf.uni-lj.si\/oto\/wp-content\/uploads\/sites\/6\/2019\/04\/LJFW_apr19_Day1_photoJureMakovec_032.jpg","width":2399,"height":3600,"caption":"OTO na LJFW"},{"@type":"WebPage","@id":"https:\/\/www.ntf.uni-lj.si\/oto\/event\/oto-na-ljfw-19\/#webpage","url":"https:\/\/www.ntf.uni-lj.si\/oto\/event\/oto-na-ljfw-19\/","name":"NTF NA LJFW 19 - OTO","isPartOf":{"@id":"https:\/\/www.ntf.uni-lj.si\/oto\/en\/#website"},"primaryImageOfPage":{"@id":"https:\/\/www.ntf.uni-lj.si\/oto\/event\/oto-na-ljfw-19\/#primaryimage"},"datePublished":"2019-04-10T11:20:27+00:00","dateModified":"2019-04-12T11:43:15+00:00","breadcrumb":{"@id":"https:\/\/www.ntf.uni-lj.si\/oto\/event\/oto-na-ljfw-19\/#breadcrumb"},"inLanguage":"en-US","potentialAction":[{"@type":"ReadAction","target":["https:\/\/www.ntf.uni-lj.si\/oto\/event\/oto-na-ljfw-19\/"]}]},{"@type":"BreadcrumbList","@id":"https:\/\/www.ntf.uni-lj.si\/oto\/event\/oto-na-ljfw-19\/#breadcrumb","itemListElement":[{"@type":"ListItem","position":1,"name":"Home","item":"https:\/\/www.ntf.uni-lj.si\/oto\/en\/"},{"@type":"ListItem","position":2,"name":"Events","item":"https:\/\/www.ntf.uni-lj.si\/oto\/en\/event\/"},{"@type":"ListItem","position":3,"name":"NTF NA LJFW 19"}]}]}},"_links":{"self":[{"href":"https:\/\/www.ntf.uni-lj.si\/oto\/wp-json\/wp\/v2\/event\/13516"}],"collection":[{"href":"https:\/\/www.ntf.uni-lj.si\/oto\/wp-json\/wp\/v2\/event"}],"about":[{"href":"https:\/\/www.ntf.uni-lj.si\/oto\/wp-json\/wp\/v2\/types\/event"}],"author":[{"embeddable":true,"href":"https:\/\/www.ntf.uni-lj.si\/oto\/wp-json\/wp\/v2\/users\/27"}],"version-history":[{"count":20,"href":"https:\/\/www.ntf.uni-lj.si\/oto\/wp-json\/wp\/v2\/event\/13516\/revisions"}],"predecessor-version":[{"id":13581,"href":"https:\/\/www.ntf.uni-lj.si\/oto\/wp-json\/wp\/v2\/event\/13516\/revisions\/13581"}],"wp:featuredmedia":[{"embeddable":true,"href":"https:\/\/www.ntf.uni-lj.si\/oto\/wp-json\/wp\/v2\/media\/13549"}],"wp:attachment":[{"href":"https:\/\/www.ntf.uni-lj.si\/oto\/wp-json\/wp\/v2\/media?parent=13516"}],"curies":[{"name":"wp","href":"https:\/\/api.w.org\/{rel}","templated":true}]}}