{"id":14274,"date":"2019-07-03T13:57:35","date_gmt":"2019-07-03T11:57:35","guid":{"rendered":"http:\/\/www.ntf.uni-lj.si\/oto\/?post_type=event&#038;p=14274"},"modified":"2019-07-03T14:51:58","modified_gmt":"2019-07-03T12:51:58","slug":"v-nakit-prenesena-dediscina","status":"publish","type":"event","link":"https:\/\/www.ntf.uni-lj.si\/oto\/event\/v-nakit-prenesena-dediscina\/","title":{"rendered":"V NAKIT PRENESENA DEDI\u0160\u010cINA"},"content":{"rendered":"<p>Vabimo vas na predstavitev rezultata projekta <strong>Po kreativni poti do znanja<\/strong> z naslovom<\/p>\n<p><strong>V NAKIT PRENESENA DEDI\u0160\u010cINA<\/strong><\/p>\n<p>ki bo v \u010detrtek, <strong>04. 07. 2019, ob 12. uri<\/strong>, v <strong><a href=\"https:\/\/www.pms-lj.si\/si\/nacrtujte-obisk\">Prirodoslovnem muzeju Slovenije<\/a><\/strong>\u00a0.<\/p>\n<p>Predstavljena kolekcija nakita je plod skupinskega raziskovanja \u0161tudentov oblikovanja tekstilij in obla\u010dil <strong>Ga\u0161perja Gaj\u0161ka<\/strong> in <strong>Klare Re\u0161eti\u010d<\/strong>, \u0161tudentk informacijske in grafi\u010dne tehnologije, <strong>Manje Rep\u00a0<\/strong>in <strong>Jerce Zavr\u0161nik<\/strong>, vsi z Naravoslovnotehni\u010dne fakultete, <strong>Karle Varga<\/strong> in <strong>Jureta Korenjaka, <\/strong>\u0161tudentov arheologije s Filozofske fakultete ter <strong>Mateja Rostoharja<\/strong>\u00a0s Fakultete za strojni\u0161tvo Univerze v Ljubljani.<\/p>\n<p>Sodelovali so pedago\u0161ki mentorji: <strong>prof. Marija Jenko<\/strong> in <strong>doc. Tanja Nu\u0161a Ko\u010devar<\/strong>, <strong>doc. dr. Marjan Jenko<\/strong>, <strong>doc. dr. Tina Milavec<\/strong> in delovna mentorja <strong>dr. Miha Jer\u0161ek<\/strong> in <strong>David Fink<\/strong>.<\/p>\n<p>&nbsp;<br \/>\nNavdih za nastanek<strong> izvirnega nakita po zamisli Ga\u0161perja Gaj\u0161ka in Klare Re\u0161eti\u010d<\/strong>\u00a0je naravna lepota <a href=\"https:\/\/www.litija.si\/objava\/108424\"><strong>rudnika Sitarjevec nad Litijo<\/strong><\/a>, ki je edinstveni spomenik rudarske in mineralo\u0161ke dedi\u0161\u010dine. Pod vodstvom dr. Mihe Jer\u0161ka, vodje Kustodiata za geologijo pri Prirodoslovnem muzeju Slovenije, so se seznanili z nastankom in lastnostmi rudnih mineralov z lepo razvitimi kristali. <strong>Jaspisno-hematitno \u017eelezovo rudo<\/strong>, ki je zaradi svojega vulkanskega izvora izjemno trda in slikovita, so uporabili pri oblikovanju nakita iz srebra, ki so ga neko\u010d tudi pridobivali v Sitarjevcu.<\/p>\n<p>Arheolo\u0161ke najdbe, ki pri\u010dajo, da so v okolici Sitarjevca \u017eelezovo rudo kopali \u017ee <strong>Kelti<\/strong>, sta \u0161tudenta arheologije pod mentorstvom doc. dr. Tine Milavec pribli\u017eala celi skupini. Na podlagi najdb sta sklepala o bivalni kulturi na \u0161ir\u0161em obmo\u010dju Dolenjske, ki jo je med 7. in 4. stol. pr. n. \u0161t., v hal\u0161tatu, v starej\u0161i \u017eelezni dobi, zaznamovala <strong>situlska umetnost<\/strong>. Prizori iz vsakdanjega \u017eivljenja, upodobljeni na \u017eeleznih situlah, so se pojavljali tudi na pasnih sponah, no\u017enicah bodal ter celo na nakitu, kot so uhani. Pogoste so bile zaponke z lokom v obliki \u017eivali. Kelti so v na\u0161 prostor prinesli antropomorfne motive za amulete, ki so jim pripisovali magi\u010dno mo\u010d. <strong>\u010castili so mater Zemljo<\/strong>. Na daritveni plo\u0161\u010dici iz Berlotovega roba na \u0160entvi\u0161ki planoti so ozna\u010dene lunine mene kot odraz cikli\u010dne narave \u017eivljenja. Medtem ko je bil status mo\u0161kega poudarjen z razli\u010dno sestavo oro\u017eja v grobovih, je bil \u017eenski starostni, statusni in premo\u017eenjski razred poudarjen z razli\u010dnim obro\u010dastim nakitom (zapestnice, nano\u017enice, ovratnice, uhani), zaponkami, raznovrstnimi steklenimi in jantarnimi ogrlicami ter glinenimi vretenci. Bogato okra\u0161ene <strong>\u017evenklja\u010de<\/strong> pa so morda nakazovale sve\u010deni\u0161ki (ali zdravni\u0161ki) status posameznice, posrednice med \u010dlove\u0161kim in bo\u017eanskim. Najprej je bilo v ospredju <strong>pripovedovanje<\/strong>, ki se je s\u010dasoma vse bolj spreminjalo v <strong>okra\u0161evanje<\/strong>, obstajali pa so tudi predmeti s preprostej\u0161im, geometrijskim okrasom (npr. ka\u010daste, \u010dolni\u010daste ali latenske fibule), kjer je bil poudarjen njihov <strong>funkcionalni namen<\/strong>.<br \/>\nRazviti dolo\u010deno uporabnost in <strong>prese\u010di vsakdanjo dekorativno pojavnost nakita<\/strong> pa je bilo osrednje vodilo tudi \u0161tudentoma oblikovanja pri zasnovi kolekcije srebrnega nakita. V dialogu z mentoricama doc. dr. Tanjo Nu\u0161o Ko\u010devar in prof. Marijo Jenko sta \u0161tudenta razmi\u0161ljala o <strong>\u010dustveni vlogi nakita<\/strong>, kako bi lahko pomagal pri bolj\u0161em po\u010dutju in pri <strong>odpravi razli\u010dnih telesnih pomanjkljivosti<\/strong>. Silhuete prstanov, navzven geometrijsko jasne in hermeti\u010dne, skrivajo v sebi razli\u010dna presene\u010denja, ki jih odkrijemo, ko si prstane natan\u010dneje ogledamo ali jih celo razstavimo. Ogrlice, ki se na prvi pogled zdijo, kot da bi bile izrezane iz papirja, se v konceptualnem pogledu pove\u017eejo z obrazom in ga smelo preoblikujejo. <strong>Ogledalci<\/strong>, mehko prislonjeni na li\u010dnici, sta, kot ljubkovalno re\u010demo, \u00bbpun\u010dici mojega o\u010desa\u00ab, saj odsevata obraz sogovornika. Na podoben na\u010din, z izrezovanjem oblik iz traku in upogibanjem okrog obraza, je narejen tudi okvir okrog brade. V okvirju je zrcalo, v katerem se zrcali podbradek. <strong>Zaznavalo<\/strong>, ob\u010dutljivo na zvok, zazna spremembo jakosti glasu pri govorjenju nosilca tega nenavadnega modnega dodatka. Posledi\u010dno se vklju\u010di <strong>svetlobno telo<\/strong> v okvirju, ki osvetli obraz od spodaj in ga prika\u017ee \u00bbv druga\u010dni lu\u010di\u00ab.<br \/>\n<strong>Sodobna zaznavala pridobivajo najrazli\u010dnej\u0161e podatke iz okolja.<\/strong> Razli\u010dni aktuatorji v nakitu se nanje odzivajo s spremembo barve ali oblike, <strong>vklopom\/izklopom<\/strong> dolo\u010denega delovanja, prenosom sporo\u010dila ter oddajanjem vonja ali svetlobe. Vzpostavitev vzajemnega interaktivnega delovanja med nakitom in drugimi akterji v prostoru pomeni nadgradnjo, ki je <strong>odgovor na sodoben na\u010din \u017eivljenja<\/strong>. Pri projektu ta segment razvija \u0161tudent strojni\u0161tva pod mentorstvom doc. dr. Marjana Jenka. Skupaj sta razvila mo\u017enost, da okrog obeska na prsih zasije umeten svetlobni sij, ko nosilec dvigne roko, se mu <strong>pove\u010da sr\u010dni utrip ali telesna temperatura<\/strong>.<\/p>\n<p>&nbsp;<\/p>\n<p><strong>Vabljeni na predstavitev in k ogledu!<\/strong><\/p>\n","protected":false},"excerpt":{"rendered":"Vabimo vas na predstavitev rezultata projekta Po kreativni poti do znanja z naslovom V NAKIT PRENESENA DEDI\u0160\u010cINA ki bo v \u010detrtek, 04. 07. 2019, ob 12. uri, v Prirodoslovnem muzeju Slovenije\u00a0. Predstavljena kolekcija nakita je plod skupinskega raziskovanja \u0161tudentov oblikovanja tekstilij in obla\u010dil Ga\u0161perja Gaj\u0161ka in Klare Re\u0161eti\u010d, \u0161tudentk informacijske in grafi\u010dne tehnologije, Manje Rep\u00a0in &#8230; <a class=\"view-article\" href=\"https:\/\/www.ntf.uni-lj.si\/oto\/event\/v-nakit-prenesena-dediscina\/\">Read more<\/a>","protected":false},"author":27,"featured_media":14280,"template":"","acf":[],"yoast_head":"<!-- This site is optimized with the Yoast SEO plugin v17.0 - https:\/\/yoast.com\/wordpress\/plugins\/seo\/ -->\n<meta name=\"robots\" content=\"index, follow, max-snippet:-1, max-image-preview:large, max-video-preview:-1\" \/>\n<link rel=\"canonical\" href=\"https:\/\/www.ntf.uni-lj.si\/oto\/event\/v-nakit-prenesena-dediscina\/\" \/>\n<meta property=\"og:locale\" content=\"en_US\" \/>\n<meta property=\"og:type\" content=\"article\" \/>\n<meta property=\"og:title\" content=\"V NAKIT PRENESENA DEDI\u0160\u010cINA - OTO\" \/>\n<meta property=\"og:description\" content=\"Vabimo vas na predstavitev rezultata projekta Po kreativni poti do znanja z naslovom V NAKIT PRENESENA DEDI\u0160\u010cINA ki bo v \u010detrtek, 04. 07. 2019, ob 12. uri, v Prirodoslovnem muzeju Slovenije\u00a0. Predstavljena kolekcija nakita je plod skupinskega raziskovanja \u0161tudentov oblikovanja tekstilij in obla\u010dil Ga\u0161perja Gaj\u0161ka in Klare Re\u0161eti\u010d, \u0161tudentk informacijske in grafi\u010dne tehnologije, Manje Rep\u00a0in ... Read more\" \/>\n<meta property=\"og:url\" content=\"https:\/\/www.ntf.uni-lj.si\/oto\/event\/v-nakit-prenesena-dediscina\/\" \/>\n<meta property=\"og:site_name\" content=\"OTO\" \/>\n<meta property=\"article:modified_time\" content=\"2019-07-03T12:51:58+00:00\" \/>\n<meta property=\"og:image\" content=\"https:\/\/www.ntf.uni-lj.si\/oto\/wp-content\/uploads\/sites\/6\/2019\/07\/V-NAKIT-PRENESENA-DEDI\u0160\u010cINA-4.jpg\" \/>\n\t<meta property=\"og:image:width\" content=\"2835\" \/>\n\t<meta property=\"og:image:height\" content=\"2835\" \/>\n<meta name=\"twitter:label1\" content=\"Est. reading time\" \/>\n\t<meta name=\"twitter:data1\" content=\"4 minutes\" \/>\n<script type=\"application\/ld+json\" class=\"yoast-schema-graph\">{\"@context\":\"https:\/\/schema.org\",\"@graph\":[{\"@type\":\"WebSite\",\"@id\":\"https:\/\/www.ntf.uni-lj.si\/oto\/en\/#website\",\"url\":\"https:\/\/www.ntf.uni-lj.si\/oto\/en\/\",\"name\":\"OTO\",\"description\":\"Katedra za oblikovanje tekstilij in obla\\u010dil\",\"potentialAction\":[{\"@type\":\"SearchAction\",\"target\":{\"@type\":\"EntryPoint\",\"urlTemplate\":\"https:\/\/www.ntf.uni-lj.si\/oto\/en\/?s={search_term_string}\"},\"query-input\":\"required name=search_term_string\"}],\"inLanguage\":\"en-US\"},{\"@type\":\"ImageObject\",\"@id\":\"https:\/\/www.ntf.uni-lj.si\/oto\/event\/v-nakit-prenesena-dediscina\/#primaryimage\",\"inLanguage\":\"en-US\",\"url\":\"https:\/\/www.ntf.uni-lj.si\/oto\/wp-content\/uploads\/sites\/6\/2019\/07\/V-NAKIT-PRENESENA-DEDI\\u0160\\u010cINA-4.jpg\",\"contentUrl\":\"https:\/\/www.ntf.uni-lj.si\/oto\/wp-content\/uploads\/sites\/6\/2019\/07\/V-NAKIT-PRENESENA-DEDI\\u0160\\u010cINA-4.jpg\",\"width\":2835,\"height\":2835},{\"@type\":\"WebPage\",\"@id\":\"https:\/\/www.ntf.uni-lj.si\/oto\/event\/v-nakit-prenesena-dediscina\/#webpage\",\"url\":\"https:\/\/www.ntf.uni-lj.si\/oto\/event\/v-nakit-prenesena-dediscina\/\",\"name\":\"V NAKIT PRENESENA DEDI\\u0160\\u010cINA - OTO\",\"isPartOf\":{\"@id\":\"https:\/\/www.ntf.uni-lj.si\/oto\/en\/#website\"},\"primaryImageOfPage\":{\"@id\":\"https:\/\/www.ntf.uni-lj.si\/oto\/event\/v-nakit-prenesena-dediscina\/#primaryimage\"},\"datePublished\":\"2019-07-03T11:57:35+00:00\",\"dateModified\":\"2019-07-03T12:51:58+00:00\",\"breadcrumb\":{\"@id\":\"https:\/\/www.ntf.uni-lj.si\/oto\/event\/v-nakit-prenesena-dediscina\/#breadcrumb\"},\"inLanguage\":\"en-US\",\"potentialAction\":[{\"@type\":\"ReadAction\",\"target\":[\"https:\/\/www.ntf.uni-lj.si\/oto\/event\/v-nakit-prenesena-dediscina\/\"]}]},{\"@type\":\"BreadcrumbList\",\"@id\":\"https:\/\/www.ntf.uni-lj.si\/oto\/event\/v-nakit-prenesena-dediscina\/#breadcrumb\",\"itemListElement\":[{\"@type\":\"ListItem\",\"position\":1,\"name\":\"Home\",\"item\":\"https:\/\/www.ntf.uni-lj.si\/oto\/en\/\"},{\"@type\":\"ListItem\",\"position\":2,\"name\":\"Events\",\"item\":\"https:\/\/www.ntf.uni-lj.si\/oto\/en\/event\/\"},{\"@type\":\"ListItem\",\"position\":3,\"name\":\"V NAKIT PRENESENA DEDI\\u0160\\u010cINA\"}]}]}<\/script>\n<!-- \/ Yoast SEO plugin. -->","yoast_head_json":{"robots":{"index":"index","follow":"follow","max-snippet":"max-snippet:-1","max-image-preview":"max-image-preview:large","max-video-preview":"max-video-preview:-1"},"canonical":"https:\/\/www.ntf.uni-lj.si\/oto\/event\/v-nakit-prenesena-dediscina\/","og_locale":"en_US","og_type":"article","og_title":"V NAKIT PRENESENA DEDI\u0160\u010cINA - OTO","og_description":"Vabimo vas na predstavitev rezultata projekta Po kreativni poti do znanja z naslovom V NAKIT PRENESENA DEDI\u0160\u010cINA ki bo v \u010detrtek, 04. 07. 2019, ob 12. uri, v Prirodoslovnem muzeju Slovenije\u00a0. Predstavljena kolekcija nakita je plod skupinskega raziskovanja \u0161tudentov oblikovanja tekstilij in obla\u010dil Ga\u0161perja Gaj\u0161ka in Klare Re\u0161eti\u010d, \u0161tudentk informacijske in grafi\u010dne tehnologije, Manje Rep\u00a0in ... Read more","og_url":"https:\/\/www.ntf.uni-lj.si\/oto\/event\/v-nakit-prenesena-dediscina\/","og_site_name":"OTO","article_modified_time":"2019-07-03T12:51:58+00:00","og_image":[{"width":2835,"height":2835,"url":"https:\/\/www.ntf.uni-lj.si\/oto\/wp-content\/uploads\/sites\/6\/2019\/07\/V-NAKIT-PRENESENA-DEDI\u0160\u010cINA-4.jpg","path":"\/web\/html\/ntf\/public_html\/wp-content\/uploads\/sites\/6\/2019\/07\/V-NAKIT-PRENESENA-DEDI\u0160\u010cINA-4.jpg","size":"full","id":14280,"alt":"","pixels":8037225,"type":"image\/jpeg"}],"twitter_misc":{"Est. reading time":"4 minutes"},"schema":{"@context":"https:\/\/schema.org","@graph":[{"@type":"WebSite","@id":"https:\/\/www.ntf.uni-lj.si\/oto\/en\/#website","url":"https:\/\/www.ntf.uni-lj.si\/oto\/en\/","name":"OTO","description":"Katedra za oblikovanje tekstilij in obla\u010dil","potentialAction":[{"@type":"SearchAction","target":{"@type":"EntryPoint","urlTemplate":"https:\/\/www.ntf.uni-lj.si\/oto\/en\/?s={search_term_string}"},"query-input":"required name=search_term_string"}],"inLanguage":"en-US"},{"@type":"ImageObject","@id":"https:\/\/www.ntf.uni-lj.si\/oto\/event\/v-nakit-prenesena-dediscina\/#primaryimage","inLanguage":"en-US","url":"https:\/\/www.ntf.uni-lj.si\/oto\/wp-content\/uploads\/sites\/6\/2019\/07\/V-NAKIT-PRENESENA-DEDI\u0160\u010cINA-4.jpg","contentUrl":"https:\/\/www.ntf.uni-lj.si\/oto\/wp-content\/uploads\/sites\/6\/2019\/07\/V-NAKIT-PRENESENA-DEDI\u0160\u010cINA-4.jpg","width":2835,"height":2835},{"@type":"WebPage","@id":"https:\/\/www.ntf.uni-lj.si\/oto\/event\/v-nakit-prenesena-dediscina\/#webpage","url":"https:\/\/www.ntf.uni-lj.si\/oto\/event\/v-nakit-prenesena-dediscina\/","name":"V NAKIT PRENESENA DEDI\u0160\u010cINA - OTO","isPartOf":{"@id":"https:\/\/www.ntf.uni-lj.si\/oto\/en\/#website"},"primaryImageOfPage":{"@id":"https:\/\/www.ntf.uni-lj.si\/oto\/event\/v-nakit-prenesena-dediscina\/#primaryimage"},"datePublished":"2019-07-03T11:57:35+00:00","dateModified":"2019-07-03T12:51:58+00:00","breadcrumb":{"@id":"https:\/\/www.ntf.uni-lj.si\/oto\/event\/v-nakit-prenesena-dediscina\/#breadcrumb"},"inLanguage":"en-US","potentialAction":[{"@type":"ReadAction","target":["https:\/\/www.ntf.uni-lj.si\/oto\/event\/v-nakit-prenesena-dediscina\/"]}]},{"@type":"BreadcrumbList","@id":"https:\/\/www.ntf.uni-lj.si\/oto\/event\/v-nakit-prenesena-dediscina\/#breadcrumb","itemListElement":[{"@type":"ListItem","position":1,"name":"Home","item":"https:\/\/www.ntf.uni-lj.si\/oto\/en\/"},{"@type":"ListItem","position":2,"name":"Events","item":"https:\/\/www.ntf.uni-lj.si\/oto\/en\/event\/"},{"@type":"ListItem","position":3,"name":"V NAKIT PRENESENA DEDI\u0160\u010cINA"}]}]}},"_links":{"self":[{"href":"https:\/\/www.ntf.uni-lj.si\/oto\/wp-json\/wp\/v2\/event\/14274"}],"collection":[{"href":"https:\/\/www.ntf.uni-lj.si\/oto\/wp-json\/wp\/v2\/event"}],"about":[{"href":"https:\/\/www.ntf.uni-lj.si\/oto\/wp-json\/wp\/v2\/types\/event"}],"author":[{"embeddable":true,"href":"https:\/\/www.ntf.uni-lj.si\/oto\/wp-json\/wp\/v2\/users\/27"}],"version-history":[{"count":13,"href":"https:\/\/www.ntf.uni-lj.si\/oto\/wp-json\/wp\/v2\/event\/14274\/revisions"}],"predecessor-version":[{"id":14298,"href":"https:\/\/www.ntf.uni-lj.si\/oto\/wp-json\/wp\/v2\/event\/14274\/revisions\/14298"}],"wp:featuredmedia":[{"embeddable":true,"href":"https:\/\/www.ntf.uni-lj.si\/oto\/wp-json\/wp\/v2\/media\/14280"}],"wp:attachment":[{"href":"https:\/\/www.ntf.uni-lj.si\/oto\/wp-json\/wp\/v2\/media?parent=14274"}],"curies":[{"name":"wp","href":"https:\/\/api.w.org\/{rel}","templated":true}]}}