{"id":14385,"date":"2019-07-12T12:37:31","date_gmt":"2019-07-12T10:37:31","guid":{"rendered":"http:\/\/www.ntf.uni-lj.si\/oto\/?post_type=event&#038;p=14385"},"modified":"2019-07-12T15:01:41","modified_gmt":"2019-07-12T13:01:41","slug":"ko-lab-show-case","status":"publish","type":"event","link":"https:\/\/www.ntf.uni-lj.si\/oto\/event\/ko-lab-show-case\/","title":{"rendered":"KO &#8211; LAB  RE &#8211; VIJA"},"content":{"rendered":"<p>Po vzoru sodelovanj v sodobni modi so\u00a0<strong>\u0161tudentje oblikovanja tekstilij in obla\u010dil<\/strong>\u00a0<a href=\"https:\/\/www.ntf.uni-lj.si\/oto\/\"><strong>Naravoslovno tehni\u0161ke fakultete<\/strong><\/a><strong><a href=\"https:\/\/www.uni-lj.si\/\">Univerze v Ljubljani<\/a><\/strong>\u00a0v leto\u0161njih zaklju\u010dnih projektih oblikovali interdisciplinarne kolekcije z naslovom\u00a0<a href=\"https:\/\/www.ntf.uni-lj.si\/oto\/event\/ko-lab\/\"><strong>KO \u2013 LAB<\/strong><\/a>. V njih so povezovali razli\u010dna podro\u010dja, odpirali nove teme, sodelovali \u2013 medgeneracijsko, z lokalnimi skupnostmi, razli\u010dnimi proizvajalci in rokodelci, institucijami in dru\u0161tvi, s \u0161tudenti drugih fakultet, prijatelji, sorodniki, umetniki, sami med seboj \u2026 \u0160tudentje so bili povabljeni k sodelovanju tudi pri projektu oblikovanja modnih\u00a0<strong>dodatkov za Huawei<\/strong>. V projektih so se znanja in izku\u0161nje pretakali obojestransko; vsakr\u0161no sodelovanje prinese kaj novega in pozitivnega za vse sodelujo\u010de.<\/p>\n<p>Modna revija je bila organizirana v sodelovanju z\u00a0<a href=\"http:\/\/www.mao.si\/\"><strong>Muzejem za arhitekturo in oblikovanje<\/strong><\/a>; na njej so obla\u010dila nosili prostovoljni modeli, pri glasbi smo sodelovali z\u00a0<a href=\"https:\/\/www.ag.uni-lj.si\/\"><strong>Akademijo za glasbo<\/strong><\/a>; pri\u010deske so nastale v sodelovanju s\u00a0<a href=\"https:\/\/www.frizerska.si\/\"><strong>Srednjo frizersko \u0161olo Ljubljana<\/strong><\/a>, maska s \u0161tudenti\u00a0<a href=\"https:\/\/vist.si\/\"><strong>Visoke \u0161ole za storitve (VIST)<\/strong><\/a>, tiskovine, fotografije in video pa v sodelovanju s\u00a0<a href=\"https:\/\/www.ntf.uni-lj.si\/igt\/\"><strong>KIGT NTF<\/strong><\/a>.<\/p>\n<p>Na <strong>KO &#8211; LAB<\/strong> zaklju\u010dni modni reviji so sodelovali \u0161tudentje dodiplomskega in podiplomskega \u0161tudija ter diplomanti in magistranti v \u0161tudijskem letu 2018\/2019.<\/p>\n<p>Mentorji NTF:\u00a0<strong>red. prof. Elena Fajt<\/strong>, <strong>red. prof. Nata\u0161a Per\u0161uh<\/strong>, <strong>red. prof. Almira Sadar<\/strong>, <strong>red. prof. Marija Jenko<\/strong>, <strong>doc. Katja Burger Kovi\u010d<\/strong>, <strong>asist. Petja Zorec<\/strong>, <strong>asist. Arijana Gad\u017eijev<\/strong>, <strong>tehn. sod. Alenka More<\/strong>, <strong>tehn. sod. Nata\u0161a Hrupi\u0107<\/strong>, <strong>tehn. sod. Marjeta \u010cuk<\/strong>, <strong>tehn. sod. Andrej Vilar<\/strong> in\u00a0<strong>tehn. sod. Stanka Kek<\/strong>.<\/p>\n<p>Sodelujo\u010di \u0161tudentje po vrstnem redu izhodov so: <strong>\u017diva \u010cervek<\/strong>, nato \u0161tudentje 1. letnika dodiplomskega \u0161tudija: <strong>Nu\u0161a Mer\u0161e<\/strong>, <strong>\u017diga Brezovnik<\/strong>, <strong>Anja Jaklin<\/strong>, <strong>\u017dana Kri\u017eani\u010d<\/strong>, <strong>\u0160pela Hudobivnik<\/strong>, <strong>Jaka Podgor\u0161ek<\/strong>, <strong>Ina Nathalie\u00a0B\u00f6lsing<\/strong>, <strong>Rebeka Pajek<\/strong>, <strong>Rebeka Mami\u0107<\/strong>, <strong>Maja Gazvoda<\/strong>, <strong>Kaja \u010cufer<\/strong>, <strong>Katarina Ostoji\u010d Sedonja<\/strong>, <strong>Katarina Ekart<\/strong>, <strong>Neja Hladnik<\/strong>, <strong>Tajda Dra\u017ei\u0107<\/strong>, <strong>Borjan Litovski<\/strong>, <strong>Ela Lesar<\/strong>, <strong>Teja \u0160ter<\/strong> in <strong>Sara \u0160mid<\/strong>. Sledili so <strong>Jurij Fidel<\/strong>, <strong>Anja Medle<\/strong>, <strong>Kaja Repen\u0161ek<\/strong>, <strong>Admir Kapi\u0107<\/strong>. Po sklopu <strong>Modnih dodatkov za Huawei\u00a0<\/strong>so ponovno sledile posamezne predstavitve kolekcij \u0161tudentov: <strong>Vanja Peuli\u0107<\/strong> in <strong>Sineonix<\/strong>, <strong>Ana \u0160tucin<\/strong>, <strong>Denis Luke\u0161evi\u0107<\/strong>, <strong>Petra Jeri\u010d<\/strong>, <strong>Nina \u017dnidar\u0161i\u010d<\/strong>, <strong>Eva Bizjak<\/strong>, <strong>Milena Zemlji\u010d<\/strong>, <strong>Ana Bozovi\u0107<\/strong>, <strong>Karin Gosenca<\/strong>, <strong>Eva Je\u017e<\/strong>, <strong>Ines \u010ceperlin<\/strong>, <strong>Ma\u0161a Brna<\/strong>, <strong>Mark Cvelbar<\/strong>, <strong>Dejan Petrovi\u0107<\/strong>,<strong>\u00a0Ela Meja\u010d<\/strong>, <strong>Ema Ur\u0161i\u010d<\/strong>, <strong>Ivana Jovanovi\u0107\u00a0<\/strong>ter <strong>Katrin Ve\u010derina<\/strong>, <strong>Petra Frank<\/strong>, <strong>Sa\u0161a Draga\u0161<\/strong> in <strong>Zala Hrastar<\/strong>. V sklopu 2. letnika dodiplomskega \u0161tudija so se predstavili naslednji \u0161tudentje: <strong>Tanja Vidic<\/strong>, <strong>Kristi Komel<\/strong>, <strong>Pia Ho\u010devar Muci\u0107<\/strong>, <strong>Lucija Bosti\u010d<\/strong>, <strong>Patricija Mar\u0161nak<\/strong>, <strong>Ne\u017ea Knific<\/strong>, <strong>Ne\u017ea Sim\u010di\u010d<\/strong>, <strong>Ur\u0161ka Keber<\/strong>, <strong>Bernarda Gabrijel<\/strong>,<strong> Hana Podvr\u0161i\u010d<\/strong>, <strong>Tasja Videm\u0161ek<\/strong>, <strong>Lovro Luki\u0107<\/strong>, <strong>Naja Stani\u0107<\/strong>, <strong>Anamarija Lah<\/strong>, <strong>Maja Milovanovi\u0107<\/strong>, <strong>Metka Jelek<\/strong>, <strong>Eva Primec<\/strong> in <strong>An\u017ee Mrak<\/strong>. Revijo sta zaklju\u010dila \u0161tudenta <strong>Ga\u0161per Gaj\u0161ek<\/strong> in <strong>Klara Reseti\u010d<\/strong>, ki delujeta pod imenom <strong>Garnir2<\/strong>.<\/p>\n<p>Fotografije: <strong>Nejc Lar<\/strong><\/p>\n","protected":false},"excerpt":{"rendered":"Po vzoru sodelovanj v sodobni modi so\u00a0\u0161tudentje oblikovanja tekstilij in obla\u010dil\u00a0Naravoslovno tehni\u0161ke fakulteteUniverze v Ljubljani\u00a0v leto\u0161njih zaklju\u010dnih projektih oblikovali interdisciplinarne kolekcije z naslovom\u00a0KO \u2013 LAB. V njih so povezovali razli\u010dna podro\u010dja, odpirali nove teme, sodelovali \u2013 medgeneracijsko, z lokalnimi skupnostmi, razli\u010dnimi proizvajalci in rokodelci, institucijami in dru\u0161tvi, s \u0161tudenti drugih fakultet, prijatelji, sorodniki, umetniki, sami &#8230; <a class=\"view-article\" href=\"https:\/\/www.ntf.uni-lj.si\/oto\/event\/ko-lab-show-case\/\">Read more<\/a>","protected":false},"author":27,"featured_media":14587,"template":"","class_list":["post-14385","event","type-event","status-publish","has-post-thumbnail","hentry"],"acf":[],"_links":{"self":[{"href":"https:\/\/www.ntf.uni-lj.si\/oto\/wp-json\/wp\/v2\/event\/14385","targetHints":{"allow":["GET"]}}],"collection":[{"href":"https:\/\/www.ntf.uni-lj.si\/oto\/wp-json\/wp\/v2\/event"}],"about":[{"href":"https:\/\/www.ntf.uni-lj.si\/oto\/wp-json\/wp\/v2\/types\/event"}],"author":[{"embeddable":true,"href":"https:\/\/www.ntf.uni-lj.si\/oto\/wp-json\/wp\/v2\/users\/27"}],"version-history":[{"count":25,"href":"https:\/\/www.ntf.uni-lj.si\/oto\/wp-json\/wp\/v2\/event\/14385\/revisions"}],"predecessor-version":[{"id":14627,"href":"https:\/\/www.ntf.uni-lj.si\/oto\/wp-json\/wp\/v2\/event\/14385\/revisions\/14627"}],"wp:featuredmedia":[{"embeddable":true,"href":"https:\/\/www.ntf.uni-lj.si\/oto\/wp-json\/wp\/v2\/media\/14587"}],"wp:attachment":[{"href":"https:\/\/www.ntf.uni-lj.si\/oto\/wp-json\/wp\/v2\/media?parent=14385"}],"curies":[{"name":"wp","href":"https:\/\/api.w.org\/{rel}","templated":true}]}}