{"id":25113,"date":"2026-03-09T08:38:07","date_gmt":"2026-03-09T07:38:07","guid":{"rendered":"https:\/\/www.ntf.uni-lj.si\/oto\/?post_type=event&#038;p=25113"},"modified":"2026-03-09T08:44:41","modified_gmt":"2026-03-09T07:44:41","slug":"knots-and-patterns-2026-krajine-kolektivnega-spomina","status":"publish","type":"event","link":"https:\/\/www.ntf.uni-lj.si\/oto\/event\/knots-and-patterns-2026-krajine-kolektivnega-spomina\/","title":{"rendered":"Knots and Patterns 2026: Krajine kolektivnega spomina"},"content":{"rendered":"<p>Sr\u010dno vas vabimo na odprtje skupinske razstave <strong>Krajine kolektivnega spomina<\/strong>, ki bo <strong>v petek, 20. marca 2026, ob 18:00 v kranjski Galeriji Janeza Puharja, Stolp \u0160krlovec.<\/strong><\/p>\n<p>Razstava <strong>Krajine kolektivnega spomina<\/strong> predstavlja mejnik s strani EU podprtega projekta <strong>Knots and Patterns<\/strong>, v katerem trije partnerji iz Slovenije, Gr\u010dije in Poljske raziskujemo tekstilno dedi\u0161\u010dino regij, v katerih delujemo. Poleg razstave, na kateri je predstavljenih 26 tekstilnih in avdiovizualnih del, je projekt razvil tudi sodelovalni <a href=\"https:\/\/textileheritages.com\/wiki\/Main_Page\" rel=\"noopener\" target=\"_blank\">digitalni arhiv lokalnih tekstilnih dedi\u0161\u010din<\/a>, ki dokumentira ustvarjalne procese in predstavlja rezultate s pomo\u010djo digitalnega pripovednega orodja.<\/p>\n<p>V okviru treh umetni\u0161kih in raziskovalnih rezidenc se projekt osredoto\u010da na tekstilno dedi\u0161\u010dino kot \u017eivo nosilko kolektivnega spomina, oblikovanega skozi dru\u017ebene odnose, situirano znanje in senzori\u010dne izku\u0161nje. \u010ceprav je vsak nacionalni kontekst obravnaval razli\u010dne zgodovinske in kulturne pogoje, so povezave tekstilnih krajin skupne in obravnavajo, kako tekstilne prakse prena\u0161ajo spomin, identiteto, trajnostne prakse in vrednote tako skozi dis\/kontinuiteto kot trans\/formacijo.<\/p>\n<h4 style=\"margin-top: 40px\">Krajine kolektivnega spomina<\/h4>\n<p>Pomemben element poljske rezidence je bilo spoznavanje tekstilnih tradicij skozi \u010dute, kot so dotik tkanine, vonj volne in zvok kolovrata. Odnosi in povezovanje med skupnostmi, strokovnjaki za dedi\u0161\u010dino in umetniki so ekipi omogo\u010dili uvid o pomenu neposrednega prenosa tekstilnih tradicij ter o pomenu kreativne reinterpretacije tradicionalnih tehnik, motivov in vzorcev, ki jih je mogo\u010de vklju\u010diti v trend etno-dizajna. Projekt Tekstilne krajine Pomorjanske sta vodili Monika G\u00f3rska in Aleksandra Paprot-Wielopolska, izvedel pa ga je Oddelek za etnografijo Narodnega muzeja v Gdansku.<\/p>\n<p>V slovenski raziskavi so dotik, vonj in zvok zaradi hitrega zapiranja in propada tekstilne industrije v veliki meri izginili. Soo\u010deni z ve\u010d nepri\u010dakovanimi izzivi, so se v ekipi soo\u010dili s praksami brisanja spomina in identitete. Rezidenca je poudarila pomembnost tekstilne dedi\u0161\u010dine kot nosilke kolektivnega spomina, zlasti v povezavi s premalo zastopanimi zgodbami znotraj industrije in \u017eivljenjskimi izku\u0161njami delavcev, med katerimi so prevladovale \u017eenske. Umetni\u0161ko vodstvo projekta Tapiserija solz sta v Kranju prevzela Armando D. Cosmos in Klara Debeljak, izvedbo pa BIEN Bienale tekstilne umetnosti. <\/p>\n<p>Gr\u0161ka rezidenca je lokalno tekstilno dedi\u0161\u010dino obravnavala skozi ekofeministi\u010dni pogled in s poudarkom na skupnostnih u\u010dnih praksah, pri \u010demer je sledila, kako se tkanje ohranja skozi generacije in kraje. Ekipa se je posve\u010dala trajnosti tako v produkciji tekstilnih materialov kot \u0161ir\u0161e ter v sredi\u0161\u010de kontinuitete postavila izobra\u017eevalne modalitete, med katere sodijo medgeneracijsko, translokalno in situirano u\u010denje, pa tudi kolektivni spomin in spolno zaznamovane zgodovine dela. Projekt Translokalno u\u010denje v \u017eenskih tekstilnih skupnostih sta umetni\u0161ko vodila Lena Gerothanasi in Yorgos Samantas v sodelovanju z Bienalom Zahodnega Balkana.<\/p>\n<h4 style=\"margin-top: 40px\">Pripovedovanje zgodb skozi baze podatkov<\/h4>\n<p>S pomo\u010djo pristopa pripovedovanja zgodb skozi bazo podatkov (en. database storytelling), ki ga projekt razvija in uporablja odprtokodne tehnologije, so nastala umetni\u0161ka dela dokumentirana kot povezani odprti podatki znotraj sodelovalnega digitalnega arhiva in znanstvene baze (podatkovne baze), kar zagotavlja, da je znanje dostopno, povezljivo in dolgoro\u010dno ohranjeno v wiki\u2011baziranem ekosistemu. Digitalno orodje za pripovedovanje zgodb povezuje strukturirane metapodatke in prispevke skupnosti v obliki na podobe vezanih anotacij ter tako podatke preoblikuje v narativ, dokumentacijo pa v dejanje interaktivnega pripovedovanja zgodb prek integriranega orodja PerVisum.<\/p>\n<h4 style=\"margin-top: 40px\">Avtorice in avtorji razstave:<\/h4>\n<p><em>Armando D. Cosmos, Klara Debeljak, Lena Gerothanasi, Yorgos Samantas, Mona Rena G\u00f3rska, Dimitra Stavropoulou, Eleni Charcharidou, Despoina Marmagka, Afroditi Tziletta, Julia Ciunowicz, Laura Wankiewicz, Aleksandra Skorupka, Jadwiga Lig\u0119za, Inka Fischer, Teja Duhani, Lana Turn\u0161ek, Katja Kranjc, Luka Podgor\u0161ek, Kaja Raku\u0161\u010dek, Sara Petrushevska, Ana Ferjanc, Dragan Hristov, Maria Garc\u00eda, Penelope Demou, Olga Katsouki, Katerina Giannakou, Maria Diamanti, Arseni Thomoula, Olga Dritsa, Giangkoulis Savvidis, Paraskevi Pappa, Rena Alexandridi, Apostolia Psilou, Irene Skandalou<\/em><\/p>\n<h4 style=\"margin-top: 40px\">Avtorice reziden\u010dnih projektov:<\/h4>\n<p><em>Anna Ratajczak-Krajka, Krystyna Weiher-Sitkiewicz, Urszula Kokoszka, Aleksandra Paprot-Wielopolska, Mariana Ziku, Klara Debeljak, Zala Orel<\/em><\/p>\n<p><strong>Kuratorka:<\/strong> Zala Orel<br \/>\n<strong>Oblikovanje razstave:<\/strong> Lovro Ivan\u010di\u0107<br \/>\n<strong>Razvoj interaktivne spletne platforme:<\/strong> Mariana Ziku<\/p>\n<p><strong>Partnerji:<\/strong><br \/>\nZavod Carnica, Narodni muzej Gdansk, Bienale Zahodnega Balkana, Gorenjski muzej, Naravoslovnotehni\u0161ka fakulteta Univerze v Ljubljani, Center Rog, Arahne d.o.o., Dru\u0161tvo \u017denski prostor Powi\u015ble, Muzej v Kwidzynu \u2013 enota Muzeja gradu Malbork, Muzej regije Kociewie v Starogardu Gda\u0144skem, HUBAxENERGA, Projekt Pokari, Fundacija Mekeio, Oddelek za likovno umetnost in umetnostno teorijo Univerze v Ioannini<\/p>\n<p><strong>Zahvale:<\/strong><br \/>\nMari\u010dka Rakovec, Du\u0161an Peterc, Bojan \u0160ibenik, Monika Rogelj, Margareta Volk \u010cali\u010d, prof. Marija Jenko, prof. dr. Matejka Bizjak, izr. prof. mag. Katja Burger Kovi\u010d, doc. dr. Klara Kostajn\u0161ek, doc. mag. Arijana Gad\u017eijev, asist. Kristi Komel, Uro\u0161 Topi\u0107, Natalia Maroufof, Nelly Tzimogianni, Blanka Byrwa, Izabela Czoga\u0142a, Ma\u0142gorzata Dubasiewicz, Ewa Gilewska, Joanna Jezierska, Danuta Leszczy\u0144ska, Barbara Maciejewska, Katarzyna Magierowska, Irena Pepli\u0144ska, Marta Sznajder, Sebastian Wernik, Dr Victoria Ferentinou, Dr Xenofon Bitsikas, Dr Ioannis Kokkalis, Martha Papadopoulou, Christos Angelopoulos, Maria Pappa, Rodanthi Pappa, Marianna Apostolidou<\/p>\n<p><strong>Sofinancerji:<\/strong><br \/>\nEvropska Unija, Ministrstvo za kulturo Republike Slovenije, Ministrstvo za kulturo in nacionalno dedi\u0161\u010dino Poljske iz sklada za promocijo kulture <\/p>\n","protected":false},"excerpt":{"rendered":"Sr\u010dno vas vabimo na odprtje skupinske razstave Krajine kolektivnega spomina, ki bo v petek, 20. marca 2026, ob 18:00 v kranjski Galeriji Janeza Puharja, Stolp \u0160krlovec. Razstava Krajine kolektivnega spomina predstavlja mejnik s strani EU podprtega projekta Knots and Patterns, v katerem trije partnerji iz Slovenije, Gr\u010dije in Poljske raziskujemo tekstilno dedi\u0161\u010dino regij, v katerih &#8230; <a class=\"view-article\" href=\"https:\/\/www.ntf.uni-lj.si\/oto\/event\/knots-and-patterns-2026-krajine-kolektivnega-spomina\/\">Read more<\/a>","protected":false},"author":389,"featured_media":25116,"template":"","acf":[],"yoast_head":"<!-- This site is optimized with the Yoast SEO plugin v17.0 - https:\/\/yoast.com\/wordpress\/plugins\/seo\/ -->\n<meta name=\"robots\" content=\"index, follow, max-snippet:-1, max-image-preview:large, max-video-preview:-1\" \/>\n<link rel=\"canonical\" href=\"https:\/\/www.ntf.uni-lj.si\/oto\/event\/knots-and-patterns-2026-krajine-kolektivnega-spomina\/\" \/>\n<meta property=\"og:locale\" content=\"en_US\" \/>\n<meta property=\"og:type\" content=\"article\" \/>\n<meta property=\"og:title\" content=\"Knots and Patterns 2026: Krajine kolektivnega spomina - OTO\" \/>\n<meta property=\"og:description\" content=\"Sr\u010dno vas vabimo na odprtje skupinske razstave Krajine kolektivnega spomina, ki bo v petek, 20. marca 2026, ob 18:00 v kranjski Galeriji Janeza Puharja, Stolp \u0160krlovec. Razstava Krajine kolektivnega spomina predstavlja mejnik s strani EU podprtega projekta Knots and Patterns, v katerem trije partnerji iz Slovenije, Gr\u010dije in Poljske raziskujemo tekstilno dedi\u0161\u010dino regij, v katerih ... Read more\" \/>\n<meta property=\"og:url\" content=\"https:\/\/www.ntf.uni-lj.si\/oto\/event\/knots-and-patterns-2026-krajine-kolektivnega-spomina\/\" \/>\n<meta property=\"og:site_name\" content=\"OTO\" \/>\n<meta property=\"article:modified_time\" content=\"2026-03-09T07:44:41+00:00\" \/>\n<meta property=\"og:image\" content=\"https:\/\/www.ntf.uni-lj.si\/oto\/wp-content\/uploads\/sites\/6\/2026\/03\/KNOTS-AND-PATTERNS_feb-26_WEB_800x500_druga-podlaga_slo.jpg\" \/>\n\t<meta property=\"og:image:width\" content=\"1667\" \/>\n\t<meta property=\"og:image:height\" content=\"1042\" \/>\n<meta name=\"twitter:label1\" content=\"Est. reading time\" \/>\n\t<meta name=\"twitter:data1\" content=\"4 minutes\" \/>\n<script type=\"application\/ld+json\" class=\"yoast-schema-graph\">{\"@context\":\"https:\/\/schema.org\",\"@graph\":[{\"@type\":\"WebSite\",\"@id\":\"https:\/\/www.ntf.uni-lj.si\/oto\/en\/#website\",\"url\":\"https:\/\/www.ntf.uni-lj.si\/oto\/en\/\",\"name\":\"OTO\",\"description\":\"Katedra za oblikovanje tekstilij in obla\\u010dil\",\"potentialAction\":[{\"@type\":\"SearchAction\",\"target\":{\"@type\":\"EntryPoint\",\"urlTemplate\":\"https:\/\/www.ntf.uni-lj.si\/oto\/en\/?s={search_term_string}\"},\"query-input\":\"required name=search_term_string\"}],\"inLanguage\":\"en-US\"},{\"@type\":\"ImageObject\",\"@id\":\"https:\/\/www.ntf.uni-lj.si\/oto\/event\/knots-and-patterns-2026-krajine-kolektivnega-spomina\/#primaryimage\",\"inLanguage\":\"en-US\",\"url\":\"https:\/\/www.ntf.uni-lj.si\/oto\/wp-content\/uploads\/sites\/6\/2026\/03\/KNOTS-AND-PATTERNS_feb-26_WEB_800x500_druga-podlaga_slo.jpg\",\"contentUrl\":\"https:\/\/www.ntf.uni-lj.si\/oto\/wp-content\/uploads\/sites\/6\/2026\/03\/KNOTS-AND-PATTERNS_feb-26_WEB_800x500_druga-podlaga_slo.jpg\",\"width\":1667,\"height\":1042},{\"@type\":\"WebPage\",\"@id\":\"https:\/\/www.ntf.uni-lj.si\/oto\/event\/knots-and-patterns-2026-krajine-kolektivnega-spomina\/#webpage\",\"url\":\"https:\/\/www.ntf.uni-lj.si\/oto\/event\/knots-and-patterns-2026-krajine-kolektivnega-spomina\/\",\"name\":\"Knots and Patterns 2026: Krajine kolektivnega spomina - OTO\",\"isPartOf\":{\"@id\":\"https:\/\/www.ntf.uni-lj.si\/oto\/en\/#website\"},\"primaryImageOfPage\":{\"@id\":\"https:\/\/www.ntf.uni-lj.si\/oto\/event\/knots-and-patterns-2026-krajine-kolektivnega-spomina\/#primaryimage\"},\"datePublished\":\"2026-03-09T07:38:07+00:00\",\"dateModified\":\"2026-03-09T07:44:41+00:00\",\"breadcrumb\":{\"@id\":\"https:\/\/www.ntf.uni-lj.si\/oto\/event\/knots-and-patterns-2026-krajine-kolektivnega-spomina\/#breadcrumb\"},\"inLanguage\":\"en-US\",\"potentialAction\":[{\"@type\":\"ReadAction\",\"target\":[\"https:\/\/www.ntf.uni-lj.si\/oto\/event\/knots-and-patterns-2026-krajine-kolektivnega-spomina\/\"]}]},{\"@type\":\"BreadcrumbList\",\"@id\":\"https:\/\/www.ntf.uni-lj.si\/oto\/event\/knots-and-patterns-2026-krajine-kolektivnega-spomina\/#breadcrumb\",\"itemListElement\":[{\"@type\":\"ListItem\",\"position\":1,\"name\":\"Home\",\"item\":\"https:\/\/www.ntf.uni-lj.si\/oto\/en\/\"},{\"@type\":\"ListItem\",\"position\":2,\"name\":\"Events\",\"item\":\"https:\/\/www.ntf.uni-lj.si\/oto\/en\/event\/\"},{\"@type\":\"ListItem\",\"position\":3,\"name\":\"Knots and Patterns 2026: Krajine kolektivnega spomina\"}]}]}<\/script>\n<!-- \/ Yoast SEO plugin. -->","yoast_head_json":{"robots":{"index":"index","follow":"follow","max-snippet":"max-snippet:-1","max-image-preview":"max-image-preview:large","max-video-preview":"max-video-preview:-1"},"canonical":"https:\/\/www.ntf.uni-lj.si\/oto\/event\/knots-and-patterns-2026-krajine-kolektivnega-spomina\/","og_locale":"en_US","og_type":"article","og_title":"Knots and Patterns 2026: Krajine kolektivnega spomina - OTO","og_description":"Sr\u010dno vas vabimo na odprtje skupinske razstave Krajine kolektivnega spomina, ki bo v petek, 20. marca 2026, ob 18:00 v kranjski Galeriji Janeza Puharja, Stolp \u0160krlovec. Razstava Krajine kolektivnega spomina predstavlja mejnik s strani EU podprtega projekta Knots and Patterns, v katerem trije partnerji iz Slovenije, Gr\u010dije in Poljske raziskujemo tekstilno dedi\u0161\u010dino regij, v katerih ... Read more","og_url":"https:\/\/www.ntf.uni-lj.si\/oto\/event\/knots-and-patterns-2026-krajine-kolektivnega-spomina\/","og_site_name":"OTO","article_modified_time":"2026-03-09T07:44:41+00:00","og_image":[{"width":1667,"height":1042,"url":"https:\/\/www.ntf.uni-lj.si\/oto\/wp-content\/uploads\/sites\/6\/2026\/03\/KNOTS-AND-PATTERNS_feb-26_WEB_800x500_druga-podlaga_slo.jpg","path":"\/web\/html\/ntf\/public_html\/wp-content\/uploads\/sites\/6\/2026\/03\/KNOTS-AND-PATTERNS_feb-26_WEB_800x500_druga-podlaga_slo.jpg","size":"full","id":25116,"alt":"","pixels":1737014,"type":"image\/jpeg"}],"twitter_misc":{"Est. reading time":"4 minutes"},"schema":{"@context":"https:\/\/schema.org","@graph":[{"@type":"WebSite","@id":"https:\/\/www.ntf.uni-lj.si\/oto\/en\/#website","url":"https:\/\/www.ntf.uni-lj.si\/oto\/en\/","name":"OTO","description":"Katedra za oblikovanje tekstilij in obla\u010dil","potentialAction":[{"@type":"SearchAction","target":{"@type":"EntryPoint","urlTemplate":"https:\/\/www.ntf.uni-lj.si\/oto\/en\/?s={search_term_string}"},"query-input":"required name=search_term_string"}],"inLanguage":"en-US"},{"@type":"ImageObject","@id":"https:\/\/www.ntf.uni-lj.si\/oto\/event\/knots-and-patterns-2026-krajine-kolektivnega-spomina\/#primaryimage","inLanguage":"en-US","url":"https:\/\/www.ntf.uni-lj.si\/oto\/wp-content\/uploads\/sites\/6\/2026\/03\/KNOTS-AND-PATTERNS_feb-26_WEB_800x500_druga-podlaga_slo.jpg","contentUrl":"https:\/\/www.ntf.uni-lj.si\/oto\/wp-content\/uploads\/sites\/6\/2026\/03\/KNOTS-AND-PATTERNS_feb-26_WEB_800x500_druga-podlaga_slo.jpg","width":1667,"height":1042},{"@type":"WebPage","@id":"https:\/\/www.ntf.uni-lj.si\/oto\/event\/knots-and-patterns-2026-krajine-kolektivnega-spomina\/#webpage","url":"https:\/\/www.ntf.uni-lj.si\/oto\/event\/knots-and-patterns-2026-krajine-kolektivnega-spomina\/","name":"Knots and Patterns 2026: Krajine kolektivnega spomina - OTO","isPartOf":{"@id":"https:\/\/www.ntf.uni-lj.si\/oto\/en\/#website"},"primaryImageOfPage":{"@id":"https:\/\/www.ntf.uni-lj.si\/oto\/event\/knots-and-patterns-2026-krajine-kolektivnega-spomina\/#primaryimage"},"datePublished":"2026-03-09T07:38:07+00:00","dateModified":"2026-03-09T07:44:41+00:00","breadcrumb":{"@id":"https:\/\/www.ntf.uni-lj.si\/oto\/event\/knots-and-patterns-2026-krajine-kolektivnega-spomina\/#breadcrumb"},"inLanguage":"en-US","potentialAction":[{"@type":"ReadAction","target":["https:\/\/www.ntf.uni-lj.si\/oto\/event\/knots-and-patterns-2026-krajine-kolektivnega-spomina\/"]}]},{"@type":"BreadcrumbList","@id":"https:\/\/www.ntf.uni-lj.si\/oto\/event\/knots-and-patterns-2026-krajine-kolektivnega-spomina\/#breadcrumb","itemListElement":[{"@type":"ListItem","position":1,"name":"Home","item":"https:\/\/www.ntf.uni-lj.si\/oto\/en\/"},{"@type":"ListItem","position":2,"name":"Events","item":"https:\/\/www.ntf.uni-lj.si\/oto\/en\/event\/"},{"@type":"ListItem","position":3,"name":"Knots and Patterns 2026: Krajine kolektivnega spomina"}]}]}},"_links":{"self":[{"href":"https:\/\/www.ntf.uni-lj.si\/oto\/wp-json\/wp\/v2\/event\/25113"}],"collection":[{"href":"https:\/\/www.ntf.uni-lj.si\/oto\/wp-json\/wp\/v2\/event"}],"about":[{"href":"https:\/\/www.ntf.uni-lj.si\/oto\/wp-json\/wp\/v2\/types\/event"}],"author":[{"embeddable":true,"href":"https:\/\/www.ntf.uni-lj.si\/oto\/wp-json\/wp\/v2\/users\/389"}],"version-history":[{"count":7,"href":"https:\/\/www.ntf.uni-lj.si\/oto\/wp-json\/wp\/v2\/event\/25113\/revisions"}],"predecessor-version":[{"id":25121,"href":"https:\/\/www.ntf.uni-lj.si\/oto\/wp-json\/wp\/v2\/event\/25113\/revisions\/25121"}],"wp:featuredmedia":[{"embeddable":true,"href":"https:\/\/www.ntf.uni-lj.si\/oto\/wp-json\/wp\/v2\/media\/25116"}],"wp:attachment":[{"href":"https:\/\/www.ntf.uni-lj.si\/oto\/wp-json\/wp\/v2\/media?parent=25113"}],"curies":[{"name":"wp","href":"https:\/\/api.w.org\/{rel}","templated":true}]}}