{"id":25176,"date":"2026-03-25T09:52:34","date_gmt":"2026-03-25T08:52:34","guid":{"rendered":"https:\/\/www.ntf.uni-lj.si\/oto\/?post_type=event&#038;p=25176"},"modified":"2026-03-30T14:28:00","modified_gmt":"2026-03-30T12:28:00","slug":"zgan-in-tiskan-nakit-v-galeriji-salsaverde-v-izoli-sijw-2026","status":"publish","type":"event","link":"https:\/\/www.ntf.uni-lj.si\/oto\/event\/zgan-in-tiskan-nakit-v-galeriji-salsaverde-v-izoli-sijw-2026\/","title":{"rendered":"\u017dGAN IN TISKAN NAKIT v Galeriji\u00a0Salsaverde v\u00a0Izoli \/ SIJW\u00a0 2026"},"content":{"rendered":"<h3>\u0160tudentska razstava (UL &#8211; NTF &#8211; OTO) eksperimentalnega nakita v keramiki in 3D-tisku v okviru\u00a0 Slovenskega tedna nakita\u00a0 2026<\/h3>\n<h2>Galerija Salsaverde, Gramscijeva ulica 4, Izola<br \/>\nRazstava: 28. 3. 2026 do 18. o4. 2026<\/h2>\n<p><strong>\u0160tudentje: <\/strong>Katarina Ekart, Ela Repov\u0161, Tasja Videm\u0161ek, Kristi Komel, An\u017ee Mrak, Jaka Podgor\u0161ek, Ivi Primo\u017ei\u010d, Marija Okr\u0161lar, Pia Wallner, Ajda Rep, Ines \u010ceperlin, Tina Dovjak, \u0160pela Ko\u0161ir, Jovana Tomi\u0107, Kaja \u010cufer, Kaja Bakan, Kaja \u010cufer, Rebeka Pajek, Borjan Litovski, Ga\u0161par Marini\u010d, Zarja \u010cerne\u00a0, Ana Ferjanc\u00a0, Laura Gu\u0161tin\u00a0,\u00a0Biljana Mihailovi\u0107, An\u017ee Ore\u0161nik\u00a0, Kelly Gu\u010dek<br \/>\n<strong><br \/>\nMentorice:<\/strong>\u00a0prof. Karin Ko\u0161ak, prof. dr. Deja Muck, doc. dr. Tanja Nu\u0161a Ko\u010devar, strok. sod. Marjeta \u010cuk \/<br \/>\n<strong>Mentorji v Centru Rog:<\/strong> Peter Dragoli\u010d \/ Brigita Gantar \/ Anja Radovi\u0107 \/ Metka Mikuleti\u010d<\/p>\n<p>Predstavljena so dela inovativnega oblikovanja ve\u010d generacij \u0161tudentov magistrskega programa na podro\u010dju unikatnega nakita z uporabo dveh zelo razli\u010dnih materialov \u2013<strong> keramike in 3D tiskane kobalt-krom zlitine s pomo\u010djo ro\u010dnih ter digitalnih tehnologij.<\/strong><\/p>\n<p>Na podlagi oblikovne zasnove kolekcije nakita, pri kateri so uporabljali tudi <strong>tehnologijo umetne inteligence<\/strong>, je bilo potrebno narediti\u00a0model s pomo\u010djo <strong>3D modeliranja v programu Blender.<\/strong> Sledilo je preoblikovanje modela v<strong> kalup za odlivanje v keramiki ali za direkten 3D tisk v kovini<\/strong>. Z dodatnimi poobdelavami v <strong>Labu za keramiko in Labu za nakit Centra Rog<\/strong> je nastal eksperimentalen, a obenem funkcionalen nakit \u2013 predvsem uhani, prstani, bro\u0161ke, zapestnice, ogrlice in ovratnice.<\/p>\n<p>Tako \u0161tudentje s pomo\u010djo kombinacije tradicionalnih ro\u010dnih in naprednih digitalnih tehnologij, kot so umetna inteligenca, 3D modeliranje in 3D tisk re\u0161ujejo izzive sodobnega oblikovanja za <strong>inovativne, unikatne in maloserijske kolekcije nakita.<\/strong><\/p>\n<p>Razstava je nastala\u00a0v sodelovanju NTF <strong>s Centrom Rog in podjetjem NPPower d.o.o<\/strong>.\u00a0iz Maribora, ki je natisnilo kovinske kose nakita.<\/p>\n<p>&nbsp;<\/p>\n<p>&nbsp;<\/p>\n","protected":false},"excerpt":{"rendered":"nakit 3D tisk keramika NTF KOTO Center Rog ","protected":false},"author":49,"featured_media":25184,"template":"","acf":[],"yoast_head":"<!-- This site is optimized with the Yoast SEO plugin v17.0 - https:\/\/yoast.com\/wordpress\/plugins\/seo\/ -->\n<meta name=\"description\" content=\"nakit 3D tisk keramika NTF KOTO Center Rog\" \/>\n<meta name=\"robots\" content=\"index, follow, max-snippet:-1, max-image-preview:large, max-video-preview:-1\" \/>\n<link rel=\"canonical\" href=\"https:\/\/www.ntf.uni-lj.si\/oto\/event\/zgan-in-tiskan-nakit-v-galeriji-salsaverde-v-izoli-sijw-2026\/\" \/>\n<meta property=\"og:locale\" content=\"en_US\" \/>\n<meta property=\"og:type\" content=\"article\" \/>\n<meta property=\"og:title\" content=\"\u017dGAN IN TISKAN NAKIT v Galeriji\u00a0Salsaverde v\u00a0Izoli \/ SIJW\u00a0 2026 - OTO\" \/>\n<meta property=\"og:description\" content=\"nakit 3D tisk keramika NTF KOTO Center Rog\" \/>\n<meta property=\"og:url\" content=\"https:\/\/www.ntf.uni-lj.si\/oto\/event\/zgan-in-tiskan-nakit-v-galeriji-salsaverde-v-izoli-sijw-2026\/\" \/>\n<meta property=\"og:site_name\" content=\"OTO\" \/>\n<meta property=\"article:modified_time\" content=\"2026-03-30T12:28:00+00:00\" \/>\n<meta property=\"og:image\" content=\"https:\/\/www.ntf.uni-lj.si\/oto\/wp-content\/uploads\/sites\/6\/2026\/03\/Laura-Gustin-Foto-Biljana-Mihailovic-5-scaled.jpg\" \/>\n\t<meta property=\"og:image:width\" content=\"2560\" \/>\n\t<meta property=\"og:image:height\" content=\"1709\" \/>\n<meta name=\"twitter:label1\" content=\"Est. reading time\" \/>\n\t<meta name=\"twitter:data1\" content=\"1 minute\" \/>\n<script type=\"application\/ld+json\" class=\"yoast-schema-graph\">{\"@context\":\"https:\/\/schema.org\",\"@graph\":[{\"@type\":\"WebSite\",\"@id\":\"https:\/\/www.ntf.uni-lj.si\/oto\/en\/#website\",\"url\":\"https:\/\/www.ntf.uni-lj.si\/oto\/en\/\",\"name\":\"OTO\",\"description\":\"Katedra za oblikovanje tekstilij in obla\\u010dil\",\"potentialAction\":[{\"@type\":\"SearchAction\",\"target\":{\"@type\":\"EntryPoint\",\"urlTemplate\":\"https:\/\/www.ntf.uni-lj.si\/oto\/en\/?s={search_term_string}\"},\"query-input\":\"required name=search_term_string\"}],\"inLanguage\":\"en-US\"},{\"@type\":\"ImageObject\",\"@id\":\"https:\/\/www.ntf.uni-lj.si\/oto\/event\/zgan-in-tiskan-nakit-v-galeriji-salsaverde-v-izoli-sijw-2026\/#primaryimage\",\"inLanguage\":\"en-US\",\"url\":\"https:\/\/www.ntf.uni-lj.si\/oto\/wp-content\/uploads\/sites\/6\/2026\/03\/Laura-Gustin-Foto-Biljana-Mihailovic-5-scaled.jpg\",\"contentUrl\":\"https:\/\/www.ntf.uni-lj.si\/oto\/wp-content\/uploads\/sites\/6\/2026\/03\/Laura-Gustin-Foto-Biljana-Mihailovic-5-scaled.jpg\",\"width\":2560,\"height\":1709},{\"@type\":\"WebPage\",\"@id\":\"https:\/\/www.ntf.uni-lj.si\/oto\/event\/zgan-in-tiskan-nakit-v-galeriji-salsaverde-v-izoli-sijw-2026\/#webpage\",\"url\":\"https:\/\/www.ntf.uni-lj.si\/oto\/event\/zgan-in-tiskan-nakit-v-galeriji-salsaverde-v-izoli-sijw-2026\/\",\"name\":\"\\u017dGAN IN TISKAN NAKIT v Galeriji\\u00a0Salsaverde v\\u00a0Izoli \/ SIJW\\u00a0 2026 - OTO\",\"isPartOf\":{\"@id\":\"https:\/\/www.ntf.uni-lj.si\/oto\/en\/#website\"},\"primaryImageOfPage\":{\"@id\":\"https:\/\/www.ntf.uni-lj.si\/oto\/event\/zgan-in-tiskan-nakit-v-galeriji-salsaverde-v-izoli-sijw-2026\/#primaryimage\"},\"datePublished\":\"2026-03-25T08:52:34+00:00\",\"dateModified\":\"2026-03-30T12:28:00+00:00\",\"description\":\"nakit 3D tisk keramika NTF KOTO Center Rog\",\"breadcrumb\":{\"@id\":\"https:\/\/www.ntf.uni-lj.si\/oto\/event\/zgan-in-tiskan-nakit-v-galeriji-salsaverde-v-izoli-sijw-2026\/#breadcrumb\"},\"inLanguage\":\"en-US\",\"potentialAction\":[{\"@type\":\"ReadAction\",\"target\":[\"https:\/\/www.ntf.uni-lj.si\/oto\/event\/zgan-in-tiskan-nakit-v-galeriji-salsaverde-v-izoli-sijw-2026\/\"]}]},{\"@type\":\"BreadcrumbList\",\"@id\":\"https:\/\/www.ntf.uni-lj.si\/oto\/event\/zgan-in-tiskan-nakit-v-galeriji-salsaverde-v-izoli-sijw-2026\/#breadcrumb\",\"itemListElement\":[{\"@type\":\"ListItem\",\"position\":1,\"name\":\"Home\",\"item\":\"https:\/\/www.ntf.uni-lj.si\/oto\/en\/\"},{\"@type\":\"ListItem\",\"position\":2,\"name\":\"Events\",\"item\":\"https:\/\/www.ntf.uni-lj.si\/oto\/en\/event\/\"},{\"@type\":\"ListItem\",\"position\":3,\"name\":\"\\u017dGAN IN TISKAN NAKIT v Galeriji\\u00a0Salsaverde v\\u00a0Izoli \/ SIJW\\u00a0 2026\"}]}]}<\/script>\n<!-- \/ Yoast SEO plugin. -->","yoast_head_json":{"description":"nakit 3D tisk keramika NTF KOTO Center Rog","robots":{"index":"index","follow":"follow","max-snippet":"max-snippet:-1","max-image-preview":"max-image-preview:large","max-video-preview":"max-video-preview:-1"},"canonical":"https:\/\/www.ntf.uni-lj.si\/oto\/event\/zgan-in-tiskan-nakit-v-galeriji-salsaverde-v-izoli-sijw-2026\/","og_locale":"en_US","og_type":"article","og_title":"\u017dGAN IN TISKAN NAKIT v Galeriji\u00a0Salsaverde v\u00a0Izoli \/ SIJW\u00a0 2026 - OTO","og_description":"nakit 3D tisk keramika NTF KOTO Center Rog","og_url":"https:\/\/www.ntf.uni-lj.si\/oto\/event\/zgan-in-tiskan-nakit-v-galeriji-salsaverde-v-izoli-sijw-2026\/","og_site_name":"OTO","article_modified_time":"2026-03-30T12:28:00+00:00","og_image":[{"width":2560,"height":1709,"url":"https:\/\/www.ntf.uni-lj.si\/oto\/wp-content\/uploads\/sites\/6\/2026\/03\/Laura-Gustin-Foto-Biljana-Mihailovic-5-scaled.jpg","path":"\/web\/html\/ntf\/public_html\/wp-content\/uploads\/sites\/6\/2026\/03\/Laura-Gustin-Foto-Biljana-Mihailovic-5-scaled.jpg","size":"full","id":25184,"alt":"","pixels":4375040,"type":"image\/jpeg"}],"twitter_misc":{"Est. reading time":"1 minute"},"schema":{"@context":"https:\/\/schema.org","@graph":[{"@type":"WebSite","@id":"https:\/\/www.ntf.uni-lj.si\/oto\/en\/#website","url":"https:\/\/www.ntf.uni-lj.si\/oto\/en\/","name":"OTO","description":"Katedra za oblikovanje tekstilij in obla\u010dil","potentialAction":[{"@type":"SearchAction","target":{"@type":"EntryPoint","urlTemplate":"https:\/\/www.ntf.uni-lj.si\/oto\/en\/?s={search_term_string}"},"query-input":"required name=search_term_string"}],"inLanguage":"en-US"},{"@type":"ImageObject","@id":"https:\/\/www.ntf.uni-lj.si\/oto\/event\/zgan-in-tiskan-nakit-v-galeriji-salsaverde-v-izoli-sijw-2026\/#primaryimage","inLanguage":"en-US","url":"https:\/\/www.ntf.uni-lj.si\/oto\/wp-content\/uploads\/sites\/6\/2026\/03\/Laura-Gustin-Foto-Biljana-Mihailovic-5-scaled.jpg","contentUrl":"https:\/\/www.ntf.uni-lj.si\/oto\/wp-content\/uploads\/sites\/6\/2026\/03\/Laura-Gustin-Foto-Biljana-Mihailovic-5-scaled.jpg","width":2560,"height":1709},{"@type":"WebPage","@id":"https:\/\/www.ntf.uni-lj.si\/oto\/event\/zgan-in-tiskan-nakit-v-galeriji-salsaverde-v-izoli-sijw-2026\/#webpage","url":"https:\/\/www.ntf.uni-lj.si\/oto\/event\/zgan-in-tiskan-nakit-v-galeriji-salsaverde-v-izoli-sijw-2026\/","name":"\u017dGAN IN TISKAN NAKIT v Galeriji\u00a0Salsaverde v\u00a0Izoli \/ SIJW\u00a0 2026 - OTO","isPartOf":{"@id":"https:\/\/www.ntf.uni-lj.si\/oto\/en\/#website"},"primaryImageOfPage":{"@id":"https:\/\/www.ntf.uni-lj.si\/oto\/event\/zgan-in-tiskan-nakit-v-galeriji-salsaverde-v-izoli-sijw-2026\/#primaryimage"},"datePublished":"2026-03-25T08:52:34+00:00","dateModified":"2026-03-30T12:28:00+00:00","description":"nakit 3D tisk keramika NTF KOTO Center Rog","breadcrumb":{"@id":"https:\/\/www.ntf.uni-lj.si\/oto\/event\/zgan-in-tiskan-nakit-v-galeriji-salsaverde-v-izoli-sijw-2026\/#breadcrumb"},"inLanguage":"en-US","potentialAction":[{"@type":"ReadAction","target":["https:\/\/www.ntf.uni-lj.si\/oto\/event\/zgan-in-tiskan-nakit-v-galeriji-salsaverde-v-izoli-sijw-2026\/"]}]},{"@type":"BreadcrumbList","@id":"https:\/\/www.ntf.uni-lj.si\/oto\/event\/zgan-in-tiskan-nakit-v-galeriji-salsaverde-v-izoli-sijw-2026\/#breadcrumb","itemListElement":[{"@type":"ListItem","position":1,"name":"Home","item":"https:\/\/www.ntf.uni-lj.si\/oto\/en\/"},{"@type":"ListItem","position":2,"name":"Events","item":"https:\/\/www.ntf.uni-lj.si\/oto\/en\/event\/"},{"@type":"ListItem","position":3,"name":"\u017dGAN IN TISKAN NAKIT v Galeriji\u00a0Salsaverde v\u00a0Izoli \/ SIJW\u00a0 2026"}]}]}},"_links":{"self":[{"href":"https:\/\/www.ntf.uni-lj.si\/oto\/wp-json\/wp\/v2\/event\/25176"}],"collection":[{"href":"https:\/\/www.ntf.uni-lj.si\/oto\/wp-json\/wp\/v2\/event"}],"about":[{"href":"https:\/\/www.ntf.uni-lj.si\/oto\/wp-json\/wp\/v2\/types\/event"}],"author":[{"embeddable":true,"href":"https:\/\/www.ntf.uni-lj.si\/oto\/wp-json\/wp\/v2\/users\/49"}],"version-history":[{"count":23,"href":"https:\/\/www.ntf.uni-lj.si\/oto\/wp-json\/wp\/v2\/event\/25176\/revisions"}],"predecessor-version":[{"id":25346,"href":"https:\/\/www.ntf.uni-lj.si\/oto\/wp-json\/wp\/v2\/event\/25176\/revisions\/25346"}],"wp:featuredmedia":[{"embeddable":true,"href":"https:\/\/www.ntf.uni-lj.si\/oto\/wp-json\/wp\/v2\/media\/25184"}],"wp:attachment":[{"href":"https:\/\/www.ntf.uni-lj.si\/oto\/wp-json\/wp\/v2\/media?parent=25176"}],"curies":[{"name":"wp","href":"https:\/\/api.w.org\/{rel}","templated":true}]}}