{"id":25366,"date":"2026-04-03T13:01:59","date_gmt":"2026-04-03T11:01:59","guid":{"rendered":"https:\/\/www.ntf.uni-lj.si\/oto\/?post_type=event&#038;p=25366"},"modified":"2026-04-16T18:25:02","modified_gmt":"2026-04-16T16:25:02","slug":"nika-batista-zivim-v-realnostih-ki-niso-povsem-resnicne","status":"publish","type":"event","link":"https:\/\/www.ntf.uni-lj.si\/oto\/event\/nika-batista-zivim-v-realnostih-ki-niso-povsem-resnicne\/","title":{"rendered":"Nika Batista: \u017divim v realnostih, ki niso povsem resni\u010dne"},"content":{"rendered":"<p>Vabljeni na  otvoritev razstave <strong>Nika Batista: \u017divim v realnostih, ki niso povsem resni\u010dne<\/strong>, ki bo v petek, 10. aprila 2026, ob 19. uri v <strong><a href=\"https:\/\/www.galerija-bj.si\/dogodki\/nika-batista-zivim-v-realnostih-ki-niso-povsem-resnicne\/?_gl=1*1rsic37*_up*MQ..*_ga*MjczOTQ4NDAwLjE3NzUwNTA4NTg.*_ga_XDH2PCZFEL*czE3NzUwNzI0NzQkbzIkZzAkdDE3NzUwNzI0NzQkajYwJGwwJGgw\" rel=\"noopener\" target=\"_blank\">Galeriji Bo\u017eidar Jakac<\/a><\/strong>.<\/p>\n<p>V lapidariju se bo predstavila mlada umetnica <strong>Nika Batista<\/strong>, katere praksa prepleta performans, oblikovanje in prostorsko postavitev. Razstava izhaja iz razli\u010dnih percepcij \u010dustvovanja in \u010dustev ter raziskuje, kako se emocionalna stanja materializirajo \u2013 v gibu, predmetu, zvoku ali svetlobi \u2013 in kako jih lahko razstavni prostor okrepi ali predruga\u010di.<br \/>\nPostavitev je zasnovana kot situacija, ki obiskovalca aktivno vklju\u010di: dela niso le za ogled, temve\u010d spro\u017eajo odzive, ustvarjajo nove asociacije in gradijo \u010dustvene povezave. Umetnica pri tem izhaja iz ob\u010dutljivosti do materialov in detajlov ter iz potrebe, da se v prostoru oblikuje celostna, telesno do\u017eiveta izku\u0161nja. Ker je \u010dustveno do\u017eivljanje pogosto tudi telesno, bo umetnica uporabljala tekstil, material, ki je fizi\u010dno in v\u010dasih \u010dustveno blizu \u010dloveku ter nosi spomine in zaznave.<br \/>\nRazstava se bo odzvala na specifike lapidarija in z umestitvijo del poudarila dialog med sodobno umetni\u0161ko gesto in zgodovinskimi plastmi prostora.<\/p>\n<p>Razstava bo na ogled do <strong>5. julija 2026<\/strong>.<\/p>\n<h4 style=\"margin-top: 40px\"> <a href=\"https:\/\/www.galerija-bj.si\/obcasne-razstave\/nika-batista\/?_gl=1*16h3qnh*_up*MQ..*_ga*NTc3MTc0NjMyLjE3NzUwNzI3NDE.*_ga_XDH2PCZFEL*czE3NzUwNzI3NDAkbzEkZzEkdDE3NzUwNzI3OTEkajkkbDAkaDA\" rel=\"noopener\" target=\"_blank\">O razstavi<\/a><\/h4>\n<p>Na\u0161a telesa nenehno manifestirajo \u010dustva \u2013 v\u010dasih subtilno, drugi\u010d z vso intenzivnostjo. Pogosto se telo odzove hitreje, kot na\u0161 um razume. Telesa shranjujejo spomine v obliki odzivnih vzorcev, ki se spro\u017eijo v dolo\u010denih okoli\u0161\u010dinah. Zato lahko kraj, tekstura ali predvsem vonj nenadoma obudijo ob\u010dutek, \u0161e preden prikli\u010demo jasen spomin. Podobno deluje tekstil, ki je v stalnem stiku s ko\u017eo: vpija sledi, se oblikuje po telesu, postaja nosilec izku\u0161enj in shranjuje spomin.<\/p>\n<p>V delih <strong>Nike Batista<\/strong> tekstil prese\u017ee svojo funkcijo in ponudi prostor, kjer se osebni in kolektivni spomini utelesijo. Razstava \u017divim v realnostih, ki niso povsem resni\u010dne se po prostorih Lapidarija razvija od \u010dustev drugih in na\u0161ega dojemanja le-teh, prek notranjega sveta umetnice, nazaj navzven \u2013 k razumevanju \u010dustvenega toka kot ne\u010desa skupnega in univerzalnega. Zaklju\u010di se z usmeritvijo k osebi, ki fizi\u010dno stopa skozi zadnjo sobo, kjer v trenutku introspekcije odmevajo korak, lom veje in spro\u017eeno \u010dustvo.<\/p>\n<p><strong>Nika Batista<\/strong> prek dovzetnega tekstila in delikatnih niti raziskuje ob\u010dutljivost ter neprekinjen tok misli in \u010dustev, ki so temelj njenega dela. Sposobnost tekstila, da prevzame obliko, odra\u017ea umetni\u010dino zanimanje za materializacijo ob\u010dutkov. S svojo zgodovino pa nosi tudi njeno potrebo po povezovanju in razumevanju \u2013 drugih, sebe, trenutka in preteklosti.<\/p>\n<p><strong>Razstavljena dela:<\/strong><br \/>\n-Vse moje misli \u0161e vedno ne bi bile dovolj, 2025<br \/>\nkovinska konstrukcija, suknji\u010di, pesek<br \/>\n-Pridem v delih, 2025<br \/>\ntekstilna instalacija<br \/>\n-Ne pusti vsega srca tam, 2025<br \/>\nkovina, preja<br \/>\n-Relikvija ob\u010dutka, 2026<br \/>\nles, japonsko \u010drnilo<\/p>\n<h4 style=\"margin-top: 40px\"> O avtorici<\/h4>\n<p><strong><a href=\"https:\/\/www.batistanika.com\/\" rel=\"noopener\" target=\"_blank\">Nika Batista<\/a> <\/strong>(1991)  je intermedijska umetnica, ki ustvarja na prese\u010di\u0161\u010du performansa, tekstila, telesa in vizualizacije \u010dustev. Njeno delo raziskuje subtilno ravnote\u017eje med ob\u010dutenim in videnim, pri \u010demer v sredi\u0161\u010de izra\u017eanja postavlja \u010dloveka v njegovem ali njenem \u010dustvenem obstoju. Njeni projekti prehajajo konceptualne in fizi\u010dne meje in so zaznamovani z ob\u010dutkom efemeralnosti.<\/p>\n<p><strong>Kustosinja:<\/strong> Deja Be\u010daj<br \/>\n<strong>Fotografija:<\/strong> Jaka Babnik<\/p>\n","protected":false},"excerpt":{"rendered":"Vabljeni na otvoritev razstave Nika Batista: \u017divim v realnostih, ki niso povsem resni\u010dne, ki bo v petek, 10. aprila 2026, ob 19. uri v Galeriji Bo\u017eidar Jakac. V lapidariju se bo predstavila mlada umetnica Nika Batista, katere praksa prepleta performans, oblikovanje in prostorsko postavitev. Razstava izhaja iz razli\u010dnih percepcij \u010dustvovanja in \u010dustev ter raziskuje, kako &#8230; <a class=\"view-article\" href=\"https:\/\/www.ntf.uni-lj.si\/oto\/event\/nika-batista-zivim-v-realnostih-ki-niso-povsem-resnicne\/\">Read more<\/a>","protected":false},"author":389,"featured_media":25378,"template":"","acf":[],"yoast_head":"<!-- This site is optimized with the Yoast SEO plugin v17.0 - https:\/\/yoast.com\/wordpress\/plugins\/seo\/ -->\n<meta name=\"description\" content=\"Razstave Nika Batista: \u017divim v realnostih, ki niso povsem resni\u010dne v Galeriji Bo\u017eidar Jakac. Raziskovanje \u010dustev skozi tekstil, prostor in telo.\" \/>\n<meta name=\"robots\" content=\"index, follow, max-snippet:-1, max-image-preview:large, max-video-preview:-1\" \/>\n<link rel=\"canonical\" href=\"https:\/\/www.ntf.uni-lj.si\/oto\/event\/nika-batista-zivim-v-realnostih-ki-niso-povsem-resnicne\/\" \/>\n<meta property=\"og:locale\" content=\"en_US\" \/>\n<meta property=\"og:type\" content=\"article\" \/>\n<meta property=\"og:title\" content=\"Nika Batista: \u017divim v realnostih, ki niso povsem resni\u010dne - OTO\" \/>\n<meta property=\"og:description\" content=\"Razstave Nika Batista: \u017divim v realnostih, ki niso povsem resni\u010dne v Galeriji Bo\u017eidar Jakac. Raziskovanje \u010dustev skozi tekstil, prostor in telo.\" \/>\n<meta property=\"og:url\" content=\"https:\/\/www.ntf.uni-lj.si\/oto\/event\/nika-batista-zivim-v-realnostih-ki-niso-povsem-resnicne\/\" \/>\n<meta property=\"og:site_name\" content=\"OTO\" \/>\n<meta property=\"article:modified_time\" content=\"2026-04-16T16:25:02+00:00\" \/>\n<meta property=\"og:image\" content=\"https:\/\/www.ntf.uni-lj.si\/oto\/wp-content\/uploads\/sites\/6\/2026\/04\/GBJ_Nika-Batista_I-Live-in-Realities-That-Are-Not-Completely-True_28779_WEB.jpg\" \/>\n\t<meta property=\"og:image:width\" content=\"1920\" \/>\n\t<meta property=\"og:image:height\" content=\"1440\" \/>\n<meta name=\"twitter:label1\" content=\"Est. reading time\" \/>\n\t<meta name=\"twitter:data1\" content=\"3 minutes\" \/>\n<script type=\"application\/ld+json\" class=\"yoast-schema-graph\">{\"@context\":\"https:\/\/schema.org\",\"@graph\":[{\"@type\":\"WebSite\",\"@id\":\"https:\/\/www.ntf.uni-lj.si\/oto\/en\/#website\",\"url\":\"https:\/\/www.ntf.uni-lj.si\/oto\/en\/\",\"name\":\"OTO\",\"description\":\"Katedra za oblikovanje tekstilij in obla\\u010dil\",\"potentialAction\":[{\"@type\":\"SearchAction\",\"target\":{\"@type\":\"EntryPoint\",\"urlTemplate\":\"https:\/\/www.ntf.uni-lj.si\/oto\/en\/?s={search_term_string}\"},\"query-input\":\"required name=search_term_string\"}],\"inLanguage\":\"en-US\"},{\"@type\":\"ImageObject\",\"@id\":\"https:\/\/www.ntf.uni-lj.si\/oto\/event\/nika-batista-zivim-v-realnostih-ki-niso-povsem-resnicne\/#primaryimage\",\"inLanguage\":\"en-US\",\"url\":\"https:\/\/www.ntf.uni-lj.si\/oto\/wp-content\/uploads\/sites\/6\/2026\/04\/GBJ_Nika-Batista_I-Live-in-Realities-That-Are-Not-Completely-True_28779_WEB.jpg\",\"contentUrl\":\"https:\/\/www.ntf.uni-lj.si\/oto\/wp-content\/uploads\/sites\/6\/2026\/04\/GBJ_Nika-Batista_I-Live-in-Realities-That-Are-Not-Completely-True_28779_WEB.jpg\",\"width\":1920,\"height\":1440},{\"@type\":\"WebPage\",\"@id\":\"https:\/\/www.ntf.uni-lj.si\/oto\/event\/nika-batista-zivim-v-realnostih-ki-niso-povsem-resnicne\/#webpage\",\"url\":\"https:\/\/www.ntf.uni-lj.si\/oto\/event\/nika-batista-zivim-v-realnostih-ki-niso-povsem-resnicne\/\",\"name\":\"Nika Batista: \\u017divim v realnostih, ki niso povsem resni\\u010dne - OTO\",\"isPartOf\":{\"@id\":\"https:\/\/www.ntf.uni-lj.si\/oto\/en\/#website\"},\"primaryImageOfPage\":{\"@id\":\"https:\/\/www.ntf.uni-lj.si\/oto\/event\/nika-batista-zivim-v-realnostih-ki-niso-povsem-resnicne\/#primaryimage\"},\"datePublished\":\"2026-04-03T11:01:59+00:00\",\"dateModified\":\"2026-04-16T16:25:02+00:00\",\"description\":\"Razstave Nika Batista: \\u017divim v realnostih, ki niso povsem resni\\u010dne v Galeriji Bo\\u017eidar Jakac. Raziskovanje \\u010dustev skozi tekstil, prostor in telo.\",\"breadcrumb\":{\"@id\":\"https:\/\/www.ntf.uni-lj.si\/oto\/event\/nika-batista-zivim-v-realnostih-ki-niso-povsem-resnicne\/#breadcrumb\"},\"inLanguage\":\"en-US\",\"potentialAction\":[{\"@type\":\"ReadAction\",\"target\":[\"https:\/\/www.ntf.uni-lj.si\/oto\/event\/nika-batista-zivim-v-realnostih-ki-niso-povsem-resnicne\/\"]}]},{\"@type\":\"BreadcrumbList\",\"@id\":\"https:\/\/www.ntf.uni-lj.si\/oto\/event\/nika-batista-zivim-v-realnostih-ki-niso-povsem-resnicne\/#breadcrumb\",\"itemListElement\":[{\"@type\":\"ListItem\",\"position\":1,\"name\":\"Home\",\"item\":\"https:\/\/www.ntf.uni-lj.si\/oto\/en\/\"},{\"@type\":\"ListItem\",\"position\":2,\"name\":\"Events\",\"item\":\"https:\/\/www.ntf.uni-lj.si\/oto\/en\/event\/\"},{\"@type\":\"ListItem\",\"position\":3,\"name\":\"Nika Batista: \\u017divim v realnostih, ki niso povsem resni\\u010dne\"}]}]}<\/script>\n<!-- \/ Yoast SEO plugin. -->","yoast_head_json":{"description":"Razstave Nika Batista: \u017divim v realnostih, ki niso povsem resni\u010dne v Galeriji Bo\u017eidar Jakac. Raziskovanje \u010dustev skozi tekstil, prostor in telo.","robots":{"index":"index","follow":"follow","max-snippet":"max-snippet:-1","max-image-preview":"max-image-preview:large","max-video-preview":"max-video-preview:-1"},"canonical":"https:\/\/www.ntf.uni-lj.si\/oto\/event\/nika-batista-zivim-v-realnostih-ki-niso-povsem-resnicne\/","og_locale":"en_US","og_type":"article","og_title":"Nika Batista: \u017divim v realnostih, ki niso povsem resni\u010dne - OTO","og_description":"Razstave Nika Batista: \u017divim v realnostih, ki niso povsem resni\u010dne v Galeriji Bo\u017eidar Jakac. Raziskovanje \u010dustev skozi tekstil, prostor in telo.","og_url":"https:\/\/www.ntf.uni-lj.si\/oto\/event\/nika-batista-zivim-v-realnostih-ki-niso-povsem-resnicne\/","og_site_name":"OTO","article_modified_time":"2026-04-16T16:25:02+00:00","og_image":[{"width":1920,"height":1440,"url":"https:\/\/www.ntf.uni-lj.si\/oto\/wp-content\/uploads\/sites\/6\/2026\/04\/GBJ_Nika-Batista_I-Live-in-Realities-That-Are-Not-Completely-True_28779_WEB.jpg","path":"\/web\/html\/ntf\/public_html\/wp-content\/uploads\/sites\/6\/2026\/04\/GBJ_Nika-Batista_I-Live-in-Realities-That-Are-Not-Completely-True_28779_WEB.jpg","size":"full","id":25378,"alt":"","pixels":2764800,"type":"image\/jpeg"}],"twitter_misc":{"Est. reading time":"3 minutes"},"schema":{"@context":"https:\/\/schema.org","@graph":[{"@type":"WebSite","@id":"https:\/\/www.ntf.uni-lj.si\/oto\/en\/#website","url":"https:\/\/www.ntf.uni-lj.si\/oto\/en\/","name":"OTO","description":"Katedra za oblikovanje tekstilij in obla\u010dil","potentialAction":[{"@type":"SearchAction","target":{"@type":"EntryPoint","urlTemplate":"https:\/\/www.ntf.uni-lj.si\/oto\/en\/?s={search_term_string}"},"query-input":"required name=search_term_string"}],"inLanguage":"en-US"},{"@type":"ImageObject","@id":"https:\/\/www.ntf.uni-lj.si\/oto\/event\/nika-batista-zivim-v-realnostih-ki-niso-povsem-resnicne\/#primaryimage","inLanguage":"en-US","url":"https:\/\/www.ntf.uni-lj.si\/oto\/wp-content\/uploads\/sites\/6\/2026\/04\/GBJ_Nika-Batista_I-Live-in-Realities-That-Are-Not-Completely-True_28779_WEB.jpg","contentUrl":"https:\/\/www.ntf.uni-lj.si\/oto\/wp-content\/uploads\/sites\/6\/2026\/04\/GBJ_Nika-Batista_I-Live-in-Realities-That-Are-Not-Completely-True_28779_WEB.jpg","width":1920,"height":1440},{"@type":"WebPage","@id":"https:\/\/www.ntf.uni-lj.si\/oto\/event\/nika-batista-zivim-v-realnostih-ki-niso-povsem-resnicne\/#webpage","url":"https:\/\/www.ntf.uni-lj.si\/oto\/event\/nika-batista-zivim-v-realnostih-ki-niso-povsem-resnicne\/","name":"Nika Batista: \u017divim v realnostih, ki niso povsem resni\u010dne - OTO","isPartOf":{"@id":"https:\/\/www.ntf.uni-lj.si\/oto\/en\/#website"},"primaryImageOfPage":{"@id":"https:\/\/www.ntf.uni-lj.si\/oto\/event\/nika-batista-zivim-v-realnostih-ki-niso-povsem-resnicne\/#primaryimage"},"datePublished":"2026-04-03T11:01:59+00:00","dateModified":"2026-04-16T16:25:02+00:00","description":"Razstave Nika Batista: \u017divim v realnostih, ki niso povsem resni\u010dne v Galeriji Bo\u017eidar Jakac. Raziskovanje \u010dustev skozi tekstil, prostor in telo.","breadcrumb":{"@id":"https:\/\/www.ntf.uni-lj.si\/oto\/event\/nika-batista-zivim-v-realnostih-ki-niso-povsem-resnicne\/#breadcrumb"},"inLanguage":"en-US","potentialAction":[{"@type":"ReadAction","target":["https:\/\/www.ntf.uni-lj.si\/oto\/event\/nika-batista-zivim-v-realnostih-ki-niso-povsem-resnicne\/"]}]},{"@type":"BreadcrumbList","@id":"https:\/\/www.ntf.uni-lj.si\/oto\/event\/nika-batista-zivim-v-realnostih-ki-niso-povsem-resnicne\/#breadcrumb","itemListElement":[{"@type":"ListItem","position":1,"name":"Home","item":"https:\/\/www.ntf.uni-lj.si\/oto\/en\/"},{"@type":"ListItem","position":2,"name":"Events","item":"https:\/\/www.ntf.uni-lj.si\/oto\/en\/event\/"},{"@type":"ListItem","position":3,"name":"Nika Batista: \u017divim v realnostih, ki niso povsem resni\u010dne"}]}]}},"_links":{"self":[{"href":"https:\/\/www.ntf.uni-lj.si\/oto\/wp-json\/wp\/v2\/event\/25366"}],"collection":[{"href":"https:\/\/www.ntf.uni-lj.si\/oto\/wp-json\/wp\/v2\/event"}],"about":[{"href":"https:\/\/www.ntf.uni-lj.si\/oto\/wp-json\/wp\/v2\/types\/event"}],"author":[{"embeddable":true,"href":"https:\/\/www.ntf.uni-lj.si\/oto\/wp-json\/wp\/v2\/users\/389"}],"version-history":[{"count":9,"href":"https:\/\/www.ntf.uni-lj.si\/oto\/wp-json\/wp\/v2\/event\/25366\/revisions"}],"predecessor-version":[{"id":25457,"href":"https:\/\/www.ntf.uni-lj.si\/oto\/wp-json\/wp\/v2\/event\/25366\/revisions\/25457"}],"wp:featuredmedia":[{"embeddable":true,"href":"https:\/\/www.ntf.uni-lj.si\/oto\/wp-json\/wp\/v2\/media\/25378"}],"wp:attachment":[{"href":"https:\/\/www.ntf.uni-lj.si\/oto\/wp-json\/wp\/v2\/media?parent=25366"}],"curies":[{"name":"wp","href":"https:\/\/api.w.org\/{rel}","templated":true}]}}