{"id":16836,"date":"2021-03-04T11:59:13","date_gmt":"2021-03-04T10:59:13","guid":{"rendered":"http:\/\/www.ntf.uni-lj.si\/oto\/?page_id=16836"},"modified":"2021-03-04T13:08:56","modified_gmt":"2021-03-04T12:08:56","slug":"univerzitena-presernova-nagrada-2015","status":"publish","type":"page","link":"https:\/\/www.ntf.uni-lj.si\/oto\/galerija\/foto-galerija\/univerzitena-presernova-nagrada-2015\/","title":{"rendered":"Univerzitena Pre\u0161ernova nagrada 2015"},"content":{"rendered":"<p>Katedra za oblikovanje tekstilij in obla\u010dil s ponosom predstavlja leto\u0161nji dose\u017eek magistranta oblikovanja tekstilij in obla\u010dil\u00a0<strong>Petra Movrina<\/strong>, ki je prejel\u00a0<a href=\"https:\/\/www.uni-lj.si\/aktualno\/novice\/2015120213575402\/\"><strong>\u0161tudentsko Pre\u0161ernovo nagrado Univerze v Ljubljani za leto 2015<\/strong><\/a>. Peter Movrin prejel nagrado za umetni\u0161ko delo z naslovom\u00a0<strong>Obla\u010dilo kot nakit v kolekciji Lu Gedigte Perlaopis<\/strong>\u00a0pod mentorstvom\u00a0<strong>izr. prof. Elene Fajt<\/strong>. Nagrajena dela po presoji ocenjevalcev podro\u010dnih komisij in \u010dlanov univerzitetne komisije najbolj izpolnjujejo merila, kot so na primer znanstvena odli\u010dnost in ustvarjalno izvirnost, prodornost, odmevnost in uporabnost.<\/p>\n<p>Doslej se KOTO lahko pona\u0161a s \u0161tudentsko Pre\u0161ernovo nagrado Univerze v Ljubljani za leto 2007, ki jo je prejela\u00a0<strong>Nata\u0161a Hrupi\u010d<\/strong>\u00a0za umetni\u0161ko delo z naslovom Mestne Oblike pod. mentorstvom\u00a0<strong>prof. Almire Sadar<\/strong>\u00a0in s \u0161tudentsko\u00a0Pre\u0161ernovo nagrado Univerze v Ljubljani za leto 2005, ki jo je prejela\u00a0<strong>Lara Plajh<\/strong>\u00a0za umetni\u0161ko delo z naslovom \u017dive ne\u017eive oblike pod. mentorstvom\u00a0<strong>prof. Vere Se\u0161lar<\/strong>.<\/p>\n<p><strong>Peter Movrin<\/strong>\u00a0je po uspe\u0161nem zaklju\u010dku dodiplomskega \u0161tudija oblikovanja tekstilij in obla\u010dil na Naravoslovnotehni\u0161ki fakulteti leta 2011 nadaljeval \u0161tudij na podiplomski stopnji. V \u010dasu \u0161tudija je sodeloval na \u0161tevilnih razstavah in modnih revijah doma in v tujini. Prva prelomnica na njegovi uspe\u0161ni oblikovalski poti je predstavitev na mednarodni razstavi\u00a0<strong>\u2018Talent 2009\u2019<\/strong>\u00a0v Designhuis Museum v Eindhovnu na Nizozemskem. Je dobitnik mnogih priznanj in nagrad, med katerimi velja izpostaviti\u00a0<strong>\u2018Mladi perspektivni\u2019<\/strong>\u00a0na Mesecu oblikovanja leta 2013.<\/p>\n<p>Celotno umetni\u0161ko delo Petra Movrina izkazuje dobro poznavanje in razumevanje trajnostnega oblikovanja ter izjemno ob\u010dutljivost za likovne in oblikovalske prvine. V svoji zgodbi se Movrin obra\u010da k trajnosti, tradiciji in ro\u010dnim tehnikam izdelave, ki upo\u010dasnijo proces, obenem pa ustvarjajo izdelke, ki jih ljudje cenijo. V ta namen je v kolekcijo obla\u010dil vpletel nakit, ki pripomore k temu, da obleka ni le kulisa, ampak nakit za telo, ki lahko traja ve\u010dno. Nastala je dodelana in likovno bogata kolekcija, ki nas nagovarja z mo\u010dno vizualno podobo.<\/p>\n<p>Umetni\u0161ko delo in celotno raziskovanje odlikuje sodoben na\u010din oblikovanja, subtilna estetska govorica, poglobljeno razmi\u0161ljanje, kriti\u010dni pristop in dovr\u0161ena izdelava. Kolekcija unikatnih oba\u010dil je bila razstavljena v\u00a0<strong>Ljubljani, Milanu, New Yorku in na Dunaju<\/strong>, kjer je po\u017eela dobre kritike strokovne in \u0161ir\u0161e javnosti. Prejela je \u0161tiri nagrade na slovenskih in tujih tleh. Izjemno kvaliteto umetni\u0161kega dela dokazuje tudi njegova \u0161iritev v druge veje umetnosti, v film in industrijsko oblikovanje.<\/p>\n","protected":false},"excerpt":{"rendered":"Katedra za oblikovanje tekstilij in obla\u010dil s ponosom predstavlja leto\u0161nji dose\u017eek magistranta oblikovanja tekstilij in obla\u010dil\u00a0Petra Movrina, ki je prejel\u00a0\u0161tudentsko Pre\u0161ernovo nagrado Univerze v Ljubljani za leto 2015. Peter Movrin prejel nagrado za umetni\u0161ko delo z naslovom\u00a0Obla\u010dilo kot nakit v kolekciji Lu Gedigte Perlaopis\u00a0pod mentorstvom\u00a0izr. prof. Elene Fajt. Nagrajena dela po presoji ocenjevalcev podro\u010dnih komisij &#8230; <a class=\"view-article\" href=\"https:\/\/www.ntf.uni-lj.si\/oto\/galerija\/foto-galerija\/univerzitena-presernova-nagrada-2015\/\">Read more<\/a>","protected":false},"author":50,"featured_media":0,"parent":5947,"menu_order":999,"comment_status":"closed","ping_status":"closed","template":"","meta":[],"acf":[],"yoast_head":"<!-- This site is optimized with the Yoast SEO plugin v17.0 - https:\/\/yoast.com\/wordpress\/plugins\/seo\/ -->\n<meta name=\"robots\" content=\"index, follow, max-snippet:-1, max-image-preview:large, max-video-preview:-1\" \/>\n<link rel=\"canonical\" href=\"https:\/\/www.ntf.uni-lj.si\/oto\/galerija\/foto-galerija\/univerzitena-presernova-nagrada-2015\/\" \/>\n<meta property=\"og:locale\" content=\"en_US\" \/>\n<meta property=\"og:type\" content=\"article\" \/>\n<meta property=\"og:title\" content=\"Univerzitena Pre\u0161ernova nagrada 2015 - OTO\" \/>\n<meta property=\"og:description\" content=\"Katedra za oblikovanje tekstilij in obla\u010dil s ponosom predstavlja leto\u0161nji dose\u017eek magistranta oblikovanja tekstilij in obla\u010dil\u00a0Petra Movrina, ki je prejel\u00a0\u0161tudentsko Pre\u0161ernovo nagrado Univerze v Ljubljani za leto 2015. Peter Movrin prejel nagrado za umetni\u0161ko delo z naslovom\u00a0Obla\u010dilo kot nakit v kolekciji Lu Gedigte Perlaopis\u00a0pod mentorstvom\u00a0izr. prof. Elene Fajt. Nagrajena dela po presoji ocenjevalcev podro\u010dnih komisij ... Read more\" \/>\n<meta property=\"og:url\" content=\"https:\/\/www.ntf.uni-lj.si\/oto\/galerija\/foto-galerija\/univerzitena-presernova-nagrada-2015\/\" \/>\n<meta property=\"og:site_name\" content=\"OTO\" \/>\n<meta property=\"article:modified_time\" content=\"2021-03-04T12:08:56+00:00\" \/>\n<meta name=\"twitter:label1\" content=\"Est. reading time\" \/>\n\t<meta name=\"twitter:data1\" content=\"2 minutes\" \/>\n<script type=\"application\/ld+json\" class=\"yoast-schema-graph\">{\"@context\":\"https:\/\/schema.org\",\"@graph\":[{\"@type\":\"WebSite\",\"@id\":\"https:\/\/www.ntf.uni-lj.si\/oto\/en\/#website\",\"url\":\"https:\/\/www.ntf.uni-lj.si\/oto\/en\/\",\"name\":\"OTO\",\"description\":\"Katedra za oblikovanje tekstilij in obla\\u010dil\",\"potentialAction\":[{\"@type\":\"SearchAction\",\"target\":{\"@type\":\"EntryPoint\",\"urlTemplate\":\"https:\/\/www.ntf.uni-lj.si\/oto\/en\/?s={search_term_string}\"},\"query-input\":\"required name=search_term_string\"}],\"inLanguage\":\"en-US\"},{\"@type\":\"WebPage\",\"@id\":\"https:\/\/www.ntf.uni-lj.si\/oto\/galerija\/foto-galerija\/univerzitena-presernova-nagrada-2015\/#webpage\",\"url\":\"https:\/\/www.ntf.uni-lj.si\/oto\/galerija\/foto-galerija\/univerzitena-presernova-nagrada-2015\/\",\"name\":\"Univerzitena Pre\\u0161ernova nagrada 2015 - OTO\",\"isPartOf\":{\"@id\":\"https:\/\/www.ntf.uni-lj.si\/oto\/en\/#website\"},\"datePublished\":\"2021-03-04T10:59:13+00:00\",\"dateModified\":\"2021-03-04T12:08:56+00:00\",\"breadcrumb\":{\"@id\":\"https:\/\/www.ntf.uni-lj.si\/oto\/galerija\/foto-galerija\/univerzitena-presernova-nagrada-2015\/#breadcrumb\"},\"inLanguage\":\"en-US\",\"potentialAction\":[{\"@type\":\"ReadAction\",\"target\":[\"https:\/\/www.ntf.uni-lj.si\/oto\/galerija\/foto-galerija\/univerzitena-presernova-nagrada-2015\/\"]}]},{\"@type\":\"BreadcrumbList\",\"@id\":\"https:\/\/www.ntf.uni-lj.si\/oto\/galerija\/foto-galerija\/univerzitena-presernova-nagrada-2015\/#breadcrumb\",\"itemListElement\":[{\"@type\":\"ListItem\",\"position\":1,\"name\":\"Home\",\"item\":\"https:\/\/www.ntf.uni-lj.si\/oto\/en\/\"},{\"@type\":\"ListItem\",\"position\":2,\"name\":\"Galerija\",\"item\":\"https:\/\/www.ntf.uni-lj.si\/oto\/galerija\/\"},{\"@type\":\"ListItem\",\"position\":3,\"name\":\"Dose\\u017eki\",\"item\":\"https:\/\/www.ntf.uni-lj.si\/oto\/galerija\/foto-galerija\/\"},{\"@type\":\"ListItem\",\"position\":4,\"name\":\"Univerzitena Pre\\u0161ernova nagrada 2015\"}]}]}<\/script>\n<!-- \/ Yoast SEO plugin. -->","yoast_head_json":{"robots":{"index":"index","follow":"follow","max-snippet":"max-snippet:-1","max-image-preview":"max-image-preview:large","max-video-preview":"max-video-preview:-1"},"canonical":"https:\/\/www.ntf.uni-lj.si\/oto\/galerija\/foto-galerija\/univerzitena-presernova-nagrada-2015\/","og_locale":"en_US","og_type":"article","og_title":"Univerzitena Pre\u0161ernova nagrada 2015 - OTO","og_description":"Katedra za oblikovanje tekstilij in obla\u010dil s ponosom predstavlja leto\u0161nji dose\u017eek magistranta oblikovanja tekstilij in obla\u010dil\u00a0Petra Movrina, ki je prejel\u00a0\u0161tudentsko Pre\u0161ernovo nagrado Univerze v Ljubljani za leto 2015. Peter Movrin prejel nagrado za umetni\u0161ko delo z naslovom\u00a0Obla\u010dilo kot nakit v kolekciji Lu Gedigte Perlaopis\u00a0pod mentorstvom\u00a0izr. prof. Elene Fajt. Nagrajena dela po presoji ocenjevalcev podro\u010dnih komisij ... Read more","og_url":"https:\/\/www.ntf.uni-lj.si\/oto\/galerija\/foto-galerija\/univerzitena-presernova-nagrada-2015\/","og_site_name":"OTO","article_modified_time":"2021-03-04T12:08:56+00:00","twitter_misc":{"Est. reading time":"2 minutes"},"schema":{"@context":"https:\/\/schema.org","@graph":[{"@type":"WebSite","@id":"https:\/\/www.ntf.uni-lj.si\/oto\/en\/#website","url":"https:\/\/www.ntf.uni-lj.si\/oto\/en\/","name":"OTO","description":"Katedra za oblikovanje tekstilij in obla\u010dil","potentialAction":[{"@type":"SearchAction","target":{"@type":"EntryPoint","urlTemplate":"https:\/\/www.ntf.uni-lj.si\/oto\/en\/?s={search_term_string}"},"query-input":"required name=search_term_string"}],"inLanguage":"en-US"},{"@type":"WebPage","@id":"https:\/\/www.ntf.uni-lj.si\/oto\/galerija\/foto-galerija\/univerzitena-presernova-nagrada-2015\/#webpage","url":"https:\/\/www.ntf.uni-lj.si\/oto\/galerija\/foto-galerija\/univerzitena-presernova-nagrada-2015\/","name":"Univerzitena Pre\u0161ernova nagrada 2015 - OTO","isPartOf":{"@id":"https:\/\/www.ntf.uni-lj.si\/oto\/en\/#website"},"datePublished":"2021-03-04T10:59:13+00:00","dateModified":"2021-03-04T12:08:56+00:00","breadcrumb":{"@id":"https:\/\/www.ntf.uni-lj.si\/oto\/galerija\/foto-galerija\/univerzitena-presernova-nagrada-2015\/#breadcrumb"},"inLanguage":"en-US","potentialAction":[{"@type":"ReadAction","target":["https:\/\/www.ntf.uni-lj.si\/oto\/galerija\/foto-galerija\/univerzitena-presernova-nagrada-2015\/"]}]},{"@type":"BreadcrumbList","@id":"https:\/\/www.ntf.uni-lj.si\/oto\/galerija\/foto-galerija\/univerzitena-presernova-nagrada-2015\/#breadcrumb","itemListElement":[{"@type":"ListItem","position":1,"name":"Home","item":"https:\/\/www.ntf.uni-lj.si\/oto\/en\/"},{"@type":"ListItem","position":2,"name":"Galerija","item":"https:\/\/www.ntf.uni-lj.si\/oto\/galerija\/"},{"@type":"ListItem","position":3,"name":"Dose\u017eki","item":"https:\/\/www.ntf.uni-lj.si\/oto\/galerija\/foto-galerija\/"},{"@type":"ListItem","position":4,"name":"Univerzitena Pre\u0161ernova nagrada 2015"}]}]}},"_links":{"self":[{"href":"https:\/\/www.ntf.uni-lj.si\/oto\/wp-json\/wp\/v2\/pages\/16836"}],"collection":[{"href":"https:\/\/www.ntf.uni-lj.si\/oto\/wp-json\/wp\/v2\/pages"}],"about":[{"href":"https:\/\/www.ntf.uni-lj.si\/oto\/wp-json\/wp\/v2\/types\/page"}],"author":[{"embeddable":true,"href":"https:\/\/www.ntf.uni-lj.si\/oto\/wp-json\/wp\/v2\/users\/50"}],"replies":[{"embeddable":true,"href":"https:\/\/www.ntf.uni-lj.si\/oto\/wp-json\/wp\/v2\/comments?post=16836"}],"version-history":[{"count":3,"href":"https:\/\/www.ntf.uni-lj.si\/oto\/wp-json\/wp\/v2\/pages\/16836\/revisions"}],"predecessor-version":[{"id":16839,"href":"https:\/\/www.ntf.uni-lj.si\/oto\/wp-json\/wp\/v2\/pages\/16836\/revisions\/16839"}],"up":[{"embeddable":true,"href":"https:\/\/www.ntf.uni-lj.si\/oto\/wp-json\/wp\/v2\/pages\/5947"}],"wp:attachment":[{"href":"https:\/\/www.ntf.uni-lj.si\/oto\/wp-json\/wp\/v2\/media?parent=16836"}],"curies":[{"name":"wp","href":"https:\/\/api.w.org\/{rel}","templated":true}]}}