{"id":13314,"date":"2019-10-24T20:06:57","date_gmt":"2019-10-24T18:06:57","guid":{"rendered":"http:\/\/www.ntf.uni-lj.si\/toi\/?post_type=event&#038;p=13314"},"modified":"2019-10-24T20:14:05","modified_gmt":"2019-10-24T18:14:05","slug":"3p-pripravljeni-na-podjetnisko-pot","status":"publish","type":"event","link":"https:\/\/www.ntf.uni-lj.si\/toi\/event\/3p-pripravljeni-na-podjetnisko-pot\/","title":{"rendered":"3P \u2013 Pripravljeni na podjetni\u0161ko pot?"},"content":{"rendered":"<p class=\"plain\" style=\"text-align: left\" align=\"center\"><span class=\"highlight\"><b>Si \u017ee kdaj pomislil, da bi sam neko\u010d imel svoje podjetje? Se spra\u0161uje\u0161, \u010de je ta pot prava zate? Bi rad sli\u0161al zgodbe podjetnikov iz prve roke? Ali pa bi rad samo spoznal, kaj to podjetni\u0161tvo je?<\/b><\/span><\/p>\n<p class=\"plain\" style=\"text-align: left\" align=\"center\"><span class=\"highlight\"><b>Potem je dogodek <\/b><b>3P \u2013 pripravljeni na podjetni\u0161ko pot? <\/b><b>pravi zate!<\/b><\/span><\/p>\n<p class=\"plain\" align=\"left\">3P ponuja odli\u010dno prilo\u017enost, da iz prve roke sli\u0161ite razli\u010dne podjetni\u0161ke zgodbe, ki so vedno napolnjene z mnogimi uspehi in seveda tudi mnogimi padci, ki pa od podjetnikov vedno znova zahtevajo motivacijo za vztrajanje.<\/p>\n<p class=\"plain\" align=\"left\">Letos bodo z nami gostje s podro\u010dja socialnega podjetni\u0161tva, dru\u017einskega podjetni\u0161tva in start upa ter predstavnik, ki je posel razvil na podlagi svojega hobija.<\/p>\n<ul>\n<li class=\"plain\"><b>Matja\u017e \u0160ivic<\/b>, <a class=\"plain\" href=\"http:\/\/www.silvaapis.si\/\" target=\"_blank\" rel=\"noopener noreferrer\">Silvaapis<\/a>: dru\u017einsko podjetni\u0161tvo,<\/li>\n<li class=\"plain\"><b>Urban Cvek<\/b>, <a class=\"plain\" href=\"https:\/\/influee.co\/\" target=\"_blank\" rel=\"noopener noreferrer\">Influee<\/a>: start up,<\/li>\n<li class=\"plain\"><b>Marko Zevnik<\/b>, <a class=\"plain\" href=\"https:\/\/www.sopotniki.org\/\" target=\"_blank\" rel=\"noopener noreferrer\">Zavod Sopotniki<\/a>: socialno podjetni\u0161tvo in<\/li>\n<li class=\"plain\"><b>Ur\u0161ka Dra\u017e,<\/b><a class=\"plain\" href=\"https:\/\/www.facebook.com\/urskadraztomaz\/\" target=\"_blank\" rel=\"noopener noreferrer\"> Dra\u017e pletenine<\/a>: podjetni\u0161tvo, razvito iz hobija.<\/li>\n<\/ul>\n<p><a href=\"https:\/\/prijava.uni-lj.si\/KC_Prijava\/Lists\/SplPrijava2019_Udelezenci\/NewForm.aspx?iID=27&amp;Source=https%3a%2f%2fprijava.uni-lj.si%2fKC_Prijava%2f_layouts%2f15%2fXnet.SP.UniLJ%2fRP.aspx%3fiID%3d27%26ListId%3deb7b6bc3-83f1-4f93-b8a2-e6be5e0e84f2\">Prijava je obvezna!<\/a><\/p>\n<p>Ve\u010d informacij na <a href=\"https:\/\/kc.uni-lj.si\/dogodki\/3p-pripravljeni-na-podjetni-ko-pot.html\">spletni strani Kariernega centra UL<\/a>.<\/p>\n<p>&nbsp;<\/p>\n<p><em>Nalo\u017ebo sofinancirata Republika Slovenija in Evropska unija iz Evropskega socialnega sklada.<\/em><\/p>\n<p><img loading=\"lazy\" width=\"600\" height=\"502\" src=\"https:\/\/www.ntf.uni-lj.si\/toi\/wp-content\/uploads\/sites\/7\/2019\/10\/3P_-Pripravljeni-na-podjetni-ko-pot_skupaj-NL.png\" alt=\"\" class=\"aligncenter size-full wp-image-13315\" srcset=\"https:\/\/www.ntf.uni-lj.si\/toi\/wp-content\/uploads\/sites\/7\/2019\/10\/3P_-Pripravljeni-na-podjetni-ko-pot_skupaj-NL.png 600w, https:\/\/www.ntf.uni-lj.si\/toi\/wp-content\/uploads\/sites\/7\/2019\/10\/3P_-Pripravljeni-na-podjetni-ko-pot_skupaj-NL-300x251.png 300w\" sizes=\"(max-width: 600px) 100vw, 600px\" \/><\/p>\n","protected":false},"excerpt":{"rendered":"Si \u017ee kdaj pomislil, da bi sam neko\u010d imel svoje podjetje? Se spra\u0161uje\u0161, \u010de je ta pot prava zate? Bi rad sli\u0161al zgodbe podjetnikov iz prve roke? Ali pa bi rad samo spoznal, kaj to podjetni\u0161tvo je? Potem je dogodek 3P \u2013 pripravljeni na podjetni\u0161ko pot? pravi zate! 3P ponuja odli\u010dno prilo\u017enost, da iz prve &#8230; <a class=\"view-article\" href=\"https:\/\/www.ntf.uni-lj.si\/toi\/event\/3p-pripravljeni-na-podjetnisko-pot\/\">Read more<\/a>","protected":false},"author":26,"featured_media":13315,"template":"","acf":[],"yoast_head":"<!-- This site is optimized with the Yoast SEO plugin v17.0 - https:\/\/yoast.com\/wordpress\/plugins\/seo\/ -->\n<meta name=\"robots\" content=\"index, follow, max-snippet:-1, max-image-preview:large, max-video-preview:-1\" \/>\n<link rel=\"canonical\" href=\"https:\/\/www.ntf.uni-lj.si\/toi\/event\/3p-pripravljeni-na-podjetnisko-pot\/\" \/>\n<meta property=\"og:locale\" content=\"en_US\" \/>\n<meta property=\"og:type\" content=\"article\" \/>\n<meta property=\"og:title\" content=\"3P \u2013 Pripravljeni na podjetni\u0161ko pot? - TOI\" \/>\n<meta property=\"og:description\" content=\"Si \u017ee kdaj pomislil, da bi sam neko\u010d imel svoje podjetje? Se spra\u0161uje\u0161, \u010de je ta pot prava zate? Bi rad sli\u0161al zgodbe podjetnikov iz prve roke? Ali pa bi rad samo spoznal, kaj to podjetni\u0161tvo je? Potem je dogodek 3P \u2013 pripravljeni na podjetni\u0161ko pot? pravi zate! 3P ponuja odli\u010dno prilo\u017enost, da iz prve ... Read more\" \/>\n<meta property=\"og:url\" content=\"https:\/\/www.ntf.uni-lj.si\/toi\/event\/3p-pripravljeni-na-podjetnisko-pot\/\" \/>\n<meta property=\"og:site_name\" content=\"TOI\" \/>\n<meta property=\"article:modified_time\" content=\"2019-10-24T18:14:05+00:00\" \/>\n<meta property=\"og:image\" content=\"https:\/\/www.ntf.uni-lj.si\/toi\/wp-content\/uploads\/sites\/7\/2019\/10\/3P_-Pripravljeni-na-podjetni-ko-pot_skupaj-NL.png\" \/>\n\t<meta property=\"og:image:width\" content=\"600\" \/>\n\t<meta property=\"og:image:height\" content=\"502\" \/>\n<meta name=\"twitter:label1\" content=\"Est. reading time\" \/>\n\t<meta name=\"twitter:data1\" content=\"1 minute\" \/>\n<script type=\"application\/ld+json\" class=\"yoast-schema-graph\">{\"@context\":\"https:\/\/schema.org\",\"@graph\":[{\"@type\":\"WebSite\",\"@id\":\"https:\/\/www.ntf.uni-lj.si\/toi\/#website\",\"url\":\"https:\/\/www.ntf.uni-lj.si\/toi\/\",\"name\":\"TOI\",\"description\":\"Katedra za tekstilno in obla\\u010dilno in\\u017eenirstvo\",\"potentialAction\":[{\"@type\":\"SearchAction\",\"target\":{\"@type\":\"EntryPoint\",\"urlTemplate\":\"https:\/\/www.ntf.uni-lj.si\/toi\/?s={search_term_string}\"},\"query-input\":\"required name=search_term_string\"}],\"inLanguage\":\"en-US\"},{\"@type\":\"ImageObject\",\"@id\":\"https:\/\/www.ntf.uni-lj.si\/toi\/event\/3p-pripravljeni-na-podjetnisko-pot\/#primaryimage\",\"inLanguage\":\"en-US\",\"url\":\"https:\/\/www.ntf.uni-lj.si\/toi\/wp-content\/uploads\/sites\/7\/2019\/10\/3P_-Pripravljeni-na-podjetni-ko-pot_skupaj-NL.png\",\"contentUrl\":\"https:\/\/www.ntf.uni-lj.si\/toi\/wp-content\/uploads\/sites\/7\/2019\/10\/3P_-Pripravljeni-na-podjetni-ko-pot_skupaj-NL.png\",\"width\":600,\"height\":502},{\"@type\":\"WebPage\",\"@id\":\"https:\/\/www.ntf.uni-lj.si\/toi\/event\/3p-pripravljeni-na-podjetnisko-pot\/#webpage\",\"url\":\"https:\/\/www.ntf.uni-lj.si\/toi\/event\/3p-pripravljeni-na-podjetnisko-pot\/\",\"name\":\"3P \\u2013 Pripravljeni na podjetni\\u0161ko pot? - TOI\",\"isPartOf\":{\"@id\":\"https:\/\/www.ntf.uni-lj.si\/toi\/#website\"},\"primaryImageOfPage\":{\"@id\":\"https:\/\/www.ntf.uni-lj.si\/toi\/event\/3p-pripravljeni-na-podjetnisko-pot\/#primaryimage\"},\"datePublished\":\"2019-10-24T18:06:57+00:00\",\"dateModified\":\"2019-10-24T18:14:05+00:00\",\"breadcrumb\":{\"@id\":\"https:\/\/www.ntf.uni-lj.si\/toi\/event\/3p-pripravljeni-na-podjetnisko-pot\/#breadcrumb\"},\"inLanguage\":\"en-US\",\"potentialAction\":[{\"@type\":\"ReadAction\",\"target\":[\"https:\/\/www.ntf.uni-lj.si\/toi\/event\/3p-pripravljeni-na-podjetnisko-pot\/\"]}]},{\"@type\":\"BreadcrumbList\",\"@id\":\"https:\/\/www.ntf.uni-lj.si\/toi\/event\/3p-pripravljeni-na-podjetnisko-pot\/#breadcrumb\",\"itemListElement\":[{\"@type\":\"ListItem\",\"position\":1,\"name\":\"Domov\",\"item\":\"https:\/\/www.ntf.uni-lj.si\/toi\/\"},{\"@type\":\"ListItem\",\"position\":2,\"name\":\"Dogodki\",\"item\":\"https:\/\/www.ntf.uni-lj.si\/toi\/event\/\"},{\"@type\":\"ListItem\",\"position\":3,\"name\":\"3P \\u2013 Pripravljeni na podjetni\\u0161ko pot?\"}]}]}<\/script>\n<!-- \/ Yoast SEO plugin. -->","yoast_head_json":{"robots":{"index":"index","follow":"follow","max-snippet":"max-snippet:-1","max-image-preview":"max-image-preview:large","max-video-preview":"max-video-preview:-1"},"canonical":"https:\/\/www.ntf.uni-lj.si\/toi\/event\/3p-pripravljeni-na-podjetnisko-pot\/","og_locale":"en_US","og_type":"article","og_title":"3P \u2013 Pripravljeni na podjetni\u0161ko pot? - TOI","og_description":"Si \u017ee kdaj pomislil, da bi sam neko\u010d imel svoje podjetje? Se spra\u0161uje\u0161, \u010de je ta pot prava zate? Bi rad sli\u0161al zgodbe podjetnikov iz prve roke? Ali pa bi rad samo spoznal, kaj to podjetni\u0161tvo je? Potem je dogodek 3P \u2013 pripravljeni na podjetni\u0161ko pot? pravi zate! 3P ponuja odli\u010dno prilo\u017enost, da iz prve ... Read more","og_url":"https:\/\/www.ntf.uni-lj.si\/toi\/event\/3p-pripravljeni-na-podjetnisko-pot\/","og_site_name":"TOI","article_modified_time":"2019-10-24T18:14:05+00:00","og_image":[{"width":600,"height":502,"url":"https:\/\/www.ntf.uni-lj.si\/toi\/wp-content\/uploads\/sites\/7\/2019\/10\/3P_-Pripravljeni-na-podjetni-ko-pot_skupaj-NL.png","path":"\/web\/html\/ntf\/public_html\/wp-content\/uploads\/sites\/7\/2019\/10\/3P_-Pripravljeni-na-podjetni-ko-pot_skupaj-NL.png","size":"full","id":13315,"alt":"","pixels":301200,"type":"image\/png"}],"twitter_misc":{"Est. reading time":"1 minute"},"schema":{"@context":"https:\/\/schema.org","@graph":[{"@type":"WebSite","@id":"https:\/\/www.ntf.uni-lj.si\/toi\/#website","url":"https:\/\/www.ntf.uni-lj.si\/toi\/","name":"TOI","description":"Katedra za tekstilno in obla\u010dilno in\u017eenirstvo","potentialAction":[{"@type":"SearchAction","target":{"@type":"EntryPoint","urlTemplate":"https:\/\/www.ntf.uni-lj.si\/toi\/?s={search_term_string}"},"query-input":"required name=search_term_string"}],"inLanguage":"en-US"},{"@type":"ImageObject","@id":"https:\/\/www.ntf.uni-lj.si\/toi\/event\/3p-pripravljeni-na-podjetnisko-pot\/#primaryimage","inLanguage":"en-US","url":"https:\/\/www.ntf.uni-lj.si\/toi\/wp-content\/uploads\/sites\/7\/2019\/10\/3P_-Pripravljeni-na-podjetni-ko-pot_skupaj-NL.png","contentUrl":"https:\/\/www.ntf.uni-lj.si\/toi\/wp-content\/uploads\/sites\/7\/2019\/10\/3P_-Pripravljeni-na-podjetni-ko-pot_skupaj-NL.png","width":600,"height":502},{"@type":"WebPage","@id":"https:\/\/www.ntf.uni-lj.si\/toi\/event\/3p-pripravljeni-na-podjetnisko-pot\/#webpage","url":"https:\/\/www.ntf.uni-lj.si\/toi\/event\/3p-pripravljeni-na-podjetnisko-pot\/","name":"3P \u2013 Pripravljeni na podjetni\u0161ko pot? - TOI","isPartOf":{"@id":"https:\/\/www.ntf.uni-lj.si\/toi\/#website"},"primaryImageOfPage":{"@id":"https:\/\/www.ntf.uni-lj.si\/toi\/event\/3p-pripravljeni-na-podjetnisko-pot\/#primaryimage"},"datePublished":"2019-10-24T18:06:57+00:00","dateModified":"2019-10-24T18:14:05+00:00","breadcrumb":{"@id":"https:\/\/www.ntf.uni-lj.si\/toi\/event\/3p-pripravljeni-na-podjetnisko-pot\/#breadcrumb"},"inLanguage":"en-US","potentialAction":[{"@type":"ReadAction","target":["https:\/\/www.ntf.uni-lj.si\/toi\/event\/3p-pripravljeni-na-podjetnisko-pot\/"]}]},{"@type":"BreadcrumbList","@id":"https:\/\/www.ntf.uni-lj.si\/toi\/event\/3p-pripravljeni-na-podjetnisko-pot\/#breadcrumb","itemListElement":[{"@type":"ListItem","position":1,"name":"Domov","item":"https:\/\/www.ntf.uni-lj.si\/toi\/"},{"@type":"ListItem","position":2,"name":"Dogodki","item":"https:\/\/www.ntf.uni-lj.si\/toi\/event\/"},{"@type":"ListItem","position":3,"name":"3P \u2013 Pripravljeni na podjetni\u0161ko pot?"}]}]}},"_links":{"self":[{"href":"https:\/\/www.ntf.uni-lj.si\/toi\/wp-json\/wp\/v2\/event\/13314"}],"collection":[{"href":"https:\/\/www.ntf.uni-lj.si\/toi\/wp-json\/wp\/v2\/event"}],"about":[{"href":"https:\/\/www.ntf.uni-lj.si\/toi\/wp-json\/wp\/v2\/types\/event"}],"author":[{"embeddable":true,"href":"https:\/\/www.ntf.uni-lj.si\/toi\/wp-json\/wp\/v2\/users\/26"}],"version-history":[{"count":3,"href":"https:\/\/www.ntf.uni-lj.si\/toi\/wp-json\/wp\/v2\/event\/13314\/revisions"}],"predecessor-version":[{"id":13319,"href":"https:\/\/www.ntf.uni-lj.si\/toi\/wp-json\/wp\/v2\/event\/13314\/revisions\/13319"}],"wp:featuredmedia":[{"embeddable":true,"href":"https:\/\/www.ntf.uni-lj.si\/toi\/wp-json\/wp\/v2\/media\/13315"}],"wp:attachment":[{"href":"https:\/\/www.ntf.uni-lj.si\/toi\/wp-json\/wp\/v2\/media?parent=13314"}],"curies":[{"name":"wp","href":"https:\/\/api.w.org\/{rel}","templated":true}]}}