{"id":13707,"date":"2020-01-28T11:08:14","date_gmt":"2020-01-28T10:08:14","guid":{"rendered":"http:\/\/www.ntf.uni-lj.si\/toi\/?post_type=event&#038;p=13707"},"modified":"2020-01-28T11:16:50","modified_gmt":"2020-01-28T10:16:50","slug":"13707","status":"publish","type":"event","link":"https:\/\/www.ntf.uni-lj.si\/toi\/event\/13707\/","title":{"rendered":""},"content":{"rendered":"<p>Vabljeni na informativna dneva na Naravoslovnotehni\u0161ki fakulteti, ki bosta potekala v petek,<strong> 14. 2. 2020, ob 10. in 15. uri <\/strong>ter<strong> v soboto, 15. 2. 2020, ob 10. uri<\/strong>.<\/p>\n<p>Na<a href=\"https:\/\/www.google.com\/maps\/place\/Sne%C5%BEni%C5%A1ka+ulica+5,+1000+Ljubljana\/@46.0464021,14.4952152,17z\/data=!3m1!4b1!4m5!3m4!1s0x47652d67b7b79a65:0xbefc9b8391304b75!8m2!3d46.0464021!4d14.4974092\"> Sne\u017eni\u0161ki 5, Ljubljana<\/a>, Oddelku za tekstilstvo, grafiko in oblikovanje, bodo potekale predstavitve \u0161tudijskih programov Katedre za tekstilno in obla\u010dilno in\u017eenirstvo (<a href=\"https:\/\/www.ntf.uni-lj.si\/toi\/\">TOI<\/a>):<\/p>\n<ul>\n<li><a href=\"https:\/\/www.ntf.uni-lj.si\/toi\/studij\/1-stopnja-2\/tekstilno-in-oblacilno-inzenirstvo-vs-novo\/\">Tekstilno in obla\u010dilno in\u017eenirstvo VS<\/a> &#8211; KTOI (P-201, 2. nadstropje),<\/li>\n<li><a href=\"https:\/\/www.ntf.uni-lj.si\/toi\/studij\/1-stopnja-2\/nacrtovanje-tekstilij-in-oblacil-un\/\">Na\u010drtovanje tekstilij in obla\u010dil UN<\/a> &#8211; KTOI (P-201, 2. nadstropje),<\/li>\n<\/ul>\n<p>Promocijsko gradivo o \u0161tudiju tekstilstva si lahko ogledate <a href=\"https:\/\/www.ntf.uni-lj.si\/toi\/o-nas\/promocijsko-gradivo-o-studiju-tekstilstva\/\">tukaj.<\/a><\/p>\n<p>Ve\u010d o predstavitvah ostalih programov Naravoslovnotehni\u0161ke fakultete najdete na <a href=\"https:\/\/www.ntf.uni-lj.si\/ntf\/event\/informativna-dneva-2020\/\">povezavi<\/a>.<\/p>\n","protected":false},"excerpt":{"rendered":"Vabljeni na informativna dneva na Naravoslovnotehni\u0161ki fakulteti, ki bosta potekala v petek, 14. 2. 2020, ob 10. in 15. uri ter v soboto, 15. 2. 2020, ob 10. uri. Na Sne\u017eni\u0161ki 5, Ljubljana, Oddelku za tekstilstvo, grafiko in oblikovanje, bodo potekale predstavitve \u0161tudijskih programov Katedre za tekstilno in obla\u010dilno in\u017eenirstvo (TOI): Tekstilno in obla\u010dilno in\u017eenirstvo &#8230; <a class=\"view-article\" href=\"https:\/\/www.ntf.uni-lj.si\/toi\/event\/13707\/\">Read more<\/a>","protected":false},"author":26,"featured_media":0,"template":"","acf":[],"yoast_head":"<!-- This site is optimized with the Yoast SEO plugin v17.0 - https:\/\/yoast.com\/wordpress\/plugins\/seo\/ -->\n<meta name=\"robots\" content=\"index, follow, max-snippet:-1, max-image-preview:large, max-video-preview:-1\" \/>\n<link rel=\"canonical\" href=\"https:\/\/www.ntf.uni-lj.si\/toi\/event\/13707\/\" \/>\n<meta property=\"og:locale\" content=\"en_US\" \/>\n<meta property=\"og:type\" content=\"article\" \/>\n<meta property=\"og:title\" content=\"- TOI\" \/>\n<meta property=\"og:description\" content=\"Vabljeni na informativna dneva na Naravoslovnotehni\u0161ki fakulteti, ki bosta potekala v petek, 14. 2. 2020, ob 10. in 15. uri ter v soboto, 15. 2. 2020, ob 10. uri. Na Sne\u017eni\u0161ki 5, Ljubljana, Oddelku za tekstilstvo, grafiko in oblikovanje, bodo potekale predstavitve \u0161tudijskih programov Katedre za tekstilno in obla\u010dilno in\u017eenirstvo (TOI): Tekstilno in obla\u010dilno in\u017eenirstvo ... Read more\" \/>\n<meta property=\"og:url\" content=\"https:\/\/www.ntf.uni-lj.si\/toi\/event\/13707\/\" \/>\n<meta property=\"og:site_name\" content=\"TOI\" \/>\n<meta property=\"article:modified_time\" content=\"2020-01-28T10:16:50+00:00\" \/>\n<script type=\"application\/ld+json\" class=\"yoast-schema-graph\">{\"@context\":\"https:\/\/schema.org\",\"@graph\":[{\"@type\":\"WebSite\",\"@id\":\"https:\/\/www.ntf.uni-lj.si\/toi\/#website\",\"url\":\"https:\/\/www.ntf.uni-lj.si\/toi\/\",\"name\":\"TOI\",\"description\":\"Katedra za tekstilno in obla\\u010dilno in\\u017eenirstvo\",\"potentialAction\":[{\"@type\":\"SearchAction\",\"target\":{\"@type\":\"EntryPoint\",\"urlTemplate\":\"https:\/\/www.ntf.uni-lj.si\/toi\/?s={search_term_string}\"},\"query-input\":\"required name=search_term_string\"}],\"inLanguage\":\"en-US\"},{\"@type\":\"WebPage\",\"@id\":\"https:\/\/www.ntf.uni-lj.si\/toi\/event\/13707\/#webpage\",\"url\":\"https:\/\/www.ntf.uni-lj.si\/toi\/event\/13707\/\",\"name\":\"- TOI\",\"isPartOf\":{\"@id\":\"https:\/\/www.ntf.uni-lj.si\/toi\/#website\"},\"datePublished\":\"2020-01-28T10:08:14+00:00\",\"dateModified\":\"2020-01-28T10:16:50+00:00\",\"breadcrumb\":{\"@id\":\"https:\/\/www.ntf.uni-lj.si\/toi\/event\/13707\/#breadcrumb\"},\"inLanguage\":\"en-US\",\"potentialAction\":[{\"@type\":\"ReadAction\",\"target\":[\"https:\/\/www.ntf.uni-lj.si\/toi\/event\/13707\/\"]}]},{\"@type\":\"BreadcrumbList\",\"@id\":\"https:\/\/www.ntf.uni-lj.si\/toi\/event\/13707\/#breadcrumb\",\"itemListElement\":[{\"@type\":\"ListItem\",\"position\":1,\"name\":\"Domov\",\"item\":\"https:\/\/www.ntf.uni-lj.si\/toi\/\"},{\"@type\":\"ListItem\",\"position\":2,\"name\":\"Dogodki\",\"item\":\"https:\/\/www.ntf.uni-lj.si\/toi\/event\/\"},{\"@type\":\"ListItem\",\"position\":3,\"name\":\"\"}]}]}<\/script>\n<!-- \/ Yoast SEO plugin. -->","yoast_head_json":{"robots":{"index":"index","follow":"follow","max-snippet":"max-snippet:-1","max-image-preview":"max-image-preview:large","max-video-preview":"max-video-preview:-1"},"canonical":"https:\/\/www.ntf.uni-lj.si\/toi\/event\/13707\/","og_locale":"en_US","og_type":"article","og_title":"- TOI","og_description":"Vabljeni na informativna dneva na Naravoslovnotehni\u0161ki fakulteti, ki bosta potekala v petek, 14. 2. 2020, ob 10. in 15. uri ter v soboto, 15. 2. 2020, ob 10. uri. Na Sne\u017eni\u0161ki 5, Ljubljana, Oddelku za tekstilstvo, grafiko in oblikovanje, bodo potekale predstavitve \u0161tudijskih programov Katedre za tekstilno in obla\u010dilno in\u017eenirstvo (TOI): Tekstilno in obla\u010dilno in\u017eenirstvo ... Read more","og_url":"https:\/\/www.ntf.uni-lj.si\/toi\/event\/13707\/","og_site_name":"TOI","article_modified_time":"2020-01-28T10:16:50+00:00","schema":{"@context":"https:\/\/schema.org","@graph":[{"@type":"WebSite","@id":"https:\/\/www.ntf.uni-lj.si\/toi\/#website","url":"https:\/\/www.ntf.uni-lj.si\/toi\/","name":"TOI","description":"Katedra za tekstilno in obla\u010dilno in\u017eenirstvo","potentialAction":[{"@type":"SearchAction","target":{"@type":"EntryPoint","urlTemplate":"https:\/\/www.ntf.uni-lj.si\/toi\/?s={search_term_string}"},"query-input":"required name=search_term_string"}],"inLanguage":"en-US"},{"@type":"WebPage","@id":"https:\/\/www.ntf.uni-lj.si\/toi\/event\/13707\/#webpage","url":"https:\/\/www.ntf.uni-lj.si\/toi\/event\/13707\/","name":"- TOI","isPartOf":{"@id":"https:\/\/www.ntf.uni-lj.si\/toi\/#website"},"datePublished":"2020-01-28T10:08:14+00:00","dateModified":"2020-01-28T10:16:50+00:00","breadcrumb":{"@id":"https:\/\/www.ntf.uni-lj.si\/toi\/event\/13707\/#breadcrumb"},"inLanguage":"en-US","potentialAction":[{"@type":"ReadAction","target":["https:\/\/www.ntf.uni-lj.si\/toi\/event\/13707\/"]}]},{"@type":"BreadcrumbList","@id":"https:\/\/www.ntf.uni-lj.si\/toi\/event\/13707\/#breadcrumb","itemListElement":[{"@type":"ListItem","position":1,"name":"Domov","item":"https:\/\/www.ntf.uni-lj.si\/toi\/"},{"@type":"ListItem","position":2,"name":"Dogodki","item":"https:\/\/www.ntf.uni-lj.si\/toi\/event\/"},{"@type":"ListItem","position":3,"name":""}]}]}},"_links":{"self":[{"href":"https:\/\/www.ntf.uni-lj.si\/toi\/wp-json\/wp\/v2\/event\/13707"}],"collection":[{"href":"https:\/\/www.ntf.uni-lj.si\/toi\/wp-json\/wp\/v2\/event"}],"about":[{"href":"https:\/\/www.ntf.uni-lj.si\/toi\/wp-json\/wp\/v2\/types\/event"}],"author":[{"embeddable":true,"href":"https:\/\/www.ntf.uni-lj.si\/toi\/wp-json\/wp\/v2\/users\/26"}],"version-history":[{"count":3,"href":"https:\/\/www.ntf.uni-lj.si\/toi\/wp-json\/wp\/v2\/event\/13707\/revisions"}],"predecessor-version":[{"id":13716,"href":"https:\/\/www.ntf.uni-lj.si\/toi\/wp-json\/wp\/v2\/event\/13707\/revisions\/13716"}],"wp:attachment":[{"href":"https:\/\/www.ntf.uni-lj.si\/toi\/wp-json\/wp\/v2\/media?parent=13707"}],"curies":[{"name":"wp","href":"https:\/\/api.w.org\/{rel}","templated":true}]}}