{"id":14365,"date":"2020-07-31T09:58:31","date_gmt":"2020-07-31T07:58:31","guid":{"rendered":"http:\/\/www.ntf.uni-lj.si\/toi\/?post_type=event&#038;p=14365"},"modified":"2020-08-14T08:58:32","modified_gmt":"2020-08-14T06:58:32","slug":"poletna-sola-za-dijake","status":"publish","type":"event","link":"https:\/\/www.ntf.uni-lj.si\/toi\/event\/poletna-sola-za-dijake\/","title":{"rendered":"Poletna \u0161ola za dijake: Ve\u010d kot 360 prilo\u017enosti, ki \u010dakajo nate"},"content":{"rendered":"<p><strong>Dijaki in dijakinje, \u010de \u0161e ne veste, kaj bi \u0161tudirali, je brezpla\u010dna Poletna \u0161ola Kariernih centrov Univerze v Ljubljani odli\u010dna prilo\u017enost, da se bolje spoznate, spoznate fakultete in akademije Univerze v Ljubljani in vidite, kaj lahko s pridobljeno izobrazbo in poklicem po\u010dnete po koncu \u0161tudija. <\/strong><\/p>\n<p>Vzemite pod drobnogled svoje interese, preko razli\u010dnih vpra\u0161alnikov izvedite ve\u010d o sebi, spoznajte visoko\u0161olski sistem, poklice prihodnosti in si zastavite karierne cilje!<\/p>\n<p>Poletna \u0161ola je sestavljena iz treh sklopov in je izbirnega tipa. Izberete si lahko delavnice in spoznate fakultete in akademijo ter karierne poti alumnov Univerze v Ljubljani. Prijavite se na posamezno delavnico ali predstavitev.<\/p>\n<p><a href=\"https:\/\/kc.uni-lj.si\/novice\/jaz-pod-lupo-poletna-ola-2020-.html\" target=\"_blank\" rel=\"noopener noreferrer\"><em><strong>&gt; Jaz pod lupo<\/strong><\/em><\/a><br \/>\nVzemite pod drobnogled svoje interese, talente, visoko\u0161olski sistem, poklice prihodnosti in \u0161e kaj!<\/p>\n<p><em><strong>&gt; <a href=\"https:\/\/kc.uni-lj.si\/novice\/poletna-ola-2020-faksi-v-praksi.html\">Faksi v praksi<\/a><\/strong><\/em><br \/>\nVas zanima, kako poteka \u0161tudij v praksi? Spoznajte fakultete in akademijo Univerze v Ljubljani! \u0160tudenti in zaposleni vam bodo podali informacije iz prve roke.<\/p>\n<p>Tudi Naravoslovnotehni\u0161ka fakulteta bo predstavila svoje \u0161tudijske programe. Dobimo se <strong>v sredo, 26.8.2020 ob 11. uri. <\/strong><\/p>\n<p><a href=\"https:\/\/kc.uni-lj.si\/novice\/poletna-ola-2020-znanje-v-praksi.html\"><strong><em>&gt; Znanje v praksi<\/em><\/strong><\/a><br \/>\nPreverite, kako lahko svoje znanje, ki ga boste pridobili na univerzi, uresni\u010dite v poklicu! Kaj lahko vse po\u010dnete z eno izobrazbo? Spoznajte karierne poti alumnov Univerze v Ljubljani.<\/p>\n<p>Karierni svetovalci bodo celotno trajanje poletne \u0161ole na voljo za individualne posvete (v \u017eivo ali prek spleta), na katerih jih lahko vpra\u0161ate vse glede izbire \u0161tudija. Termini po dogovoru; potrebna je predhodna prijava na <a href=\"mailto:poletnasolakc@uni-lj.si\">poletnasolakc@uni-lj.si<\/a>.<\/p>\n<p><a href=\"https:\/\/prijava.uni-lj.si\/kc\/Lists\/Poletnasola20\/Nova3.aspx?RootFolder=\">Prijave so odprte!<\/a><\/p>\n<p><a href=\"https:\/\/www.ntf.uni-lj.si\/ntf\/wp-content\/uploads\/sites\/2\/2020\/08\/splet.png\"><img decoding=\"async\" class=\"alignnone size-medium wp-image-15655\" src=\"https:\/\/www.ntf.uni-lj.si\/ntf\/wp-content\/uploads\/sites\/2\/2020\/08\/splet-300x169.png\" alt=\"\" \/><\/a><\/p>\n","protected":false},"excerpt":{"rendered":"Dijaki in dijakinje, \u010de \u0161e ne veste, kaj bi \u0161tudirali, je brezpla\u010dna Poletna \u0161ola Kariernih centrov Univerze v Ljubljani odli\u010dna prilo\u017enost, da se bolje spoznate, spoznate fakultete in akademije Univerze v Ljubljani in vidite, kaj lahko s pridobljeno izobrazbo in poklicem po\u010dnete po koncu \u0161tudija. Vzemite pod drobnogled svoje interese, preko razli\u010dnih vpra\u0161alnikov izvedite ve\u010d &#8230; <a class=\"view-article\" href=\"https:\/\/www.ntf.uni-lj.si\/toi\/event\/poletna-sola-za-dijake\/\">Read more<\/a>","protected":false},"author":26,"featured_media":14377,"template":"","class_list":["post-14365","event","type-event","status-publish","has-post-thumbnail","hentry"],"acf":[],"_links":{"self":[{"href":"https:\/\/www.ntf.uni-lj.si\/toi\/wp-json\/wp\/v2\/event\/14365","targetHints":{"allow":["GET"]}}],"collection":[{"href":"https:\/\/www.ntf.uni-lj.si\/toi\/wp-json\/wp\/v2\/event"}],"about":[{"href":"https:\/\/www.ntf.uni-lj.si\/toi\/wp-json\/wp\/v2\/types\/event"}],"author":[{"embeddable":true,"href":"https:\/\/www.ntf.uni-lj.si\/toi\/wp-json\/wp\/v2\/users\/26"}],"version-history":[{"count":5,"href":"https:\/\/www.ntf.uni-lj.si\/toi\/wp-json\/wp\/v2\/event\/14365\/revisions"}],"predecessor-version":[{"id":14382,"href":"https:\/\/www.ntf.uni-lj.si\/toi\/wp-json\/wp\/v2\/event\/14365\/revisions\/14382"}],"wp:featuredmedia":[{"embeddable":true,"href":"https:\/\/www.ntf.uni-lj.si\/toi\/wp-json\/wp\/v2\/media\/14377"}],"wp:attachment":[{"href":"https:\/\/www.ntf.uni-lj.si\/toi\/wp-json\/wp\/v2\/media?parent=14365"}],"curies":[{"name":"wp","href":"https:\/\/api.w.org\/{rel}","templated":true}]}}