{"id":16941,"date":"2021-11-15T14:25:05","date_gmt":"2021-11-15T13:25:05","guid":{"rendered":"https:\/\/www.ntf.uni-lj.si\/toi\/?post_type=event&#038;p=16941"},"modified":"2021-11-15T14:34:59","modified_gmt":"2021-11-15T13:34:59","slug":"16941","status":"publish","type":"event","link":"https:\/\/www.ntf.uni-lj.si\/toi\/event\/16941\/","title":{"rendered":"VIRTUALNI KARIERNI SEJEM ZA SREDNJE\u0160OLCE 2021"},"content":{"rendered":"<p>Si dijak, ki i\u0161\u010de informacije o svoji nadaljni poklicni poti? Obi\u0161\u010di nas na leto\u0161njem sejmu poklicev in izobra\u017eevanj, ki bo virtualno potekal med <strong>22. in 28. novembrom 2021<\/strong> in kjer bomo predstavili tudi <strong>\u0161tudij tekstilstva<\/strong>.<\/p>\n<p>Sejem lahko obi\u0161\u010de\u0161 BREZPLA\u010cNO, VARNO in ENOSTAVNO na <strong><a href=\"http:\/\/www.karierni-sejem.si\">povezavi<\/a>.<\/strong><\/p>\n<p>Vse podrobne informacije o sejmu pa najde\u0161 <strong><a href=\"https:\/\/www.kariera-mladi.si\/wp-content\/uploads\/2021\/10\/flyer-S%C5%A0.pdf\">tukaj<\/a><\/strong>.<\/p>\n","protected":false},"excerpt":{"rendered":"Si dijak, ki i\u0161\u010de informacije o svoji nadaljni poklicni poti? Obi\u0161\u010di nas na leto\u0161njem sejmu poklicev in izobra\u017eevanj, ki bo virtualno potekal med 22. in 28. novembrom 2021 in kjer bomo predstavili tudi \u0161tudij tekstilstva. Sejem lahko obi\u0161\u010de\u0161 BREZPLA\u010cNO, VARNO in ENOSTAVNO na povezavi. Vse podrobne informacije o sejmu pa najde\u0161 tukaj.","protected":false},"author":26,"featured_media":16940,"template":"","class_list":["post-16941","event","type-event","status-publish","has-post-thumbnail","hentry"],"acf":[],"_links":{"self":[{"href":"https:\/\/www.ntf.uni-lj.si\/toi\/wp-json\/wp\/v2\/event\/16941","targetHints":{"allow":["GET"]}}],"collection":[{"href":"https:\/\/www.ntf.uni-lj.si\/toi\/wp-json\/wp\/v2\/event"}],"about":[{"href":"https:\/\/www.ntf.uni-lj.si\/toi\/wp-json\/wp\/v2\/types\/event"}],"author":[{"embeddable":true,"href":"https:\/\/www.ntf.uni-lj.si\/toi\/wp-json\/wp\/v2\/users\/26"}],"version-history":[{"count":5,"href":"https:\/\/www.ntf.uni-lj.si\/toi\/wp-json\/wp\/v2\/event\/16941\/revisions"}],"predecessor-version":[{"id":16946,"href":"https:\/\/www.ntf.uni-lj.si\/toi\/wp-json\/wp\/v2\/event\/16941\/revisions\/16946"}],"wp:attachment":[{"href":"https:\/\/www.ntf.uni-lj.si\/toi\/wp-json\/wp\/v2\/media?parent=16941"}],"curies":[{"name":"wp","href":"https:\/\/api.w.org\/{rel}","templated":true}]}}