{"id":19551,"date":"2024-07-25T10:52:59","date_gmt":"2024-07-25T08:52:59","guid":{"rendered":"https:\/\/www.ntf.uni-lj.si\/toi\/?post_type=event&#038;p=19551"},"modified":"2024-09-13T13:31:07","modified_gmt":"2024-09-13T11:31:07","slug":"19551","status":"publish","type":"event","link":"https:\/\/www.ntf.uni-lj.si\/toi\/event\/19551\/","title":{"rendered":"Tekstilni kompoziti: Pahlja\u010da kot knji\u017eno kazalo"},"content":{"rendered":"<p>Spo\u0161tovani!<\/p>\n<p>Prisr\u010dno vabljeni na ogled razstave <strong>Tekstilni kompoziti: Pahlja\u010da kot knji\u017eno kazalo<\/strong><em>\u00a0<\/em>ob oknu stopni\u0161\u010da\u00a0iz tretjega v \u010detrto nadstropje\u00a0NTF, Oddelka za tekstilstvo, grafiko in oblikovanje, Sne\u017eni\u0161ka 5, Ljubljana.<\/p>\n<p><strong>Razstava je na ogled od danes, 24. julija 2024 do 31. oktobra 2024.<\/strong><\/p>\n<p>Razstavljene izdelke\u00a0so izdelali \u0161tudenti drugega letnika TOI pri predmetu Tehni\u010dne tekstilije in kompozitov.<\/p>\n<p>Alenka \u0160alej Lah in Tatjana Rijavec<\/p>\n<p><a href=\"https:\/\/vimeo.com\/989979542?share=copy\">Video razstave.<\/a><\/p>\n<p><img loading=\"lazy\" decoding=\"async\" class=\" wp-image-19549 alignleft\" src=\"https:\/\/www.ntf.uni-lj.si\/toi\/wp-content\/uploads\/sites\/7\/2024\/07\/pahljaca-2.jpg\" alt=\"\" width=\"775\" height=\"1099\" srcset=\"https:\/\/www.ntf.uni-lj.si\/toi\/wp-content\/uploads\/sites\/7\/2024\/07\/pahljaca-2.jpg 875w, https:\/\/www.ntf.uni-lj.si\/toi\/wp-content\/uploads\/sites\/7\/2024\/07\/pahljaca-2-212x300.jpg 212w, https:\/\/www.ntf.uni-lj.si\/toi\/wp-content\/uploads\/sites\/7\/2024\/07\/pahljaca-2-722x1024.jpg 722w, https:\/\/www.ntf.uni-lj.si\/toi\/wp-content\/uploads\/sites\/7\/2024\/07\/pahljaca-2-768x1089.jpg 768w\" sizes=\"auto, (max-width: 775px) 100vw, 775px\" \/><\/p>\n","protected":false},"excerpt":{"rendered":"Spo\u0161tovani! Prisr\u010dno vabljeni na ogled razstave Tekstilni kompoziti: Pahlja\u010da kot knji\u017eno kazalo\u00a0ob oknu stopni\u0161\u010da\u00a0iz tretjega v \u010detrto nadstropje\u00a0NTF, Oddelka za tekstilstvo, grafiko in oblikovanje, Sne\u017eni\u0161ka 5, Ljubljana. Razstava je na ogled od danes, 24. julija 2024 do 31. oktobra 2024. Razstavljene izdelke\u00a0so izdelali \u0161tudenti drugega letnika TOI pri predmetu Tehni\u010dne tekstilije in kompozitov. Alenka \u0160alej &#8230; <a class=\"view-article\" href=\"https:\/\/www.ntf.uni-lj.si\/toi\/event\/19551\/\">Read more<\/a>","protected":false},"author":26,"featured_media":19548,"template":"","class_list":["post-19551","event","type-event","status-publish","has-post-thumbnail","hentry"],"acf":[],"_links":{"self":[{"href":"https:\/\/www.ntf.uni-lj.si\/toi\/wp-json\/wp\/v2\/event\/19551","targetHints":{"allow":["GET"]}}],"collection":[{"href":"https:\/\/www.ntf.uni-lj.si\/toi\/wp-json\/wp\/v2\/event"}],"about":[{"href":"https:\/\/www.ntf.uni-lj.si\/toi\/wp-json\/wp\/v2\/types\/event"}],"author":[{"embeddable":true,"href":"https:\/\/www.ntf.uni-lj.si\/toi\/wp-json\/wp\/v2\/users\/26"}],"version-history":[{"count":8,"href":"https:\/\/www.ntf.uni-lj.si\/toi\/wp-json\/wp\/v2\/event\/19551\/revisions"}],"predecessor-version":[{"id":19780,"href":"https:\/\/www.ntf.uni-lj.si\/toi\/wp-json\/wp\/v2\/event\/19551\/revisions\/19780"}],"wp:attachment":[{"href":"https:\/\/www.ntf.uni-lj.si\/toi\/wp-json\/wp\/v2\/media?parent=19551"}],"curies":[{"name":"wp","href":"https:\/\/api.w.org\/{rel}","templated":true}]}}