{"id":16147,"date":"2021-05-19T09:40:03","date_gmt":"2021-05-19T07:40:03","guid":{"rendered":"http:\/\/www.ntf.uni-lj.si\/toi\/?post_type=notification&#038;p=16147"},"modified":"2021-05-19T09:48:42","modified_gmt":"2021-05-19T07:48:42","slug":"informativni-dan-2-stopnje","status":"publish","type":"notification","link":"https:\/\/www.ntf.uni-lj.si\/toi\/notification\/informativni-dan-2-stopnje\/","title":{"rendered":"Informativni dan 2. stopnje"},"content":{"rendered":"<p>Te zanima magistrski \u0161tudij? Vabljen_a na informativni dan za \u0161tudij druge stopnje <strong>Na\u010drtovanje tekstilij in obla\u010dil<\/strong>. Potekal bo <strong>3. junija<\/strong> ob <strong>12. uri<\/strong> preko Zooma. Pridru\u017ei\u0161 se nam lahko preko te <a href=\"https:\/\/bit.ly\/3bzv8Ch\">povezave<\/a>.<\/p>\n<p>Prej si pa lahko pogleda\u0161 en kup vsebin:<\/p>\n<ul>\n<li><a href=\"https:\/\/www.ntf.uni-lj.si\/toi\/studij\/2-stopnja\/nacrtovanje-tekstilij-in-oblacil-mag\/\">vse o \u0161tudiju<\/a>,<\/li>\n<li><a href=\"https:\/\/www.ntf.uni-lj.si\/toi\/studij\/2-stopnja\/nacrtovanje-tekstilij-in-oblacil-mag\/predmetnik\/\">predmetnik<\/a>,<\/li>\n<li><a href=\"https:\/\/www.ntf.uni-lj.si\/toi\/studij\/izmenjave\/\">mo\u017enosti za \u0161tudijsko izmenjavo v tujini<\/a>,<\/li>\n<li><a href=\"https:\/\/www.ntf.uni-lj.si\/toi\/izdelki-studentov\/\">izdelki \u0161tudentov<\/a>,<\/li>\n<li><a href=\"https:\/\/www.ntf.uni-lj.si\/toi\/o-nas\/prostori\/\">prostori in oprema<\/a>.<\/li>\n<\/ul>\n<p>&nbsp;<\/p>\n","protected":false},"excerpt":{"rendered":"Te zanima magistrski \u0161tudij? Vabljen_a na informativni dan za \u0161tudij druge stopnje Na\u010drtovanje tekstilij in obla\u010dil. Potekal bo 3. junija ob 12. uri preko Zooma. Pridru\u017ei\u0161 se nam lahko preko te povezave. Prej si pa lahko pogleda\u0161 en kup vsebin: vse o \u0161tudiju, predmetnik, mo\u017enosti za \u0161tudijsko izmenjavo v tujini, izdelki \u0161tudentov, prostori in oprema. &#8230; <a class=\"view-article\" href=\"https:\/\/www.ntf.uni-lj.si\/toi\/notification\/informativni-dan-2-stopnje\/\">Read more<\/a>","protected":false},"author":26,"featured_media":0,"template":"","categories":[],"acf":[],"yoast_head":"<!-- This site is optimized with the Yoast SEO plugin v17.0 - https:\/\/yoast.com\/wordpress\/plugins\/seo\/ -->\n<meta name=\"robots\" content=\"index, follow, max-snippet:-1, max-image-preview:large, max-video-preview:-1\" \/>\n<link rel=\"canonical\" href=\"https:\/\/www.ntf.uni-lj.si\/toi\/notification\/informativni-dan-2-stopnje\/\" \/>\n<meta property=\"og:locale\" content=\"en_US\" \/>\n<meta property=\"og:type\" content=\"article\" \/>\n<meta property=\"og:title\" content=\"Informativni dan 2. stopnje - TOI\" \/>\n<meta property=\"og:description\" content=\"Te zanima magistrski \u0161tudij? Vabljen_a na informativni dan za \u0161tudij druge stopnje Na\u010drtovanje tekstilij in obla\u010dil. Potekal bo 3. junija ob 12. uri preko Zooma. Pridru\u017ei\u0161 se nam lahko preko te povezave. Prej si pa lahko pogleda\u0161 en kup vsebin: vse o \u0161tudiju, predmetnik, mo\u017enosti za \u0161tudijsko izmenjavo v tujini, izdelki \u0161tudentov, prostori in oprema. ... Read more\" \/>\n<meta property=\"og:url\" content=\"https:\/\/www.ntf.uni-lj.si\/toi\/notification\/informativni-dan-2-stopnje\/\" \/>\n<meta property=\"og:site_name\" content=\"TOI\" \/>\n<meta property=\"article:modified_time\" content=\"2021-05-19T07:48:42+00:00\" \/>\n<script type=\"application\/ld+json\" class=\"yoast-schema-graph\">{\"@context\":\"https:\/\/schema.org\",\"@graph\":[{\"@type\":\"WebSite\",\"@id\":\"https:\/\/www.ntf.uni-lj.si\/toi\/#website\",\"url\":\"https:\/\/www.ntf.uni-lj.si\/toi\/\",\"name\":\"TOI\",\"description\":\"Katedra za tekstilno in obla\\u010dilno in\\u017eenirstvo\",\"potentialAction\":[{\"@type\":\"SearchAction\",\"target\":{\"@type\":\"EntryPoint\",\"urlTemplate\":\"https:\/\/www.ntf.uni-lj.si\/toi\/?s={search_term_string}\"},\"query-input\":\"required name=search_term_string\"}],\"inLanguage\":\"en-US\"},{\"@type\":\"WebPage\",\"@id\":\"https:\/\/www.ntf.uni-lj.si\/toi\/notification\/informativni-dan-2-stopnje\/#webpage\",\"url\":\"https:\/\/www.ntf.uni-lj.si\/toi\/notification\/informativni-dan-2-stopnje\/\",\"name\":\"Informativni dan 2. stopnje - TOI\",\"isPartOf\":{\"@id\":\"https:\/\/www.ntf.uni-lj.si\/toi\/#website\"},\"datePublished\":\"2021-05-19T07:40:03+00:00\",\"dateModified\":\"2021-05-19T07:48:42+00:00\",\"breadcrumb\":{\"@id\":\"https:\/\/www.ntf.uni-lj.si\/toi\/notification\/informativni-dan-2-stopnje\/#breadcrumb\"},\"inLanguage\":\"en-US\",\"potentialAction\":[{\"@type\":\"ReadAction\",\"target\":[\"https:\/\/www.ntf.uni-lj.si\/toi\/notification\/informativni-dan-2-stopnje\/\"]}]},{\"@type\":\"BreadcrumbList\",\"@id\":\"https:\/\/www.ntf.uni-lj.si\/toi\/notification\/informativni-dan-2-stopnje\/#breadcrumb\",\"itemListElement\":[{\"@type\":\"ListItem\",\"position\":1,\"name\":\"Domov\",\"item\":\"https:\/\/www.ntf.uni-lj.si\/toi\/\"},{\"@type\":\"ListItem\",\"position\":2,\"name\":\"Obvestila\",\"item\":\"https:\/\/www.ntf.uni-lj.si\/toi\/notification\/\"},{\"@type\":\"ListItem\",\"position\":3,\"name\":\"Informativni dan 2. stopnje\"}]}]}<\/script>\n<!-- \/ Yoast SEO plugin. -->","yoast_head_json":{"robots":{"index":"index","follow":"follow","max-snippet":"max-snippet:-1","max-image-preview":"max-image-preview:large","max-video-preview":"max-video-preview:-1"},"canonical":"https:\/\/www.ntf.uni-lj.si\/toi\/notification\/informativni-dan-2-stopnje\/","og_locale":"en_US","og_type":"article","og_title":"Informativni dan 2. stopnje - TOI","og_description":"Te zanima magistrski \u0161tudij? Vabljen_a na informativni dan za \u0161tudij druge stopnje Na\u010drtovanje tekstilij in obla\u010dil. Potekal bo 3. junija ob 12. uri preko Zooma. Pridru\u017ei\u0161 se nam lahko preko te povezave. Prej si pa lahko pogleda\u0161 en kup vsebin: vse o \u0161tudiju, predmetnik, mo\u017enosti za \u0161tudijsko izmenjavo v tujini, izdelki \u0161tudentov, prostori in oprema. ... Read more","og_url":"https:\/\/www.ntf.uni-lj.si\/toi\/notification\/informativni-dan-2-stopnje\/","og_site_name":"TOI","article_modified_time":"2021-05-19T07:48:42+00:00","schema":{"@context":"https:\/\/schema.org","@graph":[{"@type":"WebSite","@id":"https:\/\/www.ntf.uni-lj.si\/toi\/#website","url":"https:\/\/www.ntf.uni-lj.si\/toi\/","name":"TOI","description":"Katedra za tekstilno in obla\u010dilno in\u017eenirstvo","potentialAction":[{"@type":"SearchAction","target":{"@type":"EntryPoint","urlTemplate":"https:\/\/www.ntf.uni-lj.si\/toi\/?s={search_term_string}"},"query-input":"required name=search_term_string"}],"inLanguage":"en-US"},{"@type":"WebPage","@id":"https:\/\/www.ntf.uni-lj.si\/toi\/notification\/informativni-dan-2-stopnje\/#webpage","url":"https:\/\/www.ntf.uni-lj.si\/toi\/notification\/informativni-dan-2-stopnje\/","name":"Informativni dan 2. stopnje - TOI","isPartOf":{"@id":"https:\/\/www.ntf.uni-lj.si\/toi\/#website"},"datePublished":"2021-05-19T07:40:03+00:00","dateModified":"2021-05-19T07:48:42+00:00","breadcrumb":{"@id":"https:\/\/www.ntf.uni-lj.si\/toi\/notification\/informativni-dan-2-stopnje\/#breadcrumb"},"inLanguage":"en-US","potentialAction":[{"@type":"ReadAction","target":["https:\/\/www.ntf.uni-lj.si\/toi\/notification\/informativni-dan-2-stopnje\/"]}]},{"@type":"BreadcrumbList","@id":"https:\/\/www.ntf.uni-lj.si\/toi\/notification\/informativni-dan-2-stopnje\/#breadcrumb","itemListElement":[{"@type":"ListItem","position":1,"name":"Domov","item":"https:\/\/www.ntf.uni-lj.si\/toi\/"},{"@type":"ListItem","position":2,"name":"Obvestila","item":"https:\/\/www.ntf.uni-lj.si\/toi\/notification\/"},{"@type":"ListItem","position":3,"name":"Informativni dan 2. stopnje"}]}]}},"_links":{"self":[{"href":"https:\/\/www.ntf.uni-lj.si\/toi\/wp-json\/wp\/v2\/notification\/16147"}],"collection":[{"href":"https:\/\/www.ntf.uni-lj.si\/toi\/wp-json\/wp\/v2\/notification"}],"about":[{"href":"https:\/\/www.ntf.uni-lj.si\/toi\/wp-json\/wp\/v2\/types\/notification"}],"author":[{"embeddable":true,"href":"https:\/\/www.ntf.uni-lj.si\/toi\/wp-json\/wp\/v2\/users\/26"}],"version-history":[{"count":2,"href":"https:\/\/www.ntf.uni-lj.si\/toi\/wp-json\/wp\/v2\/notification\/16147\/revisions"}],"predecessor-version":[{"id":16155,"href":"https:\/\/www.ntf.uni-lj.si\/toi\/wp-json\/wp\/v2\/notification\/16147\/revisions\/16155"}],"wp:attachment":[{"href":"https:\/\/www.ntf.uni-lj.si\/toi\/wp-json\/wp\/v2\/media?parent=16147"}],"wp:term":[{"taxonomy":"category","embeddable":true,"href":"https:\/\/www.ntf.uni-lj.si\/toi\/wp-json\/wp\/v2\/categories?post=16147"}],"curies":[{"name":"wp","href":"https:\/\/api.w.org\/{rel}","templated":true}]}}